{"id":111117,"date":"2023-03-25T17:21:12","date_gmt":"2023-03-25T16:21:12","guid":{"rendered":"https:\/\/www.freiburg-schwarzwald.de\/blog\/?page_id=111117"},"modified":"2026-07-07T18:08:36","modified_gmt":"2026-07-07T16:08:36","slug":"klima-angst","status":"publish","type":"page","link":"https:\/\/www.freiburg-schwarzwald.de\/blog\/natur\/klima\/klima-angst\/","title":{"rendered":"Klima-Angst"},"content":{"rendered":"<p>Home &gt;<a title=\"Natur\" href=\"https:\/\/www.freiburg-schwarzwald.de\/blog\/natur\/\">Natur<\/a>\u00a0&gt;<a title=\"Klima\" href=\"https:\/\/www.freiburg-schwarzwald.de\/blog\/natur\/klima\/\">Klima<\/a>\u00a0&gt;<a title=\"Klimawandel\" href=\"https:\/\/www.freiburg-schwarzwald.de\/blog\/natur\/klima\/klimawandel\/\">Klimawandel<\/a>\u00a0&gt;<a title=\"FridaysForFuture\" href=\"https:\/\/www.freiburg-schwarzwald.de\/blog\/natur\/klima\/fridaysforfuture\/\">FridaysForFuture<\/a> &gt;<a href=\"https:\/\/www.freiburg-schwarzwald.de\/blog\/natur\/klima\/klima-mythen\/\">Klima-Mythen<\/a> &gt;Klima-Angst<\/p>\n<div id=\"attachment_104741\" style=\"width: 648px\" class=\"wp-caption alignnone\"><a href=\"https:\/\/www.freiburg-schwarzwald.de\/blog\/wp-content\/uploads\/2022\/09\/reifes-obst-und-bluete-pan220923.jpg\"><img loading=\"lazy\" decoding=\"async\" aria-describedby=\"caption-attachment-104741\" class=\"size-full wp-image-104741\" src=\"https:\/\/www.freiburg-schwarzwald.de\/blog\/wp-content\/uploads\/2022\/09\/reifes-obst-und-bluete-pan220923.jpg\" alt=\"\" width=\"638\" height=\"372\" srcset=\"https:\/\/www.freiburg-schwarzwald.de\/blog\/wp-content\/uploads\/2022\/09\/reifes-obst-und-bluete-pan220923.jpg 638w, https:\/\/www.freiburg-schwarzwald.de\/blog\/wp-content\/uploads\/2022\/09\/reifes-obst-und-bluete-pan220923-180x105.jpg 180w\" sizes=\"auto, (max-width: 638px) 100vw, 638px\" \/><\/a><p id=\"caption-attachment-104741\" class=\"wp-caption-text\">Reife \u00c4pfel und Bl\u00fcten zur gleichen\u00b4Zeit am 23.9.2022<\/p><\/div>\n<ul>\n<li><em>Listenauswahl eines Beitrags (Artikel\/Datum, Seite\/Inhalt):\u00a0<span style=\"text-decoration: underline;\">Klicken<\/span>\u00a0oder scrollen<\/em><\/li>\n<li><a href=\"https:\/\/www.freiburg-schwarzwald.de\/blog\/natur\/klima\/hitze\/\">Klimaanlagen retten Leben \u2013 Deutschlands absurde Angst<\/a> (3.7.2026)<\/li>\n<li><a href=\"https:\/\/www.freiburg-schwarzwald.de\/blog\/betreute-hitze-statt-sommer\/\">Betreute Hitze statt Sommer<\/a>\u00a0(2.7.2026)<\/li>\n<li>\u201eFriedensangst\u201c \u2013 Im Zeitalter ideologischer Verbl\u00f6dung &#8211; Klimaangst (23.11.2025)<\/li>\n<li><a href=\"https:\/\/www.freiburg-schwarzwald.de\/blog\/engagement\/zukunft\/krieg\/kriegsangst\/\">Kriegsangst wird gesch\u00fcrt<\/a>\u00a0(10.10.2025)<\/li>\n<li><a href=\"https:\/\/www.freiburg-schwarzwald.de\/blog\/kultur\/medien\/desinformation\/\">Desinformation: Kosten-Studie des PIK in Nature<\/a>\u00a0(7.9.2025)<\/li>\n<li><a href=\"https:\/\/www.freiburg-schwarzwald.de\/blog\/traumsommer-trotz-klimawandel\/\">Traumsommer trotz Klimawandel<\/a>\u00a0(30.9.2025)<\/li>\n<li><a href=\"https:\/\/www.freiburg-schwarzwald.de\/blog\/nyt-erklaert-klimawahn-beendet\/\">NYT erkl\u00e4rt Klimawahn beendet<\/a> (20.9.2025)<\/li>\n<li><a href=\"https:\/\/www.freiburg-schwarzwald.de\/blog\/sommer-2025-reiche-ernte\/\">Sommer 2025 \u2013 reiche Ernte<\/a>\u00a0(4.9.2025)<\/li>\n<li><a href=\"https:\/\/www.freiburg-schwarzwald.de\/blog\/natur\/klima\/klima-angst\/\">D\u00fcrremonitor und die \u201eUmstellung seiner Methodik\u201c \u2013 Angstmachen<\/a> (31.7.2025)<\/li>\n<li><a href=\"https:\/\/www.freiburg-schwarzwald.de\/blog\/hitze-angst-und-panik\/\">Hitze: Angst und Panik<\/a>\u00a0(7.7.2025)<\/li>\n<li><a href=\"https:\/\/www.freiburg-schwarzwald.de\/blog\/klimaneutralitaet-ins-grundgesetz\/\">Klimaneutralit\u00e4t ins Grundgesetz<\/a>\u00a0(16.3.2025)<\/li>\n<li>Klima-Kipppunkte und die Angst davor (6.10.2024)<\/li>\n<li><a href=\"https:\/\/www.freiburg-schwarzwald.de\/blog\/klimabote-de-nachschlagewerk\/\">Klimabote.de: Nachschlagewerk<\/a>\u00a0(23.5.2024)<\/li>\n<li><a href=\"https:\/\/www.freiburg-schwarzwald.de\/blog\/natur\/klima\/greta\/\">Thorsten Hinz: Greta Thunberg hat ihre Schuldigkeit getan<\/a>\u00a0(15.12.2023)<\/li>\n<li><a href=\"https:\/\/www.freiburg-schwarzwald.de\/blog\/natur\/klima\/klima-system\/\">Das Klima-System ist selbstregulierend<\/a>\u00a0(9.12.2023)<\/li>\n<li><a href=\"https:\/\/www.freiburg-schwarzwald.de\/blog\/energie\/energiepolitik\/eike\/\">Schluss mit der Klimal\u00fcge: \u201eEs gibt keinen Beweis, dass CO2 das Klima erw\u00e4rmt!\u201c<\/a>\u00a0(24.11.2023)<\/li>\n<li><a href=\"https:\/\/www.freiburg-schwarzwald.de\/blog\/natur\/klima\/klima-instrumentalisieren\/\">Mit Klima-Panik zum Great Reset: Stefan Magnet entlarvt Massenkontrolle und Milliardenprofit<\/a>\u00a0(28.9.2023)<\/li>\n<li>EFA: \u201eWir wollen viele Thunbergs entwickeln\u201c (6.9.2023)<\/li>\n<li><a href=\"https:\/\/www.freiburg-schwarzwald.de\/blog\/hitzeangst-politik-und-medien\/\">Hitzeangst: Politik und Medien<\/a>\u00a0(23.7.2023)<\/li>\n<li><a href=\"https:\/\/www.freiburg-schwarzwald.de\/blog\/gretas-weltuntergang-faellt-aus\/\">Gretas Weltuntergang f\u00e4llt aus<\/a>\u00a0(23.6.2023)<\/li>\n<li><a href=\"https:\/\/www.freiburg-schwarzwald.de\/blog\/demokratie-oder-weltrettung\/\">Demokratie oder Weltrettung?<\/a>\u00a0(9.5.2023)<\/li>\n<li><a href=\"https:\/\/www.freiburg-schwarzwald.de\/blog\/natur\/klima\/klima-religion\/letzte\/\">Weltuntergangssekte will Berlin lahm legen \u2013 was w\u00e4re, wenn es Rechte w\u00e4ren?<\/a>\u00a0(23.4.2023)<\/li>\n<li><a href=\"https:\/\/www.freiburg-schwarzwald.de\/blog\/selbsthilfe\/kinder\/kinderlos\/\">Mediale Propaganda gegen das Muttergl\u00fcck<\/a>\u00a0(22.4.20239<\/li>\n<li><a href=\"https:\/\/www.freiburg-schwarzwald.de\/blog\/engagement\/zukunft\/angst\/angstmachen\/\">Kipppunkte als Angstmacher<\/a> (11.4.2023)<\/li>\n<li>Eine Politik der Angst f\u00fchrt aus der Freiheit in den Totalitarismus (24.3.2023)<\/li>\n<li><\/li>\n<li><a href=\"https:\/\/www.freiburg-schwarzwald.de\/blog\/engagement\/zukunft\/angst\/angstmachen\/\">Angstmachen<\/a><\/li>\n<li><a href=\"https:\/\/www.freiburg-schwarzwald.de\/blog\/business\/gesund\/corona-virus\/corona-angst\/\">Corona-Angst<\/a><\/li>\n<li><a href=\"https:\/\/www.freiburg-schwarzwald.de\/blog\/natur\/klima\/hitze\/uhi\/\">UHI &#8211; UrbanHeatingIslands<\/a><\/li>\n<li><a href=\"https:\/\/www.freiburg-schwarzwald.de\/blog\/natur\/klima\/klimapolitik\/klimaneutral\/\">klimaneutral<\/a><\/li>\n<li><a href=\"https:\/\/www.freiburg-schwarzwald.de\/blog\/natur\/klima\/klima-system\/\">Klima-system<\/a><\/li>\n<li><a href=\"https:\/\/www.freiburg-schwarzwald.de\/blog\/engagement\/zukunft\/krieg\/kriegsangst\/\">Kriegsangst<\/a><\/li>\n<li><a href=\"https:\/\/www.freiburg-schwarzwald.de\/blog\/natur\/klima\/klima-religion\/letzte\/\">Letzte Generation<\/a><\/li>\n<\/ul>\n<p>&nbsp;<\/p>\n<p><strong>\u201eFriedensangst\u201c \u2013 Im Zeitalter ideologischer Verbl\u00f6dung &#8211; Klimaangst<\/strong><br \/>\n&#8230; Das Paradebeispiel f\u00fcr die Kluft zwischen Realit\u00e4t und Ideologie, die wir in diesem Post beschreiben, ist der Klimawahn, der sich in die Krise, den Notstand und nun in das H\u00f6llenfeuer von Armageddon gesteigert hat [man fragt sich, was danach kommt], eine zwangsl\u00e4ufige Folge davon, dass das Klima des Planeten den ideologischen Vorgaben nicht folgen will.<br \/>\nPerfekt inkorporiert wird die daraus folgende ideologische Verbl\u00f6dung, die Klima-J\u00fcnger mit zunehmender Divergenz zwischen Ist und dem, was nach ihrer Ansicht sein soll, in immer neue Extreme steigern, durch St Antonio, den Schutzheilige der zu hei\u00df Gebadeten, der das Zeitalter des \u201eGlobal Boiling\u201c ausgerufen hat.<br \/>\nDie Kosten dieser ideologischen Verbl\u00f6dung zeigen sich nicht nur im Hinblick auf die zunehmende Zwangsherrschaft, die stetig steigende Notwendigkeit, Sprachverbrechen, die aus dem Hinweis auf eine von der Ideologie abweichende Realit\u00e4t basieren, zu ahnden, sie zeigen sich auch in den stetig in Anzahl und Ausma\u00df steigenden gesellschaftlichen Verheerungen, die zwangsl\u00e4ufig aus einer Politik ideologischer Verbl\u00f6dung resultieren, die das, was ist, nicht zur Kenntnis nimmt, nehmen kann:<br \/>\n&#8230; Alles vom 23.11.2025 von Michael Klein bitte lesen auf<br \/>\n<a href=\"https:\/\/sciencefiles.org\/2025\/11\/23\/friedensangst-im-zeitalter-ideologischer-verbloedung\/\">https:\/\/sciencefiles.org\/2025\/11\/23\/friedensangst-im-zeitalter-ideologischer-verbloedung\/<\/a><\/p>\n<p>&nbsp;<\/p>\n<p><strong>Klima-Kipppunkte und die Angst davor<\/strong><br \/>\nEs gab schrille Warnungen. Das ZDF titelte: \u201eDiese Kipppunkte k\u00f6nnten Klima bald ver\u00e4ndern\u201c Anlass war ein \u201eBericht \u00fcber Kipppunkte\u201c, der Ende 2023 die Schlagzeilen f\u00fcllte. Das \u201ePIK\u201c (Potsdam Institut f\u00fcr Klimafolgenforschung) war (nat\u00fcrlich!) mit von der Partie:<br \/>\nPIK: F\u00fcnf gro\u00dfe Kippsysteme gef\u00e4hrdet<br \/>\n\u201eF\u00fcnf gro\u00dfe Kippsysteme laufen bereits Gefahr, bei der derzeitigen globalen Erw\u00e4rmung ihren jeweiligen Kipppunkt zu \u00fcberschreiten\u201c<br \/>\nImplizit steht da: Ein \u201eKipppunkt\u201c kann jederzeit erreicht sein, sehr bald. Nun nimmt aktuell die \u201eDeutsche Meteorologische Gesellschaft\u201c <a href=\"https:\/\/www.dmg-ev.de\/wp-content\/uploads\/2024\/09\/20240925_kipppunkte.pdf%20\">https:\/\/www.dmg-ev.de\/wp-content\/uploads\/2024\/09\/20240925_kipppunkte.pdf%20<\/a>. einen ganz anderen Standpunkt dazu ein: \u201eDie heute vorliegenden Simulationen f\u00fcr die kommenden Jahrzehnte zeigen dramatische Auswirkungen des sich erw\u00e4rmenden Klimas, aber darunter keine gro\u00dffl\u00e4chigen Auswirkungen durch das \u00dcberschreiten von Kipppunkten.\u201c<br \/>\nDas sind allerdings v\u00f6llig andere T\u00f6ne! Der aktuelle Bericht will m\u00f6gliche Klimaauswirkungen nicht kleinreden. Gerade deshalb, so steht da geschrieben: \u201eAuch wenn solche Ver\u00e4nderungen grunds\u00e4tzlich m\u00f6glich sind, k\u00f6nnen die Wahrscheinlichkeiten f\u00fcr deren Eintritt zurzeit kaum zuverl\u00e4ssig abgesch\u00e4tzt werden. Die damit verbundene Alarmstimmung erscheint uns daher als wenig hilfreich oder gar sch\u00e4dlich f\u00fcr die Bef\u00f6rderung dringend notwendiger und wirkungsvoller Ma\u00dfnahmen zur Stabilisierung des Klimas und der Anpassung an den Klimawandel.\u201c<br \/>\nMan kann nur hoffen, dass dieses \u201eAngst machen vor dem schwarzen Mann\u201c (Kinderlied!), von dem man nicht viel wei\u00df, dessen Existenz und das Ausma\u00df seiner \u201eUntaten\u201c sehr unsicher sind, schnell aufh\u00f6rt.<br \/>\nEine ganze \u201eKlimabewegung\u201c, \u201eDie letzte Generation vor den Kipppunkten\u201c <a href=\"https:\/\/letztegeneration.org\/\">https:\/\/letztegeneration.org\/<\/a> (so der vollst\u00e4ndige Name) verdankt ihren Namen dieser Angst. Auch dazu \u00e4u\u00dfert sich die Deutsche Meteorologische Gesellschaft und kommentiert mit Bezug auf die Irregef\u00fchrten: &#8222;Diese Angst ist nachvollziehbar, aber die dort vermuteten Ursachen im Klimasystem sind derzeit wissenschaftlich nicht belegbar.\u201c<br \/>\n&#8230; Alles vom 6.10.2024 bitte lesen auf<br \/>\n<a href=\"https:\/\/klimanachrichten.de\/2024\/10\/16\/kipppunkte-und-die-angst-davor\/\">https:\/\/klimanachrichten.de\/2024\/10\/16\/kipppunkte-und-die-angst-davor\/<\/a><\/p>\n<p>&nbsp;<\/p>\n<p><strong>EFA: \u201eWir wollen viele Thunbergs entwickeln\u201c<\/strong><br \/>\nSp\u00e4testens seit Klaus Schwabs World Economic Forum \u00f6ffentlich zum \u201eGreat Reset\u201c aufruft, lohnt ein Blick auf weitere Lobby-Organisationen Europas. Zum Beispiel auf das Europ\u00e4ische Forum Alpbach, das mithilfe von \u00f6ffentlichen Geldern, Stiftungen und Konzernen \u201eviele Thunbergs zu vielen Themen entwickeln\u201c will.<br \/>\nDas Weltwirtschaftsforum (WEF) <a href=\"https:\/\/www.achgut.com\/artikel\/der_schwab_und_die_welt\">https:\/\/www.achgut.com\/artikel\/der_schwab_und_die_welt<\/a> und dessen Jahrestreffen in Davos sind sp\u00e4testens seit der Buch-Ver\u00f6ffentlichung \u201eThe Great Reset\u201c (Deutsch: \u201eDer gro\u00dfe Umbruch\u201c) von WEF-Gr\u00fcnder Klaus Schwab einer breiteren \u00d6ffentlichkeit bekannt geworden. Doch es gibt noch weitere Foren mit langer Tradition. Schon seit 1945<br \/>\n<a href=\"https:\/\/www.europaregion.info\/euregio\/projekte\/zusammenarbeit\/europaeisches-forum-alpbach-und-tiroltag\/\">https:\/\/www.europaregion.info\/euregio\/projekte\/zusammenarbeit\/europaeisches-forum-alpbach-und-tiroltag\/<\/a> l\u00e4dt etwa das Europ\u00e4ische Forum Alpbach (EFA) jedes Jahr im August in das Tiroler Bergdorf Alpbach ein, um \u201eFragen der Zeit zu diskutieren und interdisziplin\u00e4re L\u00f6sungsans\u00e4tze zu finden\u201c. Das Forum https:\/\/www.alpbach.org\/de\/ , das als Verein und als gemeinn\u00fctzige Stiftung agiert, war urspr\u00fcnglich als internationale Hochschulwoche konzipiert worden und richtete sich in erster Linie an junge Menschen.<br \/>\n&#8230;<br \/>\nAuch die \u00f6sterreichische Tageszeitung \u201eDie Presse\u201c titelte mit Bezug auf Horn: \u201eDie Klimakrise macht zu wenigen Menschen Angst.\u201c<br \/>\n&#8230; Alles vom 6.9.2023 bitte lesen auf<br \/>\n<a href=\"https:\/\/www.achgut.com\/artikel\/Wir_wollen_viele_Thunbergs_entwickeln\">https:\/\/www.achgut.com\/artikel\/Wir_wollen_viele_Thunbergs_entwickeln<\/a><\/p>\n<p>&nbsp;<\/p>\n<p><strong>Eine Politik der Angst f\u00fchrt aus der Freiheit in den Totalitarismus<\/strong><br \/>\n<strong>Wie Umweltschutz zum Terror werden kann<\/strong><br \/>\nErneut hat der Weltklimarat seine Warnungen versch\u00e4rft: wenn wir jetzt nicht handelten, so der Tenor seines j\u00fcngsten Berichts, sei die \u201eKlimakatastrophe\u201c unausweichlich. Noch \u201eh\u00e4tten wir es selbst in der Hand\u201c. Aber: ist es denn nicht schon lange \u201ef\u00fcnf vor zw\u00f6lf\u201c? Ist die Uhr stehen geblieben oder ist diese Rede von der letzten Chance nichts weiter, als ein Instrument des politischen Drucks und der Willk\u00fcr?<\/p>\n<p>Die postchristliche Gesellschaft ist nicht weniger religi\u00f6s geworden, sondern hat Ersatzreligionen hervorgebracht, zum Beispiel den Glauben an Erl\u00f6sung durch Gesundheit. Oder den Glauben an Selbstverwirklichung durch Selbstoptimierung. Der <a href=\"https:\/\/www.freiburg-schwarzwald.de\/blog\/natur\/klima\/klima-religion\/\">Klima-Aktivismus hat ebenfalls religi\u00f6se Z\u00fcge<\/a>, wenn Protestgruppen in Endzeitstimmung verfallen und die Politik diese Stimmung f\u00fcr ihre Zwecke nutzt. Nicht wenige Medien machen dabei mit und pr\u00e4sentieren ihren Rezipienten Umweltapostel, die f\u00fcr die Rettung der Welt Kunstwerke zerst\u00f6ren, sich auf Strassen festkleben und die Menschheit zur Umkehr bewegen wollen, zur Abkehr vom konsumistischen westlichen Lebensstil.<br \/>\nEin zentrales Dogma vieler Aktivisten lautet: \u201eSeit der Industrialisierung zerst\u00f6rt der Mensch das Klima, deswegen m\u00fcssen Regierungen, Konzerne und B\u00fcrger zum gr\u00fcnen Handeln gezwungen werden.\u201c Das Problem: der Aktivismus klagt nicht L\u00e4nder wie China oder Indien an, die seit Jahrzehnten die Umwelt mit Abstand am meisten verschmutzen, sondern Aktivismus und Alarmismus zielen auf Westeuropa, insonderheit Deutschland, das nicht einmal zwei Prozent zur Verbesserung der Lage beitragen k\u00f6nnte. Mit anderen Worten: der Protest richtet sich gegen das westliche System, obwohl dieses im Vergleich mit dem Rest der Welt nicht nur die besten Umweltstandards hat, sondern auch in Sachen Menschenrechte und Tierschutz besser abschneidet.<br \/>\n&#8230;<br \/>\nDie Sorge um die Umwelt sowie die Entwicklung des Weltklimas sind zu wichtig, um sie totalit\u00e4ren <a href=\"https:\/\/www.freiburg-schwarzwald.de\/blog\/natur\/klima\/apokalypse\/\">Apokalyptikern<\/a> und Angstmachern zu \u00fcberlassen. Es ist entscheidend zu erkennen, dass eine Politik der Angst aus der Freiheit heraus und in den Totalitarismus hinein f\u00fchren kann. Deshalb sollte man der Sorge um die Natur mit Augenma\u00df und Vernunft begegnen \u2013 und mit Vertrauen in die Kreativit\u00e4t und das Potential von Menschen, die in einer freiheitlichen Kultur leben und arbeiten k\u00f6nnen. Gerade heute brauchen wir nicht noch mehr Pessimismus, sondern wieder den Optimismus der Aufkl\u00e4rung. Die Aufkl\u00e4rer haben an den Menschen geglaubt, an die Kraft seines Verstandes und seine F\u00e4higkeit, herauszutreten aus der selbstverschuldeten Unm\u00fcndigkeit. Sie haben an Freiheit und Kreativit\u00e4t geglaubt, wichtige kulturelle Kr\u00e4fte, um auch gro\u00dfe Probleme zu l\u00f6sen.<br \/>\n&#8230; Alles vom 24.3.2023 von Giuiseppe Gracia bitte lesen auf<br \/>\n<a href=\"https:\/\/www.freiburg-schwarzwald.de\/blog\/natur\/klima\/klima-religion\/\">https:\/\/www.tichyseinblick.de\/feuilleton\/buecher\/eine-politik-der-angst-fuehrt-aus-der-freiheit-in-den-totalitarismus\/<\/a><\/p>\n<p><em>Giuseppe Gracia, Jahrgang 1967, ist Schriftsteller und Kommunikationsberater. Sein neuer Roman handelt von terroristischen Klimaaktivisten.<\/em><\/p>\n<p>Giuseppe Gracia, Schwarzer Winter. Roman. Fontis Verlag,<br \/>\nKlappenbroschur, 272 Seiten, 19,90 \u20ac.<\/p>\n","protected":false},"excerpt":{"rendered":"<p>Home &gt;Natur\u00a0&gt;Klima\u00a0&gt;Klimawandel\u00a0&gt;FridaysForFuture &gt;Klima-Mythen &gt;Klima-Angst Listenauswahl eines Beitrags (Artikel\/Datum, Seite\/Inhalt):\u00a0Klicken\u00a0oder scrollen Klimaanlagen retten Leben \u2013 Deutschlands absurde Angst (3.7.2026) Betreute Hitze statt Sommer\u00a0(2.7.2026) \u201eFriedensangst\u201c \u2013 Im Zeitalter ideologischer Verbl\u00f6dung &#8211; Klimaangst (23.11.2025) Kriegsangst wird gesch\u00fcrt\u00a0(10.10.2025) Desinformation: Kosten-Studie des PIK in Nature\u00a0(7.9.2025) &hellip; <a href=\"https:\/\/www.freiburg-schwarzwald.de\/blog\/natur\/klima\/klima-angst\/\">Weiterlesen <span class=\"meta-nav\">&rarr;<\/span><\/a><\/p>\n","protected":false},"author":2,"featured_media":0,"parent":503,"menu_order":0,"comment_status":"closed","ping_status":"closed","template":"","meta":{"footnotes":""},"class_list":["post-111117","page","type-page","status-publish","hentry"],"_links":{"self":[{"href":"https:\/\/www.freiburg-schwarzwald.de\/blog\/wp-json\/wp\/v2\/pages\/111117","targetHints":{"allow":["GET"]}}],"collection":[{"href":"https:\/\/www.freiburg-schwarzwald.de\/blog\/wp-json\/wp\/v2\/pages"}],"about":[{"href":"https:\/\/www.freiburg-schwarzwald.de\/blog\/wp-json\/wp\/v2\/types\/page"}],"author":[{"embeddable":true,"href":"https:\/\/www.freiburg-schwarzwald.de\/blog\/wp-json\/wp\/v2\/users\/2"}],"replies":[{"embeddable":true,"href":"https:\/\/www.freiburg-schwarzwald.de\/blog\/wp-json\/wp\/v2\/comments?post=111117"}],"version-history":[{"count":6,"href":"https:\/\/www.freiburg-schwarzwald.de\/blog\/wp-json\/wp\/v2\/pages\/111117\/revisions"}],"predecessor-version":[{"id":151271,"href":"https:\/\/www.freiburg-schwarzwald.de\/blog\/wp-json\/wp\/v2\/pages\/111117\/revisions\/151271"}],"up":[{"embeddable":true,"href":"https:\/\/www.freiburg-schwarzwald.de\/blog\/wp-json\/wp\/v2\/pages\/503"}],"wp:attachment":[{"href":"https:\/\/www.freiburg-schwarzwald.de\/blog\/wp-json\/wp\/v2\/media?parent=111117"}],"curies":[{"name":"wp","href":"https:\/\/api.w.org\/{rel}","templated":true}]}}