{"id":111052,"date":"2023-03-24T12:55:23","date_gmt":"2023-03-24T11:55:23","guid":{"rendered":"https:\/\/www.freiburg-schwarzwald.de\/blog\/?page_id=111052"},"modified":"2025-09-20T21:11:43","modified_gmt":"2025-09-20T19:11:43","slug":"migranten-deutsche","status":"publish","type":"page","link":"https:\/\/www.freiburg-schwarzwald.de\/blog\/kultur\/kulturkampf\/migranten-deutsche\/","title":{"rendered":"Migranten-Deutsche"},"content":{"rendered":"<p><a href=\"https:\/\/www.freiburg-schwarzwald.de\/blog\">Home<\/a>\u00a0&gt;<a title=\"Kultur\" href=\"https:\/\/www.freiburg-schwarzwald.de\/blog\/kultur\/\">Kultur<\/a>\u00a0&gt;<a href=\"https:\/\/www.freiburg-schwarzwald.de\/blog\/kultur\/leitkultur\/\">Leitkultur<\/a>\u00a0&gt;<a href=\"https:\/\/www.freiburg-schwarzwald.de\/blog\/global\/migration\/migration2021\/\">Migration<\/a> &gt;<a href=\"https:\/\/www.freiburg-schwarzwald.de\/blog\/kultur\/kulturkampf\/\">Kulturkampf<\/a> &gt;Migranten-Deutsche<\/p>\n<div id=\"attachment_108253\" style=\"width: 650px\" class=\"wp-caption alignnone\"><a href=\"https:\/\/www.freiburg-schwarzwald.de\/blog\/wp-content\/uploads\/2023\/01\/clan-polizei-berlin-pan221227.jpg\"><img loading=\"lazy\" decoding=\"async\" aria-describedby=\"caption-attachment-108253\" class=\"size-full wp-image-108253\" src=\"https:\/\/www.freiburg-schwarzwald.de\/blog\/wp-content\/uploads\/2023\/01\/clan-polizei-berlin-pan221227.jpg\" alt=\"\" width=\"640\" height=\"359\" srcset=\"https:\/\/www.freiburg-schwarzwald.de\/blog\/wp-content\/uploads\/2023\/01\/clan-polizei-berlin-pan221227.jpg 640w, https:\/\/www.freiburg-schwarzwald.de\/blog\/wp-content\/uploads\/2023\/01\/clan-polizei-berlin-pan221227-180x101.jpg 180w\" sizes=\"auto, (max-width: 640px) 100vw, 640px\" \/><\/a><p id=\"caption-attachment-108253\" class=\"wp-caption-text\">Ein Clan-Mitglied nimmt einen Polizeibeamten der SEK-Berlin f\u00fcr ein \u00fcbers Internet verbreitetes Selfie in den Arm<\/p><\/div>\n<p>&nbsp;<\/p>\n<ul>\n<li><em>Listenauswahl eines Beitrags (Artikel\/Datum, Seite\/Inhalt):\u00a0<span style=\"text-decoration: underline;\">Klicken<\/span>\u00a0oder scrollen<\/em><\/li>\n<li><a href=\"https:\/\/www.freiburg-schwarzwald.de\/blog\/engagement\/zukunft\/demokratie\/kommunalwahl\/kommunal\/\">Gelsenkirchen: \u201eMigranten w\u00e4hlen AfD wegen \u00dcberfremdung\u201c<\/a>\u00a0(19.9.2025)<\/li>\n<li><a href=\"https:\/\/www.freiburg-schwarzwald.de\/blog\/global\/migration\/gastarbeiter\/\">Ahmet Refii Dener: Wie Erdogan aus Gastarbeitern Islam-Aktivisten machte<\/a>\u00a0(11.8.2025)<\/li>\n<li><a href=\"https:\/\/www.freiburg-schwarzwald.de\/blog\/eu-demokratie-christentum\/\">EU \u2013 Demokratie \u2013 Christentum<\/a>\u00a0(21.11.2024)<\/li>\n<li><a href=\"https:\/\/www.freiburg-schwarzwald.de\/blog\/global\/migration\/gastarbeiter\/\">Der Rassismus der Gutmenschen: \u201eMein kleiner T\u00fcrke\u201c<\/a>\u00a0(25.9.2024)<\/li>\n<li><a href=\"https:\/\/www.freiburg-schwarzwald.de\/blog\/politische-vernunft-in-d\/\">Politische Vernunft in D<\/a>\u00a0(29.8.2024)<\/li>\n<li><a href=\"https:\/\/www.freiburg-schwarzwald.de\/blog\/global\/integration\/deutschtuerken\/\">Ja, es gibt ein t\u00fcrkisches Deutschsein<\/a> (24.4.2024)<\/li>\n<li><a href=\"https:\/\/www.freiburg-schwarzwald.de\/blog\/fussball-deutschland-tuerkei-23\/\">Fussball: Deutschland \u2013 T\u00fcrkei 2:3<\/a>\u00a0(19.11.2023)<\/li>\n<li><a href=\"https:\/\/www.freiburg-schwarzwald.de\/blog\/free-palestine-from-german-guilt\/\">\u201eFree Palestine from German guilt\u201c<\/a>\u00a0(20.10.2023)<\/li>\n<li><a href=\"https:\/\/www.freiburg-schwarzwald.de\/blog\/global\/migration\/migrationspolitik\/\">Die gro\u00dfe Migration oder die Transformation Deutschlands<\/a>\u00a0(1.10.1012)<\/li>\n<li><a href=\"https:\/\/www.freiburg-schwarzwald.de\/blog\/global\/migration\/migrantenkinder\/\">Kinder-Stra\u00dfenfest in Berlin Kreuzberg: Verschleierung<\/a>\u00a0(4.6.2023)<\/li>\n<li><a href=\"https:\/\/www.freiburg-schwarzwald.de\/blog\/kindergewalt-und-tugenden\/\">Kindergewalt und Tugenden<\/a>\u00a0(2.3.2023)<\/li>\n<li>Gewalt zwischen Migranten und Deutschen (24.3.2023)<\/li>\n<li><a href=\"https:\/\/www.freiburg-schwarzwald.de\/blog\/global\/tuerkei\/ehre\/\">Akif Pirincci: Das Schlachten hat begonnen<\/a>\u00a0(25.3.2013)<\/li>\n<li><\/li>\n<li><a href=\"https:\/\/www.freiburg-schwarzwald.de\/blog\/global\/migration\/gastarbeiter\/\">Gastarbeiter<\/a><\/li>\n<li><a href=\"https:\/\/www.freiburg-schwarzwald.de\/blog\/selbsthilfe\/krise\/gewalt\/kindergewalt\/\">Kindergewalt<\/a><\/li>\n<\/ul>\n<p>.<\/p>\n<p><strong>Gewalt zwischen Migranten und Deutschen<\/strong><br \/>\n<strong>Ein deutsch-t\u00fcrkischer Klassiker zum molekularen B\u00fcrgerkrieg: Vor zehn Jahren erschien Akif Pirin\u00e7cis provozierender Essay \u201eDas Schlachten hat begonnen\u201c<\/strong><br \/>\nVon W\u00f6lfen und Hunden<\/p>\n<p>Die Meldungen kommen Schlag auf Schlag und Stich auf Stich: Im Januar wurde ein junges Paar, 17 und 19 Jahre alt, in einem Regionalzug von Kiel nach Hamburg <a href=\"https:\/\/www.freiburg-schwarzwald.de\/blog\/global\/migration\/brokstedt-messermord-zug\/\">erstochen<\/a>. Der T\u00e4ter ist ein 2014 nach Deutschland gekommener Pal\u00e4stinenser. Gleichfalls im Januar wurde in Ibbenb\u00fcren eine Lehrerin von einem Sch\u00fcler erdolcht, dessen Name, Sinan, mit \u201eeiserne Speerspitze\u201c \u00fcbersetzt wird. Besonders spektakul\u00e4r war ein Verbrechen, das sich im Oktober 2022 in <a href=\"https:\/\/www.freiburg-schwarzwald.de\/blog\/macheten-mord-ludwigshafen\/\">Ludwigshafen<\/a> ereignete. Ein Somalier, der 2015 nach Deutschland gekommen war, t\u00f6tete zwei Handwerker, 20 und 35 Jahre alt, mit einer Machete. Dem einen wurde der Unterarm abgetrennt, den der T\u00e4ter auf einen Balkon warf. Au\u00dferdem verletzte er einen 27j\u00e4hrigen schwer. Dem Sachverst\u00e4ndigen offenbarte er, da\u00df er aus Wut und Eifersucht bewu\u00dft deutsche M\u00e4nner angegriffen habe.<\/p>\n<p>Das ist ein kurzer Auszug aus der Liste von Bluttaten, die Monat f\u00fcr Monat l\u00e4nger wird. Sie best\u00e4tigt, was der Schriftsteller und Publizist Akif Pirin\u00e7ci in dem Aufsatz \u201eDas Schlachten hat begonnen\u201c prognostizierte. Vor zehn Jahren, am 25. M\u00e4rz 2013, wurde der Text auf der \u201eAchse des Guten\u201c ver\u00f6ffentlicht.<br \/>\nUnmittelbarer Ausl\u00f6ser war die T\u00f6tung des 25j\u00e4hrigen Lackierers Daniel S., der in der Nacht zum 10. M\u00e4rz 2013 vor dem Bahnhof Kirchweyhe bei Bremen Opfer einer Pr\u00fcgelattacke geworden war und vier Tage danach an den Folgen starb. Bekannt wurde der Fall durch einen unverbl\u00fcmten Bericht der Bild-Zeitung: Demnach hatten junge Leute einen Bus gemietet, um in eine Diskothek zu fahren. Da Pl\u00e4tze frei geblieben waren, luden sie eine Gruppe t\u00fcrkischer Jugendlicher zur Mitfahrt ein. W\u00e4hrend der Fahrt kam es zum Streit, worauf einer der Mitfahrer mit dem Handy Verst\u00e4rkung zum Zielbahnhof beorderte. Ein Begleiter des Get\u00f6teten berichtete: \u201eDort wartete schon eine Horde T\u00fcrken auf uns. Daniel wollte sie beruhigen. Als die T\u00fcr aufging, ging er als erster raus. Sie fielen sofort \u00fcber ihn her, traten immer wieder auf seinen Kopf ein. Ein anderer Teil der Gruppe st\u00fcrmte den Bus, schubste und ri\u00df uns raus, schlug drau\u00dfen auf uns ein.\u201c<\/p>\n<p>Die Anklage ging zun\u00e4chst davon aus, da\u00df der Hauptt\u00e4ter \u201emit menschenverachtendem Vernichtungswillen\u201c vorgegangen war. Er habe \u201eaus vollem Lauf heraus mit einer Sprungbewegung wie ein Kickboxer gegen den hinteren Oberk\u00f6rper seines Opfers getreten\u201c, worauf dieser gegen den Bus prallte und besinnungslos zu Boden ging. Trotzdem soll der T\u00e4ter noch weiter auf ihn eingetreten haben.<\/p>\n<p>Die Nachricht raste durch das Internet. Die etablierten Medien mu\u00dften reagieren. In den Mittelpunkt stellten sie die Tragik eines \u201eStreitschlichters\u201c gem\u00e4\u00df dem Muster: Zwei Parteien zanken sich, ein Einzelner will vermitteln, zieht damit eine aggressive Gruppendynamik auf sich, ein t\u00f6dliches Verh\u00e4ngnis nimmt seinen Lauf. Eine norddeutsche West-Side-Story halt. Ein Presse-Zitat: \u201eVorangegangen war ein Streit unter einzelnen Businsassen, wie er immer mal passiert unter jungen Leuten.\u201c Das klang beinahe gem\u00fctlich. \u201eSind halt aso, die jungen Leut\u2019!\u201c, hei\u00dft es zum Ende des \u201eRosenkavaliers\u201c.<br \/>\nTats\u00e4chlich wurde die Anklage wegen Mord oder Totschlag fallengelassen, der Sprecher der Staatsanwaltschaft klang jetzt anders: \u201eDas Opfer hat dann beim Aussteigen, als diese Auseinandersetzung weiterging, versucht zu schlichten. Und w\u00e4hrend dieses Schlichtungsversuches \u2013 so ist die Ermittlungslage \u2013 ist er hinterr\u00fccks angegriffen worden und dabei eben zu Fall gekommen; mit den Verletzungen, die zum Tode gef\u00fchrt haben.\u201c<\/p>\n<p>Der physische Angriff einer ethnisch definierten Gruppe auf eine andere, indigene Gruppe wurde vom politisch-medialen Komplex als \u201erechte\u201c beziehungsweise \u201eNazi\u201c-Phantasmagorie abqualifiziert. Auf einer rasch anberaumten Kundgebung vor Ort wurde \u201eein eindrucksvolles Zeichen gegen Gewalt und f\u00fcr Toleranz gesetzt: \u2018Weyhe ist bunt!\u2019 (&#8230;). Dem rechten Spektrum lie\u00dfen die B\u00fcrger keinen Raum \u2013 im Wortsinn\u201c, freute sich die Lokalpresse. Ein \u201eRunder Tisch gegen Rechts \u2013 f\u00fcr Integration\u201c erlie\u00df den Aufruf \u201eHa\u00df und Fremdenfeindlichkeit haben in Weyhe keinen Platz: Gegen den Mi\u00dfbrauch des Gedenkens an Daniel S. durch Rechtsextreme!\u201c Der Leiter des Tisches, ein Pfarrer, erkl\u00e4rte: \u201eUnsere Gesellschaft wird bereichert durch fremde Kulturen und Restaurants, durch die man den Urlaub ein St\u00fcck weit retten kann.\u201c Wer Probleme mit Ausl\u00e4ndern behaupte, \u201eder l\u00fcgt, der betreibt geistige Brunnenvergiftung\u201c.<\/p>\n<p>F\u00fcr Pirin\u00e7ci war das der zynische Versuch, \u201eden rassistischen Hintergrund des Mordes aus dem Blickfeld\u201c zu verbannen. Daniel S. sei das neueste von zahlreichen Opfern \u201eeines veritablen B\u00fcrgerkrieges\u201c, gef\u00fchrt \u201ezumeist von jungen M\u00e4nnern moslemischen Glaubens\u201c gegen junge deutsche M\u00e4nner, und zwar durch \u201ein immer k\u00fcrzeren Abst\u00e4nden erfolgende Bestialit\u00e4ten\u201c. Vom Islam w\u00fc\u00dften die T\u00e4ter \u2013 \u201ezum Gl\u00fcck\u201c \u2013 nur wenig, aber das Wenige gen\u00fcge, \u201eum sich als \u2018Masters of Universe\u2019 zu f\u00fchlen\u201c. Pirin\u00e7ci pr\u00e4parierte das anthropologische Muster heraus: \u201eEine Gruppe oder die herbeitelefonierte Kumpelschar umstellt das Opfer nach der Jagdstrategie von W\u00f6lfen, wobei die Delta- und Betatiere stets au\u00dfen herum laufen und f\u00fcr das einsch\u00fcchternde Jagdgeheul sorgen und das Alphatier nach und nach von der Beute St\u00fccke abzubei\u00dfen beginnt, bis am Ende alle \u00fcber sie herfallen und hinrichten.\u201c Es handele sich um einen \u201ebeispielhaften evolution\u00e4ren Vorgang (&#8230;), n\u00e4mlich um den Genozid an einer bestimmten Gruppe\u201c.<\/p>\n<p>Der \u201eGenozid\u201c war ein polemischer oder metaphorischer \u00dcberschu\u00df, w\u00e4hrend der \u201eB\u00fcrgerkrieg\u201c im Sinne von Hans Magnus Enzensbergers \u201emolekularem B\u00fcrgerkrieg\u201c treffend war. Typischerweise behandelte der politisch-mediale Komplex den Text als einen Skandal, der die T\u00f6tung, auf die er sich bezog, an Furchtbarkeit weit \u00fcberwog. Ein Redakteur von Radio Bremen, Jochen Grabler, nannte Pirin\u00e7ci einen \u201eneuen rassistischen Ha\u00dfprediger\u201c, einen \u201eVolksverhetzer, beseelt von Goebbelsscher Perfidie\u201c: Pawlowsche Reflexe, die den linksgr\u00fcn konditionierten Medienschaffenden die Reflexion ersparen.<\/p>\n<p>Die von Pirin\u00e7ci erw\u00e4hnte Evolution bezeichnet die stammesgeschichtliche Entwicklung und Ausdifferenzierung von Lebewesen, die sich auf die Biologie, die Psychologie, Soziologie, Ethnologie und auch Ideologie erstrecken. Es geht um die Anpassung an die Umweltbedingungen. Zu diesen geh\u00f6rt auch das gesellschaftspolitische Fluidum, das die \u00d6ffentlichkeit \u2013 Pirin\u00e7ci sprach vom \u201eBiotop\u201c \u2013 transzendiert. Die Individuen \u2013 so auch die \u201eMasters of Universe\u201c \u2013 nehmen es durch ihre \u201esoziale Haut\u201c (Elisabeth Noelle-Neumann) in sich auf. Den Hauptt\u00e4ter soll es am Tatabend zu der Ansage animiert haben: \u201eEiner wird diese Nacht nicht \u00fcberleben.\u201c<\/p>\n<p>Dazu schreibt Pirin\u00e7ci: \u201eZun\u00e4chst einmal ist der sogenannte Migrant in den letzten drei\u00dfig Jahren durch eine beispiellose und pathologische Umkehrung der Werte im \u00f6ffentlichen Diskurs das Objekt der Vergottung geworden, er ist ganz im gegenst\u00e4ndlichen Sinne mehr wert als der Einheimische. Selbst seine archaischen und menschenverachtenden Sitten (&#8230;) sind sakrosankt und blind zu akzeptieren.\u201c Die dialektische Kehrseite ist \u201eder Selbstha\u00df und die moralische Degeneration\u201c der Deutschen. \u201eSie sind mittlerweile zu einem Haufen von Duckm\u00e4usern pervertiert, die unter der linksgr\u00fcnen Gesinnungsdiktatur in v\u00f6lliger Furcht um ihr gesellschaftliches Ansehen, inzwischen auch um ihre Existenz nichts mehr politisch Unkorrektes zu sagen wagen, schon gar nicht w\u00fcrden sie daf\u00fcr demonstrieren\u201c, weil \u201edas voll nazi ist\u201c.<\/p>\n<p>Auch der Tote wurde im Internet posthum als Nazi attackiert. Bild ver\u00f6ffentlichte einige Facebook-Eintr\u00e4ge von der Art: \u201eEin Bastard Nazi weniger in weyhe das ist ja suppii\u201c, oder: \u201e(&#8230;) es ist nur eure dreckige Art die uns zwingt mit euch sowas zu machen ihr Nazis\u201c. Die Eintr\u00e4ge stammten offensichtlich von T\u00fcrken, doch sie hatten blo\u00df kopiert und vergr\u00f6bert, was bundesdeutsche Schulen, Medien, sogenannte Experten und Politiker st\u00e4ndig verbreiten. Auch Propagandisten und Nutznie\u00dfer der \u201ebunten\u201c Gesellschaft sind nicht g\u00e4nzlich frei von kognitiven Dissonanzen, wenn zertretene Hirnschalen und abgehackte Gliedma\u00dfen als Kollateralsch\u00e4den anfallen. Die Disharmonie bleibt ihnen erspart, wenn der Nachweis gelingt, da\u00df es ein \u201eNazi\u201c war, der so grob verabschiedet wurde.<br \/>\nIn der Regel kollidiert der konkrete Fall mit der Nazi-Pauschalierung. So auch hier, weshalb der SPD-B\u00fcrgermeister sich auf der Kundgebung berechtigt f\u00fchlte klarzustellen: \u201eDaniel S. war, nach allem was ich wei\u00df, ein guter Junge. Und er war ganz sicher kein Nazi.\u201c Die Abgr\u00fcndigkeit der Aussage ausgerechnet in diesem Kontext ging dem Redner gar nicht auf. Was h\u00e4tte er wohl gesagt, wenn der Tote nach seinen Ma\u00dfst\u00e4ben kein \u201eguter Junge\u201c gewesen und eben doch ein \u201eNazi\u201c gewesen w\u00e4re \u2013 was ja l\u00e4ngst ein beliebiger Sammelbegriff f\u00fcr Oppositionelle, Kritiker, Quer- und Selberdenker aller Art ist? <em><strong>M\u00fcssen B\u00fcrger sich das Recht auf Leben und k\u00f6rperliche Unversehrtheit durch Wohlverhalten und regierungskonforme Gesinnung erst verdienen?<\/strong><\/em><\/p>\n<p>In solchen kommunikativen Mi\u00dfgriffen offenbaren sich die Abgr\u00fcnde der bundesdeutschen Staats-ideologie, die Botho Strau\u00df im \u201eAnschwellenden Bocksgesang\u201c \u2013 genau 20 Jahre vor Pirin\u00e7ci \u2013 schon angedeutet hatte. Es z\u00f6gen Konflikte herauf, \u201edie sich \u00f6konomisch nicht mehr befrieden lassen, bei denen es eine nachteilige Rolle spielen k\u00f6nnte, da\u00df der reiche Westeurop\u00e4er sozusagen auch sittlich \u00fcber seine Verh\u00e4ltnisse gelebt hat (\u2026).\u201c Weil n\u00e4mlich \u201edie Geschichte nicht aufgeh\u00f6rt hat, ihre tragischen Dispositionen zu treffen, kann niemand voraussehen, ob unsere Gewaltlosigkeit den Krieg nicht blo\u00df auf unsere Kinder verschleppt\u201c. Als der Essay Anfang Februar 1993 im Spiegel erschien, war Daniel S. f\u00fcnf Jahre alt.<\/p>\n<p>Zu den bundesdeutschen Varianten sittlicher Hybris geh\u00f6rt die \u201eWillkommenskultur\u201c. Denn ihr liegt ein Mi\u00dfverst\u00e4ndnis zugrunde, das Carl Schmitt in den Satz fa\u00dfte: \u201eEs w\u00e4re t\u00f6lpelhaft zu glauben, ein wehrloses Volk habe nur noch Freunde, und eine krapulose Berechnung, der Feind k\u00f6nnte vielleicht durch Widerstandslosigkeit ger\u00fchrt werden (\u2026).\u201c Diese wird vielfach als Zeichen der Schw\u00e4che wahrgenommen und als Chance begriffen, immer mehr zu fordern. In einem Punkt sind die Ereignisse \u00fcber Pirin\u00e7ci hinweggegangen. Er meinte, da\u00df nach dem evolution\u00e4ren Gesetz keine Frauen get\u00f6tet w\u00fcrden und es bei den Vergewaltigungen bliebe.<br \/>\nZu dem im \u00f6ffentlichen Raum wabernden Fluidum z\u00e4hlen die Verlautbarungen von Parlamentsabgeordneten, Partei-, Verbands- und Stiftungsfunktion\u00e4ren, Bundesbeauftragten, Kulturpreistr\u00e4gern und Journalisten, die k\u00fcrzlich in dieser Zeitung unter der \u00dcberschrift \u201eIch hasse Wei\u00dfe\u201c zusammengetragen wurden (JF 11\/23). \u00dcber religi\u00f6se, nationale und Geschlechtergrenzen hinweg waren Anetta, Aydan, Deniz, Ferda, Hengameh, Hasnain. Malik, Mohamed, Timon, Walid usw. sich einig im Hohn \u00fcber \u201eKartoffeldeutsche\u201c, \u00fcber die \u201edeutsche Dreckskultur\u201c, die \u201ejenseits der Sprache nicht zu identifizieren\u201c und h\u00f6chstens eine \u201eHalskrankheit\u201c sei, weshalb \u201eBomber Harris\u201c ein \u201eThanks\u201c geb\u00fchre. Weil nach 1989 trotzdem \u201eein Drittel des Staatsgebiets wei\u00df blieb\u201c, geh\u00f6re es \u201eaufgel\u00f6st\u201c und sei der \u201eAbgang der Deutschen ein V\u00f6lkersterben von seiner sch\u00f6nsten Seite\u201c, wobei selbige \u2013 ein \u201eHundeclan\u201c \u2013 \u201ebei diesem leidvollen Proze\u00df lediglich Zaung\u00e4ste\u201c sein w\u00fcrden. Der Stimmenchor glich dem Heulen des Jagdrudels, das die waidwunde Beute umkreist. Da\u00df Angeh\u00f6rige der \u201eK\u00f6terrasse\u201c darin einstimmen, indem sie Zielvorgaben, Stichworte und Rechtfertigungen liefern, geh\u00f6rt zu den Besonderheiten in einem evolution\u00e4ren Proze\u00df, der nicht mehr von primitiven zu komplexen, sondern von komplexen zu primitiven Formen f\u00fchrt.<\/p>\n<p>Akif Pirin\u00e7cis Text \u201eDas Schlachten hat begonnen\u201c steht f\u00fcr eine Gegentendenz: Ein <a href=\"https:\/\/www.freiburg-schwarzwald.de\/blog\/global\/integration\/deutschtuerken\/\">\u201eDeutsch-T\u00fcrke\u201c<\/a> hatte den Mut, die Einsicht, die Empathie und Sprachkraft, diesen mehr denn je aktuellen, irgendwann vielleicht klassischen Text \u00fcber den Zustand der altersm\u00fcden Bundesrepublik zu verfassen und zu ver\u00f6ffentlichen.<br \/>\n&#8230; Alles vom 24.3.2023 von Thorsten Hinz bitte lesen in der JF 13\/23, Seite 13<br \/>\n.<br \/>\n<em>Akif Pirin\u00e7ci: Akif auf Achse. \u201eDas Schlachten hat begonnen\u201c und andere Texte. Verlag Antaios, Schnellroda 2016, broschiert, 232 Seiten, 14 Euro<\/em><br \/>\n<em>\u00a0<\/em><br \/>\n<em>Botho Strau\u00df: Die Expedition zu den W\u00e4chtern und Spreng-meistern. Kritische Prosa. Hamburg 2020, gebunden, 320 Seiten, 26 Euro<\/em><br \/>\n<em>\u00a0<\/em><br \/>\n<em>Michael Wiesberg: Erinnerung als Dichterpflicht: 25 Jahre \u201eAnschwellender Bocksgesang\u201c von Botho Strau\u00df . Ertr\u00e4ge 6 der Schriftenreihe der Bibliothek des Konservatismus, Berlin 2018, broschiert, 106 Seiten, 9,95 Euro<\/em><\/p>\n","protected":false},"excerpt":{"rendered":"<p>Home\u00a0&gt;Kultur\u00a0&gt;Leitkultur\u00a0&gt;Migration &gt;Kulturkampf &gt;Migranten-Deutsche &nbsp; Listenauswahl eines Beitrags (Artikel\/Datum, Seite\/Inhalt):\u00a0Klicken\u00a0oder scrollen Gelsenkirchen: \u201eMigranten w\u00e4hlen AfD wegen \u00dcberfremdung\u201c\u00a0(19.9.2025) Ahmet Refii Dener: Wie Erdogan aus Gastarbeitern Islam-Aktivisten machte\u00a0(11.8.2025) EU \u2013 Demokratie \u2013 Christentum\u00a0(21.11.2024) Der Rassismus der Gutmenschen: \u201eMein kleiner T\u00fcrke\u201c\u00a0(25.9.2024) Politische Vernunft in &hellip; <a href=\"https:\/\/www.freiburg-schwarzwald.de\/blog\/kultur\/kulturkampf\/migranten-deutsche\/\">Weiterlesen <span class=\"meta-nav\">&rarr;<\/span><\/a><\/p>\n","protected":false},"author":2,"featured_media":0,"parent":91729,"menu_order":0,"comment_status":"closed","ping_status":"closed","template":"","meta":{"footnotes":""},"class_list":["post-111052","page","type-page","status-publish","hentry"],"_links":{"self":[{"href":"https:\/\/www.freiburg-schwarzwald.de\/blog\/wp-json\/wp\/v2\/pages\/111052","targetHints":{"allow":["GET"]}}],"collection":[{"href":"https:\/\/www.freiburg-schwarzwald.de\/blog\/wp-json\/wp\/v2\/pages"}],"about":[{"href":"https:\/\/www.freiburg-schwarzwald.de\/blog\/wp-json\/wp\/v2\/types\/page"}],"author":[{"embeddable":true,"href":"https:\/\/www.freiburg-schwarzwald.de\/blog\/wp-json\/wp\/v2\/users\/2"}],"replies":[{"embeddable":true,"href":"https:\/\/www.freiburg-schwarzwald.de\/blog\/wp-json\/wp\/v2\/comments?post=111052"}],"version-history":[{"count":6,"href":"https:\/\/www.freiburg-schwarzwald.de\/blog\/wp-json\/wp\/v2\/pages\/111052\/revisions"}],"predecessor-version":[{"id":139249,"href":"https:\/\/www.freiburg-schwarzwald.de\/blog\/wp-json\/wp\/v2\/pages\/111052\/revisions\/139249"}],"up":[{"embeddable":true,"href":"https:\/\/www.freiburg-schwarzwald.de\/blog\/wp-json\/wp\/v2\/pages\/91729"}],"wp:attachment":[{"href":"https:\/\/www.freiburg-schwarzwald.de\/blog\/wp-json\/wp\/v2\/media?parent=111052"}],"curies":[{"name":"wp","href":"https:\/\/api.w.org\/{rel}","templated":true}]}}