{"id":110911,"date":"2023-03-21T15:29:56","date_gmt":"2023-03-21T14:29:56","guid":{"rendered":"https:\/\/www.freiburg-schwarzwald.de\/blog\/?page_id=110911"},"modified":"2025-05-17T18:00:02","modified_gmt":"2025-05-17T16:00:02","slug":"verleumdung","status":"publish","type":"page","link":"https:\/\/www.freiburg-schwarzwald.de\/blog\/kultur\/medien\/verleumdung\/","title":{"rendered":"Verleumdung"},"content":{"rendered":"<p><a href=\"https:\/\/www.freiburg-schwarzwald.de\/blog\">Home<\/a>\u00a0&gt;<a title=\"Kultur\" href=\"https:\/\/www.freiburg-schwarzwald.de\/blog\/kultur\/\">Kultur<\/a>\u00a0&gt;<a title=\"Medien\" href=\"https:\/\/www.freiburg-schwarzwald.de\/blog\/kultur\/medien\/\">Medien<\/a>\u00a0&gt;<a title=\"Diskussionskultur\" href=\"https:\/\/www.freiburg-schwarzwald.de\/blog\/kultur\/medien\/diskussionskultur\/\">Diskussionskultur<\/a> &gt;<a href=\"https:\/\/www.freiburg-schwarzwald.de\/blog\/kultur\/medien\/diffamierung\/\">Diffamierung<\/a> &gt;Verleumdung<\/p>\n<div id=\"attachment_110888\" style=\"width: 648px\" class=\"wp-caption alignnone\"><a href=\"https:\/\/www.freiburg-schwarzwald.de\/blog\/wp-content\/uploads\/2023\/03\/schweigemarsch-FR-salzstrasse-pan230318.jpg\"><img loading=\"lazy\" decoding=\"async\" aria-describedby=\"caption-attachment-110888\" class=\"size-full wp-image-110888\" src=\"https:\/\/www.freiburg-schwarzwald.de\/blog\/wp-content\/uploads\/2023\/03\/schweigemarsch-FR-salzstrasse-pan230318.jpg\" alt=\"\" width=\"638\" height=\"360\" srcset=\"https:\/\/www.freiburg-schwarzwald.de\/blog\/wp-content\/uploads\/2023\/03\/schweigemarsch-FR-salzstrasse-pan230318.jpg 638w, https:\/\/www.freiburg-schwarzwald.de\/blog\/wp-content\/uploads\/2023\/03\/schweigemarsch-FR-salzstrasse-pan230318-180x102.jpg 180w\" sizes=\"auto, (max-width: 638px) 100vw, 638px\" \/><\/a><p id=\"caption-attachment-110888\" class=\"wp-caption-text\">Schweigemarsch f\u00fcr den Frieden in Freiburg am 18.3.2023<\/p><\/div>\n<p>&nbsp;<\/p>\n<ul>\n<li><em>Listenauswahl eines Beitrags (Artikel\/Datum, Seite\/Inhalt):\u00a0<span style=\"text-decoration: underline;\">Klicken<\/span>\u00a0oder scrollen<\/em><\/li>\n<li><a href=\"https:\/\/www.freiburg-schwarzwald.de\/blog\/selbsthilfe\/krise\/doxing\/\">ZDF-B\u00f6hmermann: Soziale Zerst\u00f6rung eines jungen Mannes durch Doxing<\/a>\u00a0(17.5.2025)<\/li>\n<li><a href=\"https:\/\/www.freiburg-schwarzwald.de\/blog\/negative-campaigning\/\">Negative Campaigning<\/a>\u00a0(27.4.2024)<\/li>\n<li><a href=\"https:\/\/www.freiburg-schwarzwald.de\/blog\/engagement\/zukunft\/demokratie\/bundespraesident\/\">Steinmeier bezeichnet AfD als Rattenf\u00e4nger und AfD-W\u00e4hler als Ratten<\/a>\u00a0(31.1.2024)<\/li>\n<li><a href=\"https:\/\/www.freiburg-schwarzwald.de\/blog\/baeume-pflanzen-arvay-baeume\/\">Widerlich: DerStandard l\u00e4sst Nominierung von Clemens Arvay zu Spottpreis \u201cGoldenes Brett\u201d zu<\/a> (2.9.2023)<\/li>\n<li><a href=\"https:\/\/www.freiburg-schwarzwald.de\/blog\/wolffsohn-juden-im-wahlkampf\/\">Wolffsohn: Juden im Wahlkampf<\/a>\u00a0(29.8.2023)<\/li>\n<li><a href=\"https:\/\/www.freiburg-schwarzwald.de\/blog\/verschwoerung-statt-diskussion\/\">Verschw\u00f6rung statt Diskussion<\/a>\u00a0(3.4.2023)<\/li>\n<li>Clemens Arvay wurde Opfer der Antisemitismuskeule (15.3.2023)<\/li>\n<li><a href=\"https:\/\/www.freiburg-schwarzwald.de\/blog\/baeume-pflanzen-arvay-baeume\/\">B\u00e4ume pflanzen &#8211; Arvay-B\u00e4ume<\/a>\u00a0 (8.3.2023)<\/li>\n<li><a href=\"https:\/\/www.freiburg-schwarzwald.de\/blog\/impfkritiker-arvay-suizid\/\">Impfkritiker Clemens Arvay &#8211; Suizid<\/a>\u00a0 (24.2.2023)<\/li>\n<\/ul>\n<ul>\n<li><a href=\"https:\/\/www.freiburg-schwarzwald.de\/blog\/religion\/juden\/antisemitismus\/\">Antisemitismus<\/a><\/li>\n<li><a href=\"https:\/\/www.freiburg-schwarzwald.de\/blog\/engagement\/zukunft\/demokratie\/denunziation\/\">Denunziation<\/a><\/li>\n<li><a title=\"Diskriminierung\" href=\"https:\/\/www.freiburg-schwarzwald.de\/blog\/kultur\/medien\/diskriminierung\/\">Diskriminierung<\/a><\/li>\n<li><a title=\"Diskussionskultur\" href=\"https:\/\/www.freiburg-schwarzwald.de\/blog\/kultur\/medien\/diskussionskultur\/\">Diskussionskultur<\/a><\/li>\n<li><a href=\"https:\/\/www.freiburg-schwarzwald.de\/blog\/selbsthilfe\/krise\/doxing\/\">Doxing<\/a><\/li>\n<li><a title=\"Hass\" href=\"https:\/\/www.freiburg-schwarzwald.de\/blog\/kultur\/medien\/hass\/\">Hass<\/a><\/li>\n<li><a title=\"Instrumentalisierung\" href=\"https:\/\/www.freiburg-schwarzwald.de\/blog\/kultur\/medien\/instrumentalisierung\/\">Instrumentalisierung<\/a><a title=\"Islamophobie\" href=\"https:\/\/www.freiburg-schwarzwald.de\/blog\/religion\/islam\/islamophobie\/\">e<\/a><\/li>\n<li><a href=\"https:\/\/www.freiburg-schwarzwald.de\/blog\/kultur\/medien\/diskussionskultur\/kontaktschuld\/\">Kontaktschuld<\/a><\/li>\n<li><a title=\"Nazi\" href=\"https:\/\/www.freiburg-schwarzwald.de\/blog\/religion\/juden\/nazi\/\">Nazi<\/a><\/li>\n<li><a title=\"Rassismus\" href=\"https:\/\/www.freiburg-schwarzwald.de\/blog\/engagement\/rassismus\/\">Rassismus<\/a><\/li>\n<li><a href=\"https:\/\/www.freiburg-schwarzwald.de\/blog\/engagement\/zukunft\/demokratie\/repression\/\">Repression<\/a><\/li>\n<li><a title=\"Respekt\" href=\"https:\/\/www.freiburg-schwarzwald.de\/blog\/engagement\/respekt\/\">Respekt<\/a><\/li>\n<li><a title=\"Selbsthass\" href=\"https:\/\/www.freiburg-schwarzwald.de\/blog\/engagement\/zukunft\/selbsthass\/\">Selbsthass<\/a><\/li>\n<li><a title=\"Vorverurteilung\" href=\"https:\/\/www.freiburg-schwarzwald.de\/blog\/kultur\/medien\/vorverurteilung\/\">Vorverurteilung<\/a><\/li>\n<\/ul>\n<p>&nbsp;<\/p>\n<p>Es gibt kaum eine schlimmere Beleidigung f\u00fcr einen anst\u00e4ndigen Menschen, als ein <a href=\"https:\/\/www.freiburg-schwarzwald.de\/blog\/religion\/juden\/antisemitismus\/\">\u201eAntisemit\u201c<\/a> genannt zu werden.<br \/>\n=======================================================<\/p>\n<p><strong>Clemens Arvay wurde Opfer der Antisemitismuskeule<\/strong><br \/>\n<strong>Requiem f\u00fcr ein Verleumdungsopfer: <a href=\"https:\/\/www.freiburg-schwarzwald.de\/blog\/impfkritiker-arvay-suizid\/\">Clemens Arvay<\/a><\/strong><br \/>\nEin Brief von Juden aus der ganzen Welt, der die Instrumentalisierung des Begriffs \u201eAntisemit\u201c zur Diffamierung von Dissidenten verurteilt<br \/>\n<strong>Requiem for a Smear Victim: Clemens Arvay<\/strong><br \/>\nA Letter from Jews Around the World Condemning the Weaponization of \u201cAnti-Semite\u201d to Defame Dissidents<\/p>\n<p>Dies ist einer der wichtigsten Beitr\u00e4ge, die ich ver\u00f6ffentlicht habe. Mir wurde die Ehre zuteil, einen Brief ver\u00f6ffentlichen zu d\u00fcrfen, der von Juden aus der ganzen Welt verfasst wurde, die unmissverst\u00e4ndlich die Verwendung des Begriffs \u201eAntisemit\u201c zum Zwecke des \u201eCharakter-Attentats\u201c auf Menschen verurteilen, die sich nichts anderes zuschulden kommen lassen, als genehmigte Narrative in Frage zu stellen, Meinungsfreiheit auszu\u00fcben, Korruption, L\u00fcgen und sch\u00e4dliche Politiken aufzudecken und unabh\u00e4ngiges, kritisches Denken zu praktizieren.<br \/>\nDer r\u00fccksichtslose Missbrauch eines solch spitzen Begriffs geschieht im Namen der Juden, und die Unterzeichner dieses Briefes sagen: \u201eNICHT IN UNSEREM NAMEN\u201c. Sie machen Medien, Politiker und ideologisch motivierte Organisationen f\u00fcr die Zerst\u00f6rung von Leben verantwortlich, die aus der Anwendung dieser Anschuldigung resultiert \u2013 der sanfte Clemens G. Arvay ist nur das j\u00fcngste tragische Beispiel.<br \/>\nWir sind darauf angewiesen, dass Sie Clemens\u2018 Geschichte und den folgenden Offenen Brief zum Gedenken an Clemens Arvay weitergeben. Vielen Dank, dass Sie dazu beitragen, weitere Opfer von Verleumdungen zu verhindern.<br \/>\n\u201eSie bringen mich um.\u201c<br \/>\nDas waren die Worte, die auf einen Zettel gekritzelt waren, der am 18. Februar 2023 auf einem \u00f6sterreichischen Felsen, dem T\u00fcrkensturz, gefunden wurde. Am Fu\u00dfe der Klippe lag die Leiche von Clemens Arvay, eines zweiundvierzigj\u00e4hrigen \u00f6sterreichischen Biologen, Autors \u00fcber Gesundheits\u00f6kologie, Musikers und Vaters eines behinderten Sohnes. Es war nicht das erste Mal, dass Clemens diese Worte geschrieben hatte. Seinem Freund Raphael Bonelli zufolge war \u201eSie bringen mich um\u201c ein h\u00e4ufiger Refrain in seinen WhatsApp-Nachrichten.<br \/>\n&#8230;.<\/p>\n<p><strong>Offener Brief zum Gedenken an Clemens Arvay: Einer von vielen<br \/>\n\u2013 einer zu viel<\/strong><br \/>\n<strong>Juden gegen Medienhetze<br \/>\n<\/strong><br \/>\n<strong>Open Letter in Commemoration of Clemens Arvay: One of Many<br \/>\n\u2014One Too Many.<\/strong><br \/>\n<strong>Jews Against Media Incitement<\/strong><\/p>\n<p>Dieser Brief wurde von Juden geschrieben, die sich international zusammengeschlossen haben. Er richtet sich an Politiker und Medien, aber auch und vor allem an unsere Mitmenschen, die tatenlos zusehen oder sich in vorauseilendem Gehorsam durch Mitt\u00e4terschaft mitschuldig machen.<br \/>\nWir betrauern den Tod von Clemens Arvay. Was trieb diesen sanftm\u00fctigen Mann dazu, seinem Leben im Alter von zweiundvierzig Jahren ein Ende zu setzen? Was trieb einen liebenden Vater dazu, seinen Sohn zur\u00fcckzulassen? Immer sachlich und auf eine konfliktfreie Diskussion bedacht, der Natur und der Musik zugetan \u2026 wie verzweifelt muss Clemens Arvay gewesen sein, dass er alles, was er liebte, aufgab, weil er keinen Ausweg mehr sah?<\/p>\n<p>Es gibt kaum eine schlimmere Beleidigung f\u00fcr einen anst\u00e4ndigen Menschen, als ein <a href=\"https:\/\/www.freiburg-schwarzwald.de\/blog\/religion\/juden\/antisemitismus\/\">\u201eAntisemit\u201c<\/a> genannt zu werden. Wenn die Verfechter der herrschenden Meinung \u2013 oder vielmehr der Meinung der Herrschenden \u2013 grundlos die Antisemitismuskeule schwingen, nehmen sie den Schmerz und die Verzweiflung, die sie verursachen, billigend in Kauf.<\/p>\n<p>Auch Clemens Arvay war einer solchen Hetze ausgesetzt und wurde als Antisemit verunglimpft. Wir sind nicht mehr in der Lage, ihn nach dem endg\u00fcltigen Ausl\u00f6ser f\u00fcr seine Entscheidung zu fragen. Aber eine Frage, die man den Hetzern \u2013 den betroffenen Medien, einschlie\u00dflich einiger f\u00fchrender Bl\u00e4tter und einzelner Profiteure der politischen Gunst \u2013 stellen kann und muss, ist: Ber\u00fchrt Sie der Gedanke, dass dieser Tod etwas mit Ihrer Hetze zu tun haben k\u00f6nnte? Es ist nicht relevant, was der letztendliche Ausl\u00f6ser war, aber Sie m\u00fcssen sich mit der M\u00f6glichkeit auseinandersetzen, dass Sie f\u00fcr die endg\u00fcltige, unumkehrbare Entscheidung von Clemens verantwortlich sein k\u00f6nnten.<\/p>\n<p>Dieser Tod bricht den Damm. Das aufgestaute Entsetzen \u00fcber die Art und Weise, wie Sie mit dem umgehen, was uns heilig ist, was uns gepr\u00e4gt hat, was unseren Schmerz und unser Wissen hervorruft, bewegt uns, diesen Brief zu schreiben.<\/p>\n<p>Ein Antisemit ist ein Judenhasser. Diejenigen, die vor achtzig Jahren versucht haben, die europ\u00e4ischen Juden auszurotten, waren Antisemiten.<br \/>\nNazis sind Eugeniker, Massenm\u00f6rder, die aus ihrer angeblichen rassischen \u00dcberlegenheit heraus Menschen verunglimpfen, misshandeln und t\u00f6ten.<\/p>\n<p>Diese Begriffe gegen Menschen zu verwenden, die lediglich die zur Religion gewordene Impfagenda in Frage stellen, sich f\u00fcr Friedensverhandlungen aussprechen oder sich anderweitig gegen einen politischen oder medialen Trend stellen, ist eine inakzeptable Verharmlosung des Nationalsozialismus und des Holocaust. Ein solch inflation\u00e4rer Vergleich von Andersdenkenden mit Massenm\u00f6rdern ist eine Verh\u00f6hnung der Opfer des Nationalsozialismus. Einige dieser Opfer sind die Vorfahren der Unterzeichner dieses Briefes, unsere Eltern und Gro\u00dfeltern. Und die Unterzeichner wissen aus erster Hand, was einen andersdenkenden Biologen mit so beeindruckender menschlicher Integrit\u00e4t von einem Antisemiten unterscheidet.<\/p>\n<p>Die Antisemitismus-Keule wird als Waffe gegen Kritiker von Regierungsma\u00dfnahmen eingesetzt. Wie jede Waffe verursacht sie Zerst\u00f6rung. Wie jede Waffe ist sie ein Mittel der Unterdr\u00fcckung und der Gewalt. Das wollen wir nicht!<br \/>\nWarum sehen wir uns in der Lage, zu sagen: \u201eGenug ist genug\u201c? Weil der Eindruck entsteht, dass wir, die Juden, es seien, die die Antisemitismuskeule in der Hand halten. Dass wir es sind, die vor den \u201eFluchern\u201c, \u201eVerschw\u00f6rungstheoretikern\u201c, \u201eNazis\u201c und \u201eRechtsradikalen\u201c gesch\u00fctzt werden wollen. Dass wir es waren, die angeblich vor Clemens Arvay gesch\u00fctzt werden wollten.<\/p>\n<p>Wir sollen auch um Schutz vor Vera Sharav, Andrew Bridgen, Daniele Ganser, Sucharit Bhakdi, Neil Oliver, Roger Waters, Andrew Tate, Ken Jebsen und David Icke gebeten haben, um nur einige zu nennen. Wir sollen diejenigen gewesen sein, die modische Prozesse wegen Volksverhetzung und Holocaust-Verharmlosung in Deutschland oder Wiederbet\u00e4tigung in \u00d6sterreich gefordert haben.<br \/>\nClemens Arvay war kein Antisemit. Wir haben nie darum gebeten, ihn in unserem Namen zu verletzen.<br \/>\nDr. Daniele Ganser ist kein Antisemit. Wir wollen uns nicht daf\u00fcr missbrauchen lassen, diesen Historiker zum Schweigen zu bringen, weil seine Meinung \u00fcber den Krieg dem anerkannten Narrativ widerspricht.<br \/>\nProf. Dr. Sucharit Bhakdi ist kein Antisemit. Diejenigen, die sich an dem Gelehrten st\u00f6ren, dessen leidenschaftliche Aufkl\u00e4rung unz\u00e4hlige Leben gerettet hat, sind weit davon entfernt, alle Juden zu vertreten.<br \/>\nNeil Oliver ist kein Antisemit, und er sollte auch nicht in unserem Namen diffamiert werden.<br \/>\nAndrew Bridgen ist kein Antisemit, und der Politikerkollege, der ihn als solchen verleumdet hat, ist nun als korrupter und manipulativer Beamter entlarvt worden, der er ist.<br \/>\nDie Tatsache, dass Vera Sharav, eine Holocaust-\u00dcberlebende und lebenslange Verfechterin der medizinischen Ethik, in Deutschland wegen Holocaust-Leugnung und Volksverhetzung strafrechtlich verfolgt wird, zeigt um so deutlicher, womit wir es zu tun haben. Dies geschieht nicht in unserem Namen.<\/p>\n<p>Das Gleiche gilt f\u00fcr jede der genannten Pers\u00f6nlichkeiten und unz\u00e4hlige andere kritisch denkende Menschen, die im Rahmen der einheitlichen Corona-Agenda nach einem einheitlichen Prinzip \u2013 wie nach einem Drehbuch \u2013 verleugnet, beleidigt, ausgegrenzt und ihres guten Namens und ihrer Existenz beraubt werden.<\/p>\n<p>Jedes Gerichtsverfahren nach den genannten Paragraphen und jede grundlose Beschimpfung als \u201eNazi\u201c, \u201eAntisemit\u201c oder \u201eHolocaust-Leugner\u201c zielt auf die Zerst\u00f6rung eines Rufes, einer finanziellen und sozialen Existenz \u2013 oder gar eines Lebens. Solche Ma\u00dfnahmen k\u00f6nnen wir in einer Gesellschaft, die sich selbst als liberal-demokratisch definiert, niemals unterst\u00fctzen.<\/p>\n<p>Dar\u00fcber hinaus leben wir in Angst und Sorge: Indem man in unserem Namen Leben zerst\u00f6rt, die Gesellschaft spaltet und gegen eine kritische Minderheit hetzt, rechtfertigt und f\u00f6rdert man echten Antisemitismus. Und nicht nur das: Die st\u00e4ndig kultivierte Angst, als Nazi oder Antisemit beschimpft zu werden, raubt den Menschen die Zivilcourage und degradiert unsere Gesellschaft zu einer, die dem Unrecht tatenlos zusieht.<\/p>\n<p>In seinem Buch \u201eAnleitung zum Ungl\u00fccklichsein\u201c schreibt Paul Watzlawick: \u201eWas A \u00fcber B sagt, sagt viel \u00fcber A und wenig \u00fcber B aus.\u201c<br \/>\nDas sagt alles \u00fcber die gottlose Kampagne gegen Clemens Arvay.<\/p>\n<p>An alle, die unseren Schmerz und unsere Sorge teilen: Werden Sie aktiv! An die Aufwiegler und ihre Auftraggeber: Werden Sie wenigstens die Gnade haben, Clemens\u2018 Sohn zu erlauben, stolz auf seinen Vater zu sein? Werden Sie dieses Unrecht wiedergutmachen? Werdet ihr in Zukunft die Menschen hinter den Kritikern sehen? Die V\u00e4ter, M\u00fctter, Liebhaber, S\u00f6hne, T\u00f6chter und Menschen wie Sie, die Ihre Meinung einfach nicht teilen?<br \/>\nUnterzeichnet,<br \/>\nJuden f\u00fcr Gerechtigkeit \u2013 Juden f\u00fcr Aufkl\u00e4rung \u2013 Wir f\u00fcr Humanit\u00e4t<br \/>\n.<br \/>\nGerman Translation<br \/>\nImmense gratitude to DeepThought<br \/>\n<a href=\"https:\/\/deepthought2022.substack.com\/\">https:\/\/deepthought2022.substack.com\/<\/a><br \/>\nfor translating this piece into German: <a href=\"https:\/\/deepthought2022.substack.com\/p\/requiem-fur-ein-verleumdungsopfer\">https:\/\/deepthought2022.substack.com\/p\/requiem-fur-ein-verleumdungsopfer<\/a><\/p>\n<p>&#8230; Alles vom 15.3.2023 von Margaret Anna Alice zu &#8222;Requiem for a Smear Victim: Clemens Arvay&#8220; bitte lesen auf<br \/>\n<a href=\"https:\/\/margaretannaalice.substack.com\/p\/requiem-for-a-smear-victim-clemens\">https:\/\/margaretannaalice.substack.com\/p\/requiem-for-a-smear-victim-clemens<\/a><\/p>\n<p>&nbsp;<\/p>\n<p>&nbsp;<\/p>\n","protected":false},"excerpt":{"rendered":"<p>Home\u00a0&gt;Kultur\u00a0&gt;Medien\u00a0&gt;Diskussionskultur &gt;Diffamierung &gt;Verleumdung &nbsp; Listenauswahl eines Beitrags (Artikel\/Datum, Seite\/Inhalt):\u00a0Klicken\u00a0oder scrollen ZDF-B\u00f6hmermann: Soziale Zerst\u00f6rung eines jungen Mannes durch Doxing\u00a0(17.5.2025) Negative Campaigning\u00a0(27.4.2024) Steinmeier bezeichnet AfD als Rattenf\u00e4nger und AfD-W\u00e4hler als Ratten\u00a0(31.1.2024) Widerlich: DerStandard l\u00e4sst Nominierung von Clemens Arvay zu Spottpreis \u201cGoldenes Brett\u201d &hellip; <a href=\"https:\/\/www.freiburg-schwarzwald.de\/blog\/kultur\/medien\/verleumdung\/\">Weiterlesen <span class=\"meta-nav\">&rarr;<\/span><\/a><\/p>\n","protected":false},"author":2,"featured_media":0,"parent":678,"menu_order":0,"comment_status":"closed","ping_status":"closed","template":"","meta":{"footnotes":""},"class_list":["post-110911","page","type-page","status-publish","hentry"],"_links":{"self":[{"href":"https:\/\/www.freiburg-schwarzwald.de\/blog\/wp-json\/wp\/v2\/pages\/110911","targetHints":{"allow":["GET"]}}],"collection":[{"href":"https:\/\/www.freiburg-schwarzwald.de\/blog\/wp-json\/wp\/v2\/pages"}],"about":[{"href":"https:\/\/www.freiburg-schwarzwald.de\/blog\/wp-json\/wp\/v2\/types\/page"}],"author":[{"embeddable":true,"href":"https:\/\/www.freiburg-schwarzwald.de\/blog\/wp-json\/wp\/v2\/users\/2"}],"replies":[{"embeddable":true,"href":"https:\/\/www.freiburg-schwarzwald.de\/blog\/wp-json\/wp\/v2\/comments?post=110911"}],"version-history":[{"count":6,"href":"https:\/\/www.freiburg-schwarzwald.de\/blog\/wp-json\/wp\/v2\/pages\/110911\/revisions"}],"predecessor-version":[{"id":134103,"href":"https:\/\/www.freiburg-schwarzwald.de\/blog\/wp-json\/wp\/v2\/pages\/110911\/revisions\/134103"}],"up":[{"embeddable":true,"href":"https:\/\/www.freiburg-schwarzwald.de\/blog\/wp-json\/wp\/v2\/pages\/678"}],"wp:attachment":[{"href":"https:\/\/www.freiburg-schwarzwald.de\/blog\/wp-json\/wp\/v2\/media?parent=110911"}],"curies":[{"name":"wp","href":"https:\/\/api.w.org\/{rel}","templated":true}]}}