{"id":110737,"date":"2023-03-15T19:11:33","date_gmt":"2023-03-15T18:11:33","guid":{"rendered":"https:\/\/www.freiburg-schwarzwald.de\/blog\/?page_id=110737"},"modified":"2023-04-01T11:02:17","modified_gmt":"2023-04-01T09:02:17","slug":"luise12erstochen230311","status":"publish","type":"page","link":"https:\/\/www.freiburg-schwarzwald.de\/blog\/global\/migration\/migranten-gewalt\/luise12erstochen230311\/","title":{"rendered":"Luise12erstochen230311"},"content":{"rendered":"<p><a href=\"https:\/\/www.freiburg-schwarzwald.de\/blog\">Home<\/a>\u00a0&gt;<a title=\"Soziales\" href=\"https:\/\/www.freiburg-schwarzwald.de\/blog\/soziales\/\">Soziales<\/a>\u00a0&gt;<a title=\"Justiz\" href=\"https:\/\/www.freiburg-schwarzwald.de\/blog\/selbsthilfe\/soziales\/justiz\/\">Justiz<\/a>\u00a0&gt;<a href=\"https:\/\/www.freiburg-schwarzwald.de\/blog\/global\/migration\/migration2021\/\">Migration<\/a> &gt;<a href=\"https:\/\/www.freiburg-schwarzwald.de\/blog\/bildung\/schulen\/schulen-gewalt\/\">Gewalt<\/a> &gt;<a href=\"https:\/\/www.freiburg-schwarzwald.de\/blog\/selbsthilfe\/soziales\/justiz\/messerstecher\/\">Messerstecher<\/a> &gt;Luise12erstochen230311<\/p>\n<div id=\"attachment_98668\" style=\"width: 648px\" class=\"wp-caption alignnone\"><a href=\"https:\/\/www.freiburg-schwarzwald.de\/blog\/wp-content\/uploads\/2022\/02\/wald-baumstamm-20220112pan.jpg\"><img loading=\"lazy\" decoding=\"async\" aria-describedby=\"caption-attachment-98668\" class=\"size-full wp-image-98668\" src=\"https:\/\/www.freiburg-schwarzwald.de\/blog\/wp-content\/uploads\/2022\/02\/wald-baumstamm-20220112pan.jpg\" alt=\"\" width=\"638\" height=\"329\" srcset=\"https:\/\/www.freiburg-schwarzwald.de\/blog\/wp-content\/uploads\/2022\/02\/wald-baumstamm-20220112pan.jpg 638w, https:\/\/www.freiburg-schwarzwald.de\/blog\/wp-content\/uploads\/2022\/02\/wald-baumstamm-20220112pan-180x93.jpg 180w\" sizes=\"auto, (max-width: 638px) 100vw, 638px\" \/><\/a><p id=\"caption-attachment-98668\" class=\"wp-caption-text\">Holzernte: Gef\u00e4llte Baumst\u00e4mme im Schwarzwald 2\/2022<\/p><\/div>\n<ul>\n<li><a href=\"https:\/\/www.freiburg-schwarzwald.de\/blog\/selbsthilfe\/krise\/gewalt\/jugendgewalt\/\">Von unserer Blindheit gegen\u00fcber der neuen Jugendgewalt<\/a> (31.3.2023)<\/li>\n<li><a href=\"https:\/\/www.freiburg-schwarzwald.de\/blog\/selbsthilfe\/krise\/gewalt\/kindergewalt\/\">M\u00e4dchengewalt in Heide: \u201eDie Lehrer haben mir nicht geholfen\u201c<\/a> (31.3.2023)<\/li>\n<li>T\u00e4terin (12) stach 75 Mal mit dem Messer auf Luise ein (25.3.2023)<\/li>\n<li>Bewegende Trauerfeier f\u00fcr get\u00f6tete Luise (22.3.2023)<\/li>\n<li>Das Freudenberger Kommunikationsdesaster der Beh\u00f6rden (16.3.2023)<\/li>\n<li><a href=\"https:\/\/www.freiburg-schwarzwald.de\/blog\/kindergewalt-und-tugenden\/\">Kindergewalt und Tugenden<\/a> (2.3.2023)<\/li>\n<li>AfD und Querdenker sind schuld am Messertod von Luise (23.3.2023)<\/li>\n<li><a href=\"https:\/\/www.freiburg-schwarzwald.de\/blog\/selbsthilfe\/krise\/gewalt\/kindergewalt\/\">Wenn Kinder t\u00f6ten: Stellen wir die richtigen Fragen?<\/a> (21.3.2023)<\/li>\n<li>M\u00e4dchenmord interessiert die \u00d6ffentlichkeit zu Recht (20.3.2023)<\/li>\n<li>Neue Details im Fall Freudenberg: Wof\u00fcr r\u00e4chten sich Luises M\u00f6rderinnen? (18.3.2023)<\/li>\n<li>Luise (12) &#8211; Die Sorge um zwei M\u00f6rderinnen (16.3.2023)<\/li>\n<li>Luise (12) wurde erstochen: Zwei M\u00e4dchen (12, 13) sind die T\u00e4terinnen (15.3.2023)<\/li>\n<li><\/li>\n<li><a href=\"https:\/\/www.freiburg-schwarzwald.de\/blog\/global\/migration\/brokstedt-messermord-zug\/\">Brokstedt-Messermord-Zug<\/a><\/li>\n<li><a href=\"https:\/\/www.freiburg-schwarzwald.de\/blog\/engagement\/zukunft\/demokratie\/dresden-messermord04-10-2020\/\">Dresden-Messermord04-10-2020<\/a><\/li>\n<li><a href=\"https:\/\/www.freiburg-schwarzwald.de\/blog\/global\/france\/enthauptung\/\">Enthauptung<\/a><\/li>\n<li><a title=\"Gewalt\" href=\"https:\/\/www.freiburg-schwarzwald.de\/blog\/selbsthilfe\/krise\/gewalt\/\">Gewalt<\/a><\/li>\n<li><a href=\"https:\/\/www.freiburg-schwarzwald.de\/blog\/global\/integration\/illerkirchberg-messermord05-12-2022\/\">Illerkirchberg-Messermord05-12-2022<\/a><\/li>\n<li><a title=\"Kandel-Bluttat27-12-2017\" href=\"https:\/\/www.freiburg-schwarzwald.de\/blog\/engagement\/zukunft\/demokratie\/kandel-bluttat27-12-2017\/\">Kandel-Bluttat-27-12-2017<\/a><\/li>\n<li><a href=\"https:\/\/www.freiburg-schwarzwald.de\/blog\/selbsthilfe\/krise\/gewalt\/kindergewalt\/\">Kindergewalt<\/a><\/li>\n<li><a title=\"Fluechtlinge-Kriminalitaet\" href=\"https:\/\/www.freiburg-schwarzwald.de\/blog\/global\/integration\/fluechtlinge-kriminalitaet\/\">Fluechtlinge-Kriminalitaet<\/a><\/li>\n<li><a href=\"https:\/\/www.freiburg-schwarzwald.de\/blog\/selbsthilfe\/krise\/gewalt\/jugendgewalt\/\">Jugendgewalt<\/a><\/li>\n<li><a href=\"https:\/\/www.freiburg-schwarzwald.de\/blog\/selbsthilfe\/krise\/gewalt\/kriminalitaet\/\">Kriminalitaet<\/a><\/li>\n<li><a href=\"https:\/\/www.freiburg-schwarzwald.de\/blog\/selbsthilfe\/soziales\/justiz\/messerstecher\/\">Messerstecher<\/a><\/li>\n<li><a href=\"https:\/\/www.freiburg-schwarzwald.de\/blog\/global\/migration\/migranten-gewalt\/\">Migranten-Gewalt<\/a><\/li>\n<li><a href=\"https:\/\/www.freiburg-schwarzwald.de\/blog\/bildung\/schulen\/schulen-gewalt\/\">Schulen-Gewalt<\/a><\/li>\n<li><a title=\"Terror\" href=\"https:\/\/www.freiburg-schwarzwald.de\/blog\/religion\/islam\/terror\/\">Terror<\/a><\/li>\n<li><a href=\"https:\/\/www.freiburg-schwarzwald.de\/blog\/global\/migration\/worms-messermord06-03-2019\/\">Worms-Messermord06-03-2019<\/a><\/li>\n<li><a href=\"https:\/\/www.freiburg-schwarzwald.de\/blog\/selbsthilfe\/krise\/gewalt\/wuerzburg2021messermorde\/\">Wuerzburg2021Messermorde<\/a><\/li>\n<\/ul>\n<p>&nbsp;<\/p>\n<p><strong>Zwei M\u00e4dchen (12 und 13) erstechen Luise (12) im Wald bei Freudenberg<\/strong><br \/>\nLuise (12) \u00fcbernachtete im Haus ihrer &#8222;besten Freundin&#8220; (13) und wird tags darauf am 11.3.2023 von dieser und einer weiteren Mitsch\u00fclerin (12) im Wald mit 30 Messerstichen ermordet und dort liegengelassen.<br \/>\nDas konsequente Schweigen der Beh\u00f6rden f\u00fchrt zu dem, was man eigentlich verhindern will &#8211; zu Spekulationen und Legendenbildungen &#8211; im <a href=\"https:\/\/www.freiburg-schwarzwald.de\/blog\/kultur\/medien\/mainstream\/\">Mainstream<\/a> wie in den <a href=\"https:\/\/www.freiburg-schwarzwald.de\/blog\/kultur\/internet\/social-networking\/\">sozialen Medien<\/a>. Vier Aspekte werden dabei immer wieder genannt:<br \/>\n.<br \/>\n<strong>1) Europa-Kulturkreis:<\/strong> Diese Tat ist im Hinblick auf die <a href=\"https:\/\/www.freiburg-schwarzwald.de\/blog\/religion\/christen\/abendland\/\">westeurop\u00e4ische<\/a> <a href=\"https:\/\/www.freiburg-schwarzwald.de\/blog\/global\/eu\/europa\/europa-kulturkreis\/\">Kultur<\/a> und <a href=\"https:\/\/www.freiburg-schwarzwald.de\/blog\/selbsthilfe\/jugend\/sozialisation\/\">Sozialisation<\/a> nicht erkl\u00e4rbar. Es mu\u00df m\u00f6glich sein, hier\u00fcber ohne <a href=\"https:\/\/www.freiburg-schwarzwald.de\/blog\/engagement\/zukunft\/demokratie\/tabu\/\">Tabus<\/a> offen zu sprechen.<\/p>\n<p><strong>2) Familie:<\/strong> Die Bev\u00f6lkerung hat ein Recht darauf, \u00fcber die Begleitumst\u00e4nde der Tat und das famili\u00e4re Umfeld der T\u00e4terinnen informiert zu werden. Nur so kann dieses unvorstellbare Verbrechen innerhalb der Gesellschaft bew\u00e4ltigt werden, nur so lassen sich daraus dann Lehren f\u00fcr die Zukunft erarbeiten.<\/p>\n<p><strong>3) Politik und Medien:<\/strong> Die M\u00e4dchen wurden 2020-2023 durch die Coronapolitik (Schul-<a href=\"https:\/\/www.freiburg-schwarzwald.de\/blog\/business\/gesund\/corona-virus\/lockdown-endlos\/\">Lockdown<\/a>, Masken) in <a href=\"https:\/\/www.freiburg-schwarzwald.de\/blog\/business\/gesund\/corona-virus\/corona-angst\/\">Angst<\/a> (<a href=\"https:\/\/www.freiburg-schwarzwald.de\/blog\/business\/gesund\/corona-virus\/corona-strategiepapier\/\">Strategiepapier<\/a> des Innenministeriums BMI) versetzt sowie in die <a href=\"https:\/\/www.freiburg-schwarzwald.de\/blog\/business\/gesund\/corona-virus\/corona-kinder\/\">Isolation<\/a> und Mediengewalt (Fernsehen, Social Media) gezwungen.<br \/>\nDiese drei Aspekte m\u00fcssen frei diskutiert werden.<br \/>\n.<br \/>\n<strong>4) Information der B\u00fcrger in D und EU:<\/strong>\u00a0 Zum Mordfall in Freudenberg informieren die deutschen Mainstreammedien nur sp\u00e4rlich und pflegen Tabus. Im Gegensatz zu ausl\u00e4ndischen EU-Medien, die detailliert berichten. Siehe z.B. <a href=\"https:\/\/www.dailymail.co.uk\/news\/article-11871545\/Girl-12-stabbed-30-times-female-classmates-telling-adult-theyd-picking-her.html\">https:\/\/www.dailymail.co.uk\/news\/article-11871545\/Girl-12-stabbed-30-times-female-classmates-telling-adult-theyd-picking-her.html<\/a> . Warum werden die Deutschen &#8222;f\u00fcr dumm gehalten&#8220; und gezwungen, sich an die ausl\u00e4ndische Presse halten, um sich dort zu informieren?<\/p>\n<p>Esther-Bejarano-Gesamtschule in Freudenberg:<br \/>\n<a href=\"https:\/\/www.ebege.de\/\">https:\/\/www.ebege.de\/<\/a><br \/>\nGrundschule &#8222;Am Alten Flecken&#8220; in Freudenberg:<br \/>\n<a href=\"https:\/\/www.gs-am-alten-flecken.de\/\">https:\/\/www.gs-am-alten-flecken.de\/<\/a><br \/>\n=====================================================<br \/>\n.<br \/>\n.<\/p>\n<p>&nbsp;<\/p>\n<p>.<br \/>\n<strong>T\u00e4terin (12) stach 75 Mal mit dem Messer auf Luise ein<\/strong><br \/>\nDer Tag nach der Beerdigung der 12-J\u00e4hrigen Luise aus Freudenberg im Siegerland brachte schockierende Nachrichten zum Tatgeschehen ans Licht. Wie FOCUS online aus gut unterrichteten Kreisen erfuhr, sollen die 13 und zw\u00f6lf Jahre alten tatverd\u00e4chtigen M\u00e4dchen den Mord an ihrer Mitsch\u00fclerin von langer Hand geplant haben.<\/p>\n<p>Wie FOCUS online erfuhr, hatte sich eine der beiden gest\u00e4ndigen T\u00e4terinnen vor der t\u00f6dlichen Messerattacke im Internet \u00fcber die Frage der Strafunm\u00fcndigkeit informiert. Entsprechende Dokumente fanden die Todesermittler bei einer Durchsuchung bei der 12-j\u00e4hrigen Mitsch\u00fclerin von Luise. Laut dem Strafgesetzbuch k\u00f6nnen Verbrecher unter 14 Jahren nicht wegen ihrer Taten belangt werden. Der brisante Fund legt den Verdacht nahe, dass die M\u00e4dchen vor dem Mord sicher gehen wollten, straffrei davon zu kommen.<\/p>\n<p><em>\u00c4ltere T\u00e4terin hielt Luise fest, das j\u00fcngere M\u00e4dchen stach 75 Mal zu<\/em><br \/>\nOffenbar lockten die T\u00e4terinnen Luise in das nahegelegene Waldgebiet in Freudenberg. Dort sollen sie zun\u00e4chst versucht haben, das M\u00e4dchen mit einer Plastikt\u00fcte zu ersticken. Diese wurde nach Informationen von FOCUS online am Tatort gefunden. Als der Erstickungsversuch misslang, griff die zw\u00f6lfj\u00e4hrige Angreiferin zum Messer und stach immer wieder zu, w\u00e4hrend ihre \u00e4ltere Komplizin Luise festhielt. Insgesamt 75 Messerstiche stellte die Rechtsmedizin in Mainz fest, erfuhr FOCUS online. Nach dem Angriff warfen die beiden T\u00e4terinnen Luise vom Radweg eine B\u00f6schung hinunter. Hier verblutete das M\u00e4dchen.<br \/>\n&#8230; Alles vom 25.3.2023 bitte lesen auf<br \/>\n<a href=\"https:\/\/www.focus.de\/panorama\/welt\/focus-online-exklusiv-juengere-taeterin-erstach-luise-ermittler-finden-recherche-material-zu-strafunmuendigkeit_id_189128180.html\">https:\/\/www.focus.de\/panorama\/welt\/focus-online-exklusiv-juengere-taeterin-erstach-luise-ermittler-finden-recherche-material-zu-strafunmuendigkeit_id_189128180.html<\/a><\/p>\n<p>&nbsp;<\/p>\n<p><strong>Bewegende Trauerfeier f\u00fcr get\u00f6tete Luise<\/strong><br \/>\nIm siegerl\u00e4ndischen Freudenberg ist der zw\u00f6lfj\u00e4hrigen Luise gedacht worden, die laut Ermittlungen von zwei M\u00e4dchen get\u00f6tet wurde. Angeh\u00f6rige und enge Freunde versammelten sich in einer Kirche, der Gottesdienst wurde in die Schule \u00fcbertragen.<br \/>\n&#8230;<br \/>\nNur die Familie und enge Weggef\u00e4hrten waren in der kleinen evangelischen Kirche zusammengekommen, drau\u00dfen schirmte die Polizei das Gel\u00e4nde weitr\u00e4umig ab. Mitsch\u00fclerinnen und Mitsch\u00fcler trafen sich zeitgleich in der Aula ihrer Schule und auf dem Schulhof. Dort war eine Ton\u00fcbertragung des Gottesdienstes zu h\u00f6ren. Etwa 1.000 Menschen waren insgesamt gekommen.<br \/>\n&#8230;<br \/>\nDie evangelische Kirche in Freudenberg war mit zart-rosa Blumen geschm\u00fcckt. Vorn stand der wei\u00dfe Sarg. &#8222;In dieser Kirche haben wir Luise getauft. Haben sie Gott ans Herz gelegt. Hier nehmen wir auch von ihr Abschied&#8220;, sagte Gemeindepastor Ijewski. Es war auf Wunsch der Familie ein eher schlichter Gottesdienst. Nur Gemeindepastor Ijewski sprach zur Gemeinde. Statt Orgelmusik erklangen moderne Lieder aus den Lautsprechern: &#8222;Flugzeug aus Papier&#8220; von Sarah Connor und &#8222;Dancing in the Sky&#8220; der fl\u00e4mischen &#8222;The Voice Kids&#8220;-Teilnehmerin Zita.<br \/>\n&#8230; Alles vom 22.3.2023 bitte lesen auf<br \/>\n<a href=\"https:\/\/www.br.de\/nachrichten\/deutschland-welt\/bewegende-trauerfeier-fuer-getoetete-luise-in-freudenberg,TZGYmHY\">https:\/\/www.br.de\/nachrichten\/deutschland-welt\/bewegende-trauerfeier-fuer-getoetete-luise-in-freudenberg,TZGYmHY<\/a><\/p>\n<p>&nbsp;<\/p>\n<p><strong>Das Freudenberger Kommunikationsdesaster der Beh\u00f6rden<\/strong><br \/>\n&#8230; Am Dienstag informieren die Untersuchungsbeh\u00f6rden des eigentlich schon nicht mehr zust\u00e4ndigen Landkreises Koblenz, wobei der leitende Oberstaatsanwalt Mario Mannweiler mehrfach die Aussagen verweigert, wenn es um Fragen nach dem konkreten Ablauf, zu den Hintergr\u00fcnden der T\u00e4terschaft oder um das Motiv geht. Mehrfach verweist er auch auf den Pers\u00f6nlichkeitsschutz der T\u00e4terinnen, der es ihm verunm\u00f6gliche, diese Informationen publik zu machen. Die \u00d6ffentlichkeit erf\u00e4hrt deshalb nicht, warum Luise sterben musste und die T\u00e4terinnen auf ihre Kollegin eingestochen haben. Sie erfahren nicht, ob die M\u00e4dchen alle zur selben Schule gingen oder ob die T\u00e4terinnen jetzt in einem Jugendheim untergebracht wurden. Nur schon die Information, dass das Tatwerkzeug oder die Tatwerkzeuge noch nicht gefunden worden sind, muss den Beh\u00f6rdenvertretern von den Medienschaffenden aus der Nase gezogen werden. Es ist von einem oder mehreren Messern die Rede, die lokale Siegener Zeitung berichtet dagegen, sie h\u00e4tte aus Ermittlerkreisen erfahren, dass es sich beim Tatwerkzeug um eine Nagelfeile handle. Auch auf die Frage, ob beide T\u00e4terinnen gleichermassen zugestochen h\u00e4tten oder eine \u00abnur\u00bb dabei gewesen w\u00e4re, erh\u00e4lt die \u00d6ffentlichkeit keine Antwort. Begr\u00fcndet wird die Zur\u00fcckhaltung mit dem Argument, dass die T\u00e4terinnen selbst noch Kinder seien, und mit dem Respekt gegen\u00fcber den Angeh\u00f6rigen der Betroffenen.<\/p>\n<p>Mit Verlaub: <em><strong>Dieser Kommunikationsansatz der deutschen Beh\u00f6rden ist schlicht l\u00e4ngst \u00fcberholt und komplett kontraproduktiv<\/strong><\/em>. Falls gesetzliche Vorgaben die Geheimniskr\u00e4merei tats\u00e4chlich gebieten sollten, dann geh\u00f6ren die entsprechenden Paragraphen novelliert und die Beh\u00f6rden endlich an die Kommunikationsrealit\u00e4t des 20. Jahrhunderts herangef\u00fchrt. Und die besteht nun einmal darin, dass die \u00d6ffentlichkeit verstehen m\u00f6chte, was da passiert ist und warum. Denn nur so kann es den Menschen gelingen, die Ereignisse f\u00fcr sich selbst einzuordnen. Und nur so k\u00f6nnen Ger\u00fcchte verhindert werden, wie sie in den Social Media Kan\u00e4len nat\u00fcrlich sofort ins Kraut schossen und auch in den Massenmedien kolportiert wurden.<br \/>\nWarum sich die deutschen Strafverfolgungsbeh\u00f6rden der \u00d6ffentlichkeit verweigern, ist schwer nachvollziehbar. Zun\u00e4chst ist nicht einsichtig, warum die Bekanntgabe des Tatmotivs die Pers\u00f6nlichkeitsrechte der T\u00e4terinnen verletzen sollte. Zum einen verlangt keine ernsthafte Stimme, dass die Beh\u00f6rden Lebensl\u00e4ufe oder Namen der T\u00e4terinnen publizieren. Und wenn die Beh\u00f6rden bef\u00fcrchten, mit Details zum Tatgeschehen oder zu den Motiven w\u00fcrden die zwei M\u00e4dchen identifizierbar \u2013 diese geistern ja in solchen F\u00e4llen regelm\u00e4ssig nach kurzer Zeit sowieso schon durch die Social Media Kan\u00e4le. Und das erst recht in einer kleinen Stadt wie Freudenberg. Bereits am Mittwochmorgen waren mit wenig Recherchearbeit nicht nur der Familienname des Opfers in Erfahrung zu bringen, sondern auch die Insta- und Tiktok-Profile der T\u00e4terinnen. Publik gemacht hatten sie die Schulkameraden der drei Sch\u00fclerinnen, die alle drei in die gleiche Klasse 7d an der lokalen Esther-Bejarano-Gesamtschule gingen.<br \/>\nGerne werden Forderungen nach mehr Transparenz von den Beh\u00f6rden damit abgeschmettert, dass es nicht Aufgabe der Beh\u00f6rden sei, die pers\u00f6nlichen Neugierde der Menschen zu befriedigen. Nur: Es geht hier eben nicht um Neugier, sondern darum, dass die Menschen, schockiert von dem Ereignis, versuchen wollen, den Vorgang zu verstehen. Und das k\u00f6nnen sie nur, wenn sie die Umst\u00e4nde einer solchen Tat auch erfahren.<\/p>\n<p>Besonders bedenklich: <em><strong>Trotz dem so hochgehaltenen Pers\u00f6nlichkeitsschutz blieben die Social Media Accounts der involvierten M\u00e4dchen bis am Mittwochnachmittag offen \u2013<\/strong><\/em> offenbar hatte bei den Untersuchungsbeh\u00f6rden niemand an das Offensichtlichste gedacht und daf\u00fcr Sorge getragen, diese Accounts zu schliessen. Unter einem Tik-Tok-Video, dass die unterdessen als Hauptt\u00e4terin identifizierte Luisa Z. noch am Tattag des letzten Samstags hochgeladen haben muss, sammelten sich denn auch schnell Hass-Posts mit teils sehr problematischen Inhalten. Auf Twitter wurden Screenshots des Accounts herumgereicht, die zeigten, die das Opfer die Beitr\u00e4ge ihrer M\u00f6rderin regelm\u00e4ssig geliked hatte. Nat\u00fcrlich dauerte es auch nicht lange, bis die Medien nachlieferten, was die Beh\u00f6rden verpasst hatten.<br \/>\n&#8230;.<br \/>\n<em><strong>Ger\u00fcchte und Medienspekulationen f\u00fcllen in jedem solchen Fall die L\u00fccken, die durch eine \u00fcbertriebene Zur\u00fcckhaltung in der Beh\u00f6rdenkommunikation offenbleiben.<\/strong><\/em> Medien-vertreterinnen und -vertreter machen sich von sich aus auf die Suche nach Erkl\u00e4rungen. Dass sie dabei bisweilen wenig zimperlich vorgehen ist notorisch, wird durch die Geheimniskr\u00e4merei der Beh\u00f6rden aber nachgerade provoziert. Wenn es den Beh\u00f6rden denn ernst w\u00e4re mit dem Postulat, die Betroffenen zu sch\u00fctzen, w\u00e4re es wesentlich zielf\u00fchrender, offener zu informieren und damit den Medienschaffenden die Recherchen im Umfeld der Betroffenen zu ersparen.<br \/>\n&#8230; Alles vom 16.3.2023 bitte lesen auf<br \/>\n<a href=\"https:\/\/inside-justiz.ch\/das-freudenberger-kommunikationsdesaster\/\">https:\/\/inside-justiz.ch\/das-freudenberger-kommunikationsdesaster\/<\/a><\/p>\n<p>&nbsp;<\/p>\n<p><strong>AfD und Querdenker sind schuld am Messertod von Luise<\/strong><br \/>\nIm Grund illustriert der Todeszwischenfall namens Luise vor allem ein Internetproblem. Es wird immer noch zu wenig \u201egegen rechts\u201d kontrolliert, gemeldet, zensiert und hausdurchsucht. Wenn die Hetzjagden im Netz endeten, k\u00f6nnte au\u00dferdem die Ursachenforschung beginnen.<br \/>\n<em>Andr\u00e9 Fufb @AFufb <\/em><br \/>\n<em>#M\u00f6rderinnen #Luise Da wundert sich noch jemand? In einem Land wo AfD, Querdenker, Antivaxxer und \u00e4hnliches Gesindel, t\u00e4glich ihre Hetze in die Gesellschaft kotzen, leben die Kinder dieses Verhalten nach. Das wird noch schlimmer in den n\u00e4chsten Jahren.<\/em><br \/>\n<em>14. M\u00e4rz 2023, <a href=\"https:\/\/twitter.com\/AFufb\/status\/1635711329355825173?cxt=HHwWqoCw1bSym7MtAAAA\">https:\/\/twitter.com\/AFufb\/status\/1635711329355825173?cxt=HHwWqoCw1bSym7MtAAAA<\/a><\/em><br \/>\n.<br \/>\nAm kausalen Nexus dieser Argumentation muss der zur\u00fcckkotzende Verfasser noch ein bisserl arbeiten \u2013 das Messerverhalten vieler z.T. schon vollj\u00e4hriger bzw. \u2011b\u00e4rtiger Kinder mit Mobilit\u00e4tshintergrund (sowie die Verteufelung der Ungeimpften) gingen ja der Hetze des sesshaften Gesindels voraus \u2013, aber, Genosse, du bist auf der richtigen F\u00e4hrte!<br \/>\n&#8230; Alles vom 23.3.2023 von Michael Klonovsky bitte lesen auf<br \/>\n<a href=\"https:\/\/www.klonovsky.de\/2023\/03\/23-maerz-2023\/\">https:\/\/www.klonovsky.de\/2023\/03\/23-maerz-2023\/<\/a><\/p>\n<p>.<br \/>\n<strong>M\u00e4dchenmord interessiert die \u00d6ffentlichkeit zu Recht<\/strong><br \/>\nIm Kontext der T\u00f6tung einer Zw\u00f6lfj\u00e4hrigen im westf\u00e4lischen Freudenberg kochen Emotionen hoch. Eine sachliche Diskussion erreicht man aber nicht mit Informationsverweigerung. Zum Konflikt von Pers\u00f6nlichkeitsrechten und demokratischer Aufkl\u00e4rung.<br \/>\n&#8230;<br \/>\nSollten sich die beiden gest\u00e4ndigen 12 und 13 Jahre alten M\u00e4dchen als T\u00e4terinnen best\u00e4tigen, &#8222;dann werden wir keine Aussagen zu Tatabl\u00e4ufen oder Motivlagen machen&#8220;, sagte Oberstaatsanwalt Patrick Baron von Grotthuss laut dpa. Dieser Auffassung trat der Dortmunder Medienrechtler Tobias Gostomzyk entgegen und sagte:<br \/>\n&#8222;Ich glaube nicht, dass das vor Gericht Bestand haben w\u00fcrde, weil die Tat so ersch\u00fctternd und einzigartig ist &#8211; das \u00f6ffentliche Interesse also erheblich. Es ist demnach nicht gerechtfertigt, jede Information dar\u00fcber zur\u00fcckzuhalten, sofern die Pers\u00f6nlichkeitsrechte angemessen gesch\u00fctzt werden.&#8220; &#8211; Prof. Tobias Gostomzyk, TU Dortmund<\/p>\n<p>Denn mit Informationen zu Tatgeschehen und m\u00f6glichen Motiven werden kindliche T\u00e4terinnen nicht an einen medialen Pranger gestellt. Unter anderem f\u00fcr die unvermeidliche Debatte um die Altersgrenze zur Strafm\u00fcndigkeit und das Portfolio an m\u00f6glichen erzieherischen Ma\u00dfnahmen f\u00fcr Schuldunf\u00e4hige macht es geradezu notwendig, Hintergr\u00fcnde der Tat en d\u00e9tail zu benennen. Andernfalls m\u00fcssten letztlich Politiker als Gesetzgeber in Unkenntnis der tats\u00e4chlichen Geschehnisse und ihrer Einordnung (u.a. durch Fachleute) \u00fcber m\u00f6gliche Gesetzes\u00e4nderungen diskutieren, also rein emotional statt sachlich, was gerade nicht erw\u00fcnscht sein kann. Oder das Parlament m\u00fcsste &#8211; wie sein Kontrollausschuss f\u00fcr die Geheimdienste &#8211; hinter verschlossenen T\u00fcren beraten, was demokratisch unhaltbar w\u00e4re.<br \/>\n&#8230; Alles vom 20.3.2023 bitte lesen auf<br \/>\n<a href=\"https:\/\/www.telepolis.de\/features\/Maedchenmord-interessiert-die-Oeffentlichkeit-zu-Recht-7550771.html\">https:\/\/www.telepolis.de\/features\/Maedchenmord-interessiert-die-Oeffentlichkeit-zu-Recht-7550771.html<\/a><\/p>\n<p><strong>Neue Details im Fall Freudenberg: Wof\u00fcr r\u00e4chten sich Luises M\u00f6rderinnen?<\/strong><br \/>\nEin besonderes Licht auf die T\u00e4terinnen wirft deren TikTok-Video, das sie am Tag nach der Tat ver\u00f6ffentlichten, wie die britische Daily Mail berichtet.<br \/>\n<a href=\"https:\/\/www.tichyseinblick.de\/daili-es-sentials\/neue-details-fall-luise-freudenberg\/\">https:\/\/www.dailymail.co.uk\/news\/article-11871545\/Girl-12-stabbed-30-times-female-classmates-telling-adult-theyd-picking-her.html<\/a><br \/>\nTanzend und vergn\u00fcgt zeigen sich die dreizehnj\u00e4hrige Luisa und die zw\u00f6lfj\u00e4hrige Annemarie auf der Online-Plattform. Daneben hatte Luisa zum Schein sogar auf TikTok nach ihrer toten Freundin gesucht \u2013 alles am selben Tag, an dem Luise in ihrem eigenen Blut liegend gefunden wurde. Bei der Polizei traten die beiden beschuldigten M\u00e4dchen zun\u00e4chst mit einer abgesprochenen Geschichte auf, bevor ihr L\u00fcgengeb\u00e4ude in der weiteren Befragung in sich zusammenfiel.<br \/>\nEin Kommentar auf das Tanzvideo, der wohl vom Montag stammt, l\u00e4sst besonders tief blicken: \u201eAls dein Stuhl im Klassenzimmer heute leer blieb, wussten wir alle, was los war.\u201c Das schwierige Verh\u00e4ltnis zwischen Luise und ihrer sp\u00e4teren M\u00f6rderin war also bekannt gewesen. Angeblich hatte sich Luise sogar Erwachsenen dar\u00fcber anvertraut, was ihr aber nichts nutzen sollte.<br \/>\nLaut Mail hatte sie von Freitag auf Sonnabend sogar bei ihrer fast gleichnamigen Freundin \u00fcbernachtet. Merkw\u00fcrdig ist, dass sie diese Luisa, von der einige schreiben, dass sie philippinische Wurzeln habe, \u00fcberhaupt an diesem vorletzten Tag ihres Lebens besuchte. Denn laut Bild hatten die beiden anderen M\u00e4dchen Luise in den Wochen zuvor gemobbt und schikaniert. Tats\u00e4chlich gibt es diese Screenshots, auf denen die Namen der beiden M\u00e4dchen erw\u00e4hnt werden und Bilder sie zeigen. In Luisas Profilnamen sieht man die Flagge der Philippinen. Sie und Annemarie k\u00f6nnte man als \u201enicht europ\u00e4ischen Aussehens\u201c, \u201enicht wei\u00df\u201c beschreiben.<br \/>\n&#8230; Alles vom 18.3.2023 bitte lesen auf<br \/>\n<a href=\"https:\/\/www.tichyseinblick.de\/daili-es-sentials\/neue-details-fall-luise-freudenberg\/\">https:\/\/www.tichyseinblick.de\/daili-es-sentials\/neue-details-fall-luise-freudenberg\/<\/a><\/p>\n<p>Einige Kommentare:<br \/>\nIch finde, dass auch in diesem Fall die \u00d6ffentlichkeit ein Recht hat \u00fcber Hintergr\u00fcnde der Tat informiert zu werden.<br \/>\nDas Schweigen von Polizei und Justiz \u00fcber das Mordmotiv l\u00e4\u00dft nur die Vermutungen ins Kraut schie\u00dfen. Wenn nun also die \u00d6ffentlichkeit \u00fcber Social-Media-Kan\u00e4le erf\u00e4hrt, dass die T\u00e4terinnen Migrationshintergrund hatten, das sp\u00e4tere Opfer nicht, dass das sp\u00e4tere Opfer gemobbt wurde und das Opfer sogar bei einer der T\u00e4terinnen \u00fcbernachtet hat (warum?), dann kommt schnell die Vermutung nach einem Motiv \u201eIntrige, Ehrverletzung, Rache auf. Was hat die T\u00e4terinnen so aufgebracht, dass sie zum Messer griffen und ihre Schulkameradin um jeden Preis mundtot machen wollten?<br \/>\nEs ist eine grausige Tat von Kindern. Vielleicht ist das Opfer nicht nur Opfer? Wir wissen es nicht. Die Menschen machen sich Gedanken, wie es dazu kam. Das Schweigen der Beh\u00f6rden ist keine L\u00f6sung. Sogar das Ausland hat an dem Fall ein reges Interesse, wie ich lese. Und wir Deutschen erfahren \u00fcber fremde Medien mehr, als \u00fcber die eigenen MSM, die alle nur die identischen hohlen Phrasen verbreiten. Der Fall muss \u00f6ffentlich aufgearbeitet werden. Die Kinder sind T\u00e4ter, auch wenn sie wegen ihres jugendlichen Alters nicht strafrechtlich belangt werden k\u00f6nnen.<br \/>\nDie beste Art mit solchen F\u00e4llen umzugehen ist offensive Informationspolitik und nicht Verschweigen., Eve<br \/>\n.<br \/>\nAbscheulicher als die Tat fast ist der gesellschaftliche Hintergrund, vor der sie sich, auch im Nachgang, entfaltet. \u00dcber allem stehen die Interessen der T\u00e4ter_Innen. Die Verantwortlichen h\u00fcllen sich gegen\u00fcber der nat\u00fcrlich beunruhigten \u00d6ffentlichkeit in Schweigen, besitzen gleichzeitig die Dreistigkeit, vor \u201eSpekulationen\u201c zu warnen. Ganze Heerscharen selbsternannten Experten wollen uns erkl\u00e4ren, da\u00df die \u201eM\u00e4dchen\u201c aufgrund ihres Alters nicht schuldf\u00e4hig seien. Obwohl wir in einer Zeit der Kinderverherrlichung leben; diese sollen im zarten Alter w\u00e4hlen d\u00fcrfen, \u00fcber ihr Geschlecht entscheiden, vor internationalen Gremien sprechen (wenn die Botschaft stimmt\u2026) usw. \u201eKinder an die Macht\u201c \u2013 Gr\u00f6lemeyers Bl\u00f6dsinn-Forderung soll Wirklichkeit werden. Im Universum dieser Apologeten gibt es so etwas wie Schuld nicht \u2013 die Tat mu\u00df nur monstr\u00f6s und brutal genug sein, um den T\u00e4ter sofort als psychisch krank zu diagnostizieren. Sofern er den \u201erichtigen\u201c, also Migrations- Hintergrund hat\u2026 . Das wei\u00df man trotz aller beh\u00f6rdlicher Geheimniskr\u00e4merei stets unmittelbar nach der Tat, die trotz offensichtlicher Geplantheit als \u201eAffektdurchbruch\u201c verkauft wird. Ima<br \/>\n.<br \/>\n\u201eh\u00e4lt Cyber-Mobbing als Ausl\u00f6ser f\u00fcr m\u00f6glich. Mindestens die T\u00e4terinnen waren auf TikTok aktiv, einer Plattform, die vor allem von J\u00fcngeren und Minderj\u00e4hrigen genutzt wird. Das Problem an \u201esozialen Medien\u201c wie TikTok sei, dass nur noch die Likes z\u00e4hlen\u201c Kommt da noch was mehr zu, vielleicht was Konkretes, oder h\u00f6rt sich da nur ein Schw\u00e4tzer gerne reden? So ist diese Aussage n\u00e4mlich v\u00f6llig wertlos. Genausogut k\u00f6nnte ich sagen, ich halte K\u00e4sebrot f\u00fcr den Ausl\u00f6ser. Mindestens die T\u00e4terinnen haben schon mal K\u00e4sebrot gegessen. Das Problem an K\u00e4sebrot ist, dass es im Hals stecken bleiben kann.<br \/>\nUm es mal klar zu sagen, zwei kulturbereichernde Menschen haben \u2013 mal wieder \u2013 eine Deutsche ermordet. Politik und Medien interessiert nur, die T\u00e4ter zu sch\u00fctzen und jede Kritik daran zu kriminalisieren, auf dass die Bereicherung weitergehe. Und da sich immer genug eitle Dummschw\u00e4tzer finden, die die Schuld bei Filmen, Videospielen, sozialen Medien oder strukturellem Rassismus ausmachen, d\u00fcrfte das auch mal wieder h\u00f6chst erfolgreich sein. Huch, schon wieder ein Mord. Na dann versch\u00e4rfen wir nochmal das Waffengesetz, schr\u00e4nken noch ein bissl die Redefreiheit ein, finanzieren noch ein paar Projekte gegen rechts, dann wird das schon\u2026 A.T.<br \/>\n.<br \/>\nDer Schulleiter der Gesamtschule hat nichts anderes im Kopf, als Antirassismus, Toleranz und Weltoffenheit \u2013 er \u00fcberfordert damit Kinder und Eltern. Kritik an seiner Schulf\u00fchrung b\u00fcgelt er damit ab, das jeder Kritiker \u201eRechts\u201c sei. Komisch ist nur, dass er von Problemen direkt vor seiner B\u00fcrot\u00fcr nichts mitbekommt. Als ein Kind eine Regenbogenfahne anz\u00fcndete, konnte der Schulleiter nicht schnell genug alle Medien informieren und sich ablichten lassen. An seiner vorherigen Schule leitete er eine Fachtagung zum Thema \u201ewas tun, wenn Sch\u00fcler radikal werden\u201c. Dort sollte man mal ansetzen, nicht jeden Spinner auf die Kinder loslassen und jede \u201eAktion\u201c unterst\u00fctzen, sondern eher mal hinterfragen und Werte vermitteln \u2013 das gilt \u00fcbrigens auch f\u00fcr die B\u00fcrgermeisterin. Moc<\/p>\n<p>Ich bin mir sicher, h\u00e4tten die M\u00f6rderinnen keinen Migrationshintergrund und w\u00e4re es kein Mord mit rassistischen Motiven, w\u00fcssten wir schon die Hausnummern und Schuhgr\u00f6\u00dfen der T\u00e4terinnen! Dur<\/p>\n<p>Die deutsche Presse bel\u00fcgt mal wieder ihre Leser und verschweigt was ist. Ich kann nur empfehlen die englische Dailymail zu lesen. Da ist nichts verpixelt und verschwurbelt.<br \/>\n<a href=\"https:\/\/www.dailymail.co.uk\/news\/article-11871545\/Girl-12-stabbed-30-times-female-classmates-telling-adult-theyd-picking-her.html\">https:\/\/www.dailymail.co.uk\/news\/article-11871545\/Girl-12-stabbed-30-times-female-classmates-telling-adult-theyd-picking-her.html<\/a> Kla<br \/>\n.<br \/>\nMich w\u00fcrde das Motiv der beiden Attent\u00e4terinnen mit Migrationshintergrund sehr interessieren. L&#8230;. hatte ostasiatische (philippinische), A&#8230;&#8230;\u00a0 wahrscheinlich s\u00fcdamerikanische (indigene) Wurzeln. Beide T\u00e4terinnen sahen also nicht unbedingt europ\u00e4isch bzw. westlich aus. Ob das bei der Tat eine Rolle gespielt hat ? War es ethnischer Ha\u00df auf eine ethnische Deutsche, hellh\u00e4utig mit blonden Haaren, die in der Schule vielleicht besser war ? Wenn das so w\u00e4re, bek\u00e4me der schreckliche Vorfall eine ganz andere Dimension. Die woke Krawallpresse wird nat\u00fcrlich versuchen, die beiden T\u00e4terinnen als Rassismusopfer einer ihr unbeliebten Deutschen darzustellen. Has<\/p>\n<p>Die Hauptt\u00e4terin hat offenbar philippinische Wurzeln. Auf den Philippinen ist der sogenannte \u201eRido\u201c weit verbreitet. Bei Wikipedia findet sich hierzu folgender Eintrag, &#8230;.<br \/>\nHier werden Erinnerungen an Mia aus <a href=\"https:\/\/www.freiburg-schwarzwald.de\/blog\/engagement\/zukunft\/demokratie\/kandel-bluttat27-12-2017\/\">Kandel<\/a> wach. Ihr hatte auch niemand gesagt, dass es ihr Todesurteil bedeuten kann, wenn sie mit einem afghanischen Mann eine Beziehung eingeht und diese wieder l\u00f6st. Deutsche Jugendliche werden eben nicht \u00fcber kulturelle Eigenheiten bestimmter Migrantengruppen rechtzeitig aufgekl\u00e4rt, was f\u00fcr sie t\u00f6dliche Folgen haben kann. H.B.<\/p>\n<p>Die Kinder werden durch TikTok, Instagram und den ganzen asozialen Mediendreck verroht, durch die Schulen indoktriniert, durch die Medien mit Klimawahn und Transzeugs verblendet. Und viele Eltern der heutigen Kinder sind bereits genauso aufgewachsen. Es ist bereits die zweite Generation. Und dazu kommen noch \u201ekulturelle Unterschiede\u201c. Alles in allem eine ungute Mischung. Die Spannungen, besonders in den Schulen, werden zunehmen und zunehmend werden auch mehr Kinder und Jugendliche zu solchen Taten f\u00e4hig sein. Und der Staat bzw. diese Regierung ist der Katalysator und Wirkverst\u00e4rker. Tar<br \/>\n.<br \/>\nDie \u201eOffiziellen\u201c ergehen sich in Geschmacklosigkeiten. WELT: \u201eMan m\u00fcsse zusammenstehen, auch gegen \u201eHetze und aggressives Besserwissen\u201c von au\u00dfen, appellierte die Kommunalpolitikerin und mahnte: \u201eVerurteilen wir nicht voreilig! \u201e. (Nicole Reschke- Reschke?\u2026; SPD). Superintendent Stuber, der den Gottesdienst heute abhielt, in dem auch B\u00fcrgermeisterin Reschke sich \u00e4u\u00dferte: \u201eWas wirklich geschehen sei, werde aus gutem Grund verborgen bleiben, sagte Stuberg in seiner Predigt. \u201eH\u00fcten wir uns aber vor allem vor leichtfertige Kommentaren und allzu schnellen Urteilen\u201c, appellierte er.\u201c<br \/>\nBei letzterem f\u00e4llt die Dummheit der \u00c4u\u00dferung auf. Wenn die Umst\u00e4nde der Mordtat derma\u00dfen konsequent verschwiegen wird, bef\u00f6rdert das eben genau das. Es gibt auch so etwas wie eine nat\u00fcrliche, gesunde Wut. Die man im \u00fcbrigen den Angeh\u00f6rigen der beim Hanauer Amoklauf Get\u00f6teten problemlos zugesteht.<br \/>\nEs scheint nur noch darum zu gehen, das Opfer unter die Erde zu bringen und dann schnell zur Tagesordnung zur\u00fcckzukehren, sprich: die M\u00f6rder*:_Innen des M\u00e4dchens schnell wieder in \u201enormale Lebensumst\u00e4nde\u201c zu bringen.<br \/>\nT\u00e4ter-Opfer-Umkehr, Erziehung der Bev\u00f6lkerung, gerne durch Mitglieder der SPD und der EKD. Wie gehabt., Ima<br \/>\n.<br \/>\nIch denke generell, dass die Gesellschaft (die das weitere Leben der jungen T\u00e4terinnen \u00fcber Jahre mit finanziert!) ein Recht hat, mehr \u00fcber die Hintergr\u00fcnde der Tat zu erfahren, kontrolliert. Man muss ja die Namen der Betroffenen nicht erw\u00e4hnen.<br \/>\nSollten die T\u00e4terinnen sogenannte PoCs sein, die ein \u201eeinheimisches M\u00e4dchen\u201c get\u00f6tet haben, k\u00f6nnte man auch vermuten, dass die sparsame Informierung der \u00d6ffentlichkeit nicht nur mit dem Alter der T\u00e4terinnen, sondern auch damit zu tun hat, dass man diese (die \u00d6ffentlichkeit) nicht verunsichern m\u00f6chte, konkret: keine \u201eFremdenfeindlichkeit\u201c befeuern will. Unbehagen bereitet bei dieser Idee nur, dass der ein oder andere Beobachter nicht frei von dem mulmigen Gef\u00fchl sein d\u00fcrfte, dass, wenn zwei \u201edeutsche\u201c Teenager ein \u201enicht-wei\u00dfes\u201c M\u00e4dchen ermordet h\u00e4tten, die Fieberkurve der Gesellschaft ansteigen w\u00fcrde. Dann w\u00fcsste man mit einiger Sicherheit (?) mehr \u00fcber die Eltern und w\u00e4ren Verbindungen zu rechtem Gedankengut und der AfD sofort \u00fcberpr\u00fcft worden, w\u00e4ren \u201erassismuskritische\u201c Initiativen hoch emp\u00f6rt. Hoffen wir nur, dass dies ein falsches Gef\u00fchl w\u00e4re \u2026 flo<br \/>\n.<br \/>\nDie Infos, die im Web zur Verf\u00fcgung stehen, fasse ich mal zusammen:<br \/>\nOpfer: Luise, alteingesessen<br \/>\nT\u00e4terinnen: L&#8230;., phillipinische Wurzeln<br \/>\nA&#8230;., brasilianische Wurzeln<br \/>\nLuisa soll aus einer Patchworkfamilie stammen. Ungeachtet der Herkunft der T\u00e4terinnen entstammen die T\u00e4terinnen einem Gesellschaftsteil, der von der woken Ideologie besonders protegiert wird: Nichtwei\u00df im Sinne MiHiGru und progressiver Lebensentwurf (Patchworkfamily).<br \/>\nDas muss nat\u00fcrlich verschleiert werden und jede Denkweise in diese Richtung verhindert werden. Deshalb lenkt man den Blick auf das Opfer, das diesesmal einen Namen hat und versteckt die T\u00e4terinnen. Mit Blick auf die ausl\u00e4ndische Presse festigt sich in mir der Eindruck, dass das eine geplante Tat war, die \u2013 zumindst teilweise \u2013 nach den Reaktionen von Mitsch\u00fclern und m\u00f6glicherweise auch Erwachsenen nicht ganz \u00fcberraschend kam. Kam<br \/>\n.<br \/>\nDie Social Networks sind nicht Ursache solcher Vorf\u00e4lle. Sie machen sie nur sichtbar. Nur weil jemand Zugriff auf das Internet hat und dort irgendwas kommentieren kann, steckt dahinter ja noch keine b\u00f6se Absicht. Die b\u00f6se Absicht hat andere Ursachen und liegt vielmehr im Charakter einer Person begr\u00fcndet.<br \/>\nDas Internet und seine Treffpunkte gibt es nun schon seit etlichen Jahren. Derartige Vorf\u00e4lle gab es bereits davor und nun nat\u00fcrlich auch f\u00fcr jeden sichtbar durch das Internet. Wurde dar\u00fcber fr\u00fcher einzig in den Nachrichten berichtet, kann man heute die Identit\u00e4ten von T\u00e4ter und Opfer bisweilen selbst im Nachgang im Netz recherchieren. Das sorgt f\u00fcr einen andersartige Wahrnehmung solcher Vorf\u00e4lle und zur Fehleinsch\u00e4tzung, das Transportmedium w\u00e4re hier mitschuldig. Das ist es nicht. <em><strong>Mobbing und Gewalt sind keine digitalen, sondern analoge Ph\u00e4nomene der richtigen Welt, au\u00dferhalb der virtuellen.<\/strong><\/em><br \/>\nWas fr\u00fcher im Privaten ablief, l\u00e4uft jetzt \u00f6ffentlich. Und darin liegt keine Gefahr, sondern sogar eine Chance: Man stelle sich ein digitales Fr\u00fchwarnsystem mittels KI vor, was derartige Entwicklungen fr\u00fchzeitig erkennt und die Eltern, oder im Extremfall die entsprechenden Beh\u00f6rden darauf aufmerksam macht, bevor die Situation so tragisch endet.<br \/>\nWozu eine KI bereits im Betastadium f\u00e4hig ist, sieht man an <a href=\"https:\/\/www.freiburg-schwarzwald.de\/blog\/chatgpt-schreibt-deinen-text\/\">ChatGPT<\/a>.<br \/>\nDas geht nat\u00fcrlich auch umgekehrt, indem eine KI Texte nicht selbst erstellt, sondern inhaltlich analysiert. Momentan herrschen meines Wissens in den Social Networks Filtersysteme vor, die nach \u201eKeywords\u201c suchen. Was letztlich dazu f\u00fchrt, dass \u201eHate Speech\u201c im Netz oftmals nach rassischen Gesichtspunkten kategorisiert wird. Und das ist ein gro\u00dfer Fehler, der den Fokus \u00fcberhaupt erst auf die Unterschiede zwischen den Menschen lenkt. Eine Beleidigung ist eine Beleidigung und Mobbing ist Mobbing und zwar unabh\u00e4ngig des Kontextes.<br \/>\nDa braucht es keine Kategorisierung, die den Fokus von der eigentlichen Sache ablenkt: Dem Fehlverhalten des Beleidigers\/Mobbers.<br \/>\nWomit jemand andere beleidigt oder mobbt, ist zun\u00e4chst egal, die Tatsache dass beleidigt und gemobbt wird, ist die entscheidende.<br \/>\nIch kann jemand wegen seiner Hautfarbe, Religion, seinem Kleidungsstil, der K\u00f6rperf\u00fclle, wegen seines Musik oder Filmgeschmacks oder was auch immer vor den Kopf sto\u00dfen. Aber das ist gar nicht relevant. Einzig die Tatsache, dass ich jemanden \u00fcberhaupt absichtlich vor den Kopf sto\u00dfe, sollte zum Eingriff f\u00fchren. Und da braucht es eine KI, die einen derartigen Umstand, unabh\u00e4ngig des Kontextes selbstst\u00e4ndig erkennt. R.P.<\/p>\n<p>Ende Kommentare<\/p>\n<p>.<br \/>\n<strong>Luise (12) &#8211; Die Sorge um zwei M\u00f6rderinnen<\/strong><br \/>\nMitten in Deutschland ist ein zw\u00f6lfj\u00e4hriges M\u00e4dchen mit drei\u00dfig Messerstichen grausam ermordet worden. Eine der T\u00e4terinnen hat anschlie\u00dfend auf tiktok, als die Suche nach Luise in vollem Gange war, \u201eRuhe in Frieden, Luise\u201c gepostet. Auch soll sie eiskalt die besorgten Eltern von Luise angerufen haben.<br \/>\n.<br \/>\nDas war kein Mord im Affekt und das Verhalten nach der Tat l\u00e4sst einem das Blut in den Adern gefrieren. Dieses M\u00e4dchen ist in ihren jungen Jahren eine ernste Gefahr f\u00fcr die Gesellschaft!<\/p>\n<p>Die Debatte nach dieser schrecklichen Tat ist aber keineswegs gepr\u00e4gt von der Sorge um das <a href=\"https:\/\/www.freiburg-schwarzwald.de\/blog\/global\/integration\/fluechtlinge-kriminalitaet\/opfer\/\">Opfer<\/a> und seine Familie, die unfassbares Leid verkraften muss. Sie dreht sich um den Schutz der M\u00f6rderinnen, um ihr Wohl und ihre Unterst\u00fctzung.<br \/>\n&#8230; Alles vom 16.3.2023 bitte lesen auf<br \/>\n<a href=\"https:\/\/vera-lengsfeld.de\/2023\/03\/16\/die-sorge-um-zwei-moerderinnen\/\">https:\/\/vera-lengsfeld.de\/2023\/03\/16\/die-sorge-um-zwei-moerderinnen\/<\/a><\/p>\n<p>&nbsp;<\/p>\n<p><strong>Luise (12) wurde erstochen: Zwei M\u00e4dchen (12, 13) sind die T\u00e4terinnen<\/strong><br \/>\n&#8230; Alles vom 15.3.2023 bitte lesen auf<br \/>\n<a href=\"https:\/\/www.siegener-zeitung.de\/lokales\/siegerland\/freudenberg\/freudenberg-luise-f-wurde-erstochen-mutmassliche-taeterinnen-12-und-13-jahre-alt-noch-keine-tatwaffe-VKVTUYN7YZDXJMIKVOW5Q33WIU.html\">https:\/\/www.siegener-zeitung.de\/lokales\/siegerland\/freudenberg\/freudenberg-luise-f-wurde-erstochen-mutmassliche-taeterinnen-12-und-13-jahre-alt-noch-keine-tatwaffe-VKVTUYN7YZDXJMIKVOW5Q33WIU.html<\/a><\/p>\n<p><strong>Empathie?<\/strong><br \/>\nNach ihrer Tat leben die beiden M\u00e4dchen vorerst nicht mehr bei ihren Eltern. Sie seien \u201eau\u00dferhalb des h\u00e4uslichen Umfeldes untergebracht\u201c. Das teilte der zust\u00e4ndige Kreis Siegen-Wittgenstein mit. \u201eDas ist auch damit verbunden, dass die Kinder nicht ihre bisherigen Schulen besuchen.\u201c<br \/>\nAllerdings h\u00e4tten sie weiterhin Kontakt zu ihren Eltern. \u201eDer Kontakt zur Familie ist aufgrund des jungen Alters der M\u00e4dchen f\u00fcr die Entwicklung einer gelingenden Unterst\u00fctzung sehr bedeutsam und wird insofern unterst\u00fctzt\u201c, teilte der Kreis mit. Auch f\u00fcr die beiden Tatverd\u00e4chtigen handele es sich um eine \u201eganz au\u00dfergew\u00f6hnliche Situation, <em><strong>die viel Empathie<\/strong><\/em> und umsichtiges Agieren erfordert\u201c, sagte Kreis-Jugenddezernent Thomas W\u00fcst.<br \/>\n&#8230; Alles vom 14.3.2023 bitte lesen auf<br \/>\n<a href=\"https:\/\/www.focus.de\/gesundheit\/ratgeber\/psychologie\/koennen-die-taeterinnen-von-freudenberg-jemals-ein-normales-leben-fuehren_id_188393919.html\">https:\/\/www.focus.de\/gesundheit\/ratgeber\/psychologie\/koennen-die-taeterinnen-von-freudenberg-jemals-ein-normales-leben-fuehren_id_188393919.html<\/a><\/p>\n<p>&nbsp;<\/p>\n","protected":false},"excerpt":{"rendered":"<p>Home\u00a0&gt;Soziales\u00a0&gt;Justiz\u00a0&gt;Migration &gt;Gewalt &gt;Messerstecher &gt;Luise12erstochen230311 Von unserer Blindheit gegen\u00fcber der neuen Jugendgewalt (31.3.2023) M\u00e4dchengewalt in Heide: \u201eDie Lehrer haben mir nicht geholfen\u201c (31.3.2023) T\u00e4terin (12) stach 75 Mal mit dem Messer auf Luise ein (25.3.2023) Bewegende Trauerfeier f\u00fcr get\u00f6tete Luise (22.3.2023) &hellip; <a href=\"https:\/\/www.freiburg-schwarzwald.de\/blog\/global\/migration\/migranten-gewalt\/luise12erstochen230311\/\">Weiterlesen <span class=\"meta-nav\">&rarr;<\/span><\/a><\/p>\n","protected":false},"author":2,"featured_media":0,"parent":107665,"menu_order":0,"comment_status":"closed","ping_status":"closed","template":"","meta":{"footnotes":""},"class_list":["post-110737","page","type-page","status-publish","hentry"],"_links":{"self":[{"href":"https:\/\/www.freiburg-schwarzwald.de\/blog\/wp-json\/wp\/v2\/pages\/110737","targetHints":{"allow":["GET"]}}],"collection":[{"href":"https:\/\/www.freiburg-schwarzwald.de\/blog\/wp-json\/wp\/v2\/pages"}],"about":[{"href":"https:\/\/www.freiburg-schwarzwald.de\/blog\/wp-json\/wp\/v2\/types\/page"}],"author":[{"embeddable":true,"href":"https:\/\/www.freiburg-schwarzwald.de\/blog\/wp-json\/wp\/v2\/users\/2"}],"replies":[{"embeddable":true,"href":"https:\/\/www.freiburg-schwarzwald.de\/blog\/wp-json\/wp\/v2\/comments?post=110737"}],"version-history":[{"count":5,"href":"https:\/\/www.freiburg-schwarzwald.de\/blog\/wp-json\/wp\/v2\/pages\/110737\/revisions"}],"predecessor-version":[{"id":111360,"href":"https:\/\/www.freiburg-schwarzwald.de\/blog\/wp-json\/wp\/v2\/pages\/110737\/revisions\/111360"}],"up":[{"embeddable":true,"href":"https:\/\/www.freiburg-schwarzwald.de\/blog\/wp-json\/wp\/v2\/pages\/107665"}],"wp:attachment":[{"href":"https:\/\/www.freiburg-schwarzwald.de\/blog\/wp-json\/wp\/v2\/media?parent=110737"}],"curies":[{"name":"wp","href":"https:\/\/api.w.org\/{rel}","templated":true}]}}