{"id":110221,"date":"2023-03-02T11:49:43","date_gmt":"2023-03-02T10:49:43","guid":{"rendered":"https:\/\/www.freiburg-schwarzwald.de\/blog\/?page_id=110221"},"modified":"2026-04-26T21:19:05","modified_gmt":"2026-04-26T19:19:05","slug":"brokstedt-messermord-zug","status":"publish","type":"page","link":"https:\/\/www.freiburg-schwarzwald.de\/blog\/global\/migration\/brokstedt-messermord-zug\/","title":{"rendered":"Brokstedt-Messermord-Zug"},"content":{"rendered":"<p><a href=\"https:\/\/www.freiburg-schwarzwald.de\/blog\">Home<\/a>\u00a0&gt;<a title=\"Soziales\" href=\"https:\/\/www.freiburg-schwarzwald.de\/blog\/soziales\/\">Soziales<\/a>\u00a0&gt;<a title=\"Justiz\" href=\"https:\/\/www.freiburg-schwarzwald.de\/blog\/selbsthilfe\/soziales\/justiz\/\">Justiz<\/a>\u00a0&gt;<a href=\"https:\/\/www.freiburg-schwarzwald.de\/blog\/global\/migration\/migration2021\/\">Migration<\/a>\u00a0&gt;<a href=\"https:\/\/www.freiburg-schwarzwald.de\/blog\/selbsthilfe\/soziales\/justiz\/messerstecher\/\">Messerstecher<\/a> &gt;Brokstedt-Messermord-Zug<br \/>\n.<br \/>\n<a href=\"https:\/\/www.freiburg-schwarzwald.de\/blog\/wp-content\/uploads\/2023\/02\/extremismus-is-li-re2021pan.gif\"><img loading=\"lazy\" decoding=\"async\" class=\"alignnone size-full wp-image-110119\" src=\"https:\/\/www.freiburg-schwarzwald.de\/blog\/wp-content\/uploads\/2023\/02\/extremismus-is-li-re2021pan.gif\" alt=\"\" width=\"639\" height=\"263\" \/><\/a><\/p>\n<ul>\n<li><em>Listenauswahl eines Beitrags (Artikel\/Datum, Seite\/Inhalt): <span style=\"text-decoration: underline;\">Klicken<\/span> oder scrollen<\/em><\/li>\n<li><a href=\"https:\/\/www.freiburg-schwarzwald.de\/blog\/trauerwache-deutschland-in-dd\/\">Trauerwache Deutschland in DD<\/a>\u00a0(26.4.2026)<\/li>\n<li>Nach Messer-Mord an seiner Tochter: Vater \u00f6ffentlich verh\u00f6hnt (23.4.2025)<\/li>\n<li>Interview mit dem Vater der 17-j\u00e4hrigen Ann-Marie &#8211; erstochen im Zug (29.6.2024)<\/li>\n<li>Vater der ermordeten Ann-Marie (17) macht Scholz und Faeser schwere Vorw\u00fcrfe (1.3.2023)<\/li>\n<li><a href=\"https:\/\/www.freiburg-schwarzwald.de\/blog\/erneute-messerattacke-im-zug\/\">Erneute Messerattacke &#8211; im Zug<\/a> (26.1.2023)<\/li>\n<\/ul>\n<p><strong>Messermord bei Brokstedt<\/strong><br \/>\nAnn-Marie (17) und ihr Freund Danny (19) waren am 25.1.2023 in einem Regionalzug zwischen Kiel und Hamburg bei Brokstedt von dem mehrfach vorbestraften Pal\u00e4stinenser Ibrahim A. mit 28 Messerstichen zu Tode niedergemetzelt worden. Von Nancy Faeser? \u201eKein Wort, keine Karte. Kein Nichts.\u201c<br \/>\n===========================================================<\/p>\n<p>&nbsp;<\/p>\n<p><strong>Nach Messer-Mord an seiner Tochter: Vater \u00f6ffentlich verh\u00f6hnt<\/strong><br \/>\n<strong>Ex-Berater der Linken spottet \u00fcber verzweifelten Familienvater<\/strong><br \/>\n&#8230; Der Name des M\u00e4dchens war Ann-Marie. Sie wurde 2023 im Alter von 17 Jahren von einem abgelehnten Asylbewerber, einem staatenlosen Pal\u00e4stinenser, in einem Regionalzug in Brokstedt mit einem Messer get\u00f6tet. Ihr Vater, Michael Kyrath, schilderte in einem Interview mit meiner Seite <a href=\"https:\/\/reitschuster.de\/post\/es-werden-nach-jedem-bedauerlichen-einzelfall-neue-ausreden-gefunden\/\">https:\/\/reitschuster.de\/post\/es-werden-nach-jedem-bedauerlichen-einzelfall-neue-ausreden-gefunden\/<\/a> , wie schwer sein Leben seitdem geworden sei. Der \u201eWelt\u201c sagte er k\u00fcrzlich: \u201eVom Tattag an war es eigentlich so, als w\u00fcrde ich r\u00fcckw\u00e4rts eine Schlucht herunterst\u00fcrzen.\u201c Als der Aufprall kam, sei das ein extrem harter Moment gewesen \u2013 \u201ean dem ich das erste Mal realisiert habe \u2013 wirklich realisiert habe und nicht nur faktisch wusste \u2013, dass das hier real ist\u201c. Und weiter: \u201eWir leben in einem Horrorfilm, aus dem es kein Zur\u00fcck mehr gibt.\u201c<br \/>\n.<br \/>\nAuch in der ARD-Dokureihe \u201eKlar\u201c <a href=\"https:\/\/reitschuster.de\/post\/nach-messer-mord-an-seiner-tochter-vater-oeffentlich-verhoehnt\/\">https:\/\/www.ardmediathek.de\/sendung\/klar\/Y3JpZDovL25kci5kZS81MDkz<\/a> \u00e4u\u00dferte sich der verzweifelte Vater kritisch. In den Augen von Dara Marc Sasmaz, 31 Jahre alt, einst Berater der Berliner Justizsenatorin Lena Kreck (Linke), Twitch-Streamer mit knapp 14.000 Followern und X-Profilnamen \u201eUnterdr\u00fccker der Unterdr\u00fccker\u201c, geht das gar nicht. Er kommentierte den Stream der Dokureihe \u201eKlar\u201c mit einer Mischung aus Hohn und Lachen. In einer Szene, in der sich Kyrath verzweifelt mit den H\u00e4nden durchs Gesicht f\u00e4hrt, unterlegt mit d\u00fcsterer Musik, reagiert Sasmaz mit: \u201eOh, Boy \u2026 das ist ja noch viel schlimmer, als ich gedacht h\u00e4tte \u2026 das ist ja.. Wow!\u201c Dann lacht er und sagt: \u201eDas ist ja Goebbels-St\u00fcrmer-Niveau.\u201c Und weiter: \u201eDas Erste, was wir zeigen, ist: Der k\u00e4mpft, emotional, sehr, sehr krass \u2026 das ist ja wirklich sehr sachlich an der Stelle.\u201c<br \/>\nKein Mitgef\u00fchl. Kein Zweifel. Nur Hohn. Und das von einem Mann, der sich laut Eigenwerbung f\u00fcr soziale Gerechtigkeit einsetzt \u2013 zumindest auf dem Papier. Der f\u00fcr \u201eRespekt\u201c, \u201eVielfalt\u201c und \u201eEmpathie\u201c k\u00e4mpft \u2013 aber offenbar nur, solange die Betroffenen ins richtige Raster passen und politisch auf seiner, linken Linie sind.<br \/>\nMan kann Sasmaz\u2019 Satz als Einzelfall abtun. Als Entgleisung. Oder als das, was er wirklich ist: Ein Symptom. Denn in dieser einen Formulierung steckt die ganze Verkommenheit einer Ideologie, die sich selbst f\u00fcr moralisch \u00fcberlegen h\u00e4lt \u2013 aber im Zweifel lieber Opfer verh\u00f6hnt als das eigene Weltbild zu hinterfragen.<br \/>\n.<br \/>\n<em>@AhmadMansour<\/em><br \/>\n<em>Der Kommentator \u00fcbt klare Kritik an der Reportage \u201eKlar\u201c zum Thema Migration. Doch wie er dabei mit dem Schmerz eines trauernden Vaters umgeht, ist ein Tiefpunkt. In einer gesunden Gesellschaft begegnet man solchen Menschen mit Respekt, Mitgef\u00fchl und Demut. <\/em><br \/>\n<em>19.4.2025, <a href=\"https:\/\/x.com\/AhmadMansour__\/status\/1913627617174958428\">https:\/\/x.com\/AhmadMansour__\/status\/1913627617174958428<\/a><\/em><br \/>\n.<br \/>\n&#8230; Alles vom 23.4.2025 bitte lesen auf<br \/>\n<a href=\"https:\/\/reitschuster.de\/post\/nach-messer-mord-an-seiner-tochter-vater-oeffentlich-verhoehnt\/\">https:\/\/reitschuster.de\/post\/nach-messer-mord-an-seiner-tochter-vater-oeffentlich-verhoehnt\/<\/a><\/p>\n<p>&nbsp;<\/p>\n<p>&nbsp;<\/p>\n<p><strong>Interview mit dem Vater der 17-j\u00e4hrigen Ann-Marie &#8211; erstochen im Zug<\/strong><br \/>\nKein Tag vergeht mehr ohne Blutvergiessen auf Deutschlands Stra\u00dfen, Pl\u00e4tzen und in Eisenbahnen. Jung, m\u00e4nnlich und zugewandert ist diese Gewalt. Das sagt jetzt selbst die Berliner Polizeipr\u00e4sidentin. Anthony Lee, heute Landwirt, mit dem wir uns h\u00e4ufig zum Gespr\u00e4ch verabreden, war fr\u00fcher selbst Polizist und wei\u00df, wie es in der Realit\u00e4t aussieht. Er hat ein Gespr\u00e4ch mit Michael Kyrath gef\u00fchrt, dem Vater der 17-j\u00e4hrigen Ann-Marie gef\u00fchrt und auf seinen Social Media Kan\u00e4len ver\u00f6ffentlicht.<br \/>\nAnn-Marie wurde am 25. Januar 2023 im Regionalzug von Kiel nach Hamburg von dem Pal\u00e4stinenser Ibrahim A. brutal mit einem Messer erstochen \u2013 genauso wie ihr Freund. Ibrahim A. bekam gerade lebensl\u00e4nglich Gef\u00e4ngnis. Er hatte noch vier weitere Fahrg\u00e4ste in dem Regionalzug schwer verletzt. Ein Gespr\u00e4ch, das beklemmender nicht sein kann. Wir d\u00fcrfen es mit freundlicher Erlaubnis auch hier in unserem TE Wecker wiedergeben. Ein Gespr\u00e4ch, das den neuen Alltag drastisch beschreibt. ++<br \/>\nzum Gespr\u00e4ch Anthony Lee: 29.6.2024<br \/>\n<a href=\"https:\/\/www.youtube.com\/watch?v=gIS0io5bHPg&amp;pp=ygULYW50aG9ueSBsZWU%3D\">https:\/\/www.youtube.com\/watch?v=gIS0io5bHPg&amp;pp=ygULYW50aG9ueSBsZWU%3D<\/a><\/p>\n<p>&nbsp;<\/p>\n<p>&nbsp;<\/p>\n<p><strong>Vater der ermordeten Ann-Marie (17) macht Scholz und Faeser schwere Vorw\u00fcrfe<\/strong><br \/>\nMichael K., der Vater der in Brokstedt (Schleswig-Holstein) ermordeten Ann-Marie, macht der Politik schwere Vorw\u00fcrfe und fordert Konsequenzen in der Migrationspolitik. \u201eDie Leute, die daf\u00fcr verantwortlich sind, sollten anfangen, nach einer Erkl\u00e4rung, nach einer L\u00f6sung zu suchen\u201c, sagte er \u201eAchtung, Reichelt!\u201c. Und fordert: \u201eIch glaube, wir m\u00fcssen weg von einer W\u00fcnsch-dir-was-Kultur, die etwas Phantastisches herbeisehnt, was auch gut gemeint ist, aber wo sich immer mehr herauskristallisiert, dass es zum Scheitern verurteilt ist. Ich glaube, wir brauchen wieder eine Politik, die reale Probleme erkennt, anspricht und gegen sie vorgeht.\u201c<br \/>\nK.s Tochter Ann-Marie (17) und ihr Freund Danny (19) waren Ende Januar in einem Regionalzug von T\u00e4ter Ibrahim A. mit einem Messer get\u00f6tet worden. Bei A. handelt es sich um einen mehrfach vorbestraften staatenloser Pal\u00e4stinenser, der nach heutigem Kenntnisstand h\u00e4tte abgeschoben werden k\u00f6nnen. Michael K. beklagt gegen\u00fcber \u201eAchtung, Reichelt!\u201c den fehlenden Vollzug: \u201eWenn jemand Recht und Gesetz nicht achtet, sind juristische M\u00f6glichkeiten vorhanden, zu reagieren. Wenn die nicht ausgenutzt werden, ist es f\u00fcr uns als Hinterbliebene noch schwerer ertr\u00e4glich, mit dem Ganzen umzugehen.\u201c<br \/>\nZur H\u00e4ufigkeit solcher Messer-Taten von Menschen mit Migrationshintergrund sagt K.: \u201eEs sind keine Einzelf\u00e4lle mehr. Es passiert sehr, sehr viel. Wir haben zu anderen Hinterbliebenen von Opfern Kontakt. Es ist ein unbeschreibliches Leid, das dort f\u00fcr die Familien, die Freunde \u00fcbrig bleibt. Das kann man nicht in Worte fassen. Ich glaube, das ist in Berlin bis heute nicht angekommen.\u201c<br \/>\nAuf die Frage, ob sich nach dem Mord an seiner Tochter Ann-Marie Politiker gemeldet und entschuldigt h\u00e4tten, sagte K.: \u201eDie einzige Gedenkkarte, die wir aus Berlin bekommen haben, kam von Bundespr\u00e4sident Frank-Walter Steinmeier. Ansonsten ist nichts passiert.\u201c Von Innenministerin Nancy Faeser? \u201eKein Wort, keine Karte. Nichts.\u201c Er haben den Eindruck, die Politik ignoriere Schicksale wie das seiner Tochter, sagt Michael K. \u201eAchtung, Reichelt!\u201c: \u201eIch habe das Gef\u00fchl, unser Leid wird ausgeblendet. Nach dem Motto: Was nicht gesprochen oder berichtet wird, existiert nicht.\u201c<br \/>\nVorw\u00fcrfe macht Michael K. auch Bundeskanzler Olaf Scholz. \u201eEr hat in einem Interview gesagt, ihm tut es leid, dass die Leute ums Leben gekommen sind. Er wusste nicht, dass ,diese Leute\u2018 Danny und Ann-Marie hie\u00dfen. Das ist ein Schlag ins Gesicht f\u00fcr jeden Angeh\u00f6rigen. Dass er nicht mal von Menschen spricht, sondern von Leuten. Das bezeichnet die ganze Bundesregierung, wie sie sich in der Sache verhalten hat bis jetzt.\u201c<br \/>\nK. weiter: \u201eIch w\u00fcnsche mir, dass die Politik die richtigen Schl\u00fcsse zieht. Ich lade gerne Frau Faeser oder Herrn Scholz hier zu mir ein. Dass sie sich ein Bild vor Ort machen k\u00f6nnen, welche Konsequenzen so eine Tat f\u00fcr das gesamte Umfeld hat. Es sind nicht zwei Opfer, die begraben werden und dann ist Schluss. Es steht ein Leid dahinter, das viele Menschen betrifft, die ihr Leben lang damit klarkommen m\u00fcssen.\u201c<br \/>\n<a href=\"https:\/\/youtu.be\/SYluHCjVAyg\">https:\/\/youtu.be\/SYluHCjVAyg<\/a><\/p>\n<p>Liebe Freunde von \u201eAchtung, Reichelt!\u201c, wir glauben, dass wir heute eines der wichtigsten Interviews dieses Landes zeigen. Und wir hoffen zutiefst, dass die Menschen, die \u00fcber die deutsche Migrationspolitik entscheiden, die Worte von Michael K. h\u00f6ren: Er ist der Vater der 17-j\u00e4hrigen Ann-Marie, die am 25. Januar in einem Regionalzug in Brokstedt von einem ausreisepflichtigen Asylbewerber mit einem Messer erstochen wurde.<br \/>\nMichael sagt: \u201eF\u00fcr uns gibt es kein altes Leben mehr. Unser Leben ist zerst\u00f6rt. Es sind keine Einzelf\u00e4lle mehr. Es ist ein unbeschreibliches Leid, das dort f\u00fcr die Familien, die Freunde \u00fcbrig bleibt. Das kann man nicht in Worte fassen. Ich glaube, das ist in Berlin bis heute nicht angekommen.\u201c<br \/>\nBundespr\u00e4sident Frank-Walter Steinmeier habe einen Brief geschrieben. Nancy Faeser? \u201eKein Wort, keine Karte. Kein Nichts.\u201c<br \/>\nBundeskanzler Olaf Scholz habe in einem Interview gesagt, ihm tue es leid, \u201edass die Leute ums Leben gekommen sind\u201c.<br \/>\nWie Michael K. und seine Frau ihre Tochter in Erinnerung halten, was ist das Bild, das sie im Ged\u00e4chtnis von ihr haben? \u201eIhr gewinnendes Lachen. Das ist das, was mir am meisten fehlt. Wenn sie morgens noch ein bisschen Zeit hatte, hat sie laut Musik geh\u00f6rt, ist singend durch die R\u00e4ume geh\u00fcpft. Sie war immer gut gelaunt. Das ist das Schlimmste f\u00fcr mich: Wenn ich morgens reinkomme und die Stille ist da.\u201c<br \/>\nAnn-Marie war das einzige Kind von Michael K. und seiner Frau. <em><strong>\u201eSie wollte Kinder. Das bleibt uns als Eltern verwehrt, dass wir die Hochzeit unserer Tochter miterleben k\u00f6nnen, dass wir Enkelkinder haben k\u00f6nnen.\u201c<\/strong><\/em><br \/>\n<a href=\"https:\/\/youtu.be\/SYluHCjVAyg\">https:\/\/youtu.be\/SYluHCjVAyg<\/a><br \/>\n&#8230; Alles vom 1.3.2023 bitte lesen auf<br \/>\n<a href=\"https:\/\/www.youtube.com\/@AchtungReichelt\">https:\/\/www.youtube.com\/@AchtungReichelt<\/a> oder<br \/>\n<a href=\"https:\/\/www.pleiteticker.de\/vater-der-ermordeten-ann-marie-17-macht-scholz-und-faeser-schwerere-vorwuerfe-schlag-ins-gesicht\/\">https:\/\/www.pleiteticker.de\/vater-der-ermordeten-ann-marie-17-macht-scholz-und-faeser-schwerere-vorwuerfe-schlag-ins-gesicht\/<\/a><\/p>\n","protected":false},"excerpt":{"rendered":"<p>Home\u00a0&gt;Soziales\u00a0&gt;Justiz\u00a0&gt;Migration\u00a0&gt;Messerstecher &gt;Brokstedt-Messermord-Zug . Listenauswahl eines Beitrags (Artikel\/Datum, Seite\/Inhalt): Klicken oder scrollen Trauerwache Deutschland in DD\u00a0(26.4.2026) Nach Messer-Mord an seiner Tochter: Vater \u00f6ffentlich verh\u00f6hnt (23.4.2025) Interview mit dem Vater der 17-j\u00e4hrigen Ann-Marie &#8211; erstochen im Zug (29.6.2024) Vater der ermordeten Ann-Marie &hellip; <a href=\"https:\/\/www.freiburg-schwarzwald.de\/blog\/global\/migration\/brokstedt-messermord-zug\/\">Weiterlesen <span class=\"meta-nav\">&rarr;<\/span><\/a><\/p>\n","protected":false},"author":2,"featured_media":0,"parent":9150,"menu_order":0,"comment_status":"closed","ping_status":"closed","template":"","meta":{"footnotes":""},"class_list":["post-110221","page","type-page","status-publish","hentry"],"_links":{"self":[{"href":"https:\/\/www.freiburg-schwarzwald.de\/blog\/wp-json\/wp\/v2\/pages\/110221","targetHints":{"allow":["GET"]}}],"collection":[{"href":"https:\/\/www.freiburg-schwarzwald.de\/blog\/wp-json\/wp\/v2\/pages"}],"about":[{"href":"https:\/\/www.freiburg-schwarzwald.de\/blog\/wp-json\/wp\/v2\/types\/page"}],"author":[{"embeddable":true,"href":"https:\/\/www.freiburg-schwarzwald.de\/blog\/wp-json\/wp\/v2\/users\/2"}],"replies":[{"embeddable":true,"href":"https:\/\/www.freiburg-schwarzwald.de\/blog\/wp-json\/wp\/v2\/comments?post=110221"}],"version-history":[{"count":5,"href":"https:\/\/www.freiburg-schwarzwald.de\/blog\/wp-json\/wp\/v2\/pages\/110221\/revisions"}],"predecessor-version":[{"id":148369,"href":"https:\/\/www.freiburg-schwarzwald.de\/blog\/wp-json\/wp\/v2\/pages\/110221\/revisions\/148369"}],"up":[{"embeddable":true,"href":"https:\/\/www.freiburg-schwarzwald.de\/blog\/wp-json\/wp\/v2\/pages\/9150"}],"wp:attachment":[{"href":"https:\/\/www.freiburg-schwarzwald.de\/blog\/wp-json\/wp\/v2\/media?parent=110221"}],"curies":[{"name":"wp","href":"https:\/\/api.w.org\/{rel}","templated":true}]}}