{"id":109576,"date":"2023-02-13T19:02:10","date_gmt":"2023-02-13T18:02:10","guid":{"rendered":"https:\/\/www.freiburg-schwarzwald.de\/blog\/?page_id=109576"},"modified":"2025-11-23T10:30:16","modified_gmt":"2025-11-23T09:30:16","slug":"sprechverbot","status":"publish","type":"page","link":"https:\/\/www.freiburg-schwarzwald.de\/blog\/kultur\/medien\/zensur\/sprechverbot\/","title":{"rendered":"Sprechverbot"},"content":{"rendered":"<p><a href=\"https:\/\/www.freiburg-schwarzwald.de\/blog\">Home<\/a>\u00a0&gt;<a title=\"Kultur\" href=\"https:\/\/www.freiburg-schwarzwald.de\/blog\/kultur\/\">Kultur<\/a>\u00a0&gt;<a title=\"Medien\" href=\"https:\/\/www.freiburg-schwarzwald.de\/blog\/kultur\/medien\/\">Medien<\/a>\u00a0&gt;<a title=\"Zeitung\" href=\"https:\/\/www.freiburg-schwarzwald.de\/blog\/kultur\/medien\/zeitung\/\">Zeitung<\/a> &gt;<a href=\"https:\/\/www.freiburg-schwarzwald.de\/blog\/kultur\/medien\/zensur\/\">Zensur<\/a> &gt;Sprechverbot<\/p>\n<div id=\"attachment_106599\" style=\"width: 650px\" class=\"wp-caption alignnone\"><a href=\"https:\/\/www.freiburg-schwarzwald.de\/blog\/wp-content\/uploads\/2022\/11\/fussball-wm-mund-zu-pan221121.jpg\"><img loading=\"lazy\" decoding=\"async\" aria-describedby=\"caption-attachment-106599\" class=\"size-full wp-image-106599\" src=\"https:\/\/www.freiburg-schwarzwald.de\/blog\/wp-content\/uploads\/2022\/11\/fussball-wm-mund-zu-pan221121.jpg\" alt=\"\" width=\"640\" height=\"419\" srcset=\"https:\/\/www.freiburg-schwarzwald.de\/blog\/wp-content\/uploads\/2022\/11\/fussball-wm-mund-zu-pan221121.jpg 640w, https:\/\/www.freiburg-schwarzwald.de\/blog\/wp-content\/uploads\/2022\/11\/fussball-wm-mund-zu-pan221121-180x118.jpg 180w\" sizes=\"auto, (max-width: 640px) 100vw, 640px\" \/><\/a><p id=\"caption-attachment-106599\" class=\"wp-caption-text\">Fussball-WM in Katar 21.11.2022: &#8222;Mund zu&#8220;-Geste der deutschen Nationalmannschaft vor der Niederlage gegen Japan 1:2<\/p><\/div>\n<ul>\n<li><em>Listenauswahl eines Beitrags: Bitte anklicken oder runterscrollen<\/em><\/li>\n<li><a href=\"https:\/\/www.freiburg-schwarzwald.de\/blog\/kultur\/medien\/social-media\/dsa\/\">DSA: Establishment vor Demokratie sch\u00fctzen statt Demokratieschutz<\/a>\u00a0(15.11.2025)<\/li>\n<li><a href=\"https:\/\/www.freiburg-schwarzwald.de\/blog\/selbsthilfe\/frauen\/gender\/lgbtq\/\">Finnische Christdemokratin P\u00e4ivi R\u00e4s\u00e4nen: Verfolgt wegen LGBT-Kritik<\/a>\u00a0(17.11.2025)<\/li>\n<li><a href=\"https:\/\/www.freiburg-schwarzwald.de\/blog\/kultur\/medien\/meinungsfreiheit\/redefreiheit\/\">Supranationale Bevormundungsgesetze gegen die Redefreiheit<\/a>\u00a0(29,8,2925)<\/li>\n<li><a href=\"https:\/\/www.freiburg-schwarzwald.de\/blog\/kultur\/medien\/social-media\/\">Meta-Chef Zuckerberg will mehr Freiheit auf Insta und Co. \/ Helfen \u201eCommunity Notes\u201c weiter?<\/a> (17.1.2025)<\/li>\n<li><a href=\"https:\/\/www.freiburg-schwarzwald.de\/blog\/kultur\/medien\/meinungsfreiheit\/volksverhetzung\/\">Privates Gespr\u00e4ch wird Volksverhetzung<\/a>\u00a0(22.11.2024)<\/li>\n<li><a href=\"https:\/\/www.freiburg-schwarzwald.de\/blog\/kultur\/medien\/alternative-medien\/\">Droht eine Gesinnungssteuer f\u00fcr alternative Medien?<\/a>\u00a0(3.9.2024)<\/li>\n<li><a href=\"https:\/\/www.freiburg-schwarzwald.de\/blog\/kultur\/medien\/diskussionskultur\/corona-ausgrenzung\/\">Dr. P\u00fcrner: Ausgrenzung \u2013 eine grenzwertige Erfahrung<\/a>\u00a0(30.3.2023)<\/li>\n<li>Alina Lipp zum Ukrainekrieg: Angriffe auf die Meinungsfreiheit (22.3.2023)<\/li>\n<li>Daniele Ganser: Wie Medien manipulativ \u00fcber ihn berichten an einem Beispiel (9.3.2023)<\/li>\n<li><a href=\"https:\/\/www.freiburg-schwarzwald.de\/blog\/impfkritiker-arvay-suizid\/\">Impfkritiker Arvay \u2013 Suizid<\/a>\u00a0(24.2.2023)<\/li>\n<li><a href=\"https:\/\/www.freiburg-schwarzwald.de\/blog\/kultur\/medien\/verlage\/\">Auf Druck von Journalisten k\u00fcndigt Verlag seinen Autor Maa\u00dfen<\/a> (19.1.2023)<\/li>\n<li>Stefan Homburg: &#8222;Drei Jahre Coronakrise und kein Ende\u201c (21.2.2023)<\/li>\n<li>Historiker Daniele Ganser wird gecancelt (17.2.2023)<\/li>\n<li>Dr. Gassmann: So dreist pfeift Youtube auf Urteile deutscher Gerichte (10.2.2023)<\/li>\n<li><a href=\"https:\/\/www.freiburg-schwarzwald.de\/blog\/kultur\/musik\/konzert\/\">Friedenskonzert im Bundestag mit Matthias Moosdorf \u2013 Klavier verweigert<\/a> (8.2.2023)<\/li>\n<li>Deutscher Journalist soll nicht vom Donbas aus berichten (7.2.2023)<\/li>\n<li><\/li>\n<li><a href=\"https:\/\/www.freiburg-schwarzwald.de\/blog\/engagement\/zukunft\/demokratie\/denunziation\/ausgrenzung\/\">Ausgrenzung<\/a><\/li>\n<li><a href=\"https:\/\/www.freiburg-schwarzwald.de\/blog\/kultur\/kulturverlust\/cancelculture\/\">CancelCulture<\/a><\/li>\n<li><a href=\"https:\/\/www.freiburg-schwarzwald.de\/blog\/kultur\/medien\/diskussionskultur\/corona-ausgrenzung\/\">Corona-Ausgrenzung<\/a><\/li>\n<li><a href=\"https:\/\/www.freiburg-schwarzwald.de\/blog\/business\/gesund\/corona-virus\/corona-grundrechte\/\">Corona-Grundrechte<\/a><\/li>\n<li><a href=\"https:\/\/www.freiburg-schwarzwald.de\/blog\/kultur\/medien\/social-media\/dsa\/\">DSA<\/a><\/li>\n<li><a href=\"https:\/\/www.freiburg-schwarzwald.de\/blog\/kultur\/kulturverlust\/\">Kulturverlust<\/a><\/li>\n<li><a href=\"https:\/\/www.freiburg-schwarzwald.de\/blog\/kultur\/medien\/alternative-medien\/polit-blog\/\">Polit-Blog<\/a><\/li>\n<li><a href=\"https:\/\/www.freiburg-schwarzwald.de\/blog\/kultur\/medien\/meinungsfreiheit\/redefreiheit\/\">Redefreiheit<\/a><\/li>\n<li><a href=\"https:\/\/www.freiburg-schwarzwald.de\/blog\/kultur\/medien\/meinungsfreiheit\/volksverhetzung\/\">Volksverhetzung<\/a><\/li>\n<li><a href=\"https:\/\/www.freiburg-schwarzwald.de\/blog\/kultur\/kulturverlust\/woke\/\">Woke<\/a><\/li>\n<li><a href=\"https:\/\/www.freiburg-schwarzwald.de\/blog\/kultur\/medien\/zensur\/\">Zensur<\/a><\/li>\n<\/ul>\n<p>&nbsp;<\/p>\n<p><strong>Alina Lipp zum Ukrainekrieg: Angriffe auf die Meinungsfreiheit<\/strong><br \/>\n<strong>Gefahr f\u00fcr die Demokratie<\/strong><br \/>\nSelbsternannte Moral- und Wertew\u00e4chter sprechen immer \u00f6fter anderen das Recht ab, ihre Meinung frei zu \u00e4u\u00dfern. Das geschah schon vor der Corona-Krise und spitzte sich mit dieser zu. Infolge des Ukraine-Krieges nimmt es immer gr\u00f6\u00dfere Ausma\u00dfe an.<br \/>\nVor wenigen Tagen traf es in Berlin den \u201eKulturkreis Pankow\u201c. <a href=\"https:\/\/kulturkreis-pankow.de\/\">https:\/\/kulturkreis-pankow.de\/<\/a> Dieser wollte in dem Kulturzentrum \u201eBrotfabrik\u201c <a href=\"https:\/\/www.brotfabrik-berlin.de\/\">https:\/\/www.brotfabrik-berlin.de\/<\/a> in Berlin-Wei\u00dfensee am 19. M\u00e4rz einen zweiteiligen Film von Alina Lipp \u00fcber die Lage im ostukrainischen <a href=\"https:\/\/www.freiburg-schwarzwald.de\/blog\/global\/ukraine\/donbass\/\">Donbass<\/a> zeigen. Dem sollte am n\u00e4chsten Tag ein Diskussionsabend zum Thema \u201eDer Ukraine-Krieg und die Krise des Westens\u201c mit dem Publizisten Hauke Ritz folgen.<br \/>\n&#8230;.<br \/>\nDie Filme von Lipp \u2013 inzwischen wurde ein dritter Teil <a href=\"https:\/\/neuesausrussland.com\/donbass-alina-lipp-teil3\/\">https:\/\/neuesausrussland.com\/donbass-alina-lipp-teil3\/<\/a> ver\u00f6ffentlicht \u2013 sind alles andere als eine angebliche Verherrlichung des Krieges. Sie zeigen nicht mehr und nicht weniger als das, was der seit Fr\u00fchjahr 2014 von Kiew gef\u00fchrte Krieg in der Ostukraine dort anrichtet. Zu sehen ist, was das f\u00fcr die Menschen bedeutet. Das spielt seit Jahren in der hierzulande vorherrschenden antirussischen Stimmungsmache keine Rolle. Wer die Filme schon sehen konnte, kann die Vorw\u00fcrfe dagegen nur als interessengeleitete Stimmungsmache und b\u00f6swillige Hetze einsch\u00e4tzen. All das gilt umso mehr f\u00fcr den geplanten Vortrag von Hauke Ritz. Davon zeugt unter anderem ein Interview <a href=\"https:\/\/multipolar-magazin.de\/artikel\/massenformierung-des-weltbewusstseins\">https:\/\/multipolar-magazin.de\/artikel\/massenformierung-des-weltbewusstseins<\/a> , das das Magazin \u201eMultipolar\u201c im Juli 2022 mit ihm f\u00fchrte.<br \/>\n&#8230;<br \/>\nDer ehemalige oberste <a href=\"https:\/\/www.freiburg-schwarzwald.de\/blog\/papier-verfassung-und-recht\/\">Verfassungsrichter Papier<\/a> warnt vor der Tendenz, aufgrund von Hassreden, Shitstorms und zunehmenden Fake News im Internet die Meinungsfreiheit \u201eneu zu denken\u201c. Dann sei es nur ein \u201ekleiner Schritt zur Forderung\u201c, das Recht auf freie Meinungs\u00e4u\u00dferung einzuschr\u00e4nken. Dieses d\u00fcrfe auch von staatlicher Seite nicht eingeschr\u00e4nkt werden, um eine \u201ebessere Moral\u201c durchzusetzen. Der Jurist geht dabei nicht nur auf die Pressefreiheit ein. Er nimmt ebenso die unter dem Stichwort \u201eCancel Culture\u201c um sich greifenden Veranstaltungsabsagen in den Blick. Diese erfolgen wie beim j\u00fcngsten Berliner Beispiel, um anderen, unerw\u00fcnschten Meinungen und Sichten den \u00f6ffentlichen Raum zu verweigern. \u201eImmer mehr Menschen scheinen nicht l\u00e4nger bereit zu sein, anderen ihr Recht auf eine eigene Meinung zuzugestehen, geschweige sich mit dieser zu besch\u00e4ftigen.\u201c<br \/>\nPapier stellt dazu fest, der Staat m\u00fcsse auch in solchen F\u00e4llen \u201eden Grundrechtsinhaber gegebenenfalls durch geeignete Ma\u00dfnahmen vor von dritter Seite ausgehenden Beeintr\u00e4chtigungen\u201c sch\u00fctzen. Er ist davon \u00fcberzeugt, dass in einem demokratischen System \u201eMeinungen, mit denen man selbst nicht \u00fcbereinstimmt\u201c, auszuhalten seien. Statt sie zu verbieten und die Meinungstr\u00e4ger zum Schweigen zu bringen, h\u00e4lt er es f\u00fcr sinnvoller, die geistige Auseinandersetzung und den Kampf der Meinungen zu f\u00f6rdern. Das habe das Bundesverfassungsgericht bereits 1958 beschrieben: \u201eNicht mehr Verbote sind hier gefordert, sondern wie so oft die Bereitschaft zu mehr Einmischung, Teilnahme an Diskussion und Diskurs \u2013 und letztlich mehr gesellschaftliches Engagement.\u201c<br \/>\n&#8230; Alles vom 22.3.2023 bitte lesen auf<br \/>\n<a href=\"https:\/\/www.nachdenkseiten.de\/?p=95307\">https:\/\/www.nachdenkseiten.de\/?p=95307<\/a><\/p>\n<p>&nbsp;<\/p>\n<p>&nbsp;<\/p>\n<p><strong>Daniele Ganser: Wie Medien manipulativ \u00fcber ihn berichten an einem Beispiel<\/strong><br \/>\n1) Chronoligischer Abri\u00df zur <a href=\"https:\/\/www.freiburg-schwarzwald.de\/blog\/global\/usa\/us-geopolitik\/\">Au\u00dfenpolitik der USA<\/a> seit 1945<br \/>\nDr. Daniele Ganser, 2017<br \/>\n<a href=\"https:\/\/t.me\/FreiSeinFreiburg\/37397\">https:\/\/t.me\/FreiSeinFreiburg\/37397<\/a><br \/>\n.<br \/>\n2) Daniele Ganser hat am 9. M\u00e4rz 2023 in Hannover im Kuppelsaal einen Vortrag vor 2800 Menschen gehalten. Danach hat die Journalistin Sophie M\u00fchlmann vom NDR einen Hetzbeitrag \u00fcber ihn publiziert. Danieles Freund Benedikt Zeitner hat auf seinem YouTube Kanal den Bericht ausf\u00fchrlich analysiert.<br \/>\nSchwarze Rhetorik und <a href=\"https:\/\/www.freiburg-schwarzwald.de\/blog\/kultur\/medien\/manipulation\/\">manipulative Methoden<\/a> beim <a href=\"https:\/\/www.freiburg-schwarzwald.de\/blog\/kultur\/medien\/oerr\/\">NDR<\/a>: Hetzbeitrag \u00fcber Daniele Ganser:<br \/>\n<a href=\"https:\/\/www.youtube.com\/watch?v=w2-Qt3Z4jKw\">https:\/\/www.youtube.com\/watch?v=w2-Qt3Z4jKw<\/a><br \/>\n9.3.2023<\/p>\n<p>&nbsp;<\/p>\n<p><strong>Stefan Homburg: &#8222;Drei Jahre Coronakrise und kein Ende\u201c<\/strong><br \/>\n<em><strong>Denk- und Redefreiheit findet im Jahr 2023 nicht mehr im H\u00f6r-, sondern im Hotel-Saal statt,<\/strong><\/em> wie ein Vortrag von Stefan Homburg im dritten Jahr der Coronakrise verdeutlicht.<br \/>\nProf. Stefan Homburg, Autor des Buchs \u201eCorona-Gewitter\u201c, befindet sich mit Unterst\u00fctzung seines Verlags, dem Weltbuch Verlag, auf Vortragstour. Die f\u00fchrte ihn nun am 12. Februar in seine derzeitige Heimatstadt Hannover, wo er von 1997 bis 2021 als Professor f\u00fcr \u00d6ffentliche Finanzen an der Leibniz Universit\u00e4t lehrte. Da ich gerade in der Gegend war, erwarb ich \u00fcber die Seite des Verlags ein Ticket und besuchte die Veranstaltung.<br \/>\nDer Vortrag fand nicht etwa in der Universit\u00e4t oder einer anderen \u00f6ffentlichen R\u00e4umlichkeit statt, sondern in einem privaten Hotel. Au\u00dferdem wurde er ausschlie\u00dflich \u00fcber den Verlag und von Homburg selbst via Twitter beworben. Darauf angesprochen, kommentiert Homburg diese Umst\u00e4nde wie folgt: <em><strong>\u201eWir sind nicht zur fr\u00fcheren Normalit\u00e4t zur\u00fcckgekehrt. Wer sich in Deutschland kritisch zu Lockdowns, experimentellen Impfstoffen oder gar unserem Kriegsbeitritt \u00e4u\u00dfert, wird ausgegrenzt und unter Umst\u00e4nden kriminalisiert.\u201c<\/strong><\/em><br \/>\nAls Titel f\u00fcr seinen Vortrag w\u00e4hlt Homburg denn auch: \u201eDrei Jahre Coronakrise und kein Ende.\u201c<br \/>\n&#8230; Alle vom 21.2.2023 bitte lesen auf<br \/>\n<a href=\"https:\/\/www.achgut.com\/artikel\/Drei_Jahre_Coronakrise_und_kein_Ende\">https:\/\/www.achgut.com\/artikel\/Drei_Jahre_Coronakrise_und_kein_Ende<\/a><br \/>\n<a href=\"https:\/\/twitter.com\/SHomburg\">https:\/\/twitter.com\/SHomburg<\/a><\/p>\n<p><em>Stefan Homburg: \u201eCorona-Gewitter <\/em><br \/>\n<em>\u2013 Chronik einer Wissenschafts-, Medien- und Politikkrise\u201c , 2022, <\/em><br \/>\n<em>Dresden: Weltbuch Verlag., 19.90 Euro<\/em><br \/>\n<em>Dieses Buch verbindet alte und neue Medien, indem es Tweets des Autors in einen laufenden Text einbettet. Dabei ist Twitter sowohl Schauplatz als auch Dokument der Zeitgeschichte: In chronologischer Abfolge pr\u00e4sentiert das Werk Zahlen, Daten und Grafiken zur Coronakrise, au\u00dferdem Fotos, prominente Zitate, Gerichtsurteile und Schicksale.<\/em><\/p>\n<p>Kommentare:<br \/>\nVortr\u00e4ge nur noch im Hotel ? Das geht ja noch. Wenn es so weiter geht, werden sich kommende Vortragende mit hochgeschlagenem Mantelkragen in dunklen Torwegen oder Hausfl\u00fcren treffen m\u00fcssen wie die Rote Kapelle oder die wei\u00dfe Rose\u2026&#8230;.<br \/>\n.<br \/>\nWenn das mit der Cancel Culture so weiter geht, dann d\u00fcrfen bald nur noch (sog.) \u201cDemokraten\u201d \u00f6ffentlich auftreten!<br \/>\nEnde Kommentare<\/p>\n<p>&nbsp;<\/p>\n<p><strong>Historiker Daniele Ganser wird gecancelt<\/strong><br \/>\n<strong>Wie gro\u00df mu\u00df die Angst sein?<\/strong><br \/>\n<em>&#8222;Ich bin zwar anderer Meinung als Sie, aber ich w\u00fcrde mein Leben daf\u00fcr geben, da\u00df Sie Ihre Meinung frei aussprechen d\u00fcrfen.\u201c<\/em> Dieses Zitat, das dem gro\u00dfen Denker Voltaire zugeschrieben wird, soll er zwar nie so gesagt haben. Aber es gibt sein Denken haargenau wieder. Ich bin anderer Meinung als der Historiker Daniele Ganser. Viele seiner Positionen sind f\u00fcr mich als jemand, der das System Putin bestens von innen kennt, 16 Jahre in Ru\u00dfland gelebt hat und sich bestens in der Ukraine und Ru\u00dfland auskennt, diplomatisch ausgedr\u00fcckt sehr befremdend.<br \/>\nTrotzdem m\u00f6chte ich dem Schweizer heute beispringen: Da\u00df er nun Opfer der <a href=\"https:\/\/www.freiburg-schwarzwald.de\/blog\/kultur\/kulturverlust\/cancelculture\/\">Cancel-Kultur<\/a> wird, ist unertr\u00e4glich. Da\u00df die Westfalenhallen in Dortmund ihm den Auftritt untersagt hatten, und ebenso die Meistersingerhalle in N\u00fcrnberg, ist ein Armutszeichen f\u00fcr unsere Demokratie. Und eine Schande.<br \/>\nEbenso sch\u00e4me ich mich daf\u00fcr, wie diese armseligen <a href=\"https:\/\/www.freiburg-schwarzwald.de\/blog\/kultur\/medien\/zensur\/\">Zensur<\/a>-Ma\u00dfnahmen in gro\u00dfen Medien geradezu bejubelt werden. In pluralistischen, freiheitlichen Demokratien bek\u00e4mpft man politische Gegner ausschlie\u00dflich durch die Macht des Wortes und einen offenen <a href=\"https:\/\/www.freiburg-schwarzwald.de\/blog\/kultur\/medien\/meinungsfreiheit\/meinungsstreit\/\">Meinungsstreit<\/a>. <em><strong>Wie gro\u00df mu\u00df die Angst sein, wie unsicher mu\u00df sich f\u00fchlen, wer Menschen mit anderer Meinung den Veranstaltungsort \u201ecancelt\u201c?<\/strong><\/em> Es sind solche Ma\u00dfnahmen, und nicht unbequeme Geister wie Ganser, die unsere Demokratie und unseren Staat delegitimieren.<br \/>\n&#8230; Alles vom 17.2.2023 von Boris Reitschuster bitte lesen in der JF 8\/23, Seite 2<\/p>\n<p>&nbsp;<\/p>\n<p><strong>Dr. Gassmann: So dreist pfeift Youtube auf Urteile deutscher Gerichte<\/strong><br \/>\nZensur um jeden Preis<br \/>\n&#8230;<br \/>\nDer Rechtsstreit zwischen Lothar Gassmann und Youtube hat aber noch eine weitere Kuriosit\u00e4t zu bieten, die tief blicken l\u00e4sst. Wie der Theologe betont, habe sich der Streamingdienst mit dem Richterspruch aus Karlsruhe und der damit verbundenen Ordnungsstrafe ausdr\u00fccklich und vor allem schriftlich einverstanden erkl\u00e4rt. Trotzdem wurde die \u201eRede f\u00fcr die Freiheit\u201c <a href=\"https:\/\/www.youtube.com\/watch?v=gXj2DGdC-D4\">https:\/\/www.youtube.com\/watch?v=gXj2DGdC-D4<\/a> auch nach diesem Urteil mehrmals gel\u00f6scht und wieder eingestellt. Aus diesem Grund wurde Youtube jetzt vom Oberlandesgericht Karlsruhe im Januar 2023 zur Zahlung von 90.000 Euro an die Staatskasse verurteilt.<\/p>\n<p>REDE F\u00dcR DIE FREIHEIT! Von Dr. Lothar Gassmann, Schriftsteller und Theologe aus Pforzheim <a href=\"https:\/\/www.youtube.com\/watch?v=gXj2DGdC-D4\">https:\/\/www.youtube.com\/watch?v=gXj2DGdC-D4<\/a><br \/>\nKommentare:<br \/>\nEindr\u00fcckliche Rede. Sch\u00f6n, dass Sie sich als geistlicher Mensch nicht in ihre Gemeinde zur\u00fcckziehen, sondern auch den Mut haben auf die Stra\u00dfe gehen um f\u00fcr die Freiheit aller Menschen zu k\u00e4mpfen. Auch ist es eine gute M\u00f6glichkeit Menschen neu auf Jesus Christus aufmerksam zu machen!<br \/>\nKlare Positionierung. Ein Mann mit R\u00fcckgrat. M\u00f6ge unser Herr Jesus Christus dich und deine ganze Familie reichlich segnen<br \/>\n.<br \/>\nIch bin zu Tr\u00e4nen ger\u00fchrt von der bewegenden Rede! Lieber Bruder Gassmann, herzlichen Dank f\u00fcr ihren unerm\u00fcdlichen Einsatz f\u00fcr uns ALLE! Gott ist mit uns. \u300bSiehe ich bin bei euch, alle Tage, bis ans Ende der Weltzeit\u300a Mt.28:20 Lob und Dank daf\u00fcr unserem Herrn Jesus Christus, welcher auch Ihnen die Kraft gibt t\u00e4glich weiter zu k\u00e4mpfen gegen diesen Wahnsinn in der Welt.<br \/>\n&#8230; Alles vom 10.2.2023 bitte lesen auf<br \/>\n<a href=\"https:\/\/reitschuster.de\/post\/so-dreist-pfeift-youtube-auf-urteile-deutscher-gerichte\/\">https:\/\/reitschuster.de\/post\/so-dreist-pfeift-youtube-auf-urteile-deutscher-gerichte\/<\/a><\/p>\n<p>&nbsp;<\/p>\n<p><strong>Deutscher Journalist soll nicht vom Donbas aus berichten<\/strong><br \/>\nEin Reporter recherchierte in dem von Russland besetzten <a href=\"https:\/\/www.freiburg-schwarzwald.de\/blog\/global\/ukraine\/donbass\/\">Donbas<\/a>. Das wurde ihm zum Verh\u00e4ngnis. Er verlor Lehrauftr\u00e4ge.<br \/>\nRed. Wir erfahren fast nichts dar\u00fcber, wie stark der Krieg die Menschen in russisch besetzten Gebieten trifft. Ein deutscher <a href=\"https:\/\/www.freiburg-schwarzwald.de\/blog\/kultur\/medien\/journalismus\/\">Journalist<\/a> wagte sich dorthin. Jetzt werfen ihm Hochschulen und Medien vor, er habe mit seiner blossen Anwesenheit Putins Angriffskrieg legitimiert. Wir berichten hier aufgrund von Beitr\u00e4gen im Overton-Magazin,<br \/>\n<a href=\"https:\/\/overton-magazin.de\/hintergrund\/kultur\/gefahr-in-verzug-wer-den-deutschen-kriegskurs-in-der-ukraine-nicht-bedingungslos-mittraegt-wird-zum-feind-erklaert\/\">https:\/\/overton-magazin.de\/hintergrund\/kultur\/gefahr-in-verzug-wer-den-deutschen-kriegskurs-in-der-ukraine-nicht-bedingungslos-mittraegt-wird-zum-feind-erklaert\/<\/a><br \/>\ndem \u00abThe Postile Magazine\u00bb<br \/>\n<a href=\"https:\/\/www.thepostil.com\/mainstream-journalism-a-morality-tale-in-four-acts\/\">https:\/\/www.thepostil.com\/mainstream-journalism-a-morality-tale-in-four-acts\/<\/a><br \/>\nund Aussagen des betroffenen Journalisten.<br \/>\nIn der Hauptkampfzone Donbas: Der Journalist Patrik Baab hielt sich im September 2022 in den ostukrainischen und von russischen Streitkr\u00e4ften besetzten Regionen auf. Er arbeitete jahrelang beim Norddeutschen Rundfunk NDR und war jetzt f\u00fcr ein eigenes Buch-Projekt unterwegs. Darauf entzogen ihm zwei Hochschulen Lehrauftr\u00e4ge, weil er mit seiner blossen Anwesenheit im russisch kontrollierten Donbas den Angriffskrieg Putins legitimiert habe. Derzeit befindet sich der 63-J\u00e4hrige im Teilzeit-Vorruhestand.<br \/>\n&#8230; Alles vom 7.2.2023 bitte lesen auf<br \/>\n<a href=\"https:\/\/www.infosperber.ch\/medien\/medienkritik\/deutsche-journalisten-sollen-nicht-vom-donbas-aus-berichten\/\">https:\/\/www.infosperber.ch\/medien\/medienkritik\/deutsche-journalisten-sollen-nicht-vom-donbas-aus-berichten\/<\/a><\/p>\n<p>&nbsp;<\/p>\n","protected":false},"excerpt":{"rendered":"<p>Home\u00a0&gt;Kultur\u00a0&gt;Medien\u00a0&gt;Zeitung &gt;Zensur &gt;Sprechverbot Listenauswahl eines Beitrags: Bitte anklicken oder runterscrollen DSA: Establishment vor Demokratie sch\u00fctzen statt Demokratieschutz\u00a0(15.11.2025) Finnische Christdemokratin P\u00e4ivi R\u00e4s\u00e4nen: Verfolgt wegen LGBT-Kritik\u00a0(17.11.2025) Supranationale Bevormundungsgesetze gegen die Redefreiheit\u00a0(29,8,2925) Meta-Chef Zuckerberg will mehr Freiheit auf Insta und Co. \/ Helfen &hellip; <a href=\"https:\/\/www.freiburg-schwarzwald.de\/blog\/kultur\/medien\/zensur\/sprechverbot\/\">Weiterlesen <span class=\"meta-nav\">&rarr;<\/span><\/a><\/p>\n","protected":false},"author":2,"featured_media":0,"parent":60759,"menu_order":0,"comment_status":"closed","ping_status":"closed","template":"","meta":{"footnotes":""},"class_list":["post-109576","page","type-page","status-publish","hentry"],"_links":{"self":[{"href":"https:\/\/www.freiburg-schwarzwald.de\/blog\/wp-json\/wp\/v2\/pages\/109576","targetHints":{"allow":["GET"]}}],"collection":[{"href":"https:\/\/www.freiburg-schwarzwald.de\/blog\/wp-json\/wp\/v2\/pages"}],"about":[{"href":"https:\/\/www.freiburg-schwarzwald.de\/blog\/wp-json\/wp\/v2\/types\/page"}],"author":[{"embeddable":true,"href":"https:\/\/www.freiburg-schwarzwald.de\/blog\/wp-json\/wp\/v2\/users\/2"}],"replies":[{"embeddable":true,"href":"https:\/\/www.freiburg-schwarzwald.de\/blog\/wp-json\/wp\/v2\/comments?post=109576"}],"version-history":[{"count":6,"href":"https:\/\/www.freiburg-schwarzwald.de\/blog\/wp-json\/wp\/v2\/pages\/109576\/revisions"}],"predecessor-version":[{"id":141973,"href":"https:\/\/www.freiburg-schwarzwald.de\/blog\/wp-json\/wp\/v2\/pages\/109576\/revisions\/141973"}],"up":[{"embeddable":true,"href":"https:\/\/www.freiburg-schwarzwald.de\/blog\/wp-json\/wp\/v2\/pages\/60759"}],"wp:attachment":[{"href":"https:\/\/www.freiburg-schwarzwald.de\/blog\/wp-json\/wp\/v2\/media?parent=109576"}],"curies":[{"name":"wp","href":"https:\/\/api.w.org\/{rel}","templated":true}]}}