{"id":109526,"date":"2023-02-11T19:13:57","date_gmt":"2023-02-11T18:13:57","guid":{"rendered":"https:\/\/www.freiburg-schwarzwald.de\/blog\/?page_id=109526"},"modified":"2026-08-01T11:09:09","modified_gmt":"2026-08-01T09:09:09","slug":"querdenker","status":"publish","type":"page","link":"https:\/\/www.freiburg-schwarzwald.de\/blog\/engagement\/zukunft\/demokratie\/opposition\/querdenker\/","title":{"rendered":"Querdenker"},"content":{"rendered":"<p><a href=\"https:\/\/www.freiburg-schwarzwald.de\/blog\">Home<\/a>\u00a0&gt;<a title=\"Engagement\" href=\"https:\/\/www.freiburg-schwarzwald.de\/blog\/engagement\/\">Engagement<\/a>\u00a0&gt;<a title=\"Zukunft\" href=\"https:\/\/www.freiburg-schwarzwald.de\/blog\/engagement\/zukunft\/\">Zukunft<\/a>\u00a0&gt;<a title=\"Demokratie\" href=\"https:\/\/www.freiburg-schwarzwald.de\/blog\/engagement\/zukunft\/demokratie\/\">Demokratie<\/a>\u00a0&gt;<a title=\"Opposition\" href=\"https:\/\/www.freiburg-schwarzwald.de\/blog\/engagement\/zukunft\/demokratie\/opposition\/\">Opposition<\/a> &gt;<a href=\"https:\/\/www.freiburg-schwarzwald.de\/blog\/engagement\/zukunft\/demokratie\/opposition\/querdenken\/\">Querdenken<\/a> &gt;Querdenker<\/p>\n<div id=\"attachment_6648\" style=\"width: 649px\" class=\"wp-caption alignnone\"><a href=\"https:\/\/www.freiburg-schwarzwald.de\/blog\/wp-content\/uploads\/2012\/07\/baechle4zwei-pan110326.jpg\"><img loading=\"lazy\" decoding=\"async\" aria-describedby=\"caption-attachment-6648\" class=\"size-full wp-image-6648\" src=\"https:\/\/www.freiburg-schwarzwald.de\/blog\/wp-content\/uploads\/2012\/07\/baechle4zwei-pan110326.jpg\" alt=\"\" width=\"639\" height=\"340\" srcset=\"https:\/\/www.freiburg-schwarzwald.de\/blog\/wp-content\/uploads\/2012\/07\/baechle4zwei-pan110326.jpg 639w, https:\/\/www.freiburg-schwarzwald.de\/blog\/wp-content\/uploads\/2012\/07\/baechle4zwei-pan110326-180x95.jpg 180w\" sizes=\"auto, (max-width: 639px) 100vw, 639px\" \/><\/a><p id=\"caption-attachment-6648\" class=\"wp-caption-text\">Baechle in der Innenstadt von Freiburg am 26.3.2011<\/p><\/div>\n<p>&nbsp;<\/p>\n<ul>\n<li><em>Listenauswahl eines Beitrags (Artikel\/Datum, Seite\/Inhalt):\u00a0<span style=\"text-decoration: underline;\">Klicken<\/span>\u00a0oder scrollen<\/em><\/li>\n<li><a href=\"https:\/\/www.freiburg-schwarzwald.de\/blog\/engagement\/zukunft\/wahrheit\/\">Thomas Hartung: Die Umwettung der Wahrheit \u2013 zu Medienkampagnen<\/a>\u00a0(29.7.2026)<\/li>\n<li><a href=\"https:\/\/www.freiburg-schwarzwald.de\/blog\/kultur\/medien\/gesinnungsdiktatur\/\">Sie haben die Wahl: Gesinnungs-Diktatur oder Meinungsfreiheit<\/a>\u00a0(4.10.2025)<\/li>\n<li><a href=\"https:\/\/www.freiburg-schwarzwald.de\/blog\/cdu-sanktioniert-verteidiger\/\">CDU sanktioniert Verteidiger<\/a>\u00a0(23.8.2024)<\/li>\n<li><a href=\"https:\/\/www.freiburg-schwarzwald.de\/blog\/freispruch-fuer-michael-ballweg\/\">Freispruch f\u00fcr Michael Ballweg<\/a>\u00a0(31.7.2025)<\/li>\n<li><a href=\"https:\/\/www.freiburg-schwarzwald.de\/blog\/engagement\/zukunft\/demokratie\/freiheit\/abweichende-meinung\/andersdenkende\/\">\u00dcber Andersdenkende 1944 und 2025: Ich bin 89 und habe den Krieg erlebt<\/a>\u00a0(14.7.2025)<\/li>\n<li><a href=\"https:\/\/www.freiburg-schwarzwald.de\/blog\/engagement\/zukunft\/demokratie\/opposition\/querdenken2023\/\">Der Fall Ballweg und die skandal\u00f6se \u201eCorona-Justiz\u201c<\/a> (21.3.2025)<\/li>\n<li><a href=\"https:\/\/www.freiburg-schwarzwald.de\/blog\/engagement\/buergerinitiativen\/protest\/\">Schulden: Massenproteste verzweifelt gesucht \u2013 Interview mit Michael Ballweg<\/a>\u00a0(10.3.2025)<\/li>\n<li>Die gr\u00f6\u00dften Querdenker: Der Schweizer Theologe Karl Barth (10.12.2024)<\/li>\n<li><a href=\"https:\/\/www.freiburg-schwarzwald.de\/blog\/kultur\/medien\/verschwoerungstheorien\/\">Verschw\u00f6rungstheoretiker sind Sinnsucher<\/a> (22.11.2024)<\/li>\n<li><a href=\"https:\/\/www.freiburg-schwarzwald.de\/blog\/frieden-freiheit-demo-berlin-3-8\/\">Frieden Freiheit Demo Berlin 3.8.<\/a>\u00a0(4.8.2023)<\/li>\n<li><a href=\"https:\/\/www.freiburg-schwarzwald.de\/blog\/engagement\/zukunft\/frieden\/ostermarsch\/\">Ostermarsch f\u00fcr Diplomatie statt Weltkrieg<\/a>\u00a0(29.3.2024)<\/li>\n<li><a href=\"https:\/\/www.freiburg-schwarzwald.de\/blog\/rki-files-veroeffentlicht-akteur\/\">RKI-Files ver\u00f6ffentlicht \u2013 Akteur?<\/a>\u00a0(25.3.2024)<\/li>\n<li>Faust als nationale Symbolfigur war ein Querdenker (14.3.2023)<\/li>\n<li><a href=\"https:\/\/www.freiburg-schwarzwald.de\/blog\/engagement\/zukunft\/demokratie\/opposition\/querdenken2023\/\">Eine Ehrenrettung des Querdenkens<\/a> (7.2.2024)<\/li>\n<li><a href=\"https:\/\/www.freiburg-schwarzwald.de\/blog\/business\/gesund\/corona-virus\/corona-justiz\/\">Verfahren gegen Meyen und Ballhaus schweben lassen: Zeit gewinnen<\/a> (21.11.2023)<\/li>\n<li>Corona und kein Ende \u2013 Tichys Einblick Talk mit Michael Ballweg (16.11.2023)<\/li>\n<li><a href=\"https:\/\/www.freiburg-schwarzwald.de\/blog\/engagement\/zukunft\/demokratie\/freiheit\/abweichende-meinung\/\">Wir sollten uns alle angew\u00f6hnen, viel mehr querzudenken<\/a> (28.10.2023)<\/li>\n<li><a href=\"https:\/\/www.freiburg-schwarzwald.de\/blog\/ballweg-grundlos-9-monate-haft\/\">Ballweg grundlos 9 Monate Haft<\/a>\u00a0(15.10.2023)<\/li>\n<li><a href=\"https:\/\/www.freiburg-schwarzwald.de\/blog\/ballweg-frei-9-monate-in-haft\/\">Ballweg frei &#8211; 9 Monate in Haft<\/a> (4.4.2023)<\/li>\n<li>Eine Ehrenrettung des Querdenkens (10.2.2023)<\/li>\n<\/ul>\n<ul>\n<li><a href=\"https:\/\/www.freiburg-schwarzwald.de\/blog\/engagement\/zukunft\/demokratie\/freiheit\/abweichende-meinung\/andersdenkende\/\">Andersdenkende<\/a><\/li>\n<li><a title=\"Einsch\u00fcchterung\" href=\"https:\/\/www.freiburg-schwarzwald.de\/blog\/kultur\/medien\/einschuechterung\/\">Einsch\u00fcchterung<\/a><\/li>\n<li><a href=\"https:\/\/www.freiburg-schwarzwald.de\/blog\/kultur\/denker\/\">Denker<\/a><\/li>\n<li><a href=\"https:\/\/www.freiburg-schwarzwald.de\/blog\/kultur\/medien\/diskussionskultur\/diskussionskultur2023\/\">Diskussionskultur2023<\/a><\/li>\n<li><a title=\"Diskursverweigerung\" href=\"https:\/\/www.freiburg-schwarzwald.de\/blog\/engagement\/zukunft\/demokratie\/diskursverweigerung\/\">Diskursverweigerung<\/a><\/li>\n<li><a title=\"Ehrlichkeit\" href=\"https:\/\/www.freiburg-schwarzwald.de\/blog\/engagement\/zukunft\/ehrlichkeit\/\">Ehrlichkeit<\/a><\/li>\n<li><a href=\"https:\/\/www.freiburg-schwarzwald.de\/blog\/kultur\/kulturverlust\/entlassungen\/\">Entlassungen \u2013 wegen abweichender Meinung<\/a><\/li>\n<li><a title=\"Freie-Medien\" href=\"https:\/\/www.freiburg-schwarzwald.de\/blog\/kultur\/medien\/freie-medien\/\">Freie-Medien<\/a><\/li>\n<li><a href=\"https:\/\/www.freiburg-schwarzwald.de\/blog\/engagement\/zukunft\/demokratie\/freiheit\/freiheitsrechte\/\">Freiheit<\/a><\/li>\n<li><a title=\"Gesinnungsdiktatur\" href=\"https:\/\/www.freiburg-schwarzwald.de\/blog\/kultur\/medien\/gesinnungsdiktatur\/\">Gesinnungsdiktatur<\/a><\/li>\n<li><a title=\"Journalismus\" href=\"https:\/\/www.freiburg-schwarzwald.de\/blog\/kultur\/medien\/journalismus\/\">Journalismus<\/a><\/li>\n<li><a title=\"Konformismus\" href=\"https:\/\/www.freiburg-schwarzwald.de\/blog\/kultur\/medien\/political-correctness\/konformismus\/\">Konformismus<\/a><\/li>\n<li><a href=\"https:\/\/www.freiburg-schwarzwald.de\/blog\/kultur\/medien\/kritik\/\">Kritik<\/a><\/li>\n<li><a title=\"Mainstream\" href=\"https:\/\/www.freiburg-schwarzwald.de\/blog\/kultur\/medien\/mainstream\/\">Mainstream<\/a><\/li>\n<li><a href=\"https:\/\/www.freiburg-schwarzwald.de\/blog\/kultur\/medien\/medienleute\/\">Medienleute<\/a><\/li>\n<li><a title=\"Medienvielfalt\" href=\"https:\/\/www.freiburg-schwarzwald.de\/blog\/kultur\/medien\/medienvielfalt\/\">Medienvielfalt<\/a><\/li>\n<li><a title=\"Meinungsfreiheit\" href=\"https:\/\/www.freiburg-schwarzwald.de\/blog\/kultur\/medien\/meinungsfreiheit\/\">Meinungsfreiheit<\/a><\/li>\n<li><a title=\"Missverstehen\" href=\"https:\/\/www.freiburg-schwarzwald.de\/blog\/kultur\/medien\/missverstehen\/\">Missverstehen mit Absicht<\/a><\/li>\n<li><a href=\"https:\/\/www.freiburg-schwarzwald.de\/blog\/engagement\/zukunft\/frieden\/ostermarsch\/\">Ostermarsch<\/a><\/li>\n<li><a href=\"https:\/\/www.freiburg-schwarzwald.de\/blog\/engagement\/zukunft\/demokratie\/opposition\/querdenken\/\">Querdenken<\/a><\/li>\n<li><a href=\"https:\/\/www.freiburg-schwarzwald.de\/blog\/engagement\/zukunft\/demokratie\/opposition\/querdenken2023\/\">Querdenker2023<\/a><\/li>\n<li><a href=\"https:\/\/www.freiburg-schwarzwald.de\/blog\/kultur\/medien\/diskussionskultur\/reden\/\">Reden miteinander<\/a><\/li>\n<li><a href=\"https:\/\/www.freiburg-schwarzwald.de\/blog\/kultur\/medien\/diskussionskultur\/sippenhaft\/\">Sippenhaft<\/a><\/li>\n<li><a href=\"https:\/\/www.freiburg-schwarzwald.de\/blog\/kultur\/kulturverlust\/umstritten\/\">Umstritten<\/a><\/li>\n<li><a href=\"https:\/\/www.freiburg-schwarzwald.de\/blog\/global\/deutschland\/gesellschaft\/untertan\/\">Untertan<\/a><\/li>\n<li><a title=\"Vorverurteilung\" href=\"https:\/\/www.freiburg-schwarzwald.de\/blog\/kultur\/medien\/vorverurteilung\/\">Vorverurteilung<\/a><\/li>\n<li><a title=\"Wahrheit\" href=\"https:\/\/www.freiburg-schwarzwald.de\/blog\/engagement\/zukunft\/wahrheit\/\">Wahrheit<\/a><\/li>\n<\/ul>\n<p><strong>Die gr\u00f6\u00dften Querdenker: Der Schweizer Theologe Karl Barth<\/strong><br \/>\nvon Okko tom Brok.<br \/>\nKarl Barth stellte mit seinem R\u00f6merbrief-Kommentar von 1922 zun\u00e4chst die christliche Theologie und Kirche auf den Kopf.<br \/>\n&#8230;<br \/>\nBarth warf damit das kulturprotestantische Paradigma <a href=\"https:\/\/www.schwabeonline.ch\/schwabe-xaveropp\/elibrary\/start.xav?start=%2F%2F*%5B%40attr_id%3D%27verw.kulturprotestantismus%27%20and%20%40outline_id%3D%27hwph_verw.kulturprotestantismus%27%5D\">https:\/\/www.schwabeonline.ch\/schwabe-xaveropp\/elibrary\/start.xav?start=%2F%2F*%5B%40attr_id%3D%27verw.kulturprotestantismus%27%20and%20%40outline_id%3D%27hwph_verw.kulturprotestantismus%27%5D<\/a> \u00fcber Bord, dass Gott ein Partner sei, der den Menschen in seinem Tun erg\u00e4nzt. F\u00fcr Barth ist Gott der souver\u00e4ne Herr, der majest\u00e4tisch (\u201esenkrecht von oben\u201c) https:\/\/www.nzz.ch\/goettliche_offenbarung_senkrecht_von_oben-ld.576586 \u00fcber der menschlichen Geschichte steht \u2013 und manchmal auch gegen sie auftritt. Das Verh\u00e4ltnis zwischen Gott und Mensch ist keine gem\u00fctliche Kumpanei, sondern eine Spannung, die sich nur durch die Gnade und Offenbarung Gottes aufl\u00f6sen l\u00e4sst. Es ist die \u201epermanente Krisis von Zeit und Ewigkeit\u201c (ebd., 18 <a href=\"https:\/\/books.google.de\/books?id=Ld4sHSewaJEC&amp;printsec=frontcover&amp;redir_esc=y#v=onepage&amp;q&amp;f=false\">https:\/\/books.google.de\/books?id=Ld4sHSewaJEC&amp;printsec=frontcover&amp;redir_esc=y#v=onepage&amp;q&amp;f=false<\/a> ).<br \/>\nSeine dialektische Theologie war revolution\u00e4r: Gott begegnet uns im Nein zu menschlichem Hochmut und im Ja seiner rettenden Liebe in Jesus Christus. Dieses \u201eJa\u201c und \u201eNein\u201c \u2013 zugleich Zuspruch und Widerspruch \u2013 wurde zum Herzst\u00fcck seines theologischen Denkens.<br \/>\n&#8230;<br \/>\nKarl Barth, der am 10. Dezember 1968 vor 56 Jahren verstarb, bleibt ein leuchtendes Beispiel daf\u00fcr, warum Querdenker unverzichtbar sind: nicht, weil sie alles Bestehende umst\u00fcrzen, sondern weil sie es unnachgiebig auf den Pr\u00fcfstand stellen. Jede Epoche braucht jene Unbequemen, die den Mut besitzen, den Finger in die Wunde zu legen, und die Klarheit, neue Wege aufzuzeigen. Barth beweist eindrucksvoll, dass echtes Querdenken kein destruktives Chaos stiftet, sondern den notwendigen Raum schafft, um aus der Krise heraus Neues hervorzubringen.<br \/>\n&#8230; Alles vom 10.12.2024 bitte lesen auf<br \/>\n<a href=\"https:\/\/www.achgut.com\/artikel\/die_groessten_querdenker_der_theologe_karl_barth\">https:\/\/www.achgut.com\/artikel\/die_groessten_querdenker_der_theologe_karl_barth<\/a><br \/>\n<em>.<\/em><br \/>\n<em>Der Autor ist Lehrer an einem nieders\u00e4chsischen Gymnasium und schreibt hier unter einem Pseudonym.<\/em><\/p>\n<p>&nbsp;<\/p>\n<p><strong>Faust als nationale Symbolfigur war ein Querdenker<\/strong><br \/>\nFaust (1542 -1602) ist wie kaum ein anderer Deutscher zu eine nationalen Symbolfigur, Schicksalsgestalt und Projektionsfl\u00e4che geworden. &#8222;Ein heutiger Faust w\u00fcrde als Querdenker in den digitalen Spelunken der Sozialen Medien sein Wesen treiben, als Rechtsintellektueller f\u00fcr nonkonforme Zeitschriften schreiben, als Wut- und Mutb\u00fcrger gegen Migrations- und Corona-Politik auf die Stra\u00dfe gehen und als Ampel-Regimegegner die Bauern bei ihren neuen Aufst\u00e4nden unterst\u00fctzen&#8220; (Baal M\u00fcller: aust, der Querdenker. Wandlungen eines nationalen Mythos, in: Tumult 1\/2024, S. 45-50)<br \/>\n14.3.2024<\/p>\n<p>&nbsp;<\/p>\n<p><strong>Corona und kein Ende \u2013 Tichys Einblick Talk mit Michael Ballweg<\/strong><br \/>\nVersuchte Steuerhinterziehung \u2013 das wird Querdenken-Gr\u00fcnder Michael Ballweg vorgeworfen. Versuchte Steuerhinterziehung, weil er seine Steuererkl\u00e4rung nicht einreichen konnte. Denn er sa\u00df im Gef\u00e4ngnis und seine Konten wurden eingefroren. Und im Gef\u00e4ngnis sa\u00df er, weil der Staatsanwalt Untersuchungshaft angeordnet hatte. Von den Vorw\u00fcrfen, die zur Untersuchungshaft f\u00fchrten, ist nichts \u00fcbrig geblieben.<br \/>\nEs ist ein Justizskandal allererster G\u00fcte, der verdeutlicht, wie sich die Justiz instrumentalisieren l\u00e4sst. Politisch unbequeme B\u00fcrger wie Ballweg k\u00f6nnen f\u00fcr Steuervergehen verd\u00e4chtigt und von Medien d\u00e4monisiert werden. Eine eigene Wohnung hat Ballweg nicht mehr, ist auf die Gastfreundschaft anderer angewiesen.<br \/>\n<a href=\"https:\/\/youtu.be\/g2lBfbNUQFA\">https:\/\/youtu.be\/g2lBfbNUQFA<\/a><br \/>\n\u201eWenn es keine Querdenker mehr gibt, gibt es dann nur noch Geradeausdenker in Deutschland?\u201c, fragt Michael Ballweg. Er zeichnet seine Entwicklung nach: Von einem unpolitischen Menschen hin zu einem, der f\u00fcr die Freiheitsrechte der B\u00fcrger eintritt. Daf\u00fcr fordert er: ein freies Handy, ein freies Bankkonto und ein freies Internet. Die Digitalkonzerne zensieren zunehmend die Meinungs\u00e4u\u00dferung, Banken schlie\u00dfen Personen mit unliebsamen Meinungen vom Zahlungsverkehr aus und die Geheimdienste bauen die B\u00fcrger\u00fcberwachung aus.<br \/>\n&#8230; Alles vom 16.11.2023 bitte lesen auf<br \/>\n<a href=\"https:\/\/www.tichyseinblick.de\/video\/tichys-ausblick\/michael-ballweg\/\">https:\/\/www.tichyseinblick.de\/video\/tichys-ausblick\/michael-ballweg\/<\/a><br \/>\n.<br \/>\nEinige Kommentare:<br \/>\nes ist so unglaublich traurig, was sie aus diesem Land gemacht haben und das auch noch Demokratie nennen. Das erinnert an ganz dunkle Zeiten&#8230;. ubh<br \/>\n.<br \/>\nVielen Dank Herr Tichy das sie Herrn Ballweg in ihre Sendung gebracht haben. Herr Ballweg, sie sind eine starke, ruhige Pers\u00f6nlichkeit,ein Vorbild f\u00fcr viele kritische Menschen die eine andere Meinung haben als der Mainstream. Ich w\u00fcnsche ihnen alles erdenklich Gute . Viele Menschen stehen hinter ihnen. gab<br \/>\n.<br \/>\nEs ist ersch\u00fctternd, in welcher Art Staat wir leben und es ist noch viel ersch\u00fctternder, welche Rolle unsere Mainstreammedien einnehmen. Jue<br \/>\nEnde Kommentare<br \/>\n.<\/p>\n<p>&nbsp;<\/p>\n<p><strong>Eine Ehrenrettung des Querdenkens<\/strong><br \/>\n<strong>Deutschlandfunk auf Widerstandskurs<\/strong><br \/>\nIm Deutschlandfunk findet sich ein \u00fcberraschender Kommentar: \u00bbZu den Opfern der Pandemie geh\u00f6rt auch ein Wort: Querdenken. Das galt mal als Tugend und Ausweis eines kritischen Geistes. Jetzt ist das Wort in Misskredit geraten. Das liegt auch an der Berichterstattung, findet Timo Rieg.\u00ab<br \/>\nWas folgt, ist eine Art Rehabilitierung des kritischen Teils der Bev\u00f6lkerung; \u00bbDabei zeigt die nun beginnende Aufarbeitung des Pandemiemanagements, dass wir viel mehr \u2013 im guten Sinne \u2013 h\u00e4tten querdenken m\u00fcssen, weil vieles nicht oder zu wenig diskutiert wurde. Demonstrationen, Petitionen, Blogartikel und Konzeptpapiere haben gen\u00fcgend Hinweise gegeben. Doch es herrschte ein Erkenntnisdesinteresse. In der gro\u00dfen \u00d6ffentlichkeit ging es nur um Details, um Breite und Tiefe der Verbots- und Gebotsma\u00dfnahmen, nie ums Grunds\u00e4tzliche. Es gab kein \u00f6ffentliches Abw\u00e4gen verschiedener Modelle, von denen selbstverst\u00e4ndlich eines auch h\u00e4tte sein m\u00fcssen, gar nichts zu tun. Gerade weil das so verr\u00fcckt klingt, und damit zum Weiterdenken anspornt.<br \/>\nUnverzeihlich finde ich dieses Vers\u00e4umnis in der Branche, die im demokratischen Diskurs doch auch f\u00fcrs Querdenken zust\u00e4ndig ist: im Journalismus.\u00ab<br \/>\nZum Artikel im Deutschlandfunk:<br \/>\n<a href=\"https:\/\/www.deutschlandfunkkultur.de\/querdenker-medien-100.html\">https:\/\/www.deutschlandfunkkultur.de\/querdenker-medien-100.html<\/a><\/p>\n<p>Mein Kommentar:<br \/>\nDen Begriff \u00bbQuerdenken\u00ab kann man auch nach dem Ende der Corona-Ma\u00dfnahmen nicht verwenden, ohne sogleich in eine ideologische Schublade gesteckt zu werden. Dabei ist der Begriff selbst strukturell unideologisch. Querdenken steht zwar auch f\u00fcr die gleichnamigen Bewegung, vor allem aber f\u00fcr eine innere Haltung sowie f\u00fcr eine besondere Form des kritischen Denkens und f\u00fcr einen nat\u00fcrlichen Argwohn gegen Mehrheitsdenken, in letzter Konsequenz damit aber gerade nicht f\u00fcr eine bestimmte Ideologie.<br \/>\nDas \u00bbFraming\u00ab des Begriffs und das seiner Verwender begann fr\u00fch und es erfolgte gr\u00fcndlich. Die Diskreditierung klappte so reibungslos, da\u00df auch auf der Seite der Ma\u00dfnahmenkritiker und Grundrechteverteidiger manche \u00e4u\u00dferten, ohne Querdenken als Bewegung w\u00e4re vieles besser, ja milder abgelaufen.<br \/>\nDabei wird vergessen, da\u00df sowohl ohne die entsprechende Haltung wie auch ohne die gleichnamige Bewegung vermutlich nicht einmal im Ansatz ein \u00e4hnlicher kurzfristiger Demonstrationserfolg h\u00e4tte erreicht werden k\u00f6nnen. <em><strong>Querdenken ist nie ein Schimpfwort gewesen, es ist tats\u00e4chlich eher eine Auszeichnung.<\/strong> <\/em>Wenn dies nun sogar im Deutschlandfunk zu lesen ist, dann ist Querdenken wohl wirklich in der sogenannten \u00bbMitte der Gesellschaft\u00ab angekommen.<br \/>\nDr. Alexander Christ,<br \/>\nRechtsanwalt f\u00fcr Grundrechte &amp; Demokratie<br \/>\nAutor des Bestsellers \u00bbCorona-Staat (<a href=\"https:\/\/www.buchkomplizen.de\/buecher\/corona-buecher\/corona-staat-oxid.html\">https:\/\/www.buchkomplizen.de\/buecher\/corona-buecher\/corona-staat-oxid.html<\/a>)\u00ab (Rubikon)<\/p>\n<p>&#8230; Alles vom 10.2.2023 von Alexander Christ bitte lesen auf<br \/>\n<a href=\"https:\/\/t.me\/RA_Christ\/993\">https:\/\/t.me\/RA_Christ\/993<\/a><\/p>\n","protected":false},"excerpt":{"rendered":"<p>Home\u00a0&gt;Engagement\u00a0&gt;Zukunft\u00a0&gt;Demokratie\u00a0&gt;Opposition &gt;Querdenken &gt;Querdenker &nbsp; Listenauswahl eines Beitrags (Artikel\/Datum, Seite\/Inhalt):\u00a0Klicken\u00a0oder scrollen Thomas Hartung: Die Umwettung der Wahrheit \u2013 zu Medienkampagnen\u00a0(29.7.2026) Sie haben die Wahl: Gesinnungs-Diktatur oder Meinungsfreiheit\u00a0(4.10.2025) CDU sanktioniert Verteidiger\u00a0(23.8.2024) Freispruch f\u00fcr Michael Ballweg\u00a0(31.7.2025) \u00dcber Andersdenkende 1944 und 2025: Ich bin &hellip; <a href=\"https:\/\/www.freiburg-schwarzwald.de\/blog\/engagement\/zukunft\/demokratie\/opposition\/querdenker\/\">Weiterlesen <span class=\"meta-nav\">&rarr;<\/span><\/a><\/p>\n","protected":false},"author":2,"featured_media":0,"parent":60239,"menu_order":0,"comment_status":"closed","ping_status":"closed","template":"","meta":{"footnotes":""},"class_list":["post-109526","page","type-page","status-publish","hentry"],"_links":{"self":[{"href":"https:\/\/www.freiburg-schwarzwald.de\/blog\/wp-json\/wp\/v2\/pages\/109526","targetHints":{"allow":["GET"]}}],"collection":[{"href":"https:\/\/www.freiburg-schwarzwald.de\/blog\/wp-json\/wp\/v2\/pages"}],"about":[{"href":"https:\/\/www.freiburg-schwarzwald.de\/blog\/wp-json\/wp\/v2\/types\/page"}],"author":[{"embeddable":true,"href":"https:\/\/www.freiburg-schwarzwald.de\/blog\/wp-json\/wp\/v2\/users\/2"}],"replies":[{"embeddable":true,"href":"https:\/\/www.freiburg-schwarzwald.de\/blog\/wp-json\/wp\/v2\/comments?post=109526"}],"version-history":[{"count":6,"href":"https:\/\/www.freiburg-schwarzwald.de\/blog\/wp-json\/wp\/v2\/pages\/109526\/revisions"}],"predecessor-version":[{"id":152158,"href":"https:\/\/www.freiburg-schwarzwald.de\/blog\/wp-json\/wp\/v2\/pages\/109526\/revisions\/152158"}],"up":[{"embeddable":true,"href":"https:\/\/www.freiburg-schwarzwald.de\/blog\/wp-json\/wp\/v2\/pages\/60239"}],"wp:attachment":[{"href":"https:\/\/www.freiburg-schwarzwald.de\/blog\/wp-json\/wp\/v2\/media?parent=109526"}],"curies":[{"name":"wp","href":"https:\/\/api.w.org\/{rel}","templated":true}]}}