{"id":108894,"date":"2023-01-23T13:02:49","date_gmt":"2023-01-23T12:02:49","guid":{"rendered":"https:\/\/www.freiburg-schwarzwald.de\/blog\/?page_id=108894"},"modified":"2023-01-23T13:12:52","modified_gmt":"2023-01-23T12:12:52","slug":"hexental","status":"publish","type":"page","link":"https:\/\/www.freiburg-schwarzwald.de\/blog\/regio\/orte\/hexental\/","title":{"rendered":"Hexental"},"content":{"rendered":"<p>d<\/p>\n<div id=\"attachment_47313\" style=\"width: 648px\" class=\"wp-caption alignnone\"><a href=\"https:\/\/www.freiburg-schwarzwald.de\/blog\/wp-content\/uploads\/2013\/05\/schoenberg-pan140419.jpg\"><img loading=\"lazy\" decoding=\"async\" aria-describedby=\"caption-attachment-47313\" class=\"size-full wp-image-47313\" src=\"https:\/\/www.freiburg-schwarzwald.de\/blog\/wp-content\/uploads\/2013\/05\/schoenberg-pan140419.jpg\" alt=\"\" width=\"638\" height=\"234\" srcset=\"https:\/\/www.freiburg-schwarzwald.de\/blog\/wp-content\/uploads\/2013\/05\/schoenberg-pan140419.jpg 638w, https:\/\/www.freiburg-schwarzwald.de\/blog\/wp-content\/uploads\/2013\/05\/schoenberg-pan140419-180x66.jpg 180w\" sizes=\"auto, (max-width: 638px) 100vw, 638px\" \/><\/a><p id=\"caption-attachment-47313\" class=\"wp-caption-text\">Blick von Horben nach Westen zum Sch\u00f6nberg am 15.4.2014 &#8211; Wittnau im Hexental links<\/p><\/div>\n<p>&nbsp;<\/p>\n<ul>\n<li>Die Sonnhalde in Au soll ein Ort der Begegnung sein (22.1.2023)<\/li>\n<li><\/li>\n<li><strong><a href=\"https:\/\/www.freiburg-schwarzwald.de\/hexental.htm\">Hexental<\/a> &gt;Archivseite\u00a0<\/strong><\/li>\n<li><a href=\"https:\/\/www.freiburg-schwarzwald.de\/blog\/regio\/orte\/horben\/\">Horben mit Katzental<\/a><\/li>\n<li><a href=\"https:\/\/www.freiburg-schwarzwald.de\/blog\/regio\/berge\/schoenberg\/\">Sch\u00f6nberg<\/a><\/li>\n<\/ul>\n<p>Hexental zwischen Sch\u00f6nberg und Schauinsland<br \/>\nmit Merzhausen, Au, Wittnau, S\u00f6lden, Bollschweil bis Ehrenkirchen<br \/>\n===================<\/p>\n<p>&nbsp;<\/p>\n<p><strong>Die Sonnhalde in Au soll ein Ort der Begegnung sein<\/strong><br \/>\nDie Sonnhalde am Ortsrand von Au ist nicht nur Wohnort. Die gemeinn\u00fctzige Sonnhalde GmbH macht verschiedene Angebote in den Bereichen Kultur und Bildung \u2013 auf Grundlage der Natur. &#8230;<br \/>\n2018 haben die Keramikerin Eva von Ruckteschell und der fr\u00fchere Physiklehrer Dieter Plappert das gut einhundert Jahre alte Haus am Ortsrand von Au gekauft. &#8222;Es liegt direkt am Bettlerpfad, sehr viele Menschen kennen unser Haus mit dem 2500 Quadratmeter gro\u00dfen Garten inmitten von Streuobstwiesen. Hier am Heimbachweg ist ein einzigartiger Ort, an dem wir im Kleinen ausprobieren wollen, wie Menschen nachhaltig und zukunftsf\u00e4hig leben k\u00f6nnen&#8220;, sagt Dieter Plappert.<br \/>\n&#8230;<br \/>\nUm die Immobilie erwerben zu k\u00f6nnen, haben die beiden Mitstreiter gesucht, die den Ort finanziell, aber auch ideell unterst\u00fctzen. Zusammen mit dem Freiburger Arzt Markus Wegner haben sie eine gemeinn\u00fctzige GmbH gegr\u00fcndet, die die Immobilie gekauft hat. Zweck der gGmbH ist die F\u00f6rderung von Kunst und Kultur sowie der Erziehung, Volks- und Berufsausbildung.<br \/>\nWeitere Infos im Internet unter <a href=\"https:\/\/www.sonnhalde-in-au.de\">https:\/\/www.sonnhalde-in-au.de<\/a>. Wer \u00fcber bevorstehende Veranstaltungen informiert sein m\u00f6chte, kann sich f\u00fcr den Newsletter anmelden.<br \/>\n&#8230; Alles vom 22.1.2023 von Gabriele Hennicke bitte lesen auf<br \/>\n<a href=\"https:\/\/www.badische-zeitung.de\/die-sonnhalde-in-au-soll-ein-ort-der-begegnung-sein--238662491.html\">https:\/\/www.badische-zeitung.de\/die-sonnhalde-in-au-soll-ein-ort-der-begegnung-sein&#8211;238662491.html<\/a><\/p>\n<p>&nbsp;<\/p>\n","protected":false},"excerpt":{"rendered":"<p>d &nbsp; Die Sonnhalde in Au soll ein Ort der Begegnung sein (22.1.2023) Hexental &gt;Archivseite\u00a0 Horben mit Katzental Sch\u00f6nberg Hexental zwischen Sch\u00f6nberg und Schauinsland mit Merzhausen, Au, Wittnau, S\u00f6lden, Bollschweil bis Ehrenkirchen =================== &nbsp; Die Sonnhalde in Au soll ein &hellip; <a href=\"https:\/\/www.freiburg-schwarzwald.de\/blog\/regio\/orte\/hexental\/\">Weiterlesen <span class=\"meta-nav\">&rarr;<\/span><\/a><\/p>\n","protected":false},"author":2,"featured_media":0,"parent":363,"menu_order":0,"comment_status":"closed","ping_status":"closed","template":"","meta":{"footnotes":""},"class_list":["post-108894","page","type-page","status-publish","hentry"],"_links":{"self":[{"href":"https:\/\/www.freiburg-schwarzwald.de\/blog\/wp-json\/wp\/v2\/pages\/108894","targetHints":{"allow":["GET"]}}],"collection":[{"href":"https:\/\/www.freiburg-schwarzwald.de\/blog\/wp-json\/wp\/v2\/pages"}],"about":[{"href":"https:\/\/www.freiburg-schwarzwald.de\/blog\/wp-json\/wp\/v2\/types\/page"}],"author":[{"embeddable":true,"href":"https:\/\/www.freiburg-schwarzwald.de\/blog\/wp-json\/wp\/v2\/users\/2"}],"replies":[{"embeddable":true,"href":"https:\/\/www.freiburg-schwarzwald.de\/blog\/wp-json\/wp\/v2\/comments?post=108894"}],"version-history":[{"count":5,"href":"https:\/\/www.freiburg-schwarzwald.de\/blog\/wp-json\/wp\/v2\/pages\/108894\/revisions"}],"predecessor-version":[{"id":108901,"href":"https:\/\/www.freiburg-schwarzwald.de\/blog\/wp-json\/wp\/v2\/pages\/108894\/revisions\/108901"}],"up":[{"embeddable":true,"href":"https:\/\/www.freiburg-schwarzwald.de\/blog\/wp-json\/wp\/v2\/pages\/363"}],"wp:attachment":[{"href":"https:\/\/www.freiburg-schwarzwald.de\/blog\/wp-json\/wp\/v2\/media?parent=108894"}],"curies":[{"name":"wp","href":"https:\/\/api.w.org\/{rel}","templated":true}]}}