{"id":108805,"date":"2023-01-21T15:03:07","date_gmt":"2023-01-21T14:03:07","guid":{"rendered":"https:\/\/www.freiburg-schwarzwald.de\/blog\/?page_id=108805"},"modified":"2026-01-28T18:19:18","modified_gmt":"2026-01-28T17:19:18","slug":"horben","status":"publish","type":"page","link":"https:\/\/www.freiburg-schwarzwald.de\/blog\/regio\/orte\/horben\/","title":{"rendered":"Horben"},"content":{"rendered":"<p>Home &gt;<a title=\"Regio\" href=\"https:\/\/www.freiburg-schwarzwald.de\/blog\/regio\/\">Regio<\/a>\u00a0&gt;<a title=\"Orte\" href=\"https:\/\/www.freiburg-schwarzwald.de\/blog\/regio\/orte\/\">Orte<\/a> &gt;Horben<\/p>\n<div id=\"attachment_108807\" style=\"width: 650px\" class=\"wp-caption alignnone\"><a href=\"https:\/\/www.freiburg-schwarzwald.de\/blog\/wp-content\/uploads\/2023\/01\/horben-schnee-nebel202212pan.jpg\"><img loading=\"lazy\" decoding=\"async\" aria-describedby=\"caption-attachment-108807\" class=\"size-full wp-image-108807\" src=\"https:\/\/www.freiburg-schwarzwald.de\/blog\/wp-content\/uploads\/2023\/01\/horben-schnee-nebel202212pan.jpg\" alt=\"\" width=\"640\" height=\"326\" srcset=\"https:\/\/www.freiburg-schwarzwald.de\/blog\/wp-content\/uploads\/2023\/01\/horben-schnee-nebel202212pan.jpg 640w, https:\/\/www.freiburg-schwarzwald.de\/blog\/wp-content\/uploads\/2023\/01\/horben-schnee-nebel202212pan-180x92.jpg 180w\" sizes=\"auto, (max-width: 640px) 100vw, 640px\" \/><\/a><p id=\"caption-attachment-108807\" class=\"wp-caption-text\">Blick \u00fcber Horben mit Luisenh\u00f6he (links) nach Norden \u00fcbers neblige Freiburg im Dezember 2022<\/p><\/div>\n<p>&nbsp;<\/p>\n<ul>\n<li><a href=\"https:\/\/www.freiburg-schwarzwald.de\/blog\/windkraft-tatsache-vs-wertung\/\">Windkraft: Tatsache vs Wertung<\/a>\u00a0(28.1.2026)<\/li>\n<li><a href=\"https:\/\/www.freiburg-schwarzwald.de\/blog\/regio\/orte\/hexental\/\">Die Sonnhalde in Au soll ein Ort der Begegnung sein<\/a> (22.1.2023)<\/li>\n<li><a href=\"https:\/\/www.freiburg-schwarzwald.de\/blog\/mehr-windraeder-im-schwarzwald\/\">Mehr Windr\u00e4der im Schwarzwald<\/a> (17.4.2021)<\/li>\n<li><\/li>\n<li><a href=\"https:\/\/www.freiburg-schwarzwald.de\/horben.htm\">https:\/\/www.freiburg-schwarzwald.de\/horben.htm<\/a> &gt;Archivseite Horben<\/li>\n<li><a href=\"https:\/\/www.freiburg-schwarzwald.de\/blog\/regio\/berge\/batzenberg\/\">Batzenberg<\/a><\/li>\n<li><a href=\"https:\/\/www.freiburg-schwarzwald.de\/blog\/regio\/freiburg\/guenterstal\/\">G\u00fcnterstal<\/a><\/li>\n<li><a href=\"https:\/\/www.freiburg-schwarzwald.de\/blog\/regio\/orte\/hexental\/\">Hexental<\/a><\/li>\n<li><a href=\"https:\/\/www.freiburg-schwarzwald.de\/blog\/regio\/berge\/schauinsland\/\">Schauinsland<\/a><\/li>\n<li><a href=\"https:\/\/www.freiburg-schwarzwald.de\/blog\/regio\/berge\/schoenberg\/\">Sch\u00f6nberg<\/a><\/li>\n<\/ul>\n<p>&nbsp;<\/p>\n<h5><a href=\"https:\/\/www.freiburg-schwarzwald.de\/blog\/wp-content\/uploads\/2023\/01\/horben-schnee-nebel202212.jpg\"><img loading=\"lazy\" decoding=\"async\" class=\"alignnone size-thumbnail wp-image-108809\" src=\"https:\/\/www.freiburg-schwarzwald.de\/blog\/wp-content\/uploads\/2023\/01\/horben-schnee-nebel202212-180x114.jpg\" alt=\"\" width=\"180\" height=\"114\" srcset=\"https:\/\/www.freiburg-schwarzwald.de\/blog\/wp-content\/uploads\/2023\/01\/horben-schnee-nebel202212-180x114.jpg 180w, https:\/\/www.freiburg-schwarzwald.de\/blog\/wp-content\/uploads\/2023\/01\/horben-schnee-nebel202212-640x407.jpg 640w, https:\/\/www.freiburg-schwarzwald.de\/blog\/wp-content\/uploads\/2023\/01\/horben-schnee-nebel202212-1024x651.jpg 1024w, https:\/\/www.freiburg-schwarzwald.de\/blog\/wp-content\/uploads\/2023\/01\/horben-schnee-nebel202212-768x488.jpg 768w, https:\/\/www.freiburg-schwarzwald.de\/blog\/wp-content\/uploads\/2023\/01\/horben-schnee-nebel202212.jpg 1133w\" sizes=\"auto, (max-width: 180px) 100vw, 180px\" \/><\/a>\u00a0 \u00a0Horben 12\/2022 &#8211; Bild Andreas Blum<\/h5>\n<p>&nbsp;<\/p>\n<p>&nbsp;<\/p>\n<p>&nbsp;<\/p>\n<ul>\n<li><\/li>\n<\/ul>\n","protected":false},"excerpt":{"rendered":"<p>Home &gt;Regio\u00a0&gt;Orte &gt;Horben &nbsp; Windkraft: Tatsache vs Wertung\u00a0(28.1.2026) Die Sonnhalde in Au soll ein Ort der Begegnung sein (22.1.2023) Mehr Windr\u00e4der im Schwarzwald (17.4.2021) https:\/\/www.freiburg-schwarzwald.de\/horben.htm &gt;Archivseite Horben Batzenberg G\u00fcnterstal Hexental Schauinsland Sch\u00f6nberg &nbsp; \u00a0 \u00a0Horben 12\/2022 &#8211; Bild Andreas Blum &hellip; <a href=\"https:\/\/www.freiburg-schwarzwald.de\/blog\/regio\/orte\/horben\/\">Weiterlesen <span class=\"meta-nav\">&rarr;<\/span><\/a><\/p>\n","protected":false},"author":2,"featured_media":0,"parent":363,"menu_order":0,"comment_status":"closed","ping_status":"closed","template":"","meta":{"footnotes":""},"class_list":["post-108805","page","type-page","status-publish","hentry"],"_links":{"self":[{"href":"https:\/\/www.freiburg-schwarzwald.de\/blog\/wp-json\/wp\/v2\/pages\/108805","targetHints":{"allow":["GET"]}}],"collection":[{"href":"https:\/\/www.freiburg-schwarzwald.de\/blog\/wp-json\/wp\/v2\/pages"}],"about":[{"href":"https:\/\/www.freiburg-schwarzwald.de\/blog\/wp-json\/wp\/v2\/types\/page"}],"author":[{"embeddable":true,"href":"https:\/\/www.freiburg-schwarzwald.de\/blog\/wp-json\/wp\/v2\/users\/2"}],"replies":[{"embeddable":true,"href":"https:\/\/www.freiburg-schwarzwald.de\/blog\/wp-json\/wp\/v2\/comments?post=108805"}],"version-history":[{"count":5,"href":"https:\/\/www.freiburg-schwarzwald.de\/blog\/wp-json\/wp\/v2\/pages\/108805\/revisions"}],"predecessor-version":[{"id":144919,"href":"https:\/\/www.freiburg-schwarzwald.de\/blog\/wp-json\/wp\/v2\/pages\/108805\/revisions\/144919"}],"up":[{"embeddable":true,"href":"https:\/\/www.freiburg-schwarzwald.de\/blog\/wp-json\/wp\/v2\/pages\/363"}],"wp:attachment":[{"href":"https:\/\/www.freiburg-schwarzwald.de\/blog\/wp-json\/wp\/v2\/media?parent=108805"}],"curies":[{"name":"wp","href":"https:\/\/api.w.org\/{rel}","templated":true}]}}