{"id":108409,"date":"2023-01-12T13:51:57","date_gmt":"2023-01-12T12:51:57","guid":{"rendered":"https:\/\/www.freiburg-schwarzwald.de\/blog\/?page_id=108409"},"modified":"2026-08-07T09:58:40","modified_gmt":"2026-08-07T07:58:40","slug":"herkunft","status":"publish","type":"page","link":"https:\/\/www.freiburg-schwarzwald.de\/blog\/global\/migration\/herkunft\/","title":{"rendered":"Herkunft"},"content":{"rendered":"<p><a href=\"https:\/\/www.freiburg-schwarzwald.de\/blog\">Home<\/a>\u00a0&gt;<a title=\"Global\" href=\"https:\/\/www.freiburg-schwarzwald.de\/blog\/global\/\">Global<\/a>\u00a0&gt;<a title=\"Integration\" href=\"https:\/\/www.freiburg-schwarzwald.de\/blog\/global\/integration\/\">Integration<\/a>\u00a0&gt;<a title=\"Migration\" href=\"https:\/\/www.freiburg-schwarzwald.de\/blog\/global\/migration\/\">Migration<\/a> &gt;<a href=\"https:\/\/www.freiburg-schwarzwald.de\/blog\/global\/integration\/fluechtlinge-kriminalitaet\/\">Fl\u00fcchtlinge<\/a>\u00a0&gt;Herkunft<\/p>\n<div id=\"attachment_107332\" style=\"width: 647px\" class=\"wp-caption alignnone\"><a href=\"https:\/\/www.freiburg-schwarzwald.de\/blog\/wp-content\/uploads\/2022\/12\/bruggaa-geroldstal-herbst-pan2022.jpg\"><img loading=\"lazy\" decoding=\"async\" aria-describedby=\"caption-attachment-107332\" class=\"size-full wp-image-107332\" src=\"https:\/\/www.freiburg-schwarzwald.de\/blog\/wp-content\/uploads\/2022\/12\/bruggaa-geroldstal-herbst-pan2022.jpg\" alt=\"\" width=\"637\" height=\"368\" srcset=\"https:\/\/www.freiburg-schwarzwald.de\/blog\/wp-content\/uploads\/2022\/12\/bruggaa-geroldstal-herbst-pan2022.jpg 637w, https:\/\/www.freiburg-schwarzwald.de\/blog\/wp-content\/uploads\/2022\/12\/bruggaa-geroldstal-herbst-pan2022-180x104.jpg 180w\" sizes=\"auto, (max-width: 637px) 100vw, 637px\" \/><\/a><p id=\"caption-attachment-107332\" class=\"wp-caption-text\">Blick nach Osten \u00fcbers Bruggaa zu Weilersbach und Schwarzwald im Herbst 2022<\/p><\/div>\n<p>&nbsp;<\/p>\n<ul>\n<li><em>Listenauswahl eines Beitrags (Artikel\/Datum, Seite\/Inhalt):\u00a0<span style=\"text-decoration: underline;\">Klicken<\/span>\u00a0oder scrollen<\/em><\/li>\n<li>Thomas Hartung: Herkunft migrantischer Straft\u00e4ter nennen (13.7.2026)<\/li>\n<li>Sichere Herkunftsl\u00e4nder (1.8.2025)<\/li>\n<li><a href=\"https:\/\/www.freiburg-schwarzwald.de\/blog\/engagement\/zukunft\/demokratie\/volk\/volksbegriff\/\">Verfassungswidrige Kriminalisierung des ethnisch-kulturellen Volksbegriffs<\/a> (27.7.2025)<\/li>\n<li><a href=\"https:\/\/www.freiburg-schwarzwald.de\/blog\/regio\/heimat\/fremdheit\/\">\u201eFremd im eigenen Land\u201c: Eine Gefahr f\u00fcr alle<\/a>\u00a0(15.6.2025)<\/li>\n<li>(Nur) &#8218;&#8220;jeder zweite T\u00e4ter Ist Deutscher&#8220; (21.5.2025)<\/li>\n<li><a href=\"https:\/\/www.freiburg-schwarzwald.de\/blog\/global\/ethnien\/\">Abgrenzung: Staatsvolk (Pass)- ethnischer Volksbegriff (Abstammung)<\/a>\u00a0(4.5.2025)<\/li>\n<li><a href=\"https:\/\/www.freiburg-schwarzwald.de\/blog\/oezdemir-maedchen-migranten\/\">\u00d6zdemir: M\u00e4dchen \u2013 Migranten<\/a>\u00a0(1.10.2024)<\/li>\n<li><a href=\"https:\/\/www.freiburg-schwarzwald.de\/blog\/ma-messer-wegen-bpe-kritik\/\">MA: Messer wegen BPE-Kritik<\/a> (31.5.2024)<\/li>\n<li>Einmann in Berlin: Frauen, f\u00fcrchtet euch nicht! (30.1.2023)<\/li>\n<li>Herkunft des Messerm\u00f6rders von Brockstedt laut NDR nicht relevant (26.1.2023)<\/li>\n<li><a href=\"https:\/\/www.freiburg-schwarzwald.de\/blog\/erneute-messerattacke-im-zug\/\">Erneute Messerattacke \u2013 im Zug<\/a>\u00a0(26.1.2023)<\/li>\n<li><a href=\"https:\/\/www.freiburg-schwarzwald.de\/blog\/woher-kommen-sie\/\">Woher kommen Sie?<\/a> (2.1.2023)<\/li>\n<li><a title=\"Deutsche\" href=\"https:\/\/www.freiburg-schwarzwald.de\/blog\/global\/deutschland\/deutsche\/\">Deutsche<\/a><\/li>\n<li><a href=\"https:\/\/www.freiburg-schwarzwald.de\/blog\/global\/einewelt\/\">EineWelt<\/a><\/li>\n<li><a href=\"https:\/\/www.freiburg-schwarzwald.de\/blog\/global\/ethnien\/\">Ethnien<\/a><\/li>\n<li><a title=\"EU-Recht\" href=\"https:\/\/www.freiburg-schwarzwald.de\/blog\/global\/eu\/eu-recht\/\">EU-Recht<\/a><\/li>\n<li><a href=\"https:\/\/www.freiburg-schwarzwald.de\/blog\/engagement\/zukunft\/demokratie\/experiment\/\">Experiment \u2013 Mounk<\/a><\/li>\n<li><a href=\"https:\/\/www.freiburg-schwarzwald.de\/blog\/regio\/heimat\/fremdheit\/\">Fremdheit<\/a><\/li>\n<li><a title=\"Gesellschaft\" href=\"https:\/\/www.freiburg-schwarzwald.de\/blog\/global\/deutschland\/gesellschaft\/\">Gesellschaft<\/a><\/li>\n<li><a href=\"https:\/\/www.freiburg-schwarzwald.de\/blog\/global\/globalisierung\/\">Globalisierung<\/a><\/li>\n<li><a title=\"Identitaet\" href=\"https:\/\/www.freiburg-schwarzwald.de\/blog\/engagement\/zukunft\/demokratie\/identitaet\/\">Identitaet<\/a><\/li>\n<li><a title=\"Intellektuelle\" href=\"https:\/\/www.freiburg-schwarzwald.de\/blog\/global\/deutschland\/gesellschaft\/intellektuelle\/\">Intellektuelle<\/a><\/li>\n<li><a href=\"https:\/\/www.freiburg-schwarzwald.de\/blog\/selbsthilfe\/krise\/gewalt\/kriminalstatistik\/\">Kriminalstatistik<\/a><\/li>\n<li><a href=\"https:\/\/www.freiburg-schwarzwald.de\/blog\/kultur\/leitkultur\/multikulti\/\">Multikulti<\/a><\/li>\n<li><a title=\"Nationalismus\" href=\"https:\/\/www.freiburg-schwarzwald.de\/blog\/engagement\/zukunft\/demokratie\/nationalismus\/\">Nationalismus<\/a><\/li>\n<li><a href=\"https:\/\/www.freiburg-schwarzwald.de\/blog\/global\/globalisierung\/one-world\/\">One-World<\/a><\/li>\n<li><a title=\"Patriotismus\" href=\"https:\/\/www.freiburg-schwarzwald.de\/blog\/engagement\/zukunft\/demokratie\/patriotismus\/\">Patriotismus<\/a><\/li>\n<li><a href=\"https:\/\/www.freiburg-schwarzwald.de\/blog\/engagement\/rassismus\/\">Rassismus<\/a><\/li>\n<li><a href=\"https:\/\/www.freiburg-schwarzwald.de\/blog\/kultur\/kulturverlust\/sprachregime\/\">Sprachregime<\/a><\/li>\n<li><a href=\"https:\/\/www.freiburg-schwarzwald.de\/blog\/engagement\/zukunft\/demokratie\/volk\/\">Volk<\/a><\/li>\n<\/ul>\n<p><strong>Herkunft nennen<\/strong><br \/>\nWenn es keinen Zusammenhang zwischen Migration bzw. Herkunft und Kriminalit\u00e4t g\u00e4be (wie die Linke behauptet), dann kann man ja die Herkunft von ja Tatverd\u00e4chtigen nennen, ohne irgendwie zu diskriminieren.<br \/>\nWie dem auch sei: Verheimlichen ist negativ und offenes Benennen positiv.<\/p>\n<p><strong>\u201eDeutscher Staatsb\u00fcrger\u201d<br \/>\n<\/strong>Die ethnische Herkunft eines T\u00e4ters muss nicht mehr eigens gemeldet werden; es gen\u00fcgt der Hinweis: \u201eDeutscher Staatsb\u00fcrger\u201d.<br \/>\n9.1.2023, Michael Klonovsky<\/p>\n<p><strong>&#8222;EinMann&#8220;<\/strong><br \/>\nDie neue diskriminierungs-sensible Herkunftsbezeichnung: der &#8222;Einmann&#8220; (aber leider nicht gender-sensibel).<\/p>\n<p><strong>&#8222;westasiatisch\u201c<\/strong><br \/>\nVom LKA Berlin als <a href=\"https:\/\/www.freiburg-schwarzwald.de\/blog\/wohnungsnot-und-ihr-elefant\/\">diskriminierungs-sensible Bezeichnung<\/a> vorgeschrieben: Junge M\u00e4nner mit islamisch-westasiatischem Migrationshintergrund. &#8222;westasiatisch&#8220; ersetzt ab nun &#8222;s\u00fcdl\u00e4ndisch&#8220;.<br \/>\n.<br \/>\n<strong>Zeitungs-Lesehilfe laut DIE WELT &#8211; Synonyma<\/strong><br \/>\nEinMann = Migrant<br \/>\nDeutscher Staatsb\u00fcrger = Person mit Migrationshintergrund<br \/>\nKlaus B. = autochthoner Deutscher<br \/>\n==============================================================<\/p>\n<p><a href=\"https:\/\/www.freiburg-schwarzwald.de\/blog\/wp-content\/uploads\/2025\/02\/kontrafunk-klein.jpg\"><img loading=\"lazy\" decoding=\"async\" class=\"alignnone size-full wp-image-130778\" src=\"https:\/\/www.freiburg-schwarzwald.de\/blog\/wp-content\/uploads\/2025\/02\/kontrafunk-klein.jpg\" alt=\"\" width=\"150\" height=\"105\" \/><\/a><br \/>\n<strong>Thomas Hartung: Herkunft migrantischer Straft\u00e4ter nennen<\/strong><br \/>\n<strong>D\u00fcrfen Fakten nicht mehr benannt werden?<\/strong><br \/>\nVerallgemeinerung ist keine Diskriminierung. Das ist vielleicht der einfachste und zugleich anst\u00f6\u00dfigste Satz, den man in dieser Debatte sagen kann \u2013 der Debatte um die Nennung der Nationalit\u00e4t von Straft\u00e4tern. Denn genau daran krankt die deutsche \u00d6ffentlichkeit seit Jahren: Sobald aus vielen Einzelf\u00e4llen ein Muster erkennbar, eine Gruppe statistisch beschrieben wird, ert\u00f6nt sofort der vertraute Alarm: pauschalisierend, stigmatisierend, diskriminierend. Als sei schon der Schritt vom Einzelnen zum Typischen moralisch verwerflich. Dabei ist genau dieser Schritt die Grundlage jeder vern\u00fcnftigen Ordnung. Jede Krankenkasse verallgemeinert Erkrankungsrisiken. Jedes Curriculum verallgemeinert Bildungsf\u00e4higkeiten. Jeder Versicherer verallgemeinert Schadenswahrscheinlichkeiten. Niemand w\u00fcrde einer Brandversicherung vorwerfen, sie diskriminiere H\u00e4user mit Schilfdach, weil sie ein h\u00f6heres Risiko kalkuliert. Auch die Polizei arbeitet selbstverst\u00e4ndlich mit Mustern, T\u00e4terprofilen, Deliktschwerpunkten. Aber sobald es um Kriminalit\u00e4t und Nationalit\u00e4t geht, soll pl\u00f6tzlich verboten sein, was sonst ganz normal ist: aus vielen F\u00e4llen einen Befund zu bilden. Genau deshalb ist die neue baden-w\u00fcrttembergische Regel so bemerkenswert. Die Polizei soll die Nationalit\u00e4t von Tatverd\u00e4chtigen k\u00fcnftig grunds\u00e4tzlich nennen, hat der neue Innenminister Manuel Hagel jetzt entschieden. Im Prinzip gilt nun, bei wenigen Ausnahmen: Informationen werden genannt statt p\u00e4dagogisch dosiert. Das ist kein Rechtsruck, sondern eine sp\u00e4te R\u00fcckkehr zur Normalit\u00e4t.<\/p>\n<p>Denn das eigentliche Problem war ja gerade die Willk\u00fcr. Mal wurde die Nationalit\u00e4t genannt, mal nicht, mal nur auf Nachfrage, mal nur dann, wenn sie gerade ins gew\u00fcnschte Bild passte. Genau diese Uneinheitlichkeit hat Vertrauen besch\u00e4digt. Wenn B\u00fcrger den Eindruck gewinnen, Informationen w\u00fcrden nach Opportunit\u00e4t und nicht nach Regel mitgeteilt, dann suchen sie sich andere Quellen. Dann gewinnt nicht die Besonnenheit, sondern der Verdacht. Nun gibt es in Deutschland, nicht aber in \u00d6sterreich und der Schweiz, den Pressecodex. Darin hei\u00dft es, dass Medien die Herkunft nennen k\u00f6nnen, wenn ein begr\u00fcndbarer Sachbezug besteht. Die Absicht dahinter ist nachvollziehbar: Man will verhindern, dass pauschale Ressentiments entstehen. In der Praxis wurde aus dieser Vorsicht aber oft ein Denkverbot. Nicht mehr die Relevanz eines Merkmals entschied, sondern die Angst vor den m\u00f6glichen Schlussfolgerungen der \u00d6ffentlichkeit. Genau da beginnt die deutsche Selbstt\u00e4uschung. Denn \u00dcberrepr\u00e4sentanz ist kein Vorurteil, sondern ein Befund. Allein Baden-W\u00fcrttemberg registrierte 2025 fast 95.000 nichtdeutsche Tatverd\u00e4chtige. Das entspricht \u00fcber 43 Prozent aller Tatverd\u00e4chtigen \u2013 bei 15 Prozent Bev\u00f6lkerungsanteil. Bei Gewalt-, Messer- und bestimmten Sexualdelikten sind die Unterschiede noch markanter. Dar\u00fcber muss man sprechen d\u00fcrfen, ohne sofort in die moralische Verdachtszone geschoben zu werden.<\/p>\n<p>Gerade seit 2015 ist diese Debatte politisch aufgeladen. Denn \u201eWir schaffen das\u201c war nicht nur ein Satz, sondern ein Regierungsnarrativ. Und wenn nun gerade bei Syrern oder Afghanen in bestimmten Deliktfeldern eine \u00dcberrepr\u00e4sentanz diskutiert wird, dann geht es eben nicht nur um selektive Statistik, sondern darum, den politischen Migrationskurs nicht zu gef\u00e4hrden. Der B\u00fcrger soll die Folgen der Massenzuwanderung tragen, hohe Unterbringungs- und Integrationskosten akzeptieren, aber bei Kriminalit\u00e4t m\u00f6glichst nicht zu genau hinschauen. Nicht weil die Zahlen unbedeutend w\u00e4ren, ist die Empfindlichkeit so gro\u00df, sondern weil sie ein M\u00e4rchen besch\u00e4digen. Ein Blick in den deutschsprachigen Raum zeigt \u00fcbrigens: Deutschland war mit seiner Verkrampfung eher ein Sonderfall. In \u00d6sterreich nennt die Polizei Herkunft und Staatsangeh\u00f6rigkeit seit langem weitgehend selbstverst\u00e4ndlich. In der Schweiz war die Praxis zwar f\u00f6deral uneinheitlich, bewegt sich inzwischen aber ebenfalls in Richtung Transparenz. Deutschland musste also wieder einmal erst lange gegen die Wirklichkeit anmoralisieren, bevor es sich langsam normalisiert: Bayern, Mecklenburg-Vorpommern, Schleswig-Holstein und Nordrhein-Westfalen nennen schon l\u00e4nger die Nationalit\u00e4t. Nun k\u00f6nnte man einwenden: Aber was n\u00fctzt die, wenn immer mehr Menschen eingeb\u00fcrgert werden? Das ist ein entscheidender Punkt: Dann w\u00fcrde oft der Name mehr verraten als die Nationalit\u00e4t. Der Schritt kommt also wom\u00f6glich sogar zu sp\u00e4t. Denn die juristische Kategorie \u201edeutsch\u201c wird unter Bedingungen massenhafter Einb\u00fcrgerung immer weniger mit biografischer, kultureller oder sozialer Herkunft identisch sein. Trotzdem bleibt die Richtung richtig. Der demokratische B\u00fcrger hat ein Recht auf Wirklichkeit, nicht auf p\u00e4dagogisch gefilterte Halbwahrheit. Denn wer schon den Befund moralisch verbieten will, bek\u00e4mpft nicht Vorurteile, sondern Erkenntnis.<br \/>\n&#8230; Alles vom 13.7.2026 von Thomas Hartung bitte lesen auf<br \/>\n<a href=\"https:\/\/kontrafunk.radio\/de\/sendung-nachhoeren\/politik-und-zeitgeschehen\/kontrafunk-aktuell\/kontrafunk-aktuell-vom-13-juli-2026\">https:\/\/kontrafunk.radio\/de\/sendung-nachhoeren\/politik-und-zeitgeschehen\/kontrafunk-aktuell\/kontrafunk-aktuell-vom-13-juli-2026<\/a><\/p>\n<p>&nbsp;<\/p>\n<p>.<\/p>\n<p><strong>Sichere Herkunftsl\u00e4nder<\/strong><br \/>\nLeser *** macht mich auf eine Entscheidung des Europ\u00e4ischen Gerichtshofs aufmerksam, der \u201edie H\u00fcrden bei der Bestimmung von sogenannten sicheren Herkunftsl\u00e4ndern f\u00fcr beschleunigte Asylverfahren erh\u00f6ht. Das Gericht in Luxemburg urteilte, dass EU-Mitgliedstaaten zwar selbst bestimmen d\u00fcrfen, welche Staaten sie als sicher ansehen. Allerdings d\u00fcrfen sie nur dann Listen sicherer L\u00e4nder erstellen, wenn die zugrundeliegende Einsch\u00e4tzung \u00fcberpr\u00fcfbar ist und die Quellen offengelegt werden. Zudem urteilte der EuGH, dass nach aktuell geltendem Recht die gesamte Bev\u00f6lkerung in dem betreffenden Land sicher sein muss.\u201d<br \/>\nUnd kommentiert unter dem Hinweis auf den \u201eSolange\u201d-Beschluss des Bundesverfassungsgerichts: \u201eSolange die EU nicht die Sicherheit der Au\u00dfengrenzen garantieren kann, bleibt es Aufgabe der Mitgliedstaaten. Insoweit kann auch der EuGH den Mitgliedstaaten nichts vorschreiben, weil er damit die Dysfunktionalit\u00e4t auch noch perpetuiert. Ein BVerfG, das Eier hat, w\u00fcrde so entscheiden. Deshalb bringt man m\u00f6glichst die Damen der Sch\u00f6pfung dort unter.\u201d<\/p>\n<p><em>Solange-Beschluss des BVerfG:<\/em><br \/>\n<em>&#8222;Im Ergebnis behielt sich das Bundesverfassungsgericht vor, die Vereinbarkeit von europ\u00e4ischem mit deutschem Recht in jedem Einzelfall selbst zu \u00fcberpr\u00fcfen.&#8220; <a href=\"https:\/\/de.wikipedia.org\/wiki\/Solange_I\">https:\/\/de.wikipedia.org\/wiki\/Solange_I<\/a><\/em><br \/>\n.<br \/>\n&#8230; Alles vom 1.8.2025 von Michael Klonovsky bitte lesen auf<br \/>\n<a href=\"https:\/\/www.klonovsky.de\/2025\/08\/1-august-2025\/\">https:\/\/www.klonovsky.de\/2025\/08\/1-august-2025\/<\/a><\/p>\n<p>&nbsp;<\/p>\n<p><strong>(Nur) &#8218;&#8220;jeder zweite T\u00e4ter Ist Deutscher&#8220;<\/strong><br \/>\nDie Acta sind unter anderem auch eine Chronik, und kein Chronist kann an dem Ph\u00e4nomen vor\u00fcbergehen, dass die Medien heute endlich melden, was sie bis in die 1990er und 2000er Jahre noch schamhaft beschwiegen haben. Allerdings thematisieren sie die t\u00e4glichen Messerattacken (und Gruppenvergewaltigungen) erst, seit diese Taten \u00fcberwiegend von Nichtdeutschen begangen werden. Der Grund kann nur Rassismus sein, wie j\u00fcngst in der Berichterstattung \u00fcber ein gefundenes Fressen f\u00fcr rassistische Hetzer diesmal zu Bielefeld, wo die nebens\u00e4chliche Information, dass der mutma\u00dfliche Messerangreifer ein mutma\u00dflicher Syrer war, es bis auf die mutma\u00dfliche Webseite der Tagesschau schaffte.<br \/>\n.<br \/>\n<em>Messerangriff in Bielefeld<\/em><br \/>\n<em>Bundesanwaltschat \u00fcbernimmt Ermittlungen<\/em><br \/>\n<em>20.5.2025, 19.38 Uhr<\/em><br \/>\n<em>Nach dem mutma\u00dflichen Messerangriff eines Syrers au G\u00e4ste einer Bar in Bielefeld hat die Bundesanwaltschat die Ermittlungen \u00fcbernommen. Es bestehe der Verdacht, da\u00df die Tat religi\u00f6s motiviert war.<\/em><br \/>\n.<br \/>\nT-online.de ist immerhin auf dem generalisierenden Quivive:<br \/>\nM\u00e4nnlich, jung, bewaffnet<br \/>\n<strong>&#8218;&#8220;Jeder zweite T\u00e4ter Ist Deutscher&#8220;<\/strong><br \/>\n.<br \/>\nWer jetzt mi dem Zaunpfahl des ethnischen Volksbegriffs winken will: Bez\u00e4hmen Sie sich! <strong>Fr\u00fcher waren es nur Deutsche.<\/strong><br \/>\n&#8230; Alles vom 21.5.2025 bitte lesen auf<br \/>\n<a href=\"https:\/\/www.klonovsky.de\/2025\/05\/21-mai-2025\/\">https:\/\/www.klonovsky.de\/2025\/05\/21-mai-2025\/<\/a><\/p>\n<p>&nbsp;<\/p>\n<p><strong>Einmann in Berlin: Frauen, f\u00fcrchtet euch nicht!<\/strong><br \/>\nEin rbb-Beitrag berichtet, dass Berliner Frauen angegeben haben, \u201esich an 72 Prozent der abgefragten Orte unsicher zu f\u00fchlen\u201c. Es folgen Augenwischerei, fadenscheinige Tipps und mal wieder die Ignoranz des rosa Elefanten im Raum.<br \/>\nDer rbb hat einen Text mit dem Titel \u201eWarum der n\u00e4chtliche Heimweg vielen Menschen in Berlin Angst macht\u201c sowie einen dazugeh\u00f6rigen Video-Bericht ver\u00f6ffentlicht.<br \/>\nhttps:\/\/www.rbb24.de\/content\/rbb\/r24\/panorama\/beitrag\/2023\/01\/berlin-gefuehlte-sicherheit-nachts-frauen-unsicher-studie.html<br \/>\n&#8230;<br \/>\nBekanntlich schl\u00e4gt bei Vergewaltigungen, Messermorden und so weiter immer wieder \u201eEinmann\u201c zu: Ein mittlerweile gefl\u00fcgeltes Wort angesichts einschl\u00e4giger Medienberichte, die sich bei der Meldung einer Gewalttat bez\u00fcglich der T\u00e4terbeschreibung verd\u00e4chtig bedeckt halten \u2013 \u201eein Mann hat &#8230;\u201c \u2013 und sich h\u00f6chstens noch die Beschreibung \u201es\u00fcdl\u00e4ndischer Typ\u201c abringen k\u00f6nnen. Oftmals entpuppt sich der Tatverd\u00e4chtige dann als Asylbewerber oder Deutscher mit Migrationshintergrund \u2013 meist aus dem orientalischen oder afrikanischen Kulturkreis.<br \/>\n&#8230;.<br \/>\nDer rosa Elefant im Raum, n\u00e4mlich eine Steigerung der Straftaten durch Zuwanderung, wird beim \u00f6ffentlich-rechtlichen Fernsehen nicht thematisiert. Vielleicht h\u00e4tten Frauen ein \u201eEmpowerment\u201c \u00fcberhaupt nicht n\u00f6tig, wenn Gewalt nicht so konsequent und nachhaltig importiert w\u00fcrde. Da hilft auch alles Gendern im Beitrag nichts, wenn man die tats\u00e4chlichen Probleme im weiblichen Alltag nicht anzusprechen wagt. Aber diesen Widerspruch kann man sich wohl nur leisten, wenn man Feministin ist.<br \/>\n&#8230; Alles vom 30.1.2023 von Ulrike Stockmann bitte lesen auf<br \/>\n<a href=\"https:\/\/www.achgut.com\/artikel\/frauen_fuerchtet_euch_nicht\">https:\/\/www.achgut.com\/artikel\/frauen_fuerchtet_euch_nicht<\/a><\/p>\n<p>Ulrike Stockmann, geb. 1991, ist Redakteurin der Achse des Guten. Mehr von ihr finden Sie auf ihrem YouTube-Kanal <a href=\"https:\/\/www.youtube.com\/channel\/UCSbOa1WrH4zUcyA1OVo3D0A\">https:\/\/www.youtube.com\/channel\/UCSbOa1WrH4zUcyA1OVo3D0A<\/a> .<\/p>\n<p>.<\/p>\n<p><strong>Herkunft des Messerm\u00f6rders von <a href=\"https:\/\/www.freiburg-schwarzwald.de\/blog\/erneute-messerattacke-im-zug\/\">Brockstedt<\/a> laut NDR nicht relevant<\/strong><br \/>\n\u00bbDie Herkunft des T\u00e4ters ist f\u00fcr den Bericht nicht relevant und f\u00fchrt zu einer diskriminierenden Verallgemeinerung oder zu Fehlinterpretationen.\u00ab<br \/>\nAls Leser in den Online-Kommentaren die fehlenden Informationen nachreichten, wurden sie von der NDR-Faktenl\u00f6schtruppe schnell wieder entfernt.<br \/>\n&#8230; Alles vom 26.1.2023 bitte lesen auf <a href=\"https:\/\/www.bild.de\/politik\/inland\/politik-inland\/dient-erhalt-der-demokratie-ndr-will-nicht-ueber-taeter-herkunft-sprechen-82686162.bild.html\">https:\/\/www.bild.de\/politik\/inland\/politik-inland\/dient-erhalt-der-demokratie-ndr-will-nicht-ueber-taeter-herkunft-sprechen-82686162.bild.html<\/a><\/p>\n<p>&nbsp;<\/p>\n<p>&nbsp;<\/p>\n","protected":false},"excerpt":{"rendered":"<p>Home\u00a0&gt;Global\u00a0&gt;Integration\u00a0&gt;Migration &gt;Fl\u00fcchtlinge\u00a0&gt;Herkunft &nbsp; Listenauswahl eines Beitrags (Artikel\/Datum, Seite\/Inhalt):\u00a0Klicken\u00a0oder scrollen Thomas Hartung: Herkunft migrantischer Straft\u00e4ter nennen (13.7.2026) Sichere Herkunftsl\u00e4nder (1.8.2025) Verfassungswidrige Kriminalisierung des ethnisch-kulturellen Volksbegriffs (27.7.2025) \u201eFremd im eigenen Land\u201c: Eine Gefahr f\u00fcr alle\u00a0(15.6.2025) (Nur) &#8218;&#8220;jeder zweite T\u00e4ter Ist Deutscher&#8220; (21.5.2025) &hellip; <a href=\"https:\/\/www.freiburg-schwarzwald.de\/blog\/global\/migration\/herkunft\/\">Weiterlesen <span class=\"meta-nav\">&rarr;<\/span><\/a><\/p>\n","protected":false},"author":2,"featured_media":0,"parent":9150,"menu_order":0,"comment_status":"closed","ping_status":"closed","template":"","meta":{"footnotes":""},"class_list":["post-108409","page","type-page","status-publish","hentry"],"_links":{"self":[{"href":"https:\/\/www.freiburg-schwarzwald.de\/blog\/wp-json\/wp\/v2\/pages\/108409","targetHints":{"allow":["GET"]}}],"collection":[{"href":"https:\/\/www.freiburg-schwarzwald.de\/blog\/wp-json\/wp\/v2\/pages"}],"about":[{"href":"https:\/\/www.freiburg-schwarzwald.de\/blog\/wp-json\/wp\/v2\/types\/page"}],"author":[{"embeddable":true,"href":"https:\/\/www.freiburg-schwarzwald.de\/blog\/wp-json\/wp\/v2\/users\/2"}],"replies":[{"embeddable":true,"href":"https:\/\/www.freiburg-schwarzwald.de\/blog\/wp-json\/wp\/v2\/comments?post=108409"}],"version-history":[{"count":5,"href":"https:\/\/www.freiburg-schwarzwald.de\/blog\/wp-json\/wp\/v2\/pages\/108409\/revisions"}],"predecessor-version":[{"id":152438,"href":"https:\/\/www.freiburg-schwarzwald.de\/blog\/wp-json\/wp\/v2\/pages\/108409\/revisions\/152438"}],"up":[{"embeddable":true,"href":"https:\/\/www.freiburg-schwarzwald.de\/blog\/wp-json\/wp\/v2\/pages\/9150"}],"wp:attachment":[{"href":"https:\/\/www.freiburg-schwarzwald.de\/blog\/wp-json\/wp\/v2\/media?parent=108409"}],"curies":[{"name":"wp","href":"https:\/\/api.w.org\/{rel}","templated":true}]}}