{"id":106683,"date":"2022-11-29T18:45:20","date_gmt":"2022-11-29T17:45:20","guid":{"rendered":"https:\/\/www.freiburg-schwarzwald.de\/blog\/?page_id=106683"},"modified":"2026-01-12T12:28:10","modified_gmt":"2026-01-12T11:28:10","slug":"letzte","status":"publish","type":"page","link":"https:\/\/www.freiburg-schwarzwald.de\/blog\/natur\/klima\/klima-religion\/letzte\/","title":{"rendered":"Letzte"},"content":{"rendered":"<p>Home &gt;<a title=\"Natur\" href=\"https:\/\/www.freiburg-schwarzwald.de\/blog\/natur\/\">Natur<\/a>\u00a0&gt;<a title=\"Klima\" href=\"https:\/\/www.freiburg-schwarzwald.de\/blog\/natur\/klima\/\">Klima<\/a>\u00a0&gt;<a title=\"Klimawandel\" href=\"https:\/\/www.freiburg-schwarzwald.de\/blog\/natur\/klima\/klimawandel\/\">Klimawandel<\/a>\u00a0&gt;<a title=\"FridaysForFuture\" href=\"https:\/\/www.freiburg-schwarzwald.de\/blog\/natur\/klima\/fridaysforfuture\/\">FridaysForFuture<\/a> &gt;<a href=\"https:\/\/www.freiburg-schwarzwald.de\/blog\/natur\/klima\/extinction\/\">Extinction Rebellio<\/a>n &gt;Letzte<\/p>\n<div id=\"attachment_106684\" style=\"width: 554px\" class=\"wp-caption alignnone\"><a href=\"https:\/\/www.freiburg-schwarzwald.de\/blog\/wp-content\/uploads\/2022\/11\/maske-schleuse-pan221127.jpg\"><img loading=\"lazy\" decoding=\"async\" aria-describedby=\"caption-attachment-106684\" class=\"size-full wp-image-106684\" src=\"https:\/\/www.freiburg-schwarzwald.de\/blog\/wp-content\/uploads\/2022\/11\/maske-schleuse-pan221127.jpg\" alt=\"\" width=\"544\" height=\"333\" srcset=\"https:\/\/www.freiburg-schwarzwald.de\/blog\/wp-content\/uploads\/2022\/11\/maske-schleuse-pan221127.jpg 544w, https:\/\/www.freiburg-schwarzwald.de\/blog\/wp-content\/uploads\/2022\/11\/maske-schleuse-pan221127-180x110.jpg 180w\" sizes=\"auto, (max-width: 544px) 100vw, 544px\" \/><\/a><p id=\"caption-attachment-106684\" class=\"wp-caption-text\">Die letzte Angst vor der letzten Gefahr im Herbst 2022<\/p><\/div>\n<ul>\n<li><em>Listenauswahl eines Beitrags (Artikel\/Datum, Seite\/Inhalt): <span style=\"text-decoration: underline;\">Klicken<\/span> oder scrollen<\/em><\/li>\n<li><a href=\"https:\/\/www.freiburg-schwarzwald.de\/blog\/natur\/klima\/klimaterrorismus\/\">Wolfgang Meins: Die Berliner Klima-RAF und die K\u00e4ltetoten<\/a>\u00a0(12.1.2026)<\/li>\n<li><a href=\"https:\/\/www.freiburg-schwarzwald.de\/blog\/natur\/klima\/klimawandel-glaube\/\">Baby als Klimakiller \u2013 sch\u00e4mt Euch!<\/a>\u00a0(2.1.2024)<\/li>\n<li><a href=\"https:\/\/www.freiburg-schwarzwald.de\/blog\/natur\/klima\/greta\/\">Thorsten Hinz: Greta Thunberg hat ihre Schuldigkeit getan<\/a>\u00a0(15.12.2023)<\/li>\n<li>Letzte Generation bespr\u00fcht Unibibliothek Freiburg (16.10.2023)<\/li>\n<li>100.00-Euro-Spende an Letzte Generation ist ein Schlag ins Gesicht (4.10.2023)<\/li>\n<li><a href=\"https:\/\/www.freiburg-schwarzwald.de\/blog\/global\/deutschland\/deutschland-israel\/\">Greta Thunberg unterst\u00fctzt die Hamas und wirbt mit Nazi-Symbol<\/a>\u00a0(20.10.2023)<\/li>\n<li>Satire: Freiburger Klimacamp sorgt f\u00fcr hei\u00dfesten Advent seit Beginn der Wetteraufzeichnung (4.8.2023)<\/li>\n<li>Weltuntergangssekte will Berlin lahm legen \u2013 was w\u00e4re, wenn es Rechte w\u00e4ren? (23.4.2023)<\/li>\n<li><a href=\"https:\/\/www.freiburg-schwarzwald.de\/blog\/nazi-vergleich-bei-klimarettung\/\">Nazi-Vergleich bei Klimarettung<\/a> (13.3.2023)<\/li>\n<li>Die Hysterisierbarkeit der endaufgekl\u00e4rten Letzten Menschen (29.11.2022)<\/li>\n<li><\/li>\n<li><a href=\"https:\/\/www.freiburg-schwarzwald.de\/blog\/natur\/klima\/apokalypse\/\">Apokalypse<\/a><\/li>\n<li><a href=\"https:\/\/www.freiburg-schwarzwald.de\/blog\/natur\/klima\/extinction\/\">Extinction Rebellion<\/a><\/li>\n<li><a href=\"https:\/\/www.freiburg-schwarzwald.de\/blog\/natur\/klima\/fridaysforfuture\/\">FridaysForFuture<\/a><\/li>\n<li><a href=\"https:\/\/www.freiburg-schwarzwald.de\/blog\/engagement\/zukunft\/ideologie\/\">Ideologie<\/a><\/li>\n<li><a href=\"https:\/\/www.freiburg-schwarzwald.de\/blog\/natur\/klima\/klima-mythen\/\">Klima-Mythen<\/a><\/li>\n<li><a href=\"https:\/\/www.freiburg-schwarzwald.de\/blog\/natur\/klima\/klimawandel\/\">Klimawandel<\/a><\/li>\n<\/ul>\n<p><strong>Letzte Generation &#8211; Letzte Menschen &#8211; Letzte &#8230;<\/strong><br \/>\n===========================================================<\/p>\n<p><strong>Letzte Generation bespr\u00fcht Unibibliothek Freiburg<\/strong><br \/>\nZwei Klimaaktivisten der sogenannten Letzten Generation haben am Montag um kurz nach neun Uhr die Universit\u00e4tsbibliothek in Freiburg mit oranger Farbe bespr\u00fcht. Die Klimaaktivisten verwendeten einen mit Farbe gef\u00fcllten Feuerl\u00f6scher und spr\u00fchten die orange Farbe gro\u00dffl\u00e4chig auf die Glasfassade des Haupteingangs.<br \/>\n&#8230; Alles vom 16.10.2023 bitte lesen auf<br \/>\n<a href=\"https:\/\/www.swr.de\/swraktuell\/baden-wuerttemberg\/suedbaden\/letzte-generation-besprueht-unibibliothek-freiburg-100.html\">https:\/\/www.swr.de\/swraktuell\/baden-wuerttemberg\/suedbaden\/letzte-generation-besprueht-unibibliothek-freiburg-100.html<\/a><\/p>\n<p><strong>Letzte Generation: Dieser Protest erzeugt nur Kopfsch\u00fctteln<\/strong><br \/>\nIch habe kein Verst\u00e4ndnis f\u00fcr die Farbbespr\u00fchungen der &#8222;Letzten Generation&#8220;, die mit enormen Sachbesch\u00e4digungen verbunden sind. Das grunds\u00e4tzliche Ziel des Klimaschutzes ist zu unterst\u00fctzen \u2013 \u00fcber die Auswahl der konkreten Vorschl\u00e4ge kann man unterschiedlicher Auffassung sein. Aber diese Art von Protesten erzeugt nur Kopfsch\u00fctteln oder sogar gewaltigen \u00c4rger.<br \/>\nDamit bekommt Klimaschutz eine negative Anmutung oder ein negatives &#8222;Gschm\u00e4ckle&#8220;, was zu Ablehnung des Gedankens des Klimaschutzes und von konkreten Ma\u00dfnahmen bei sehr vielen Menschen h\u00f6chstwahrscheinlich f\u00fchrt. Damit k\u00f6nnen bestimmte Ma\u00dfnahmen keine zustimmende Mehrheit in der Bev\u00f6lkerung und damit der Parlamente erhalten. Ein sachliches Nachdenken \u00fcber Klimaschutzma\u00dfnahmen auch im privaten Bereich wird so &#8222;verteufelt&#8220;.<br \/>\nIch \u00e4u\u00dfere das als jemand, der seit Jahrzehnten im Umweltbereich lokale Aktionen oder Stellungnahmen organisiert hat, von B31 Ost bis Gestaltung des Rotteckringes.<br \/>\n30.10.2023, Walther Moser, Freiburg, BZ-Leserbrief<\/p>\n<div id=\"attachment_116708\" style=\"width: 650px\" class=\"wp-caption alignnone\"><a href=\"https:\/\/www.freiburg-schwarzwald.de\/blog\/wp-content\/uploads\/2023\/10\/unibibliothek-freiburg-letzte-pan231016.jpg\"><img loading=\"lazy\" decoding=\"async\" aria-describedby=\"caption-attachment-116708\" class=\"size-full wp-image-116708\" src=\"https:\/\/www.freiburg-schwarzwald.de\/blog\/wp-content\/uploads\/2023\/10\/unibibliothek-freiburg-letzte-pan231016.jpg\" alt=\"\" width=\"640\" height=\"309\" srcset=\"https:\/\/www.freiburg-schwarzwald.de\/blog\/wp-content\/uploads\/2023\/10\/unibibliothek-freiburg-letzte-pan231016.jpg 640w, https:\/\/www.freiburg-schwarzwald.de\/blog\/wp-content\/uploads\/2023\/10\/unibibliothek-freiburg-letzte-pan231016-180x87.jpg 180w\" sizes=\"auto, (max-width: 640px) 100vw, 640px\" \/><\/a><p id=\"caption-attachment-116708\" class=\"wp-caption-text\">Letzte Generation bespr\u00fcht Unibibliothek Freiburg am 16.10.2023<\/p><\/div>\n<p><strong> 100.00-Euro-Spende an Letzte Generation ist ein Schlag ins Gesicht<\/strong><br \/>\nEine bessere Public-Relations-Aktion mit Unterst\u00fctzung der Badischen Zeitung kann sich Herr Peter Denk nicht w\u00fcnschen. Wer in Deutschland eine Straftat begeht, ist ein Straft\u00e4ter, und das gilt auch f\u00fcr eine Organisation wie die Klima-Chaoten, genannt die Letzte Generation. Sachbesch\u00e4digung, N\u00f6tigung (grenzend an Erpressung), Eingriff in den \u00f6ffentlichen Stra\u00dfenverkehr, Flughafen-Blockade und vieles mehr. Momentan wird gepr\u00fcft, die Klima-Chaoten als kriminelle Vereinigung einzustufen, und wer eine kriminelle Vereinigung finanzieren w\u00fcrde, und das noch in erheblichen Ma\u00dfen wie Herr Peter Denk mit 100.000 Euro, beginge &#8222;Beihilfe zu Straftaten&#8220;. Die 100.000 Euro, die Herr Peter Denk gespendet hat, w\u00e4ren bei der Kinderkrebsklinik, dem Deutschen Roten Kreuz oder einer Parit\u00e4tischen Einrichtung viel besser angekommen. Bitte lesen Sie den BZ-Artikel &#8222;Kaum Chancen f\u00fcr ein Kinderhospiz&#8220; vom Mittwoch, 23. November 2022, \u00fcber Frau Ellen V\u00f6llmecke, eine bewundernswerte Frau, die f\u00fcr diese Region ein Kinderhospiz er\u00f6ffnen wollte, aber mangels Unterst\u00fctzung vor dem Aus steht. F\u00fcr mich und viele Menschen ist diese 100.000-Euro-Spende an die Klima-Chaoten ein Schlag ins Gesicht und nicht nachvollziehbar. Man denke an das biblische Wort aus dem Alten Testament der Bibel, im Buch der Spr\u00fcche Salomos, Kapitel 16, Vers 18: &#8222;Hochmut kommt vor dem Fall&#8220;.<br \/>\n4.10.2023, Wolfgang Steimle, Freiburg<br \/>\n.<br \/>\n<em>Der 57-j\u00e4hrige Peter Denk ist Diplom-Ingenieur und Maschinenbauer. Er ist Gesch\u00e4ftsf\u00fchrer des &#8222;Innovation Center Freiburg&#8220; des Radherstellers Specialized und hat die Cannondale-Niederlassung in Freiburg aufgebaut. J\u00fcngst hat er 100.000 Euro an die &#8222;Letzte Generation&#8220; gespendet. Andere Medien berichteten \u00fcber eine 300.000-Euro-Spende. Davon sei nur ein Drittel von ihm gewesen, der Rest von anonymen Spendern, so Denk.<\/em><br \/>\n19.9.2023, <a href=\"https:\/\/www.badische-zeitung.de\/peter-denk\">https:\/\/www.badische-zeitung.de\/peter-denk<\/a><\/p>\n<p>&nbsp;<\/p>\n<p><strong>Satire: Freiburger Klimacamp sorgt f\u00fcr hei\u00dfesten Advent seit Beginn der Wetteraufzeichnung<\/strong><br \/>\nDer Streit um das Klimacamp n\u00e4hert sich dem Kipppunkt. Die Weigerung der Aktivisten, zum Weihnachtsmarkt den Rathausplatz zu r\u00e4umen, k\u00f6nnte dramatische Folgen f\u00fcr das Freiburger Binnenklima haben. Meteorologen warnen, durch die erhitzten Gem\u00fcter drohe der Stadt der w\u00e4rmste Advent seit Beginn der Wetteraufzeichnung. Machen die Camper nicht Platz, bef\u00fcrchtet man eine Massenabwanderung von Kunsthandwerkern in die k\u00fchlere Ravennaschlucht.<br \/>\n&#8230; Alles vom 4.8.2023 bitte lesen auf<br \/>\n<a href=\"https:\/\/www.badische-zeitung.de\/satire-freiburger-klimacamp-sorgt-fuer-heissesten-advent-seit-beginn-der-wetteraufzeichnung--278089162.html\">https:\/\/www.badische-zeitung.de\/satire-freiburger-klimacamp-sorgt-fuer-heissesten-advent-seit-beginn-der-wetteraufzeichnung&#8211;278089162.html<\/a><br \/>\n.<br \/>\n<strong>Freiburger Klimacamp formuliert Bedingungen f\u00fcr befristeten Wegzug vom Rathausplatz<\/strong><br \/>\n&#8230; Alles vom 29.7.2023 bitte lesen auf<br \/>\n<a href=\"https:\/\/www.badische-zeitung.de\/freiburger-klimacamp-formuliert-bedingungen-fuer-befristeten-wegzug-vom-rathausplatz--276945898.html\">https:\/\/www.badische-zeitung.de\/freiburger-klimacamp-formuliert-bedingungen-fuer-befristeten-wegzug-vom-rathausplatz&#8211;276945898.html<\/a><br \/>\n.<br \/>\nEinig Kommentare<br \/>\nSo funktioniert die gr\u00fcne Masche. Erpressen, vorschreiben, drangsalieren Und weil Journalisten aller Medien ihren Job benutzen um ihre eigene Ideologie voran zu bringen, verschafft man jeder noch so kleinen Gruppe eine Plattform. Ganz krass ist es bei den \u00f6ffentlich rechtlichen, die das auch noch mit unseren Geb\u00fchren finanzieren, B.M.<br \/>\n.<br \/>\nDie richtige Reaktion ist doch jetzt, den Weihnachtsmarkt einfach abzusagen, da der ganze verdampfende Gl\u00fchwein und die Bratwurschd-Ger\u00fcche das Klima verpesten. Die arbeitsscheuen Kids sollen weiter an den Rathausplatz und die Verwaltung pinkeln. Ansonsten rege ich ein <em><strong>Dauerprotestcamp f\u00fcr das Bauen von Wohnungen<\/strong><\/em> in Freiburg an. U.K.<br \/>\n.<br \/>\nEs w\u00e4re interessant zu wissen, wie die Reaktionen ausfallen w\u00fcrden, wenn sich <em><strong>Obdachlose auf dem Rathausplatz niederlassen<\/strong><\/em> und dies als Demonstration f\u00fcr menschenw\u00fcrdige Unterk\u00fcnfte deklarieren w\u00fcrden. B.F.<br \/>\n.<br \/>\nIch finde diese Denkweise ungeheuerlich und gef\u00e4hrlich f\u00fcr unsere Demokratie<br \/>\nEs ist einfach nur erschreckend, welche Auffassung von Demokratie mittlerweile um sich greift. Da okkupieren ein paar Menschen selbstherrlich einen Teil eines \u00f6ffentlichen Platzes und erkl\u00e4ren diesen mal eben zu ihrem pers\u00f6nlichen Sperrgebiet f\u00fcr die kommenden zehn Jahre. Die Stadt schaut versch\u00e4mt zur Seite, anstatt sich damit auseinanderzusetzen, ob das so von unserer Demokratie und unserem Grundgesetz abgedeckt ist. Als w\u00e4re das nicht schon genug, kommt jetzt der n\u00e4chste Angriff auf ein gesellschaftliches Miteinander. Man erpresst die gew\u00e4hlte Vertretung der Stadt und somit die B\u00fcrger. Das &#8222;Klimacamp&#8220; stellt also Forderungen. Dieser merkw\u00fcrdigen Auffassung von Demokratie und Mehrheitsbeschl\u00fcssen bedienen sich ja schon die Klimakleber. Die geben sich allerdings nicht mit der Erpressung einer Stadt zufrieden, nein die denken gleich gr\u00f6\u00dfer. Hier erpresst man gleich das ganze Land beziehungsweise deren demokratisch gew\u00e4hlte Regierung.<br \/>\nEs scheint ein Trend der letzten Jahre zu sein, Mehrheitsbeschl\u00fcsse oder Wahlen schlicht zu ignorieren, wenn es der eigenen Meinung\/Auffassung widerspricht. Man selbst hat die Deutungshoheit, die anderen haben sich gef\u00e4lligst dieser unterzuordnen. Ansonsten m\u00fcssen die halt sp\u00fcren. Geht ja nicht anders. Ich pers\u00f6nlich finde diese Denkweise ungeheuerlich und gef\u00e4hrlich f\u00fcr unsere Demokratie. Diese wird mittlerweile nicht nur von Rechtsau\u00dfen, sondern auch von selbsternannten Weltenrettern massiv bedroht. Die Ergebnisse sieht man in Umfragen. Sollten diese krude Einstellung zum Zusammenleben und zur Demokratie weiter um sich greifen, dann gute Nacht. Ich hoffe, die Stadt l\u00e4sst endlich nach dieser Unversch\u00e4mtheit den Platz r\u00e4umen. Aber scheinbar kann man sich heutzutage alles erlauben \u2013 Hauptsache man h\u00e4ngt sich das Klimaretter-M\u00e4ntelchen um.<br \/>\n7.8.2023, Volker Gollenia, Bad Krozingen<br \/>\n.<br \/>\nEin Gutteil der Gr\u00fcnen hat den Boden bereitet f\u00fcr borniert, gar militant Agierende<br \/>\nDie Klimacamper, die den Freiburger Rathausplatz seit \u00fcber einem Jahr besetzt halten, wollen ihren Mitmenschen, Besuchern jeden Alters und den Beschickern nicht die Gnade erweisen, den Rathausplatz f\u00fcr den Weihnachtsmarkt 2023 zu verlassen. Da darf man doch an Cem \u00d6zdemir erinnern: &#8222;Klimaschutz darf nicht zur Kampfansage werden, er muss ein Angebot sein.&#8220;<br \/>\nFreilich hat nicht zuletzt ein Gutteil der Gr\u00fcnen durch einen moralisierend-sendungsbewusst fixierten Politikansatz bei ausgepr\u00e4gt selektiver Wahrnehmung den Boden bereitet f\u00fcr borniert, gar militant Agierende. Wer den Weihnachtsmarkt verhindern will, wer Stra\u00dfen f\u00fcr Rettungskr\u00e4fte, Berufst\u00e4tige und so weiter blockiert, wird nicht nur zum \u00c4rgernis f\u00fcr seine Umwelt, sondern auch zum &#8222;n\u00fctzlichen Idioten&#8220; f\u00fcr alle, die ein demokratisch verfasstes Gemeinwesen destabilisieren wollen.<br \/>\n7.8.2023, Wolfgang Mecklenburg, St. Peter<br \/>\nEnde Kommentare<\/p>\n<p>.<\/p>\n<p><strong>Weltuntergangssekte will Berlin lahm legen \u2013 was w\u00e4re, wenn es Rechte w\u00e4ren?<\/strong><br \/>\nAb Montag wollen die Anh\u00e4nger der \u201eLetzten Generation\u201c Berlin komplett lahm legen. Bundesverkehrsminister Volker Wissing hat erkl\u00e4rt, er wolle sich mit der Gruppe treffen, um sich \u00fcber das Thema Klimaschutz auszutauschen.<br \/>\nHier ist ein Gedankenexperiment:<br \/>\nRechte Gruppen rufen auf, Berlin lahmzulegen, aus Protest gegen die Migrationspolitik der Ampelregierung. \u00dcberall aus Deutschland reisen Anh\u00e4nger dieser Gruppen an. Auf Social Media suchen sie nach Schlafm\u00f6glichkeiten f\u00fcr die Zugereisten.<br \/>\nSeit Wochen wird die Blockade der Stadt in einem von der Polizei genehmigten Trainingscamp trainiert. Viele von ihnen machen das sogar hauptberuflich, sie bekommen ein bescheidenes Gehalt daf\u00fcr, dass sie andere Menschen daran hindern, zur Arbeit zu kommen. Finanziert werden sie mit Millionenbetr\u00e4gen von reichen Geldgebern aus dem Ausland.<br \/>\nVorstellbar? Zum Gl\u00fcck nicht. Die Aufregung w\u00e4re schon im Vorfeld enorm, ARD und ZDF w\u00fcrden Experten und Politiker zu Wort kommen lassen, die eindringlich warnen. Linke Gruppen w\u00fcrden Proteste gegen die Protestierer ank\u00fcndigen. Von Angela Merkel bis Margot K\u00e4\u00dfmann w\u00fcrden sich Politiker, Vertreter von Kirchen, Gewerkschaften und \u201eZivilgesellschaft\u201c usw. \u00e4u\u00dfern und ihrer Emp\u00f6rung Ausdruck verleihen. Politiker von SPD und Gr\u00fcnen w\u00fcrden fordern, die ganze H\u00e4rte des Rechtsstaates solle diese Protestierenden treffen.<br \/>\n.<br \/>\nIn Deutschland wird mit <a href=\"https:\/\/www.freiburg-schwarzwald.de\/blog\/kultur\/kulturverlust\/zweierlei\/\">zweierlei Ma\u00df<\/a> gemessen<br \/>\nWenn es sich jedoch nicht um rechte Gruppen handelt, sondern um Anh\u00e4nger einer antikapitalistischen Weltuntergangssekte, die sich \u201eLetzte Generation\u201c nennt, ist die Reaktion ganz anders.<br \/>\n&#8230; Alles vom 23.4.2023 von Rainer Zitelmann bitte lesen auf<br \/>\n<a href=\"https:\/\/www.focus.de\/finanzen\/experten\/gastbeitrag-von-rainer-zitelmann-weltuntergangssekte-will-berlin-lahm-legen-was-waere-wenn-es-rechte-waeren_id_191877553.html\">https:\/\/www.focus.de\/finanzen\/experten\/gastbeitrag-von-rainer-zitelmann-weltuntergangssekte-will-berlin-lahm-legen-was-waere-wenn-es-rechte-waeren_id_191877553.html<\/a><\/p>\n<p>.<\/p>\n<p><strong>Die Hysterisierbarkeit der endaufgekl\u00e4rten Letzten Menschen<\/strong><br \/>\nDie Hysterisierbarkeit der endaufgekl\u00e4rten <a href=\"https:\/\/www.freiburg-schwarzwald.de\/blog\/natur\/klima\/extinction\/\">Letzten Menschen<\/a>\u00a0l\u00e4sst jedes <a href=\"https:\/\/www.freiburg-schwarzwald.de\/blog\/engagement\/zukunft\/demokratie\/totalitarismus\/\">Autokratenherz<\/a> h\u00f6her schlagen; man muss ihnen nur suggerieren, dass eine gro\u00dfe Gefahr droht und sie die <a href=\"https:\/\/www.freiburg-schwarzwald.de\/blog\/bildung\/wissenschaft\/\">wissenschaftlich<\/a> gesicherten, von <a href=\"https:\/\/www.freiburg-schwarzwald.de\/blog\/kultur\/medien\/faktencheck\/\">Faktecheckern<\/a> gepr\u00fcften Abwehrpositionen vertreten.<br \/>\n&#8230; Alles vom 29.11.2022 bitte lesen auf<br \/>\n<a href=\"https:\/\/www.klonovsky.de\/2022\/11\/29-november-2022\/\">https:\/\/www.klonovsky.de\/2022\/11\/29-november-2022\/<\/a><\/p>\n<p>&nbsp;<\/p>\n","protected":false},"excerpt":{"rendered":"<p>Home &gt;Natur\u00a0&gt;Klima\u00a0&gt;Klimawandel\u00a0&gt;FridaysForFuture &gt;Extinction Rebellion &gt;Letzte Listenauswahl eines Beitrags (Artikel\/Datum, Seite\/Inhalt): Klicken oder scrollen Wolfgang Meins: Die Berliner Klima-RAF und die K\u00e4ltetoten\u00a0(12.1.2026) Baby als Klimakiller \u2013 sch\u00e4mt Euch!\u00a0(2.1.2024) Thorsten Hinz: Greta Thunberg hat ihre Schuldigkeit getan\u00a0(15.12.2023) Letzte Generation bespr\u00fcht Unibibliothek Freiburg &hellip; <a href=\"https:\/\/www.freiburg-schwarzwald.de\/blog\/natur\/klima\/klima-religion\/letzte\/\">Weiterlesen <span class=\"meta-nav\">&rarr;<\/span><\/a><\/p>\n","protected":false},"author":2,"featured_media":0,"parent":72893,"menu_order":0,"comment_status":"closed","ping_status":"closed","template":"","meta":{"footnotes":""},"class_list":["post-106683","page","type-page","status-publish","hentry"],"_links":{"self":[{"href":"https:\/\/www.freiburg-schwarzwald.de\/blog\/wp-json\/wp\/v2\/pages\/106683","targetHints":{"allow":["GET"]}}],"collection":[{"href":"https:\/\/www.freiburg-schwarzwald.de\/blog\/wp-json\/wp\/v2\/pages"}],"about":[{"href":"https:\/\/www.freiburg-schwarzwald.de\/blog\/wp-json\/wp\/v2\/types\/page"}],"author":[{"embeddable":true,"href":"https:\/\/www.freiburg-schwarzwald.de\/blog\/wp-json\/wp\/v2\/users\/2"}],"replies":[{"embeddable":true,"href":"https:\/\/www.freiburg-schwarzwald.de\/blog\/wp-json\/wp\/v2\/comments?post=106683"}],"version-history":[{"count":6,"href":"https:\/\/www.freiburg-schwarzwald.de\/blog\/wp-json\/wp\/v2\/pages\/106683\/revisions"}],"predecessor-version":[{"id":144061,"href":"https:\/\/www.freiburg-schwarzwald.de\/blog\/wp-json\/wp\/v2\/pages\/106683\/revisions\/144061"}],"up":[{"embeddable":true,"href":"https:\/\/www.freiburg-schwarzwald.de\/blog\/wp-json\/wp\/v2\/pages\/72893"}],"wp:attachment":[{"href":"https:\/\/www.freiburg-schwarzwald.de\/blog\/wp-json\/wp\/v2\/media?parent=106683"}],"curies":[{"name":"wp","href":"https:\/\/api.w.org\/{rel}","templated":true}]}}