{"id":106332,"date":"2022-11-18T21:38:53","date_gmt":"2022-11-18T20:38:53","guid":{"rendered":"https:\/\/www.freiburg-schwarzwald.de\/blog\/?page_id=106332"},"modified":"2026-02-01T13:14:32","modified_gmt":"2026-02-01T12:14:32","slug":"buergerrechte","status":"publish","type":"page","link":"https:\/\/www.freiburg-schwarzwald.de\/blog\/global\/deutschland\/gesellschaft\/buergerrechte\/","title":{"rendered":"Buergerrechte"},"content":{"rendered":"<p><a href=\"https:\/\/freiburg-schwarzwald.de\/blog\">Home<\/a>\u00a0&gt;<a title=\"Zukunft\" href=\"https:\/\/www.freiburg-schwarzwald.de\/blog\/engagement\/zukunft\/\">Zukunft<\/a>\u00a0&gt;<a title=\"Demokratie\" href=\"https:\/\/www.freiburg-schwarzwald.de\/blog\/engagement\/zukunft\/demokratie\/\">Demokratie<\/a>\u00a0&gt;<a title=\"Deutschland\" href=\"https:\/\/www.freiburg-schwarzwald.de\/blog\/global\/deutschland\/\">Deutschland<\/a>\u00a0&gt;<a title=\"Gesellschaft\" href=\"https:\/\/www.freiburg-schwarzwald.de\/blog\/global\/deutschland\/gesellschaft\/\">Gesellschaft<\/a> &gt;<a href=\"https:\/\/www.freiburg-schwarzwald.de\/blog\/engagement\/buerger\/\">Buerger<\/a> &gt;Buergerrechte<\/p>\n<div id=\"attachment_106263\" style=\"width: 648px\" class=\"wp-caption alignnone\"><a href=\"https:\/\/www.freiburg-schwarzwald.de\/blog\/wp-content\/uploads\/2022\/11\/Kaierstuhl-Achkarren-Wein-Cosmea-pan2022nov.jpg\"><img loading=\"lazy\" decoding=\"async\" aria-describedby=\"caption-attachment-106263\" class=\"size-full wp-image-106263\" src=\"https:\/\/www.freiburg-schwarzwald.de\/blog\/wp-content\/uploads\/2022\/11\/Kaierstuhl-Achkarren-Wein-Cosmea-pan2022nov.jpg\" alt=\"\" width=\"638\" height=\"357\" srcset=\"https:\/\/www.freiburg-schwarzwald.de\/blog\/wp-content\/uploads\/2022\/11\/Kaierstuhl-Achkarren-Wein-Cosmea-pan2022nov.jpg 638w, https:\/\/www.freiburg-schwarzwald.de\/blog\/wp-content\/uploads\/2022\/11\/Kaierstuhl-Achkarren-Wein-Cosmea-pan2022nov-180x101.jpg 180w\" sizes=\"auto, (max-width: 638px) 100vw, 638px\" \/><\/a><p id=\"caption-attachment-106263\" class=\"wp-caption-text\">Cosmea-Bl\u00fcten im herbstlichen Kaiserstuhl bei Achkarren 11\/2022<\/p><\/div>\n<p><strong><a href=\"https:\/\/www.freiburg-schwarzwald.de\/blog\/engagement\/zukunft\/demokratie\/democracy-first\/\">Demokratie ist die beste Staatsform!<\/a><\/strong><\/p>\n<ul>\n<li><em>Listenauswahl eines Beitrags: Bitte anklicken oder runterscrollen<\/em><\/li>\n<li><a href=\"https:\/\/www.freiburg-schwarzwald.de\/blog\/schwachkopf-affaere-niehoff-tot\/\">Schwachkopf-Aff\u00e4re: Niehoff tot<\/a>\u00a0(1.2.2026)<\/li>\n<li><a href=\"https:\/\/www.freiburg-schwarzwald.de\/blog\/engagement\/zukunft\/demokratie\/wahlrecht\/\">Ulrich Vosgerau: Entzug des passiven Wahlrechts<\/a>\u00a0(16.1.2026)<\/li>\n<li><a href=\"https:\/\/www.freiburg-schwarzwald.de\/blog\/engagement\/zukunft\/demokratie\/wahlrecht\/\">Zweitstimme abschaffen: Diffamierung statt Wahrheitssuche \u2013 Die Herrschaft des Primitiven in der Partei-Politik<\/a>\u00a0(9.1.2026)<\/li>\n<li><a href=\"https:\/\/www.freiburg-schwarzwald.de\/blog\/engagement\/zukunft\/digitalisierung\/digitalfreiheit\/\">Orwellianismus \u00e0 la Suisse: E-ID \u2013 Das Recht auf analoges Leben verteidigen<\/a>\u00a0(30.9.2025)<\/li>\n<li><a href=\"https:\/\/www.freiburg-schwarzwald.de\/blog\/meinungsfreiheit-buergerrecht\/\">Meinungsfreiheit \u2013 B\u00fcrgerrecht<\/a>\u00a0(17.1.2025)<\/li>\n<li>Gegendruck: \u201eUnseren Grund- und Menschenrechten wurde der Krieg erkl\u00e4rt\u201d (12.10.2024)<\/li>\n<li>Grundgesetz ist keine Hausordnung: Gru\u00dfwort der Landtagspr\u00e4sidentin Muhterem Aras (2.10.2024)<\/li>\n<li><a href=\"https:\/\/www.freiburg-schwarzwald.de\/blog\/meinungsfreiheit-fernsehpreis\/\">Meinungsfreiheit \u2013 Fernsehpreis<\/a>\u00a0(29.9.2024)<\/li>\n<li>CitizenGO: Leben Familie Freiheit (7.8.2024)<\/li>\n<li>Gr\u00fcne: Menschenrechte enthaupten die B\u00fcrgerrechte (9.6.2024)<\/li>\n<li><a href=\"https:\/\/www.freiburg-schwarzwald.de\/blog\/global\/deutschland\/ddr-stasi\/\">\u201eHeute ist es noch viel schlimmer als zu der damaligen Zeit\u201c<\/a>\u00a0(8.6.2024)<\/li>\n<li><a href=\"https:\/\/www.freiburg-schwarzwald.de\/blog\/regio\/orte\/gundelfingen\/\">B\u00fcrgermeisteramt Gundelfingen und Pressefreiheit<\/a>\u00a0(11.4.2024)<\/li>\n<li><a href=\"https:\/\/www.freiburg-schwarzwald.de\/blog\/engagement\/zukunft\/demokratie\/volk\/staatsvolk\/\">Verfassungsschutz: Deutsches Staatsvolk ja \u2013 ethnologisch deutsches Volk nein<\/a>\u00a0(17.3.2024)<\/li>\n<li><a href=\"https:\/\/www.freiburg-schwarzwald.de\/blog\/engagement\/zukunft\/demokratie\/demokratiefoerderung\/\">Amadeu Antonio Stiftung \u2013 Inoffizielle Ideologiebeh\u00f6rde des Familienministeriums<\/a>\u00a0(20.11.2023)<\/li>\n<li><a href=\"https:\/\/www.freiburg-schwarzwald.de\/blog\/engagement\/buerger\/privat\/\">Markus Krall: \u201eMan wird das auch mit Ihnen machen, fr\u00fcher oder sp\u00e4ter!\u201c<\/a> (7.9.2023)<\/li>\n<li><a href=\"https:\/\/www.freiburg-schwarzwald.de\/blog\/selbsthilfe\/soziales\/justiz\/rechtsstaat\/\">LKA sticht Zeugen-Chats durch?<\/a>\u00a0(28.8.2023)<\/li>\n<li><a href=\"https:\/\/www.freiburg-schwarzwald.de\/blog\/engagement\/zukunft\/demokratie\/denunziation\/meldewesen\/\">Hubertus Knabe: Deutschland eifrig Spitzelland<\/a>\u00a0(26.8.2023)<\/li>\n<li><a href=\"https:\/\/www.freiburg-schwarzwald.de\/blog\/engagement\/zukunft\/demokratie\/staatsbuergerschaft\/\">Selbstbestimmungsgesetz und das Einb\u00fcrgerungsgesetz<\/a>\u00a0(23.8.2023)<\/li>\n<li><a href=\"https:\/\/www.freiburg-schwarzwald.de\/blog\/der-buerger-hat-keine-wahl-mehr\/\">Der B\u00fcrger hat keine Wahl mehr<\/a>\u00a0(16.8.2023)<\/li>\n<li><a href=\"https:\/\/www.freiburg-schwarzwald.de\/blog\/engagement\/zukunft\/demokratie\/grundgesetz\/grundgesetz-neu\/\">Unsere Basis als B\u00fcrger: Grundrechte und Grundgesetz<\/a>\u00a0(13.8.2023)<\/li>\n<li><a href=\"https:\/\/www.freiburg-schwarzwald.de\/blog\/engagement\/zukunft\/demokratie\/volk\/\">Murswiek: Deutsches Volk und Staatsvolk<\/a>\u00a0(5.5.2023)<\/li>\n<li><a href=\"https:\/\/www.freiburg-schwarzwald.de\/blog\/global\/deutschland\/gesellschaft\/buergerrat\/\">B\u00fcrgerr\u00e4te: Im Herbst startet ein neues politisches Gremium<\/a>\u00a0(14.4.2023)<\/li>\n<li><a href=\"https:\/\/www.freiburg-schwarzwald.de\/blog\/kultur\/medien\/diskussionskultur\/ausgrenzung\/\">Dr. P\u00fcrner: Ausgrenzung \u2013 eine grenzwertige Erfahrung<\/a>\u00a0(30.3.2023)<\/li>\n<li><a href=\"https:\/\/www.freiburg-schwarzwald.de\/blog\/corona-nachbetrachtung-20-23\/\">Corona-Nachbetrachtung 20-23<\/a>\u00a0(20.3.2023)<\/li>\n<li><a href=\"https:\/\/www.freiburg-schwarzwald.de\/blog\/engagement\/vorschriften\/\">Vorschriften verhindern pers\u00f6nliches Engagement<\/a>\u00a0(22.2.2023)<\/li>\n<li><a href=\"https:\/\/www.freiburg-schwarzwald.de\/blog\/direkte-demokratie-waehlerwille\/\">Direkte Demokratie: W\u00e4hlerwille<\/a>\u00a0(21.1.2023)<\/li>\n<li><a href=\"https:\/\/www.freiburg-schwarzwald.de\/blog\/880-mrd-euro-steuereinnahmen\/\">880 Mrd Euro Steuereinnahmen<\/a>\u00a0(7.1.2023)<\/li>\n<li><a href=\"https:\/\/www.freiburg-schwarzwald.de\/blog\/4-mal-gegen-die-buergerfreiheit\/\">4 mal gegen die B\u00fcrgerfreiheit<\/a>\u00a0(19.12.2022)<\/li>\n<li><a href=\"https:\/\/www.freiburg-schwarzwald.de\/blog\/engagement\/zukunft\/demokratie\/demokratischer-staat\/\">Zehn Grundhaltungen, die meine demokratische Gesinnung beweisen<\/a>\u00a0(16.12.2022)<\/li>\n<li><a href=\"https:\/\/www.freiburg-schwarzwald.de\/blog\/engagement\/zukunft\/demokratie\/staatsbuergerschaft\/\">Staatsb\u00fcrgerschaft: Der gro\u00dfe Ausverkauf<\/a> (13.12.20229<\/li>\n<li><a href=\"https:\/\/www.freiburg-schwarzwald.de\/blog\/unschuldsvermutung-beweislast\/\">Unschuldsvermutung Beweislast<\/a>\u00a0(12.12.2022)<\/li>\n<li><a href=\"https:\/\/www.freiburg-schwarzwald.de\/blog\/engagement\/zukunft\/demokratie\/freiheit\/frei\/\">Gudula Walterskirchen: \u201eWie wir unfrei werden\u201c<\/a>\u00a0(9.12.2022)<\/li>\n<li><a href=\"https:\/\/www.freiburg-schwarzwald.de\/blog\/engagement\/zukunft\/demokratie\/staatsbuergerschaft\/\">Staatsb\u00fcrgerschaft ohne deutsche Sprache<\/a>\u00a0(10.12.2022)<\/li>\n<li><a href=\"https:\/\/www.freiburg-schwarzwald.de\/blog\/ioannidis-rettet-die-demokratie\/\">Ioannidis: Rettet die Demokratie!<\/a>\u00a0(9.1.2022)<\/li>\n<li><a href=\"https:\/\/www.freiburg-schwarzwald.de\/blog\/nebelkerzen-zwecks-ablenkung\/\">Nebelkerzen zwecks Ablenkung<\/a>\u00a0(30.11.2022)<\/li>\n<li><a href=\"https:\/\/www.freiburg-schwarzwald.de\/blog\/kultur\/medien\/meinungsfreiheit\/meinungsstreit\/\">Meinungsstreit: Voraussetzung f\u00fcr die Gemeinschaft der Freien<\/a>\u00a0(25.11.2022)<\/li>\n<li>Warum die Menschen wieder B\u00fcrger sein sollten (18.11.2022)<\/li>\n<li><a href=\"https:\/\/www.freiburg-schwarzwald.de\/blog\/engagement\/zukunft\/demokratie\/staat\/\">Der Staat beschneidet Freiheits- bzw. B\u00fcrgerrechte<\/a> (18.11.2022)<\/li>\n<li><a href=\"https:\/\/www.freiburg-schwarzwald.de\/blog\/engagement\/zukunft\/demokratie\/staat\/\">Zur\u00fcck zur Neutralit\u00e4t \u2013 Der Staat mu\u00df unparteiisch sein<\/a>\u00a0(17.11.2022)<\/li>\n<li><\/li>\n<li><a href=\"https:\/\/www.freiburg-schwarzwald.de\/blog\/engagement\/zukunft\/demokratie\/denunziation\/ausgrenzung\/\">Ausgrenzung<\/a><\/li>\n<li><a href=\"https:\/\/www.freiburg-schwarzwald.de\/blog\/global\/deutschland\/gesellschaft\/buergerrat\/\">Buergerrat<\/a><\/li>\n<li><a href=\"https:\/\/www.freiburg-schwarzwald.de\/blog\/global\/deutschland\/ddr-stasi\/\">DDR-Stasi<\/a><\/li>\n<li><a href=\"https:\/\/www.freiburg-schwarzwald.de\/blog\/engagement\/zukunft\/demokratie\/demokratiefoerderung\/\">Demokratiefoerderung<\/a><\/li>\n<li><a href=\"https:\/\/www.freiburg-schwarzwald.de\/blog\/engagement\/zukunft\/demokratie\/freiheit\/freiheitsrechte\/\">Freiheitsrechte<\/a><\/li>\n<li><a href=\"https:\/\/www.freiburg-schwarzwald.de\/blog\/engagement\/zukunft\/demokratie\/grundgesetz\/grundrechte\/\">Grundrechte<\/a><\/li>\n<li><a href=\"https:\/\/www.freiburg-schwarzwald.de\/blog\/kultur\/medien\/meinungsfreiheit\/meinungsstreit\/\">Meinungsstreit<\/a><\/li>\n<li><a href=\"https:\/\/www.freiburg-schwarzwald.de\/blog\/engagement\/zukunft\/demokratie\/denunziation\/meldewesen\/\">Meldewesen<\/a><\/li>\n<li><a href=\"https:\/\/www.freiburg-schwarzwald.de\/blog\/engagement\/zukunft\/demokratie\/parteienstaat\/\">Parteienstaat<\/a><\/li>\n<li><a href=\"https:\/\/www.freiburg-schwarzwald.de\/blog\/engagement\/zukunft\/demokratie\/staatsbuergerschaft\/\">Staatsb\u00fcrgerschaft<\/a><\/li>\n<li><a href=\"https:\/\/www.freiburg-schwarzwald.de\/blog\/engagement\/zukunft\/demokratie\/freiheit\/ueberwachung\/\">Ueberwachung<\/a><\/li>\n<li><a href=\"https:\/\/www.freiburg-schwarzwald.de\/blog\/engagement\/vorschriften\/\">Vorschriften<\/a><\/li>\n<\/ul>\n<p><strong>Meinungsfreiheit ist das fundamentale B\u00fcrgerrecht<\/strong><br \/>\nOhne <a href=\"https:\/\/www.freiburg-schwarzwald.de\/blog\/kultur\/medien\/meinungsfreiheit\/\">Meinungsfreiheit<\/a> (Art 5 GG) keine Menschenw\u00fcrde (Art 1 GG). Also h\u00e4tten die Macher des Grundgesetzes, denen meine Hochachtung gilt, im Jahr 1949 das Recht auf freie Meinungs\u00e4u\u00dferung auch von Artikel 5 in Artikel 1 des Grundgesetzes integrieren k\u00f6nnen.<br \/>\n============================================================<\/p>\n<p>&nbsp;<\/p>\n<p><strong>Gegendruck: \u201eUnseren Grund- und Menschenrechten wurde der Krieg erkl\u00e4rt\u201d<\/strong><br \/>\nRaus aus dem Digitalen, zur\u00fcck ins Analoge? Das ist ein Weg, um der immer tiefer in die Lebensweisen der Menschen eingreifenden Digitalisierung entgegenzutreten. Und so erscheint nun ein neues Magazin in gedruckter Form zum zweiten Mal. Sein Name: \u201eGegendruck\u201c. Die NachDenkSeiten f\u00fchrten zu dem neuen Medienprojekt ein Kurzinterview mit dem Autor und Journalisten Flo Osrainik. Von Marcus Kl\u00f6ckner.<br \/>\n.<br \/>\nNDS: In K\u00fcrze kommt die zweite Ausgabe von \u201eGegendruck\u201c auf den Markt. Titel: \u201eStaat gegen B\u00fcrger\u201c. Warum dieser Titel? Woran machen Sie und die Autoren fest, dass der Staat sich gegen die B\u00fcrger ausrichtet?<br \/>\nDass das so ist und der Staat den B\u00fcrgern, das hei\u00dft unseren heiligen Grund- und Menschenrechten den Krieg erkl\u00e4rt hat, wurde doch jedem B\u00fcrger mit Corona und bis in den letzten Winkel des Planeten pers\u00f6nlich mit Nachdruck zugestellt. Und dieser Kampf im Namen des Staates gegen den angeblichen Souver\u00e4n, also den B\u00fcrger, und seine Rechte wird fortgef\u00fchrt. Dabei geht es, wie wir alle sehen k\u00f6nnen, mit Sicherheit nicht um das Wohl der Menschen, um die Gesundheit und um die Freiheit. W\u00fcrde sich die Politik auf das Gute konzentrieren, w\u00e4re die weltweite Armut mit einem Bruchteil der globalen Corona-Unsummen ein f\u00fcr alle Male ins Gruselkabinett menschlicher Irrwege verbannt \u2013 oder zumindest w\u00e4re \u00fcberall f\u00fcr freie medizinische Grundversorgung und echte Demokratie gesorgt.<br \/>\nWas im Dunstkreis der WHO, der UNO oder der EU zum schleichenden Tod unserer lang erk\u00e4mpften Freiheiten und Rechte beschlossen wird, wird vielleicht in gut bewachten Hinterzimmern, privaten Telefonaten oder in gel\u00f6schten Chatverl\u00e4ufen ausgemacht und auf Konferenzen in Davos oder bei den Bilderbergern angeschoben, aber sicher nicht von den V\u00f6lkern gewollt. Trotz systematischer Propaganda und Manipulation der Massen durch die Medien und s\u00e4mtliche Institutionen des Hofstaats wird keine direkte Mitsprache zugelassen \u2013 weder in diesen Kreisen und Organisationen noch anderswo. Genau an diesem Schauspiel unter dem Etikettenschwindel der Demokratie machen wir das fest. Wer das nicht verstanden hat, sollte unseren \u201eGegendruck\u201d erst recht aufmerksam lesen.<br \/>\n&#8230;. Alles vom 12.10.2024 bitte lesen auf<br \/>\n<a href=\"https:\/\/www.nachdenkseiten.de\/?p=122755\">https:\/\/www.nachdenkseiten.de\/?p=122755<\/a>.<\/p>\n<p>GEGENDRUCK &#8211; Printmagazin von manova.news<br \/>\nAusgabe 1: Sie wollen Krieg!<br \/>\n156 Seiten, 18\u20ac, ISBN 978-3-911394-01-7<br \/>\nErscheinungsdatum: 15. Juli 2024<\/p>\n<p>Ausgabe 2: Staat gegen B\u00fcrger<br \/>\n224 Seiten, 18\u20ac, ISBN 978-3-911394-02-4<br \/>\nErscheinungsdatum: 15. Oktober 2024<br \/>\n<a href=\"https:\/\/gegendruck.eu\/\">https:\/\/gegendruck.eu\/<\/a><\/p>\n<p>&nbsp;<\/p>\n<p><strong>CitizenGO: Leben Familie Freiheit<\/strong><br \/>\nCitizenGO als <a href=\"https:\/\/www.freiburg-schwarzwald.de\/blog\/engagement\/buergerinitiativen\/\">B\u00fcrgerbewegung<\/a> besteht aus derzeit 17.684.123 aktiven B\u00fcrgern weltweit, die die radikale Lobby daran hindern, der Gesellschaft ihre gegen Leben, Familie und Freiheit gerichtete Agenda aufzuzwingen<br \/>\nCitizenGO ist auf der ganzen Welt beheimatet. Wir bieten Kampagnen in aktuell 11 Sprachen durch: Deutsch, Englisch, Spanisch, Franz\u00f6sisch, Portugiesisch, Italienisch, Polnisch, Kroatisch, Ungarisch, Niederl\u00e4ndisch und Slowakisch. Wir wenden uns an Institutionen, Regierungen und Organisationen in 50 verschiedenen L\u00e4ndern.<br \/>\nWir m\u00f6chten das Leben, die Familie und die Freiheit auf eine effektive Art durch Online-Petitionen und Aktionen verteidigen und f\u00f6rdern. Durch unsere Arbeit wollen wir dazu beitragen, dass die M\u00e4chtigen dieser Welt die Menschenw\u00fcrde und die Rechte der Einzelnen respektieren.<br \/>\n<a href=\"https:\/\/youtu.be\/gl6puZt2JsE\">https:\/\/youtu.be\/gl6puZt2JsE<\/a><br \/>\nMit der CitizenGO Digitalplattform sind Sie in der Lage, Ihre Petitionen zu lokalen, nationalen und internationalen Beh\u00f6rden sowie zu politischen und wirtschaftlichen Einrichtungen jeglicher Art zu senden. Sie finden rasch gleichgesinnte B\u00fcrger aus aller Welt, mit denen Sie das gemeinsame Ziel einer besseren Gesellschaft eint, und Sie k\u00f6nnen einen Beitrag leisten, dass Entscheidungen gem\u00e4\u00df den geteilten Werten und Prinzipien getroffen werden.<br \/>\n7.8.2024, Sebastian Lukomski , CitizenGO, deutsch@citizengo.org<br \/>\n<a href=\"https:\/\/citizengo.org\/de\">https:\/\/citizengo.org\/de<\/a><\/p>\n<p>.<\/p>\n<p><strong>Gr\u00fcne: Menschenrechte enthaupten die B\u00fcrgerrechte<\/strong><br \/>\nIst Ihnen, by the way, aufgefallen, dass das aktuelle politische Personal zwar gern von Menschenrechten redet, und zwar desto gerner, je gr\u00fcner, aber man kaum mehr irgendwo das Wort \u201eB\u00fcrgerrechte\u201d h\u00f6rt und auch mit den \u201eGrundrechten\u201d \u00e4u\u00dferst sparsam hantiert wird? Mit den Menschenrechten geht es dem Demos an den Kragen. Die Menschenrechte sind das Schwert, mit welchem die B\u00fcrgerrechte enthauptet werden sollen. Als wir sagten: \u201eSie werden nichts besitzen und gl\u00fccklich sein\u201d (\u201eYou will own nothing and be happy\u201d), verga\u00dfen wir hinzuzuf\u00fcgen: au\u00dfer Ihren Menschenrechten nat\u00fcrlich; die sind ja unver\u00e4u\u00dferlich.<br \/>\n&#8230; Alles vom 9.6.2024 bitte lesen auf<br \/>\n<a href=\"https:\/\/www.klonovsky.de\/2024\/06\/9-juni-2024\/\">https:\/\/www.klonovsky.de\/2024\/06\/9-juni-2024\/<\/a><\/p>\n<p>&nbsp;<\/p>\n<p>&nbsp;<\/p>\n<p><strong>Warum die Menschen wieder B\u00fcrger sein sollten<\/strong><br \/>\n<em>Die Politik geht mit den Menschen zunehmend \u00e4hnlich um wie die K\u00f6nige im Mittelalter mit den unfreien Gruppen der \u201eDienstmannen\u201c. Ihnen k\u00f6nnen Rechte jederzeit entzogen und auf Veranlassung der Regierung gn\u00e4dig wieder zugeteilt werden. Es wird Zeit, dass die B\u00fcrger die ihnen bedingungslos zustehenden Rechte einfordern.<br \/>\n<\/em>&#8230;<br \/>\n<em>Der \u201eMensch\u201c hat den B\u00fcrger ersetzt<\/em><br \/>\nDiesen Gedanken aufgreifend, m\u00f6chte ich auf die folgende Entwicklung hinweisen: In der Merkel-\u00c4ra \u00e4nderte sich unter anderem die Ansprache der Regierung mit den Deutschen. Die Vokabel \u201eB\u00fcrger\u201c ersetzte die Merkel-Regierung mit dem Wort \u201eMensch\u201c. Das mag harmlos oder auch nahbar klingen, es hat jedoch konkrete Auswirkungen auf unser Denken und folglich auf unser Handeln. Auf der Bedeutungsebene ist der Mensch ein Individuum, welcher f\u00fcr sich genommen einen menschlichen K\u00f6rper und menschliche Bed\u00fcrfnisse hat. Im politischen Kontext wird er gerne einzeln genannt, um ihn atomisiert und hilflos erscheinen zu lassen. Der nun im Sprachgebrauch eliminierte \u201eB\u00fcrger\u201c hat jedoch ihm inh\u00e4rente Rechte. Sie wurden im Grundgesetz in den Artikeln 1 bis 19 abgefasst. Die Unver\u00e4u\u00dferlichkeit dieser Rechte ist unmittelbar mit dem Begriff des \u201eB\u00fcrgers\u201c verbunden.<br \/>\nMit dem Austauschen der Begriffe verwandelte sich die Selbstwahrnehmung der Deutschen. Viele machten eine Entwicklung hin zum Kindlichen, ohne es zu bemerken. S\u00e4tze wie \u201eheute durfte ich w\u00e4hlen gehen\u201c und andere sind ein Symptom, da sie zeigen, dass derjenige, der so etwas sagt, eine Autorit\u00e4t ben\u00f6tigt, um w\u00e4hlen zu gehen. Jedoch ist es das Recht eines jeden B\u00fcrgers, w\u00e4hlen zu gehen.<br \/>\nDaraus folgt, dass es im Leben eines jeden unterschiedliche Ebenen gibt. Das B\u00fcrgertum sch\u00fctzt gewisserma\u00dfen den Menschen, denn es erm\u00f6glicht ihm, auf der politischen Ebene aktiv zu werden. Dazu geh\u00f6rt das aktive und passive Wahlrecht, beinhaltet aber auch die Pflicht, sich am gesellschaftlichen Leben aktiv und selbstbewusst zu beteiligen. Problematisch wird es dann, wenn die staatliche Autorit\u00e4t beginnt, sich in private und intime Angelegenheiten einzumischen. Der Widerstand soll durch eine infantilisierende Kommunikation gebrochen werden, sodass die Bev\u00f6lkerung im besten Falle sogar dankbar f\u00fcr die eigene Entrechtung ist.<\/p>\n<p><em>Grundrechte sind unver\u00e4u\u00dferlich<\/em><br \/>\nDar\u00fcber hinaus stellt dieser sprachliche Eingriff einen weiteren Versuch dar, die B\u00fcrger von ihren Wurzeln zu trennen. Denn als B\u00fcrger wurde im Hochmittelalter derjenige bezeichnet, der in einer Burg oder in einem befestigten Ort wohnt. Die physische Begrenzung gibt einem Schutz und eine Orientierung, die n\u00f6tig ist, um sein eigenes Leben, aber auch die gesellschaftlichen Verh\u00e4ltnisse zu organisieren und strukturieren; dem Menschen fehlen diese Aspekte. Er wirkt orientierungslos in der Welt ohne die Grenzen des Nationalstaates.<br \/>\nDie aktuelle Bundesregierung geht mit den Menschen \u00e4hnlich um wie die K\u00f6nige im Mittelalter mit den unfreien Gruppen der Ministerialen (Dienstmannen) umgegangen sind. Ihnen k\u00f6nnen Rechte jederzeit entzogen und auf Wunsch der Regierung gn\u00e4dig wieder zugeteilt werden. Meist werden hierf\u00fcr symbolische Gesten oder andere Zugest\u00e4ndnisse der Unfreien eingefordert.<br \/>\nDaher wird es Zeit, an die Tradition des B\u00fcrgertums zu erinnern und die teilweise blutigen Versuche, die b\u00fcrgerlichen Rechte zur\u00fcckzuerobern. Verwiesen sei darauf, dass es in der Geschichte der Menschheit nie eine Herrschaftsform gegeben hat, unter welcher die M\u00e4chtigen die Rechte an die B\u00fcrger freiwillig zur\u00fcckgegeben haben. Ganz explizit wende ich mich gegen jede Form der Gewalt. Ich bef\u00fcrworte jedoch ein selbstbewusstes Auftreten der B\u00fcrger, die der eigenen unver\u00e4u\u00dferlichen Grundrechte gewahr sind und diese auch einfordern.<br \/>\n.. .Alles vom 18.11.2022 von Paul Romey bitte lesen au<br \/>\n<a href=\"https:\/\/www.achgut.com\/artikel\/warum_die_menschen_wieder_buerger_sein_sollten\">https:\/\/www.achgut.com\/artikel\/warum_die_menschen_wieder_buerger_sein_sollten<\/a><\/p>\n<p><em>Paul Romey studiert Deutsch und Englisch auf Lehramt an der Eberhard Karls Universit\u00e4t in T\u00fcbingen. Seit zwei Jahren engagiert er sich f\u00fcr \u00d6ffentlichkeitsarbeit bei der Vereinigung <a href=\"https:\/\/www.freiburg-schwarzwald.de\/blog\/engagement\/buergerinitiativen\/demos-in-freiburg\/\">\u201eStudenten stehen auf\u201c<\/a>.<\/em><\/p>\n<p>Einige Kommentare:<br \/>\nEin guter Text zu einem wesentlichen Thema. Und jetzt gehen wir noch einen Schritt weiter und fragen doch, wer diese erw\u00e4hnte \u201cPolitik\u201d eigentlich ist, die sich sp\u00e4testens seit der Merkel-\u00c4ra nicht mehr im Ansatz um die B\u00fcrgerrechte k\u00fcmmert. Und nur noch sehr eingeschr\u00e4nkt um Demokratie und Rechtsstaat insgesamt. Dieser Stil des Umgangs mit den B\u00fcrgern kommt durchweg (!) von den Vertretern der Altparteien, CDU\/CSU, SPD, FDP, GR\u00dcNE und LINKE. Das findet sich in CDU-Merkels \u201cR\u00fcckg\u00e4ngigmachen von Wahlen\u201d, der Beschimpfung der B\u00fcrger als \u201cPack\u201d durch SPD-Gabriel, genauso wie in der Bekundung von GR\u00dcNEN-Baerbock, es sei ihr egal was ihre W\u00e4hler wollen. Das findet sich in der Linken, wenn sie mit Ramelow nach wie vor einen Ministerpr\u00e4sidenten in Th\u00fcringen stellt, der offensichtlich demokratisch nicht wirklich legitimiert ist. Das finden wir auch bei der FDP, wenn sie einer Regierung angeh\u00f6rt, die den deutschen B\u00fcrgern der Zukunft f\u00fcr Sinnloses Schuldenberge aufl\u00e4dt, die sie bis zum St. Nimmerleinstag abtragen m\u00fcssen, w\u00e4hrend jetzt schon viele B\u00fcrger ihre Rechnungen kaum bezahlen k\u00f6nnen. Das findet sich bei s\u00e4mtlichen Altparteien, die es offensichtlich in Ordnung finden, f\u00fcr die deutschen B\u00fcrger einen Krieg zu riskieren, der zur wirtschaftlichen Vernichtung bis Totalausl\u00f6schung des Landes f\u00fchren k\u00f6nnte. Und diese Altparteien sind mehrheitlich f\u00fcr die Waffenlieferung in ein Kriegsgebiet &#8211; grundgesetzwidrig! Diese Parteien haben offensichtlich weder Respekt vor den B\u00fcrgern, noch vor dem Recht, noch vor der Demokratie an sich. \u00dcbrig bleibt nur eine einzige Alternative &#8211; die AfD.<br \/>\n18.11.2022. S..Sch.<\/p>\n<p>Ich definiere die Europ\u00e4ische Zivilisation &amp; Kultur \u00e4hnlich wie B\u00f6ckenf\u00f6rde; sie basiert auf der griechisch-r\u00f6mischen Zivilisation, auf dem Christentum und der Europ\u00e4ischen Aufkl\u00e4rung. Diese Mischung, dieses Fundament, diese innovations &amp; inspirations-Quelle, der daraus resultierende Gemeinsinn hat uns gro\u00df gemacht und die europ\u00e4ische Kultur zur globalen Leitkultur gemacht, die Zivilisation an sich erfunden und der Welt zum Geschenk gemacht. Die politische Linke tut ihr bestes diesen Gemeinsinn zu zerst\u00f6ren und einen anderen einzuf\u00fchren. Sie f\u00fchrt einen Kulturkampf gegen die eigene Kultur. Sie opfert die Zivilisation, die eine geb\u00fcrtig Europ\u00e4ische ist, f\u00fcr ihre kitschige &amp; geklitterte Utopie. Sie zersetzt den \u201cB\u00fcrger\u201d zugunsten des beliebig definierbaren &amp; dehnbaren &amp; austauschbaren \u201cMenschen\u201d. In der alten R\u00f6mischen Republik gab es die Volkstribune. Br\u00e4uchten wir heute wieder welche, um den B\u00fcrger gegen die Parteien-Oligarchie, Parteien-Diktatur, Parteien-Ochlokratie zu verteidigen? Die linksextremen Parteijugenden sind unsere zuk\u00fcnftigen F\u00fchrer! Nur wer in so einen fauligen Sumpf ausgebr\u00fctet wird, hat Chancen auf einen politischen Amt! Es ist was faul im Staate Deutschland! Der Staat stinkt vom Kopfe her! (Herr Steinmeier, Sie stinken!)<br \/>\n18.11.2022, T.S.<\/p>\n<p>Danke, Herr Romey. Passend dazu der Vortrag von Hannah Arendt: \u201eWas hei\u00dft pers\u00f6nliche Verantwortung in einer Diktatur?\u201c. Sie sagte, dass nicht Hitler und Eichmann das Hauptproblem waren, sondern die willf\u00e4hrige Masse. Ein einfaches \u201cNein\u201d vieler B\u00fcrger an ihrem Arbeitsplatz, in ihrer Familie h\u00e4tte gereicht, den Geschichtsverlauf zu \u00e4ndern &#8211; also ohne Gewalt. Wie geht das heute: Der B\u00fcrger, der seinen Nachbarn oder Arbeitskollege nicht denunziert, der Geimpfte, der die Ungeimpften nicht als Sozialsch\u00e4dlinge bezeichnet, der Polizist, welcher einen Hinweis erteilt statt ein Bu\u00dfgeld verh\u00e4ngt, wenn er unmenschliche Vorschriften durchsetzen soll (in der Corona-Zeit: Lesende Rentner von B\u00e4nken aufjagen, Kinder von Frischluft-Spielpl\u00e4tzen vertreiben usw.). Und extrem wirksam: die Arbeitszeit verk\u00fcrzen, wenn man es sich leisten kann. Alles weit entfernt vom M\u00e4rtyrertum, aber in der Masse durchschlagend wirksam.<br \/>\n18.11.2022, M.F.<\/p>\n<p>\u201cEs wird Zeit, dass die B\u00fcrger die ihnen bedingungslos zustehenden Rechte einfordern.\u201d\u2014- Von ehrlosen Verbrechern etwas einzufordern, ist naiv und gef\u00e4hrlich. Man muss sich die H\u00e4nde schmutzig machen und sich nehmen, was einem als Mensch zusteht. Freiheit und Menschenw\u00fcrde wird man von Berufsverbrechern und Psychopathen nicht bekommen. Der uns aufgezwungene Great Reset ist ein globaler Hybridkrieg, der bereits Millionen Menschen das Leben oder die Gesundheit gekostet hat. Die \u201cAutorit\u00e4t\u201d \u00fcber \u201cseinen eigenen K\u00f6rper\u201d und \u201csein eigenes Leben\u201d hat man nur dann, wenn man Waffen hat, mit denen man sich gegen seine Feinde verteidigen kann. &#8211; Das WEF hat uns offiziell den Contrat Social aufgek\u00fcndigt und verlangt nach einer Stakeholder-Diktatur. Und wer daran glaubt, dass die UNO\/WHO zu den Guten z\u00e4hlt, dem ist nicht zu helfen. Auch unsere Br\u00fcsseler EU ist ein \u00fcberwiegend linksextremistischer* Gesch\u00e4ftszweig der UNO\/WHO. In den Augen der Machthaber sind wir nur Massenversuchsuntermenschen. Und wer das in den letzten 30 Monaten nicht bemerkt oder verstanden hat, glaubt auch, dass Mengele ein freundlicher Kerl war, weil er viel gel\u00e4chelt hat. Nur wenn die B\u00fcrger das Gewaltmonopol haben, k\u00f6nnen sie ihre eigene Freiheit, Menschenw\u00fcrde und Prosperit\u00e4t gew\u00e4hrleisten.\u2014-*Die EU will uns unseren Besitz und unser Eigentum wegnehmen und unsere Traditionen und unsere Kulturen zerst\u00f6ren.. Und sie will z.B. auch das Christentum zersetzen. Das sind mehrere wichtige Ziele, die schon Lenin und Stalin und Mao verfolgt haben.<br \/>\n18.11.2022, L.L.<\/p>\n<p>Nun, mit Verlaub gesagt: Das ganze Grundrechtsbramarbasieren \u00fcbersieht, da\u00df alle Grundrechte der Artt. 1-19 GG auf den Art. 20 GG hinauslaufen und in ihn einm\u00fcnden. Den dort mit Ewigkeitsgarantie formulierten Rechten zufolge ist die Bundesrepublik Deutschland:<br \/>\n1) Ein demokratisch organisierter Sozialstaat,<br \/>\n2) dessen Staatsorgane durch Wahl bestimmt werden,<br \/>\n3) die ihrerseits der Gewaltenteilung unterliegen<br \/>\n4) und an das Legalit\u00e4tsprinzip gebunden sind.<br \/>\n5) Gegen den Umsturz dieser Ordnung besteht uneingeschr\u00e4nktes Widerstandsrecht, wenn anderweitig keine Abhilfe m\u00f6glich ist. &#8211;<br \/>\nBest\u00fcrzend ist indes, da\u00df gerade die Frage der Gewaltenteilung in den meisten L\u00e4ndern und dem Bund systematisch unterlaufen wird, und da\u00df staatliche oder mit staatlichen Hoheitsaufgaben beliehene Organe sich &#8211; sanktionsfrei &#8211; nicht mehr an die Legalit\u00e4tsverpflichtung gebunden zu f\u00fchlen scheinen.<br \/>\n18.11.2022, U.H.<\/p>\n<p>Von alleine wird es nicht gehen, schlie\u00dflich geschah die Entwicklung zur offeneren Diktatur nicht aus Versehen, sondern gezielt. Die sanfteste Methode ist konsequente Non-Kollaboration, konsequenter Ungehorsam gegen\u00fcber den bewu\u00dften (eigentlich) sinnlosen Zumutungen wie Maskenpflicht u.dgl. (Den Spritzen sollte man sich ja sowieso schon aus purem Selbstschutz fernhalten.) &#8211; Wenn ich mir aber die Verh\u00e4ltnisse im Nahverkehr ansehe, erkenne ich keinen Grund zu Optimismus. Obwohl eine Verweigerung m\u00f6glich ist und nur manchmal etwas Nerven fordert (so selbst im Laufe des Sommers mehrfach \u00fcber l\u00e4ngere Strecken gestestet), tun dies die wenigsten. Man wartet, bis die Obrigkeit sich irgendwann doch einmal erweichen l\u00e4\u00dft. Das ist die Einladung zu k\u00fcnftigem Staatsterror. Denn man ist auf den Geschmack gekommen.<br \/>\n18.11.2022, A.A.<\/p>\n<p>Sch\u00f6n zu wissen, dass es junge Menschen gibt, die sich ihr Hirn noch nicht haben vernebeln lassen! Dass wir von \u201cStudenten stehen auf\u201d nat\u00fcrlich als Konsumenten der \u00d6RM nichts erfahren, daf\u00fcr den Klebeterroristen jegliche Aufmerksamkeit geschenkt wird &#8211; logisch! An der Uni sind Sie bestimmt eine kleine Minderheit, die auch noch mit den inzwischen leider allt\u00e4glich gewordenen Beschimpfungen und Ungleichbehandlungen zu k\u00e4mpfen hat. Nur Mut &#8211; der Wind wird sich irgendwann drehen &#8211; wie es schon Alex Olivari in einem seiner aufr\u00fcttelnden sch\u00f6nen Lieder zum Ausdruck gebracht hat.<br \/>\n18.11.2022, S.H.<br \/>\nEnde Kommentare<\/p>\n<p>&nbsp;<\/p>\n","protected":false},"excerpt":{"rendered":"<p>Home\u00a0&gt;Zukunft\u00a0&gt;Demokratie\u00a0&gt;Deutschland\u00a0&gt;Gesellschaft &gt;Buerger &gt;Buergerrechte Demokratie ist die beste Staatsform! Listenauswahl eines Beitrags: Bitte anklicken oder runterscrollen Schwachkopf-Aff\u00e4re: Niehoff tot\u00a0(1.2.2026) Ulrich Vosgerau: Entzug des passiven Wahlrechts\u00a0(16.1.2026) Zweitstimme abschaffen: Diffamierung statt Wahrheitssuche \u2013 Die Herrschaft des Primitiven in der Partei-Politik\u00a0(9.1.2026) Orwellianismus \u00e0 la &hellip; <a href=\"https:\/\/www.freiburg-schwarzwald.de\/blog\/global\/deutschland\/gesellschaft\/buergerrechte\/\">Weiterlesen <span class=\"meta-nav\">&rarr;<\/span><\/a><\/p>\n","protected":false},"author":2,"featured_media":0,"parent":66712,"menu_order":0,"comment_status":"closed","ping_status":"closed","template":"","meta":{"footnotes":""},"class_list":["post-106332","page","type-page","status-publish","hentry"],"_links":{"self":[{"href":"https:\/\/www.freiburg-schwarzwald.de\/blog\/wp-json\/wp\/v2\/pages\/106332","targetHints":{"allow":["GET"]}}],"collection":[{"href":"https:\/\/www.freiburg-schwarzwald.de\/blog\/wp-json\/wp\/v2\/pages"}],"about":[{"href":"https:\/\/www.freiburg-schwarzwald.de\/blog\/wp-json\/wp\/v2\/types\/page"}],"author":[{"embeddable":true,"href":"https:\/\/www.freiburg-schwarzwald.de\/blog\/wp-json\/wp\/v2\/users\/2"}],"replies":[{"embeddable":true,"href":"https:\/\/www.freiburg-schwarzwald.de\/blog\/wp-json\/wp\/v2\/comments?post=106332"}],"version-history":[{"count":6,"href":"https:\/\/www.freiburg-schwarzwald.de\/blog\/wp-json\/wp\/v2\/pages\/106332\/revisions"}],"predecessor-version":[{"id":145079,"href":"https:\/\/www.freiburg-schwarzwald.de\/blog\/wp-json\/wp\/v2\/pages\/106332\/revisions\/145079"}],"up":[{"embeddable":true,"href":"https:\/\/www.freiburg-schwarzwald.de\/blog\/wp-json\/wp\/v2\/pages\/66712"}],"wp:attachment":[{"href":"https:\/\/www.freiburg-schwarzwald.de\/blog\/wp-json\/wp\/v2\/media?parent=106332"}],"curies":[{"name":"wp","href":"https:\/\/api.w.org\/{rel}","templated":true}]}}