{"id":106310,"date":"2022-11-18T18:23:28","date_gmt":"2022-11-18T17:23:28","guid":{"rendered":"https:\/\/www.freiburg-schwarzwald.de\/blog\/?page_id=106310"},"modified":"2026-04-24T13:33:45","modified_gmt":"2026-04-24T11:33:45","slug":"karneval","status":"publish","type":"page","link":"https:\/\/www.freiburg-schwarzwald.de\/blog\/vereine\/narren\/karneval\/","title":{"rendered":"Karneval"},"content":{"rendered":"<p>Home &gt;<a title=\"Vereine\" href=\"https:\/\/www.freiburg-schwarzwald.de\/blog\/vereine\/\">Vereine<\/a> &gt;<a href=\"https:\/\/www.freiburg-schwarzwald.de\/blog\/vereine\/narren\/\">Narren<\/a> &gt;Karneval<\/p>\n<div id=\"attachment_98574\" style=\"width: 650px\" class=\"wp-caption alignnone\"><a href=\"https:\/\/www.freiburg-schwarzwald.de\/blog\/wp-content\/uploads\/2022\/02\/cdu-sakurai-pan20220210.jpg\"><img loading=\"lazy\" decoding=\"async\" aria-describedby=\"caption-attachment-98574\" class=\"size-full wp-image-98574\" src=\"https:\/\/www.freiburg-schwarzwald.de\/blog\/wp-content\/uploads\/2022\/02\/cdu-sakurai-pan20220210.jpg\" alt=\"\" width=\"640\" height=\"329\" srcset=\"https:\/\/www.freiburg-schwarzwald.de\/blog\/wp-content\/uploads\/2022\/02\/cdu-sakurai-pan20220210.jpg 640w, https:\/\/www.freiburg-schwarzwald.de\/blog\/wp-content\/uploads\/2022\/02\/cdu-sakurai-pan20220210-180x93.jpg 180w\" sizes=\"auto, (max-width: 640px) 100vw, 640px\" \/><\/a><p id=\"caption-attachment-98574\" class=\"wp-caption-text\">Merkel und die CDU &#8211; Karikatur von Sakurai<\/p><\/div>\n<ul>\n<li><em>Listenauswahl eines Beitrags: Bitte anklicken oder runterscrollen<\/em><\/li>\n<li><a href=\"https:\/\/www.freiburg-schwarzwald.de\/blog\/kultur\/kunst\/satire\/\">Lange Haftstrafe f\u00fcr Karnevalist Tilly \u2013 Orthodoxe Kirche Russland<\/a>\u00a0(3.4.2026)<\/li>\n<li><a href=\"https:\/\/www.freiburg-schwarzwald.de\/blog\/global\/migration\/mannheim-messermord31mai2024\/\">Mannheim: Auto-Anschlag zu Fastnacht \u2013 zwei Tote<\/a>\u00a0(5.3.2025)<\/li>\n<li><a href=\"https:\/\/www.freiburg-schwarzwald.de\/blog\/abwaerts-immer-aufwaerts-nimmer\/\">Abw\u00e4rts immer, aufw\u00e4rts nimmer<\/a>\u00a0(2.3.2025)<\/li>\n<li>Karneval 2023\u2026von Eierlik\u00f6r, Geschlechtsverkehr und \u201eArschl\u00f6chern\u201c in der B\u00fctt (20.2.2023)<\/li>\n<li>Karneval f\u00fcr Kriegstreiber &#8211; Orden &#8222;Wider den tierischen Ernst\u201c (6.2.2023)<\/li>\n<li>Psychogramm Deutschlands zu Karneval bzw. Fasching (11.11.2022)<\/li>\n<li><\/li>\n<li><a href=\"https:\/\/www.freiburg-schwarzwald.de\/blog\/kultur\/kunst\/kabarett\/\">Kabarett<\/a><\/li>\n<li><a href=\"https:\/\/www.freiburg-schwarzwald.de\/blog\/global\/deutschland\/deutsche-kultur\/\">Kultur<\/a><\/li>\n<li><a href=\"https:\/\/www.freiburg-schwarzwald.de\/blog\/business\/gesund\/lachen\/\">Lachen<\/a><\/li>\n<li><a href=\"https:\/\/www.freiburg-schwarzwald.de\/blog\/vereine\/narren\/\">Narren<\/a><\/li>\n<li><a href=\"https:\/\/www.freiburg-schwarzwald.de\/blog\/kultur\/kunst\/satire\/\">Satire<\/a><\/li>\n<\/ul>\n<p>&nbsp;<\/p>\n<p><strong>Karneval 2023\u2026von Eierlik\u00f6r, Geschlechtsverkehr und \u201eArschl\u00f6chern\u201c in der B\u00fctt<\/strong><br \/>\nBei der traditionsreichen SWR-Festsitzung mit dem Titel \u201eMainz bleibt Mainz\u201c hat sich gerade ein sogenannter \u201eKomiker\u201c mit dem Namen Lars Reichow f\u00fcr die Ewigkeit ins Karnevalsbuch eingetragen. In einer sogenannten \u201eB\u00fcttenrede\u201c sagte der \u201eKarnevalist\u201c w\u00f6rtlich:<br \/>\n\u201eDie AfD ist eine nutzlose, rassistische und extremistische Partei, gef\u00fchrt von radikalen, gescheiterten und gest\u00f6rten Pers\u00f6nlichkeiten. Und ich darf das hier ganz klar sagen: Die AfD-Fraktion im Bundestag ist ein Haufen ungehobelter Arschl\u00f6cher.\u201c<br \/>\nUnd das Publikum im liebenswerten S\u00fcdwesten unserer Republik? Es gr\u00f6lt begeistert wie seine Vorfahren 1943 im Berliner Sportpalast.<br \/>\nStellen Sie sich mal vor, was los w\u00e4re, w\u00fcrde ein B\u00fcttenredner im Fernsehen so einen Satz \u00fcber Baerbock, Scholz und Roth formulierten! ARD-Brennpunkt? ARD-\u201eAufsichtsgremien\u201c in Dauer-Krisensitzung, R\u00fccktritte, Hausdurchsuchungen mit SEK beim B\u00fcttenredner w\u00e4ren das Mindeste. Aber hier sind es ja nur die AfD und Millionen ihrer W\u00e4hler, deren GEZ-Geb\u00fchren man gern kassiert, um Idioten ihre Honorare bezahlen zu k\u00f6nnen.<br \/>\n&#8230; Alles vom 20.2.2023 bitte lesen auf<br \/>\n<a href=\"https:\/\/denken-erwuenscht.com\/karneval-2023-von-eierlikoer-geschlechtsverkehr-und-arschloechern-in-der-buett\/\">https:\/\/denken-erwuenscht.com\/karneval-2023-von-eierlikoer-geschlechtsverkehr-und-arschloechern-in-der-buett\/<\/a><br \/>\n.<br \/>\nEinige Kommentare:<br \/>\nDie unterirdischen Dreckw\u00fcrfe eines Lars Reichow sollten eigentlich unter die Rubrik Hassrede, oder neudeutsch Hate Speech, fallen, und damit strafrechtlich relevant sein. Meines Wissens steht es nirgendwo geschrieben, dass es da eine Einbahnstra\u00dfe gibt. Auch wenn ein Standbein des Mainzer Karnevals die politische Kritik ist, sollte diese doch wenigstens ein Mindestma\u00df an Anstand und Niveau haben. Niveauloses Schleudern mit Dreck \u00fcberlasse ich gern solchen Figuren wie B\u00f6hmermann, &#8230; A.K.<br \/>\n.<br \/>\nWenn man so etwas h\u00f6rt, wird die Sehnsucht nach den Mainzer Sitzungen fr\u00fcherer Zeiten schier unertr\u00e4glich (bis vielleicht Anfang der Neunziger fanden sie stets unter Mitwirkung etlicher, oft extrem geistreicher, B\u00fcttenredner statt; ich denke hier beispielsweise an Till Eulenspiegel, der die Zuschauer im Saal und vorm TV regelm\u00e4\u00dfig und \u00fcber viele Jahre begeistern konnte. Auch durch Mainzer Originale, echte Typen aus dem Volk, wie z. B. Frau Babbisch und Frau Struwwelisch \u2013 zwei Mainzer Putzfrauen, die sehr beeindruckend von zwei gestandenen Mannsbildern dargestellt wurden. In jedem Falle f\u00fchlte man sich \u00fcber mehrere Stunden hinweg ausgezeichnet und humorvoll unterhalten. Auch der langj\u00e4hrige Sitzungspr\u00e4sident Rolf Braun hatte das passende Format. Charmant und souver\u00e4n f\u00fchrte er durch jede Sitzung. Auch Ernst Neger (jawoll, Neger hie\u00df er), der in seinem \u201eNormalleben\u201c den zu seinem Namen irgendwie passenden Titel eines Kaminkehrer-Meisters trug, war mit seinem allj\u00e4hrlich r\u00fchrend gef\u00fchlvoll vorgetragenen Lied \u201eHeile-heile G\u00e4nsje\u201c aus keiner Sitzung wegzudenken. Sicher wird sich der eine oder andere (jaja, lieber H.K. \u2013 Erster Genderbeauftragter des Blogs \u2013 auch DIE eine oder andere, aber um Himmels willen auch \u201eDAS\u201c eine oder andere nicht vergessen) noch ebenso gerne an dieses Urgestein der Meenzer Fassenacht erinnern wie ich. \u2013 Als jedoch die Sitzungen anfingen, immer schriller, farbiger, effekthaschender, mainstreamiger und alberner zu werden, als man die ebenso bew\u00e4hrten wie vertrauten Originale auf der B\u00fchne schmerzlich vermisste, kurzum, als die Qualit\u00e4t der Sendung endg\u00fcltig zum Sinkflug angesetzt hatte, habe ich mich endg\u00fcltig von Mainz bleibt Mainz (dann, wie es singt und lacht) ausgeklinkt. \u2013 Dass zumindest diesmal ein B\u00fctten-Dilettant meinte, einer demokratischen Partei, die er selbst zwar nicht w\u00e4hlen mag, aber Millionen unbescholtener Mitb\u00fcrger sehr wohl, auf die denkbar primitivste Art und Weise heftig unter die G\u00fcrtellinie zielen zu m\u00fcssen, ist an geistiger Schlichtheit und Geschmacklosigkeit kaum mehr zu \u00fcbertreffen. \u2013 F\u00fcr mich gilt also, ebenso wie f\u00fcr Herrn Kelle der \u201eLeidsatz\u201c: Ob Fasching oder Karneval, beide k\u00f6nnen mich einmal.\u201c Tataa! Tataa! Tataa! S-B.<br \/>\nEnde Kommentare<br \/>\n.<\/p>\n<p>&nbsp;<\/p>\n<p><strong>Karneval f\u00fcr Kriegstreiber &#8211; Orden &#8222;Wider den tierischen Ernst\u201c<\/strong><br \/>\nDie Auftritte von <a href=\"https:\/\/www.freiburg-schwarzwald.de\/blog\/engagement\/zukunft\/demokratie\/ampel\/\">Baerbock und Strack-Zimmermann<\/a> \u2013 zwei der momentan radikalsten Politikerinnen \u2013 bei der Aachener Karnevalssitzung sind zynisch. Die Verleihung des Ordens \u201ewider den tierischen Ernst\u201c an die problematische Au\u00dfenministerin ist zudem ein Akt der Anbiederung an die Macht. Damit werden auch die (l\u00e4ngst versch\u00fctteten) oppositionellen Wurzeln des Karnevals einmal mehr missachtet.<br \/>\n&#8230;<br \/>\nDie einst auch oppositionelle Sto\u00dfrichtung des Karnevalsbrauchs ist lange versch\u00fcttet. Vieles von dem, \u201ewas heutzutage als belangloser Klamauk auf Narrenb\u00fchnen und in Fernseh-Prunksitzungen geboten wird\u201c, habe kaum noch mit Ursprung und Wesen dessen zu tun, was im Rheinland Karneval, im Badischen Fassenacht, in Altbayern Fasching oder andernorts Fastnacht hei\u00dft, so die \u201eS\u00fcddeutsche Zeitung\u201c<br \/>\n<a href=\"https:\/\/www.sueddeutsche.de\/leben\/historie-des-karnevals-naerrische-herrschaftskritik-1.2346571\">https:\/\/www.sueddeutsche.de\/leben\/historie-des-karnevals-naerrische-herrschaftskritik-1.2346571<\/a><br \/>\nzum urspr\u00fcnglichen Charakter des Brauchtums.<br \/>\n&#8230;<br \/>\nLaut WDR wird der \u201eOrden wider den tierischen Ernst\u201c an bekannte nationale und internationale Pers\u00f6nlichkeiten des \u00f6ffentlichen Lebens verliehen, \u201edie Individualit\u00e4t, Beliebtheit und Mutterwitz in sich vereinen, vor allem aber Humor und Menschlichkeit im Amt bewiesen haben\u201c. \u201eMenschlichkeit im Amt\u201c? Eher kann man Baerbocks politisches Geltungsbed\u00fcrfnis als eine \u201elaut tickende Zeitbombe\u201c bezeichnen, wie Stefan Aust das tut.<br \/>\n.<br \/>\nErinnert sei hier an einige fragw\u00fcrdige \u00c4u\u00dferungen Baerbocks (unter vielen):<br \/>\n&#8222;Das wird Russland ruinieren&#8220;<br \/>\n<a href=\"https:\/\/www.rnd.de\/politik\/ukraine-krieg-baerbock-ueber-sanktionen-das-wird-russland-ruinieren-RZDYS2DEPRK5OST7ZGGRZ6UN4I.html\">https:\/\/www.rnd.de\/politik\/ukraine-krieg-baerbock-ueber-sanktionen-das-wird-russland-ruinieren-RZDYS2DEPRK5OST7ZGGRZ6UN4I.html<\/a><br \/>\n\u201eWir f\u00fchren einen Krieg gegen Russland und nicht gegeneinander\u201c.<br \/>\n<a href=\"https:\/\/www.sueddeutsche.de\/politik\/baerbock-shitstorm-russland-statements-krieg-1.5740445\">https:\/\/www.sueddeutsche.de\/politik\/baerbock-shitstorm-russland-statements-krieg-1.5740445<\/a><br \/>\n&#8222;Egal was meine W\u00e4hler denken&#8220;<br \/>\n<a href=\"https:\/\/www.berliner-zeitung.de\/news\/egal-was-meine-deutschen-waehler-denken-annalena-baerbocks-aeusserung-sorgt-fuer-wirbel-li.262685\">https:\/\/www.berliner-zeitung.de\/news\/egal-was-meine-deutschen-waehler-denken-annalena-baerbocks-aeusserung-sorgt-fuer-wirbel-li.262685<\/a><br \/>\n.<br \/>\nBaerbock wurde in Aachen von Strack-Zimmermann noch (negativ) in den Schatten gestellt \u2013 optisch und inhaltlich.<br \/>\n&#8230; Alles vom 6.2.2023 von Tobias Riegel bitte lesen auf<br \/>\n<a href=\"https:\/\/www.nachdenkseiten.de\/?p=93464\">https:\/\/www.nachdenkseiten.de\/?p=93464<\/a><\/p>\n<p>&nbsp;<\/p>\n<p><strong>Psychogramm Deutschlands zu Karneval bzw. Fasching<\/strong><br \/>\nLiebe Leserin, lieber Leser!<br \/>\nIch nehme an, dass nicht alle unserer Leser leidenschaftlich Karneval oder Fasching feiern. Ich pers\u00f6nlich eigentlich auch nicht, denn ich mag \u201eBetreutes Denken\u201c ebenso wenig, wie \u201eVerordnetes Lustigsein\u201c. Eine ganze Menge Menschen st\u00f6rt sich nicht daran, auf Kommando der Kapelle (T\u00e4-T\u00e4) in Feierlaune zu geraten, wie Kraniche zum Balztanz gutturale Laute auszusto\u00dfen (Helau, Alaaf) und bei \u201eWolle mer se reinlasse?\u201c, einfach jeden auf die B\u00fchne zu bitten, der (k)einen Witz erz\u00e4hlen kann. Aber das ist hochm\u00fctig. Irgendwie muss auch der Karnevalist ein Gesp\u00fcr f\u00fcr Transzendenz besitzen, vermute ich.<br \/>\nDas Land ist im Dauerzustand der Spaltung, ein sogenannter deutscher Topos: Covidioten gegen Coronazis, Baerb\u00f6cke gegen Putinisten, \u201eWissenschaftler\u201c gegen \u201eSchwurbler\u201c, Windrad gegen Atom, Wurst gegen Tofu, Obrigkeitsdenken gegen Grundrechtsverteidigung, Auto gegen Lastenfahrrad &#8230; und vieles mehr. Was den Karneval und Fasching betrifft, gibt\u2019s in Deutschland schon immer eine Sollbruchstelle, die im Zickzack regionaler Geschichtsverl\u00e4ufe bis tief in den Drei\u00dfigj\u00e4hrigen Krieg reicht. Alte Frontlinien, an denen sich heute Polonaise-Begeisterte entlangschl\u00e4ngeln und sich \u00fcber die knappen barocken Fummel von Prinz und Funkenmariechen wundern.<br \/>\nNur Faschings-Fanatiker k\u00f6nnen solches konstatieren: Witzigkeit kennt keine Grenzen. Eine angeblich gro\u00dfe Karnevalistin lie\u00df einst verlauten: \u201eIst mir egal, ob ich schuld am Zustrom der Komiker bin, nun sind sie halt da\u201c \u2013 gemeinhin stehen diese Typen auf der B\u00fchne vorm Elferrat und rumpeln durchs Programm wie eine Oma mit Rollator auf Granitpflaster. Und das deutsche Fernsehen dokumentiert diesen Wahnsinn aus \u201eK\u00f6lle\u201c, \u201eMeenz\u201c und \u201eD\u00fcsseldoof\u201c, ganz ohne Framing, absolut authentisch, ein Psychogramm Deutschlands mit exquisitester Niederschwelligkeit.<\/p>\n<p><em>Ein Land, das Humor einfach nicht kann<\/em><br \/>\nIch muss zugeben, dass das sicher nicht DER Karneval oder DER Fasching ist, der da in den \u00d6ffentlich-Rechtlichen gezeigt wird, wo man einem \u201eBildungsauftrag\u201c nachkommt, der da hei\u00dft: Deutschland 2022, genauso lustig wie letztes Jahr, nur schlimmer. Es gibt bestimmt echte Lustigkeit, Frohsinn und Vergn\u00fcgliches, nur nicht dort, wo Promi-Politiker beim Schunkeln und anlasslosen Schenkelklopfen gefilmt werden und unfreiwillig noch d\u00e4mlicher aussehen, als es unser Karikaturist jemals zeichnen k\u00f6nnte. Ich vorm Fernseher \u2013 wie immer nat\u00fcrlich als Eule verkleidet \u2013 suche bei solchen Anl\u00e4ssen eine Papiert\u00fcte f\u00fcr mein Gew\u00f6lle aus dem Stomachum.<\/p>\n<p>Juchu. Heute f\u00e4ngt also die sogenannte F\u00fcnfte Jahreszeit an, wo einem der Witz vom kommenden Faschingsdienstag (im Februar) schon jetzt im Hals gefriert, weil man sich bewusst wird, dass ein Land, das Humor einfach nicht kann, aber daf\u00fcr Massenmord, Wirtschaftswunder und Klimarettung in dieser Reihenfolge perfektioniert hat \u2013 dass dieses Land einfach nie locker, cool und am\u00fcsant sein wird. Der \u201eElfte Elfte\u201c ist ein ewiger Feldversuch, mit Gartenzwergen und Furzkissen kritische Masse zu erzeugen, damit endlich die weltweit st\u00e4rkste Humorwaffe herzustellen ist, die noch in tausend Jahren die Gebeine der verblichenen Karnevalisten weltweit zum Beben bringt.<\/p>\n<p>Der \u201eGr\u00f6LaZ\u201c, der gr\u00f6\u00dfte Lacher aller Zeiten, ist l\u00e4ngst erfunden worden, ging aber in der hessischen Provinz verloren. Auf der Jungs-Toilette meines Gymnasiums stand geschrieben: \u201eLach nicht \u00fcber die Witze an der Wand, den gr\u00f6\u00dften h\u00e4ltst du in der Hand.\u201c Wo ich schon bei politisch Unkorrektem und Obsz\u00f6nem in Scherzen w\u00e4re: Im Land der Schneefl\u00f6ckchen geh\u00f6ren sie verboten, denn sie k\u00f6nnten jemanden verletzen. Gerade Witze zielen auf Schw\u00e4chen, sind waghalsige Schmuddeleien, und oft Belege intellektueller Fehlleistungen. Sie sind aber auch brauchbare Sublimationen von Abscheu und Antipathie \u2013 und gerade deshalb so tauglich als Ventile im Alltag und beim Karneval.<\/p>\n<p><em>Den b\u00f6sen Scherz sofort kassieren<\/em><br \/>\nViele Witze ziehen \u00fcber irgendjemanden her, gehen auf Kosten anderer und zu weit, spielen mit Stereotypen und polarisieren. Deshalb sind sie so geeignet f\u00fcr Respektlosigkeiten. Genau das ist heute aber \u00fcberhaupt nicht mehr angesagt und wird schnell sanktioniert. Es stellt sich als existenzbedrohendes Problem f\u00fcr den \u00f6ffentlich zelebrierten Karneval dar, dessen DNA eigentlich aus andauernden Respektlosigkeiten besteht. Es scheint, als d\u00fcrfe man heute nur noch Kamelle ohne Zucker oder Zuckerersatzstoffe unters Volk werfen. Wer will an so etwas fadem schon lutschen? Politisch korrekter \u201eFasching\u201c ist so lustig wie \u201eAlkohol\u201c ohne Prozente. Die m\u00fchevolle Beweisf\u00fchrung findet leider j\u00e4hrlich im Qualit\u00e4tsfernsehen statt, das wir mit der \u201eDemokratieabgabe\u201c subventionieren. Das ist tats\u00e4chlich ein Lacher.<\/p>\n<p>Der echte Wahnsinn findet hinter den Kulissen statt. Die Schuldbeflissenen und \u00dcbereifrigen in diesem Land werden hinter jedem Witz einen \u201eismus\u201c hervorziehen, mit dem man den b\u00f6sen Scherz sofort kassieren und die Schamlosen (Lachenden) dorthin verbannen kann, wo die S\u00fcnden des Humors und der H\u00e4me ges\u00fchnt werden. An diesem Ort der Freudlosigkeit und Misanthropie wird wortw\u00f6rtlich die Reinheit gehortet. Dort, im Puritanismus der Lachfeinde und Witzleugner, will ich aber nicht sein. Wo man Kritik und Selbstkritik zelebrieren soll, wie damals unter den beiden Erich-Buben.<\/p>\n<p>Etwa so: \u201eIch entschuldige mich hiermit vor aller Ohren, die Gef\u00fchle von Menschen verletzt zu haben, die mein Eulenkost\u00fcm als traumatisierend empfinden. Ich habe auch die Gef\u00fchle der Eulen verletzt, die sich nicht wehren k\u00f6nnen gegen meine Aneignung. Und ich habe mich in ungeb\u00fchrender Weise absch\u00e4tzig und anma\u00dfend \u00fcber die herrschende Doktrin lustig gemacht, die es Eulen verbietet, Raben als schwarz und Krokodile als gef\u00e4hrlich zu bezeichnen. Ich werde in Zukunft Freundschaft mit Krokodilen pflegen und zum Ruhme der Klasse der wei\u00dfen Raben, mit aller Kraft dem Aufbau der Internationale der Humorlosigkeit dienen.\u201c<\/p>\n<p>In der g\u00e4nzlich witzlosen Gesellschaft lacht man \u00fcber niemanden mehr. Auch nicht im Keller. Der Deutsche hat bald ohnehin nichts mehr zu lachen. Gasspeicher leer, Stromnetz leer, Haushaltskonto leer, Witzekonto leer. Echt gemein. Noch nicht einmal lachen darf man \u00fcber die eigene Bl\u00f6dheit, eine solche Politik irgendwann, irgendwie gew\u00e4hlt zu haben. Noch schlimmer, solche Politik vielleicht gar nicht gew\u00e4hlt zu haben, aber trotzdem geliefert zu bekommen. Und am schlimmsten: Sie wieder zu bekommen nach gut 30 Jahren, die auferstandene Mangel-DDR und die Dialektik-\u00dcbungen mit Ochs und Esel.<\/p>\n<p><em>Eine zunehmend witzlose Gesellschaft<\/em><br \/>\nFr\u00fcher zog man beim Karneval \u00fcber die Herrschaft her, heute zieht man \u00fcber die her, die keinen Bock mehr auf die Herrschaft haben. Der professionelle Karnevalist hat das Lager gewechselt und ist ein Claqueur. Verd\u00e4chtig: Dar\u00fcber lachen die politischen G\u00e4ste an den medienwirksamen Biertischen am lautesten, denn sie f\u00fchlen sich best\u00e4tigt. Im Fokus: Das stereotype, b\u00fcrgerliche Staatsfeind-Repertoire statt der Staatsfeinde des Dilettanten-Kabinetts, die Deutschland mit haarstr\u00e4ubenden Fehlentscheidungen seit Jahren global der L\u00e4cherlichkeit preisgeben. Schon komisch, wenn andere lachen, denen man den Witz gar nicht erz\u00e4hlt hat. Dann sollte man vielleicht nachschauen, ob man heute morgen in der Eile vergessen hat, eine Hose anzuziehen.<br \/>\nEine zunehmend witzlose Gesellschaft ist an der Macht, das deutsche Wokistan. Man k\u00f6nnte denken, das ist ein Land am Hindukusch, wo einst unsere Freiheit verteidigt wurde. Nein, es existiert hier in Mitteleuropa. Es wird von 17 Nachdenkern in einer Spreeschleife in Berlin uninspiriert verwest: Scholz, Habeck, Lindner, Faeser, Baerbock, Buschmann, Heil Lambrecht!, \u00d6zdemir, Paus, Lauterbach, Wissing, Lemke, Stark-Watzinger, Schulze, Geywitz und der Wolfgang f\u00fcr besondere Aufgaben.<br \/>\nDie Vordenker sitzen jedoch in westlichen Universit\u00e4ten und Medien, wo die Sprechapparate des Kabinetts mit Worth\u00fclsen versorgt werden, die jeder peinlichen Befragung und sittlichen Humorpr\u00fcfung standhalten k\u00f6nnten. Das ist echte deutsche Ernsthaftigkeit: Jeder Scherz muss zun\u00e4chst aktenkundig werden, bevor er als Beschlussvorlage vom Kanzler pers\u00f6nlich freigegeben wird. Humor von oben herab. Eigentlich funktioniert das beim Fasching andersherum. Ein mildes L\u00e4cheln sei erlaubt am heutigen Ehrentag der saft- und kraftlosen Narretei.<\/p>\n<p><em>Pandemie in Covid-Moll<\/em><br \/>\nWer es im Blut hat, katholisch-hedonistisch veranlagt ist, aus dem Rheinland oder anderen Hochburgen stammt und hineingeboren wurde ins \u201eTreiben\u201c, wird das hier vielleicht missverstehen. Ich war zwar schon immer auf der Hut vor heidnischem Brauchtum, auch wenn mich das ebenfalls von Weihnachtsbaum und Osterhase h\u00e4tte entfremden m\u00fcssen. Aber ich erkenne dankend an, dass es Menschen gibt, die sich das Feiern von Besserwissern und Oberlehren nicht mehr vermiesen lassen wollen. Das w\u00e4re eine plausible Erkl\u00e4rung daf\u00fcr, dass es viele Leute gibt, auf die die vorgenannten Attribute eigentlich gar nicht passen<br \/>\nSie haben einfach ein dickes Fell und lassen sich hoffentlich nie wieder vom Drosten-Wieler-Lauterbach-Montgomery-Quartett am G\u00e4ngelband herumf\u00fchren. Die geh\u00f6ren ab heute kr\u00e4ftig durch den Kakao gezogen, denn f\u00fcr ihre schweren Entgleisungen haben sich die Herren bis heute nicht entschuldigt. Ich sage nur: \u201eDie Tyrannei der Ungeimpften\u201c (Montgomery). Das war deren Tyrannei der Unbedarften.<br \/>\nAllerdings ist anzumerken: Der Ph\u00e4nomen-Bereich des sich Lustigmachens \u00fcber Personal der Res Publica k\u00f6nnte seit Neuestem schon als \u201everfassungsschutzrelevante Delegitimierung des Staates\u201c, gelten. Stellen Sie sich vor, auf einem Motivwagen w\u00fcrde der frierende Deutsche Michel an Putins Gashahn herummanipulieren &#8230; oder Lauterbach w\u00fcrde mit erhobenem Zeigefinger im Gewande eines Klerikers das Ende der Welt verk\u00fcnden, w\u00e4hrend hinter ihm eine prall gef\u00fcllte Schatztruhe st\u00fcnde, aus der das Geld nur so herausquillt, &#8230; oder Karl, der \u201eSchm\u00e4chtige\u201c, steht unbekleidet da und verk\u00fcndet mit aufgerissenen Augen \u201eIch bin die Wissenschaft\u201c &#8230; Oder der kleine Olaf im 770-Millionen-Kindergarten, echt niedlich. Wenn das mal nicht die Faeser-Brigaden auf den Plan ruft.<\/p>\n<p>Ich muss deshalb klarstellen, dass ich diese kranken Ideen wirklich nicht hatte. Das war wahrscheinlich der Kubicki, der w\u00e4hrend der Coronazeit ja hoch auf dem gelben Wagen sa\u00df und den Hofnarren spielen durfte. Heute ist er gel\u00e4utert. Die echte Narretei der letzten drei Jahre ging von Flachpfeifen aus, die tagaus tagein das Lied von der Pandemie in Covid-Moll pfiffen, sodass die Geimpften vom H\u00f6rensagen Tinnitus, Myokarditis, G\u00fcrtelrose oder andere unvermittelt auftauchende \u201eErbkrankheiten\u201c bekamen. Die personifizierte, zertifiziert-unfehlbare Wissenschaft wusste schon damals: Keine Nebenwirkung der Impfung. Kein Widerwort. Einfach weitermachen, jeckes Deutschland!<br \/>\nIhnen ein sch\u00f6nes Wochenende!<br \/>\n&#8230; Alles vom 11.11.2022 von Fabian Nicolay, Herausgeber Achgut, bitte lesen auf <a href=\"https:\/\/www.achgut.com\">https:\/\/www.achgut.com<\/a><\/p>\n<p>&nbsp;<\/p>\n","protected":false},"excerpt":{"rendered":"<p>Home &gt;Vereine &gt;Narren &gt;Karneval Listenauswahl eines Beitrags: Bitte anklicken oder runterscrollen Lange Haftstrafe f\u00fcr Karnevalist Tilly \u2013 Orthodoxe Kirche Russland\u00a0(3.4.2026) Mannheim: Auto-Anschlag zu Fastnacht \u2013 zwei Tote\u00a0(5.3.2025) Abw\u00e4rts immer, aufw\u00e4rts nimmer\u00a0(2.3.2025) Karneval 2023\u2026von Eierlik\u00f6r, Geschlechtsverkehr und \u201eArschl\u00f6chern\u201c in der B\u00fctt &hellip; <a href=\"https:\/\/www.freiburg-schwarzwald.de\/blog\/vereine\/narren\/karneval\/\">Weiterlesen <span class=\"meta-nav\">&rarr;<\/span><\/a><\/p>\n","protected":false},"author":2,"featured_media":0,"parent":4298,"menu_order":0,"comment_status":"closed","ping_status":"closed","template":"","meta":{"footnotes":""},"class_list":["post-106310","page","type-page","status-publish","hentry"],"_links":{"self":[{"href":"https:\/\/www.freiburg-schwarzwald.de\/blog\/wp-json\/wp\/v2\/pages\/106310","targetHints":{"allow":["GET"]}}],"collection":[{"href":"https:\/\/www.freiburg-schwarzwald.de\/blog\/wp-json\/wp\/v2\/pages"}],"about":[{"href":"https:\/\/www.freiburg-schwarzwald.de\/blog\/wp-json\/wp\/v2\/types\/page"}],"author":[{"embeddable":true,"href":"https:\/\/www.freiburg-schwarzwald.de\/blog\/wp-json\/wp\/v2\/users\/2"}],"replies":[{"embeddable":true,"href":"https:\/\/www.freiburg-schwarzwald.de\/blog\/wp-json\/wp\/v2\/comments?post=106310"}],"version-history":[{"count":6,"href":"https:\/\/www.freiburg-schwarzwald.de\/blog\/wp-json\/wp\/v2\/pages\/106310\/revisions"}],"predecessor-version":[{"id":148218,"href":"https:\/\/www.freiburg-schwarzwald.de\/blog\/wp-json\/wp\/v2\/pages\/106310\/revisions\/148218"}],"up":[{"embeddable":true,"href":"https:\/\/www.freiburg-schwarzwald.de\/blog\/wp-json\/wp\/v2\/pages\/4298"}],"wp:attachment":[{"href":"https:\/\/www.freiburg-schwarzwald.de\/blog\/wp-json\/wp\/v2\/media?parent=106310"}],"curies":[{"name":"wp","href":"https:\/\/api.w.org\/{rel}","templated":true}]}}