{"id":10614,"date":"2012-09-10T08:30:00","date_gmt":"2012-09-10T06:30:00","guid":{"rendered":"https:\/\/www.freiburg-schwarzwald.de\/blog\/?page_id=10614"},"modified":"2021-01-25T19:08:55","modified_gmt":"2021-01-25T18:08:55","slug":"hospiz","status":"publish","type":"page","link":"https:\/\/www.freiburg-schwarzwald.de\/blog\/selbsthilfe\/senioren\/hospiz\/","title":{"rendered":"Hospiz"},"content":{"rendered":"<p>Home &gt;<a title=\"Selbsthilfe\" href=\"https:\/\/www.freiburg-schwarzwald.de\/blog\/selbsthilfe\/\">Selbsthilfe<\/a>\u00a0&gt;<a title=\"Senioren\" href=\"https:\/\/www.freiburg-schwarzwald.de\/blog\/selbsthilfe\/senioren\/\">Senioren<\/a> &gt;Hospiz<\/p>\n<div id=\"attachment_10435\" style=\"width: 651px\" class=\"wp-caption alignnone\"><a href=\"https:\/\/www.freiburg-schwarzwald.de\/blog\/tourismus\/gastro\/gasthaus\/belchenhaus\/todtnauberg9pan-060130\/\" rel=\"attachment wp-att-10435\"><img loading=\"lazy\" decoding=\"async\" aria-describedby=\"caption-attachment-10435\" class=\"size-full wp-image-10435\" title=\"todtnauberg9pan-060130\" src=\"https:\/\/www.freiburg-schwarzwald.de\/blog\/wp-content\/uploads\/2012\/09\/todtnauberg9pan-060130.jpg\" alt=\"\" width=\"641\" height=\"233\" srcset=\"https:\/\/www.freiburg-schwarzwald.de\/blog\/wp-content\/uploads\/2012\/09\/todtnauberg9pan-060130.jpg 641w, https:\/\/www.freiburg-schwarzwald.de\/blog\/wp-content\/uploads\/2012\/09\/todtnauberg9pan-060130-180x65.jpg 180w, https:\/\/www.freiburg-schwarzwald.de\/blog\/wp-content\/uploads\/2012\/09\/todtnauberg9pan-060130-640x232.jpg 640w\" sizes=\"auto, (max-width: 641px) 100vw, 641px\" \/><\/a><p id=\"caption-attachment-10435\" class=\"wp-caption-text\">Tele-Blick nach Westen von Todtnauberg zum Belchen am 30.1.2006 &#8211; Belchenhaus links<\/p><\/div>\n<ul>\n<li><a href=\"https:\/\/www.freiburg-schwarzwald.de\/blog\/business\/gesund\/corona-virus\/corona-tod\/\">Der Tod mit Covid \u2013 eine Beschreibung<\/a>\u00a0(25.1.2021)<\/li>\n<li>Hospizbewegung Breisgau-Hochschwarzwald feiert 20 Jahre (30.9.2014)<\/li>\n<li><a href=\"https:\/\/www.freiburg-schwarzwald.de\/blog\/kinderhospiz-freiburg-geplant\/\">https:\/\/www.freiburg-schwarzwald.de\/blog\/kinderhospiz-freiburg-geplant\/<\/a> (8.2.2014)<\/li>\n<li><a href=\"https:\/\/www.freiburg-schwarzwald.de\/hospiz1.htm\">Aktuelle Infos zur Hospiz-Seite<\/a> &gt;Hospiz1<\/li>\n<li><\/li>\n<li><a href=\"https:\/\/www.freiburg-schwarzwald.de\/blog\/business\/gesund\/corona-virus\/corona-tod\/\">Corona-Tod<\/a><\/li>\n<li><strong><a href=\"https:\/\/www.freiburg-schwarzwald.de\/hospiz.htm\">https:\/\/www.freiburg-schwarzwald.de\/hospiz.htm<\/a> &gt;Archivseite Hospiz<\/strong><\/li>\n<li><a href=\"https:\/\/www.freiburg-schwarzwald.de\/hospiz1.htm#Antonia Kiechle zur Ausstellung der Hospizgruppe Eichstetten\">Hospizgruppe Eichstetten<\/a> &gt;Hospiz1 (16.3.2007)<\/li>\n<li>Hospizgruppe Freiburg<\/li>\n<li>Hospizgruppe Emmendingen<\/li>\n<li>Hospizverein Hecklingen<\/li>\n<li>Hospizgruppe Hochschwarzwald<\/li>\n<li>Hospizgruppe Markgr\u00e4flerland<\/li>\n<li><a href=\"https:\/\/www.freiburg-schwarzwald.de\/senioren1.htm#Ambulante Hospizgruppe Oberes Elztal - Gr\u00fcndungsfeier mit Zertifizierung\">Hospizgruppe Oberes Elztal<\/a> &gt;Senioren1<\/li>\n<li>Hospiz Karl Josef gGmbH in FR-Wiehre<\/li>\n<li><a href=\"https:\/\/www.freiburg-schwarzwald.de\/soziales1.htm#Hospiztag 2002: Deutsche Hospiz Stiftung startet Postkarten-Aktion\">Hospizstifung Deutschland<\/a> &gt;Soziales1 (2002)<\/li>\n<li><a href=\"https:\/\/www.freiburg-schwarzwald.de\/hospiz.htm#IGSL Hospiz e.V. - Internationale Gesellschaft f\u00fcr Sterbebegleitung und Lebensbeistand\">IGSL Hospiz e.V. &#8211; Internationale Gesellschaft f\u00fcr Sterbebegleitung und Lebensbeistand<\/a><\/li>\n<li>Kinderhospize<\/li>\n<li><a href=\"https:\/\/www.freiburg-schwarzwald.de\/hospiz.htm#Palliativstation im Universit\u00e4tsklinikum Freiburg\">Palliativstation im Universit\u00e4tsklinikum Freiburg<\/a><\/li>\n<li><a title=\"Palliativ\" href=\"https:\/\/www.freiburg-schwarzwald.de\/blog\/selbsthilfe\/senioren\/palliativ\/\">Palliativmedizin &#8211; Palliativnetz Freiburg<\/a><\/li>\n<li><a href=\"https:\/\/www.freiburg-schwarzwald.de\/waldkirch2.htm#Hospizgruppe Silberstreif begleitet Menschen seit 5 Jahren\">Silberstreif-Hospizgruppe begleitet Menschen seit 5 Jahren<\/a> &gt;Waldkirch2 (18.4.2008)<\/li>\n<\/ul>\n<p>&nbsp;<\/p>\n<p>&nbsp;<\/p>\n<p><strong>Hospizbewegung Breisgau-Hochschwarzwald feiert 20 Jahre<\/strong><br \/>\nDie Hospizbewegung im Landkreis besteht seit 20 Jahren \/ 120 ehrenamtliche Helfer sind in sieben Regionalgruppen t\u00e4tig&#8230;. Neu ist auch die Kooperation mit dem <a title=\"Palliativ\" href=\"https:\/\/www.freiburg-schwarzwald.de\/blog\/selbsthilfe\/senioren\/palliativ\/\">Palliativnetz Freiburg<\/a>. Derzeit allerdings unbefriedigend gestaltet sich die Raumsituation f\u00fcr das Hospizb\u00fcro, in dem die beiden Koordinatoren Kerstin Kessler und Wolfgang Bensching arbeiten. Es ist vor\u00fcbergehend in einem Kellerraum in Merzhausen untergebracht. Der Umzug nach Umkirch kann erst 2016 stattfinden. &#8230;.<br \/>\nAlles vom 30.9.2014 bitte lesen auf<br \/>\n<span style=\"text-decoration: underline;\"><span style=\"color: #0066cc;\"><a href=\"https:\/\/www.badische-zeitung.de\/kreis-breisgau-hochschwarzwald\/sterben-als-teil-des-lebens-verstehen--92006701.html\">https:\/\/www.badische-zeitung.de\/kreis-breisgau-hochschwarzwald\/sterben-als-teil-des-lebens-verstehen&#8211;92006701.html<\/a><\/span><\/span><\/p>\n<p>&nbsp;<\/p>\n<p><strong>Hospizgruppe Emmendingen<\/strong><\/p>\n<p align=\"left\">Einsatzleiterinnen sind Walburga Beule und Dorothea Moriell.<\/p>\n<p>Spendenkonto &#8211; Ihre Spende wird dringend gebraucht:<br \/>\nKonto der Caritas Emmendingen, Kennwort Hospizgruppe Emmendingen,<\/p>\n<p>Spenden: Sparkasse Freiburg-N\u00f6rdlicher Breisgau, Konto 22220002, BLZ 680 501 01<\/p>\n<p><a href=\"https:\/\/www.freiburg-schwarzwald.de\/sterbehilfe1.htm#Bestatter Fritz Roth: Mit dem Tod nat\u00fcrlicher umgehen\">Bestatter Fritz Roth: Mit dem Tod nat\u00fcrlicher umgehen<\/a> &gt;Sterbehilfe1 (4.11.2008)<br \/>\n<a href=\"https:\/\/www.freiburg-schwarzwald.de\/hospiz1.htm#Selbstbestimmung im Sterben - Hospiztage Emmendingen\">Selbstbestimmung im Sterben &#8211; Hospiztage Emmendingen<\/a> &gt;Hospiz1 (31.10.2008)<br \/>\n<a href=\"https:\/\/www.freiburg-schwarzwald.de\/emmendingen1.htm#Hospizgruppe: Nachfrage steigt, aber Spenden r\u00fcckl\u00e4ufig\">Hospizgruppe: Nachfrage steigt, aber Spenden r\u00fcckl\u00e4ufig<\/a> &gt;Emmendingen (8.4.2008)<br \/>\n<a href=\"https:\/\/www.freiburg-schwarzwald.de\/emmendingen1.htm#Hospizgruppe in Finanznot\u00a0- Spender dringend gesucht\">Hospizgruppe in Finanznot\u00a0&#8211; Spender dringend gesucht<\/a> &gt;Emmendingen1 (8.12.2007)<br \/>\n<a href=\"https:\/\/www.freiburg-schwarzwald.de\/emmendingen.htm#Helfer von Hospizgruppe und FusS-Truppe erhalten Goldmedaillen\">Helfer von Hospizgruppe und FusS-Truppe erhalten Goldmedaillen<\/a> &gt;Emmendingen (18.1.2007)<\/p>\n<p align=\"left\"><a href=\"https:\/\/www.freiburg-schwarzwald.de\/senioren1.htm#Hospizgruppe Emmendingen mit Palliative-Care-Fachkraft\">Hospizgruppe Emmendingen mit Palliative-Care-Fachkraft<\/a> &gt;Senioren1 (17.8.2004)<\/p>\n<p>&nbsp;<\/p>\n<p><strong>Hospizgruppe Freiburg<\/strong><\/p>\n<p align=\"left\">Die Hospizgruppe Freiburg e.V. wird vom Diakonischen Werk Freiburg und dem Caritasverband Freiburg-Stadt e.V. \u00f6kumenisch getragen.<br \/>\nAmbulante Begleitung von Schwerkranken und Sterbenden und deren Angeh\u00f6rigen<\/p>\n<p>T\u00fcrkenlouisstrasse 22, 79102 Freiburg, Tel 0761\/36894440<br \/>\n<a href=\"https:\/\/www.hospizgruppe-freiburg.de\/\">www.hospizgruppe-freiburg.de<\/a><br \/>\ncornelia-kirchner at web.de<\/p>\n<p align=\"left\">Spendenkonto der Hospizgruppe Freiburg:<br \/>\nSparkasse Freiburg, Konto 2074333, BLZ 68050101<\/p>\n<p align=\"left\"><a href=\"https:\/\/www.freiburg-schwarzwald.de\/kinder.htm#Alles ist anders - Trauernde Kinder\">Alles ist anders &#8211; eine Initiative der Hospizgruppe Freiburg<\/a> &gt;Kinder<br \/>\n<a href=\"https:\/\/www.freiburg-schwarzwald.de\/hospiz1.htm#Gastlichkeit in die Klinik bringen: Er\u00f6ffnung der Palliativstation\">Gastlichkeit in die Klinik bringen: Er\u00f6ffnung der Palliativstation<\/a> &gt;Hospiz1 (2.12.2006)<\/p>\n<p>&nbsp;<\/p>\n<p>&nbsp;<\/p>\n<p><strong>Hospizverein Hecklingen<\/strong><\/p>\n<p>c\/o Dieter M\u00fcller-Reimann<\/p>\n<p><a href=\"https:\/\/www.freiburg-schwarzwald.de\/hospiz1.htm#Lebensweg im Alten Gr\u00fcn in Kenzingen: Von Geburt bis zum Tod\">Lebensweg im Alten Gr\u00fcn in Kenzingen: Von Geburt bis zum Tod &gt;Hospiz1 (27.3.2007)<\/a><\/p>\n<p>&nbsp;<\/p>\n<p>&nbsp;<\/p>\n<p><strong>Hospizgruppe Hochschwarzwald <\/strong><\/p>\n<p>Der 1994 gegr\u00fcndete Verein Hospizbewegung Breisgau-Hochschwarzwald hat aktuell 200 Mitglieder. Seine Koordinations- und Gesch\u00e4ftsstelle befindet sich in Kirchzarten, in dem von der Caritas betriebenen Wohn- und Pflegeheim. Die 200 Mitglieder verteilen sich im Kreisgebiet auf neun Regionalgruppen. Alle Mitglieder, worunter die Frauen in der Mehrzahl sind, arbeiten auf ehrenamtlicher Basis. Die 200 Mitglieder verteilen sich im Kreisgebiet auf neun Regionalgruppen. Alle Mitglieder, worunter die Frauen in der Mehrzahl sind, arbeiten auf ehrenamtlicher Basis<\/p>\n<p align=\"left\">Hospizgruppe Hochschwarzwald<br \/>\nAnfragen \u00fcber Isolde Kaltenbach, Tel 07651\/ 911869<br \/>\nNeue Mitarbeiter gesucht. Hanne Furthmann, Tel 07651\/91180.<br \/>\n<a href=\"https:\/\/www.hospiz-brsg-hochschwarzwald.de\">www.hospiz-brsg-hochschwarzwald.de<\/a><\/p>\n<p align=\"left\">Im Stadtkreis Freiburg und im Landkreis Breisgau-Hochschwarzwald engagieren sich \u00fcber 600 Menschen ehrenamtlich in der Hospizbewegung. Sie begleiten Schwerkranke und Sterbende zu Hause, in Kliniken oder Alten- und Pflegeheimen.<\/p>\n<p align=\"left\"><a href=\"https:\/\/www.freiburg-schwarzwald.de\/hospiz1.htm#Hospizbewegung Breisgau-Hochschwarzwald - Fortbildungen\">Hospizbewegung Breisgau-Hochschwarzwald &#8211; Fortbildungen<\/a> &gt;Hospiz1 (24.2.2007)<br \/>\n<a href=\"https:\/\/www.freiburg-schwarzwald.de\/hospiz1.htm#Hospizgruppe Hochschwarzwald begleitete fast 200 Menschen\">Hospizgruppe Hochschwarzwald begleitete fast 200 Menschen<\/a> &gt;Hospiz1 (31.10.2002)<\/p>\n<p>&nbsp;<\/p>\n<p><strong>Hospizgruppe Markgr\u00e4flerland<\/strong><\/p>\n<p>Die Hospizgruppe Markgr\u00e4flerland, die in ehrenamtlichen und freiwilligen Einsatz, es sich zur Aufgabe gemacht hat Schwerkranke und Sterbende in Altersheimen, im Krankenhaus oder zu Hause zu begleiten, l\u00e4dt zum Hospiz-Treff auf Mittwoch, 7. Juli , um 19.30 Uhr in den &#8222;Blauen Elefant&#8220;, Am Lindle ein. Alle Interessierten sind eingeladen. Auskunft unter Tel 07631\/172682.<br \/>\n3.7.2004<\/p>\n<p><a href=\"https:\/\/www.freiburg-schwarzwald.de\/hospiz1.htm#Trauer und Trost in Bild, Wort, Klang\">Trauer und Trost in Bild, Wort, Klang<\/a> &gt;Hospiz1 (29.10.2007)<br \/>\n<a href=\"https:\/\/www.freiburg-schwarzwald.de\/muellheim1.htm#Hospizgruppe Markgr\u00e4flerland sucht neue Mitarbeiter - Informationsabend\">Hospizgruppe Markgr\u00e4flerland sucht neue Mitarbeiter &#8211; Informationsabend<\/a> &gt;Muellheim1 (1.9.2007)<br \/>\n<a href=\"https:\/\/www.freiburg-schwarzwald.de\/senioren3.htm#Br\u00fcckenpflege f\u00fcr Tumorpatienten - Hospizgruppe S\u00fcdlicher Breisgau besucht\">Br\u00fcckenpflege f\u00fcr Tumorpatienten &#8211; Hospizgruppe S\u00fcdlicher Breisgau besucht<\/a> &gt;Senioren3 (7.12.2005)<br \/>\n<a href=\"https:\/\/www.freiburg-schwarzwald.de\/senioren2.htm#Zehn Jahre Hospizgruppe Markgr\u00e4flerland in M\u00fcllheim\">Zehn Jahre Hospizgruppe Markgr\u00e4flerland in M\u00fcllheim<\/a> &gt;Senioren2 (14.10.2004)<\/p>\n<p>&nbsp;<\/p>\n<p><strong>Internationale Gesellschaft f\u00fcr Sterbebegleitung und Lebensbeistand<\/strong><\/p>\n<p>IGSL-Hospiz e.V. arbeitet als eine der gr\u00f6\u00dften Dachorganisationen der Hospizbewegung international, interdisziplin\u00e4r und \u00fcberkonfessionell. Sie hat in Deutschland zur Zeit fast 3.000 Mitglieder und 32 <a href=\"https:\/\/www.igsl-hospiz.de\/vorort\/unsere\/_vorort.htm\" target=\"_top\" rel=\"noopener\">Regionalgruppen<\/a>, um die Ziele der Sterbe- und Trauerbegleitung vor Ort zu verwirklichen.<br \/>\n<a href=\"https:\/\/www.igsl-hospiz.de\/\">www.igsl-hospiz.de<\/a><\/p>\n<p>&nbsp;<\/p>\n<p align=\"left\"><strong>Hospiz Karl Josef gGmbH in Freiburg<\/strong><\/p>\n<p align=\"left\">&#8222;Weil auch Sterben Leben ist&#8220;<br \/>\nStation\u00e4res Hospiz f\u00fcr bis zu acht Personen<br \/>\nGesellschafter: St.Josefskrankenhaus, Loretto-Krankenhaus, St.Elisabeth-Krankenhaus und in Waldkirch das Bruder-Klaus-Krankenhaus.<\/p>\n<p>Hospiz Karl Josef GmbH, T\u00fcrkenloisstrasse 22, 70102 Freiburg-Wiehre<br \/>\nTel 0761\/70480-0, Leitung Alfred Debes<br \/>\nHausbetreuungsdienst, Tel 0761\/814988<br \/>\n<a href=\"https:\/\/www.rkk-hospiz.de\/\">www.rkk-hospiz.de<\/a>, eMail <a href=\"mailto:info@rkk-hospiz.de\">info@rkk-hospiz.de<\/a><\/p>\n<p align=\"left\">Spendenkonto Hospiz Karl Josef:<br \/>\n<span style=\"color: #008000;\"><strong>Konto 100 871 09, BLZ 680 501 01, Sparkasse Freiburg<\/strong><\/span><\/p>\n<p align=\"left\"><a href=\"https:\/\/www.freiburg-schwarzwald.de\/hospiz1.htm#Zainemacherzunft Buchenbach unterst\u00fctzt Hospiz Karl Josef\">Zainemacherzunft Buchenbach unterst\u00fctzt Hospiz Karl Josef<\/a> &gt;Hospiz1 (14.7.2008)<\/p>\n<div><strong>Kinderhospize<\/strong><\/div>\n<p align=\"left\">In Deutschland leben laut dem\u00a0Bundesverband Kinderhospiz\u00a0insgesamt etwa 22600 Kinder und Jugendliche lebensverk\u00fcrzenden Krankheiten, 3000 davon in Baden-W\u00fcrttemberg. Die Kinder und Jugendlichen leiden zum Beispiel an Muskel- oder Stoffwechselerkrankungen, Herz- oder Lebersch\u00e4den oder an Krebs. Jedes Jahr sterben daran deutschlandweit etwa 5000 Kinder, Jugendliche und junge Erwachsene. In Baden-W\u00fcrttemberg sind es rund 350.<br \/>\nStation\u00e4re Kinderhospize\u00a0gibt es unter anderem in den St\u00e4dten Memmingen, Dudenhofen, Wiesbaden, Olpe, Sieke bei Bremen, Leipzig, Berlin, D\u00fcsseldorf, Bielefeld und Hamburg.<br \/>\n<a title=\"\" href=\"https:\/\/www.bundesverband-kinderhospiz.de\/\" target=\"_blank\" rel=\"noopener\">https:\/\/www.bundesverband-kinderhospiz.de<\/a>.<\/p>\n<p>In Freiburg k\u00fcmmern sich seit Juli 2010 auch Ehrenamtliche des ambulanten Kinder- und Jugendhospizdienstes der Malteser Familien mit Kindern und Jugendlichen, die eine lebensverk\u00fcrzende Krankheit haben. Infos gibt es unter\u00a0<a title=\"\" href=\"https:\/\/www.malteser-freiburg.de\/\" target=\"_blank\" rel=\"noopener\">https:\/\/www.malteser-freiburg.de<\/a><\/p>\n<p><strong>F\u00f6rderverein &#8222;Station\u00e4res Kinder- und Jugendhospiz Baden&#8220;\u00a0<\/strong><\/p>\n<p align=\"left\">Der F\u00f6rderverein &#8222;Station\u00e4res Kinder- und Jugendhospiz Baden&#8220; hat sich zum Ziel gesetzt, ein Kinder- und Jugendhospiz im Raum Freiburg\u00a0zu errichten und dauerhaft zu unterst\u00fctzen. Dort sollen Kinder mit lebensverk\u00fcrzenden Krankheiten und ihre Familien Kraft tanken k\u00f6nnen \u2013 und zwar ab der Diagnosestellung. Der Verein ist auf Spenden angewiesen.<br \/>\n<a title=\"\" href=\"https:\/\/www.kinderhospiz-baden.org\/\" target=\"_blank\" rel=\"noopener\">https:\/\/www.kinderhospiz-baden.org<\/a><\/p>\n","protected":false},"excerpt":{"rendered":"<p>Home &gt;Selbsthilfe\u00a0&gt;Senioren &gt;Hospiz Der Tod mit Covid \u2013 eine Beschreibung\u00a0(25.1.2021) Hospizbewegung Breisgau-Hochschwarzwald feiert 20 Jahre (30.9.2014) https:\/\/www.freiburg-schwarzwald.de\/blog\/kinderhospiz-freiburg-geplant\/ (8.2.2014) Aktuelle Infos zur Hospiz-Seite &gt;Hospiz1 Corona-Tod https:\/\/www.freiburg-schwarzwald.de\/hospiz.htm &gt;Archivseite Hospiz Hospizgruppe Eichstetten &gt;Hospiz1 (16.3.2007) Hospizgruppe Freiburg Hospizgruppe Emmendingen Hospizverein Hecklingen Hospizgruppe Hochschwarzwald Hospizgruppe &hellip; <a href=\"https:\/\/www.freiburg-schwarzwald.de\/blog\/selbsthilfe\/senioren\/hospiz\/\">Weiterlesen <span class=\"meta-nav\">&rarr;<\/span><\/a><\/p>\n","protected":false},"author":4,"featured_media":0,"parent":183,"menu_order":0,"comment_status":"open","ping_status":"closed","template":"","meta":{"footnotes":""},"class_list":["post-10614","page","type-page","status-publish","hentry"],"_links":{"self":[{"href":"https:\/\/www.freiburg-schwarzwald.de\/blog\/wp-json\/wp\/v2\/pages\/10614","targetHints":{"allow":["GET"]}}],"collection":[{"href":"https:\/\/www.freiburg-schwarzwald.de\/blog\/wp-json\/wp\/v2\/pages"}],"about":[{"href":"https:\/\/www.freiburg-schwarzwald.de\/blog\/wp-json\/wp\/v2\/types\/page"}],"author":[{"embeddable":true,"href":"https:\/\/www.freiburg-schwarzwald.de\/blog\/wp-json\/wp\/v2\/users\/4"}],"replies":[{"embeddable":true,"href":"https:\/\/www.freiburg-schwarzwald.de\/blog\/wp-json\/wp\/v2\/comments?post=10614"}],"version-history":[{"count":2,"href":"https:\/\/www.freiburg-schwarzwald.de\/blog\/wp-json\/wp\/v2\/pages\/10614\/revisions"}],"predecessor-version":[{"id":87275,"href":"https:\/\/www.freiburg-schwarzwald.de\/blog\/wp-json\/wp\/v2\/pages\/10614\/revisions\/87275"}],"up":[{"embeddable":true,"href":"https:\/\/www.freiburg-schwarzwald.de\/blog\/wp-json\/wp\/v2\/pages\/183"}],"wp:attachment":[{"href":"https:\/\/www.freiburg-schwarzwald.de\/blog\/wp-json\/wp\/v2\/media?parent=10614"}],"curies":[{"name":"wp","href":"https:\/\/api.w.org\/{rel}","templated":true}]}}