{"id":10584,"date":"2012-09-08T19:45:31","date_gmt":"2012-09-08T17:45:31","guid":{"rendered":"https:\/\/www.freiburg-schwarzwald.de\/blog\/?page_id=10584"},"modified":"2016-07-25T13:11:54","modified_gmt":"2016-07-25T11:11:54","slug":"strandbad-tischtennis","status":"publish","type":"page","link":"https:\/\/www.freiburg-schwarzwald.de\/blog\/sport\/baeder\/strandbad\/strandbad-tischtennis\/","title":{"rendered":"Strandbad-Tischtennis"},"content":{"rendered":"<p>Home &gt;<a title=\"Sport\" href=\"https:\/\/www.freiburg-schwarzwald.de\/blog\/sport\/\">Sport<\/a> &gt;<a title=\"Baeder\" href=\"https:\/\/www.freiburg-schwarzwald.de\/blog\/sport\/baeder\/\">Baeder<\/a> &gt;<a title=\"Strandbad\" href=\"https:\/\/www.freiburg-schwarzwald.de\/blog\/sport\/baeder\/strandbad\/\">Strandbad<\/a> &gt;Strandbad-Tischtennis<\/p>\n<div id=\"attachment_8119\" style=\"width: 643px\" class=\"wp-caption alignnone\"><a href=\"https:\/\/www.freiburg-schwarzwald.de\/blog\/sport\/baeder\/standbad29morgensonne-pan120722\/\" rel=\"attachment wp-att-8119\"><img loading=\"lazy\" decoding=\"async\" aria-describedby=\"caption-attachment-8119\" class=\"size-full wp-image-8119\" title=\"standbad29morgensonne-pan120722\" src=\"https:\/\/www.freiburg-schwarzwald.de\/blog\/wp-content\/uploads\/2012\/04\/standbad29morgensonne-pan120722.jpg\" alt=\"\" width=\"633\" height=\"242\" srcset=\"https:\/\/www.freiburg-schwarzwald.de\/blog\/wp-content\/uploads\/2012\/04\/standbad29morgensonne-pan120722.jpg 633w, https:\/\/www.freiburg-schwarzwald.de\/blog\/wp-content\/uploads\/2012\/04\/standbad29morgensonne-pan120722-180x68.jpg 180w\" sizes=\"auto, (max-width: 633px) 100vw, 633px\" \/><\/a><p id=\"caption-attachment-8119\" class=\"wp-caption-text\">Strandbad in Freiburg am 22.7.2012 &#8211; Morgensonne am Sonntagfr\u00fch<\/p><\/div>\n<ul>\n<li>7. Tischtennisturnier am 24.7.2016 im Strandbad (24.7.2016)<\/li>\n<li><a href=\"https:\/\/www.freiburg-schwarzwald.de\/blog\/strandbad-tischtennis-benefiz\/\">https:\/\/www.freiburg-schwarzwald.de\/blog\/strandbad-tischtennis-benefiz\/<\/a> (23.7.2015)<\/li>\n<li><span style=\"text-decoration: underline;\"><span style=\"color: #0066cc;\"><a href=\"https:\/\/www.freiburg-schwarzwald.de\/blog\/strandbad-tischtennis-krebs\/\">https:\/\/www.freiburg-schwarzwald.de\/blog\/strandbad-tischtennis-krebs\/<\/a><\/span><\/span>\u00a0(27.7.2014)<\/li>\n<li><a href=\"https:\/\/www.freiburg-schwarzwald.de\/blog\/strandbad-tischtennis-krebshilfe\/\">https:\/\/www.freiburg-schwarzwald.de\/blog\/strandbad-tischtennis-krebshilfe\/<\/a>\u00a0(17.7.2013)<\/li>\n<li>3. Tischtennisturnier am 8.9.2012 im Strandbad mit 65 SpielerInnen<\/li>\n<li><a href=\"https:\/\/www.freiburg-schwarzwald.de\/littenweiler\/strandbad.htm#Strandbad-Tischtennisturnier am 10.9. mit Adolf Seger f\u00fcr guten Zweck\">2. Strandbad-Tischtennisturnier am 10.9.2011 mit Adolf Seger f\u00fcr guten Zweck<\/a> &gt;Freiburg-Dreisamtal.de<\/li>\n<li>Spielend helfen im Strandbad<\/li>\n<\/ul>\n<p>&nbsp;<\/p>\n<p><strong>7. Tischtennisturnier am 24.7.2016 im Strandbad<\/strong><\/p>\n<p>51 Teilnehmer kamen, um bei angenehmem Sommerwetter in vier Runden Tischtennis zu spielen &#8211; f\u00fcr den von Adolf Seger initiierten guten Zweck. Endspiel kurz nach 16 Uhr.<\/p>\n<p>die beiden Er\u00f6ffnungsspiele:<br \/>\nZeiser und Sybally\/Eisv\u00f6gel gegen Handke und Ilka Hoffmann\/Eisv\u00f6gel 0:2<br \/>\nAdolf Seger und Juliane Hodapp gegen Kekebusch von Ulrich von Kirchbach und Nani Ilmberger 2:0<\/p>\n<p>&nbsp;<\/p>\n<p><a href=\"https:\/\/www.freiburg-schwarzwald.de\/blog\/sport\/baeder\/strandbad\/strandbad-tischtennis\/strandbad1tischtennis160724\/\" rel=\"attachment wp-att-61799\"><img loading=\"lazy\" decoding=\"async\" class=\"alignnone size-thumbnail wp-image-61799\" src=\"https:\/\/www.freiburg-schwarzwald.de\/blog\/wp-content\/uploads\/2012\/09\/strandbad1tischtennis160724-180x135.jpg\" alt=\"strandbad1tischtennis160724\" width=\"180\" height=\"135\" srcset=\"https:\/\/www.freiburg-schwarzwald.de\/blog\/wp-content\/uploads\/2012\/09\/strandbad1tischtennis160724-180x135.jpg 180w, https:\/\/www.freiburg-schwarzwald.de\/blog\/wp-content\/uploads\/2012\/09\/strandbad1tischtennis160724.jpg 640w\" sizes=\"auto, (max-width: 180px) 100vw, 180px\" \/><\/a>\u00a0 \u00a0 \u00a0 \u00a0 \u00a0\u00a0<a href=\"https:\/\/www.freiburg-schwarzwald.de\/blog\/sport\/baeder\/strandbad\/strandbad-tischtennis\/strandbad2tischtennis160724\/\" rel=\"attachment wp-att-61800\"><img loading=\"lazy\" decoding=\"async\" class=\"alignnone size-thumbnail wp-image-61800\" src=\"https:\/\/www.freiburg-schwarzwald.de\/blog\/wp-content\/uploads\/2012\/09\/strandbad2tischtennis160724-180x135.jpg\" alt=\"strandbad2tischtennis160724\" width=\"180\" height=\"135\" srcset=\"https:\/\/www.freiburg-schwarzwald.de\/blog\/wp-content\/uploads\/2012\/09\/strandbad2tischtennis160724-180x135.jpg 180w, https:\/\/www.freiburg-schwarzwald.de\/blog\/wp-content\/uploads\/2012\/09\/strandbad2tischtennis160724.jpg 640w\" sizes=\"auto, (max-width: 180px) 100vw, 180px\" \/><\/a>\u00a0 \u00a0 \u00a0 \u00a0 \u00a0\u00a0<a href=\"https:\/\/www.freiburg-schwarzwald.de\/blog\/sport\/baeder\/strandbad\/strandbad-tischtennis\/strandbad3tischtennis160724\/\" rel=\"attachment wp-att-61801\"><img loading=\"lazy\" decoding=\"async\" class=\"alignnone size-thumbnail wp-image-61801\" src=\"https:\/\/www.freiburg-schwarzwald.de\/blog\/wp-content\/uploads\/2012\/09\/strandbad3tischtennis160724-180x135.jpg\" alt=\"strandbad3tischtennis160724\" width=\"180\" height=\"135\" srcset=\"https:\/\/www.freiburg-schwarzwald.de\/blog\/wp-content\/uploads\/2012\/09\/strandbad3tischtennis160724-180x135.jpg 180w, https:\/\/www.freiburg-schwarzwald.de\/blog\/wp-content\/uploads\/2012\/09\/strandbad3tischtennis160724.jpg 640w\" sizes=\"auto, (max-width: 180px) 100vw, 180px\" \/><br \/>\n(<\/a>1) Blick ostw\u00e4rts am 24.7.2016 \u00a0 \u00a0 \u00a0 \u00a0 \u00a0 \u00a0 (2) Die Turnierleitung im Strandbad \u00a0 \u00a0 \u00a0 (3) Musical-Crew mit Jenna Benos<\/p>\n<p>(1) Ab 10 Uhr wurde an vier Tischen im Strandbad gespielt.<br \/>\n(2) Karsten Illy am PC mit dem Spielplan &#8211; Adolf Seger im Hintergrund<br \/>\n(3) Um 13 Uhr f\u00fchrte die &#8222;Musical Crew Freiburg&#8220; von Jnna Benos mitrei\u00dfende T\u00e4nze mitGesang vor..<br \/>\nMusikalische Kom\u00f6die &#8222;Dicas Salon-Fris\u00f6sen&#8220; \u00fcber <a href=\"https:\/\/www.alemannische-buehne.de\">www.alemannische-buehne.de<\/a><\/p>\n<p>&nbsp;<\/p>\n<p>&nbsp;<\/p>\n<p>&nbsp;<\/p>\n<p><strong>3. Tischtennisturnier am 8.9.2012 im Strandbad mit 65 SpielerInnen<\/strong><\/p>\n<p>Am Samstag, 8.9.2012, um 10 Uhr begann das von der 67-j\u00e4hrigen Freiburger Ringer-Legende Adolf Seger sowie Gerold Staschull initiierte und zum dritten Mal durchgef\u00fchrte\u00a0Tischtennisturnier &#8211; f\u00fcr einen guten Zweck, zugunsten des F\u00f6rdervereins f\u00fcr <a title=\"Krebskranke-Kinder\" href=\"https:\/\/www.freiburg-schwarzwald.de\/blog\/selbsthilfe\/krebs\/krebskranke-kinder\/\">krebskranke Kinder<\/a>\u00a0in Freiburg, vertreten durch Claus Geppert. Unterst\u00fctzt von Regio-B\u00e4der-Chef Robert Grammelspacher und Strandbad-Betriebsleiter &#8222;Mecki&#8220; Michael Lorenz gelang es Seger, zahlreiche Prominente von Sport und Stadt zu dem Jedermann-Turnier einzuladen. Freiburgs Ehrenb\u00fcrger und\u00a0\u00a0fr\u00fcherer Uni-Rektor Prof. Wolfgang J\u00e4ger,\u00a0Gesch\u00e4ftsf\u00fchrer der Freiburger Stadtbau GmbH Ralf Klausmann, ZMF-Gr\u00fcnder Alexander Heisler, SWR-Leiter Uli Hohmann,\u00a0Ernst Ludwig Ganter, Langlauflegende Peter Zipfel, Deutsche Ringmeisterin Christiane Knittel, Deutscher Meister im Schwergewichtsboxen Bernd Teuchert, Deutscher Meister im Schwergewichts-Bodybuilding Markus Hoppe.<br \/>\nTurnierleiter: Stefan Masur<br \/>\nAuch das Rahmenprogramm stand unter dem Motto &#8222;Spielend Helfen&#8220;:\u00a0Claudia S\u00fctterlin, die Gesch\u00e4ftsf\u00fchrerin der <a title=\"Alemannisch\" href=\"https:\/\/www.freiburg-schwarzwald.de\/blog\/kultur\/alemannisch\/\">Alemannischen B\u00fchne<\/a>, \u00fcbernahm die Moderation und sang das Er\u00f6ffnungslied\u00a0&#8222;Give me one moment in time&#8220;, den Titelsong der Olympischen Spiele von Seoul 1988, \u00a0sowie Lieder zur Siegerehrung.\u00a0Andrea de Boer von der Freiburger Turnerschaft von 1844 f\u00fchrte ihr Zumba-Programm vor. Die aus Lettland geb\u00fcrtige Liga Saukante\u00a0 f\u00fchrte Indische T\u00e4nze vor. Der Erl\u00f6s kam &#8222;1:1&#8220;, wie Adolf Seger es ausdr\u00fcckt,\u00a0den krebskranken Kindern zugute.<\/p>\n<p>Im VIP-Er\u00f6ffnungsspiel setzten sich Prof J\u00e4ger mit Adolf Seger gegen Ralf Klausmann mit Markus Hoppe 11:9 und 11:1 souver\u00e4n durch.<br \/>\nBeim Tischtennisturnier machten 65 SpielerInnen mit (32 waren es noch 2011), in den Gruppen Aktive und Hobby. Bei jedem Match\u00a0standen sich zwei Mixed-Paare Aktive\/Hobby gegen\u00fcber. Nach der\u00a0Vorrunde von 11 bis 14 Uhr starteten 32 SpielerInnen um\u00a014.45 Uhr mit der KO-Runde.<br \/>\nSpiel um die Pl\u00e4tze 3 und 4: Eugen Beck mit Alauddin Herrman gewannen gegen Julia Corsten mit Adolf Seger<br \/>\nFinale:\u00a0Diego Cevallos mit Hans Schweizer besiegten Peter Bader\u00a0mit Michael K\u00f6bele.<br \/>\nUm 17.30 Uhr \u00fcberreichte Claudia S\u00fctterlin die von Adolf Seger unterzeichneten Siegerurkunden.<\/p>\n<p>Vielen Dank an die Organisatoren und ehrenamlichen Helferinnen und Helfer wie auch die Sportlerinnen und Sportler an den f\u00fcnf Tischtennistischen. Sie alle waren Sieger und Gewinner an diesem sonnigen Sp\u00e4tsommersamstag im Strandbad. Dank Ihres gro\u00dfartigen Engagements.<\/p>\n<div id='gallery-1' class='gallery galleryid-10584 gallery-columns-3 gallery-size-thumbnail'><dl class='gallery-item'>\n\t\t\t<dt class='gallery-icon landscape'>\n\t\t\t\t<a href='https:\/\/www.freiburg-schwarzwald.de\/blog\/sport\/baeder\/strandbad\/strandbad-tischtennis\/strandbad1klausmann120908\/'><img loading=\"lazy\" decoding=\"async\" width=\"180\" height=\"135\" src=\"https:\/\/www.freiburg-schwarzwald.de\/blog\/wp-content\/uploads\/2012\/09\/strandbad1klausmann120908-180x135.jpg\" class=\"attachment-thumbnail size-thumbnail\" alt=\"\" aria-describedby=\"gallery-1-10661\" srcset=\"https:\/\/www.freiburg-schwarzwald.de\/blog\/wp-content\/uploads\/2012\/09\/strandbad1klausmann120908-180x135.jpg 180w, https:\/\/www.freiburg-schwarzwald.de\/blog\/wp-content\/uploads\/2012\/09\/strandbad1klausmann120908.jpg 640w\" sizes=\"auto, (max-width: 180px) 100vw, 180px\" \/><\/a>\n\t\t\t<\/dt>\n\t\t\t\t<dd class='wp-caption-text gallery-caption' id='gallery-1-10661'>\n\t\t\t\tStrandbad 8.9.2011 (1) Ralf Klausmann mit Markus Hoppe\n\t\t\t\t<\/dd><\/dl><dl class='gallery-item'>\n\t\t\t<dt class='gallery-icon landscape'>\n\t\t\t\t<a href='https:\/\/www.freiburg-schwarzwald.de\/blog\/sport\/baeder\/strandbad\/strandbad-tischtennis\/strandbad2jaeger120908\/'><img loading=\"lazy\" decoding=\"async\" width=\"180\" height=\"135\" src=\"https:\/\/www.freiburg-schwarzwald.de\/blog\/wp-content\/uploads\/2012\/09\/strandbad2jaeger120908-180x135.jpg\" class=\"attachment-thumbnail size-thumbnail\" alt=\"\" aria-describedby=\"gallery-1-10662\" srcset=\"https:\/\/www.freiburg-schwarzwald.de\/blog\/wp-content\/uploads\/2012\/09\/strandbad2jaeger120908-180x135.jpg 180w, https:\/\/www.freiburg-schwarzwald.de\/blog\/wp-content\/uploads\/2012\/09\/strandbad2jaeger120908.jpg 640w\" sizes=\"auto, (max-width: 180px) 100vw, 180px\" \/><\/a>\n\t\t\t<\/dt>\n\t\t\t\t<dd class='wp-caption-text gallery-caption' id='gallery-1-10662'>\n\t\t\t\tStrandbad 8.9.2011 (2) Prof J\u00e4ger mit Adolf Seger beim VIP-Er\u00f6ffnungsspiel\n\t\t\t\t<\/dd><\/dl><dl class='gallery-item'>\n\t\t\t<dt class='gallery-icon landscape'>\n\t\t\t\t<a href='https:\/\/www.freiburg-schwarzwald.de\/blog\/sport\/baeder\/strandbad\/strandbad-tischtennis\/strandbad3jaeger120908\/'><img loading=\"lazy\" decoding=\"async\" width=\"180\" height=\"135\" src=\"https:\/\/www.freiburg-schwarzwald.de\/blog\/wp-content\/uploads\/2012\/09\/strandbad3jaeger120908-180x135.jpg\" class=\"attachment-thumbnail size-thumbnail\" alt=\"\" aria-describedby=\"gallery-1-10663\" srcset=\"https:\/\/www.freiburg-schwarzwald.de\/blog\/wp-content\/uploads\/2012\/09\/strandbad3jaeger120908-180x135.jpg 180w, https:\/\/www.freiburg-schwarzwald.de\/blog\/wp-content\/uploads\/2012\/09\/strandbad3jaeger120908.jpg 640w\" sizes=\"auto, (max-width: 180px) 100vw, 180px\" \/><\/a>\n\t\t\t<\/dt>\n\t\t\t\t<dd class='wp-caption-text gallery-caption' id='gallery-1-10663'>\n\t\t\t\tStrandbad 8.9.2011 (3) Blick nach S\u00fcdwesten\n\t\t\t\t<\/dd><\/dl><br style=\"clear: both\" \/><dl class='gallery-item'>\n\t\t\t<dt class='gallery-icon portrait'>\n\t\t\t\t<a href='https:\/\/www.freiburg-schwarzwald.de\/blog\/sport\/baeder\/strandbad\/strandbad-tischtennis\/strandbad4jaeger120908\/'><img loading=\"lazy\" decoding=\"async\" width=\"139\" height=\"180\" src=\"https:\/\/www.freiburg-schwarzwald.de\/blog\/wp-content\/uploads\/2012\/09\/strandbad4jaeger120908-139x180.jpg\" class=\"attachment-thumbnail size-thumbnail\" alt=\"\" aria-describedby=\"gallery-1-10664\" srcset=\"https:\/\/www.freiburg-schwarzwald.de\/blog\/wp-content\/uploads\/2012\/09\/strandbad4jaeger120908-139x180.jpg 139w, https:\/\/www.freiburg-schwarzwald.de\/blog\/wp-content\/uploads\/2012\/09\/strandbad4jaeger120908.jpg 495w\" sizes=\"auto, (max-width: 139px) 100vw, 139px\" \/><\/a>\n\t\t\t<\/dt>\n\t\t\t\t<dd class='wp-caption-text gallery-caption' id='gallery-1-10664'>\n\t\t\t\tStrandbad 8.9.2011 (4) VIP-Er\u00f6fnungsspiel mit Siegerduo J\u00e4ger-Seger\n\t\t\t\t<\/dd><\/dl><dl class='gallery-item'>\n\t\t\t<dt class='gallery-icon landscape'>\n\t\t\t\t<a href='https:\/\/www.freiburg-schwarzwald.de\/blog\/sport\/baeder\/strandbad\/strandbad-tischtennis\/strandbad5jaeger120908\/'><img loading=\"lazy\" decoding=\"async\" width=\"180\" height=\"135\" src=\"https:\/\/www.freiburg-schwarzwald.de\/blog\/wp-content\/uploads\/2012\/09\/strandbad5jaeger120908-180x135.jpg\" class=\"attachment-thumbnail size-thumbnail\" alt=\"\" aria-describedby=\"gallery-1-10665\" srcset=\"https:\/\/www.freiburg-schwarzwald.de\/blog\/wp-content\/uploads\/2012\/09\/strandbad5jaeger120908-180x135.jpg 180w, https:\/\/www.freiburg-schwarzwald.de\/blog\/wp-content\/uploads\/2012\/09\/strandbad5jaeger120908-640x481.jpg 640w, https:\/\/www.freiburg-schwarzwald.de\/blog\/wp-content\/uploads\/2012\/09\/strandbad5jaeger120908.jpg 641w\" sizes=\"auto, (max-width: 180px) 100vw, 180px\" \/><\/a>\n\t\t\t<\/dt>\n\t\t\t\t<dd class='wp-caption-text gallery-caption' id='gallery-1-10665'>\n\t\t\t\tStrandbad 8.9.2011 (5) VIPS in Aktion\n\t\t\t\t<\/dd><\/dl><dl class='gallery-item'>\n\t\t\t<dt class='gallery-icon portrait'>\n\t\t\t\t<a href='https:\/\/www.freiburg-schwarzwald.de\/blog\/sport\/baeder\/strandbad\/strandbad-tischtennis\/strandbad6jaeger120908\/'><img loading=\"lazy\" decoding=\"async\" width=\"143\" height=\"180\" src=\"https:\/\/www.freiburg-schwarzwald.de\/blog\/wp-content\/uploads\/2012\/09\/strandbad6jaeger120908-143x180.jpg\" class=\"attachment-thumbnail size-thumbnail\" alt=\"\" aria-describedby=\"gallery-1-10666\" srcset=\"https:\/\/www.freiburg-schwarzwald.de\/blog\/wp-content\/uploads\/2012\/09\/strandbad6jaeger120908-143x180.jpg 143w, https:\/\/www.freiburg-schwarzwald.de\/blog\/wp-content\/uploads\/2012\/09\/strandbad6jaeger120908.jpg 509w\" sizes=\"auto, (max-width: 143px) 100vw, 143px\" \/><\/a>\n\t\t\t<\/dt>\n\t\t\t\t<dd class='wp-caption-text gallery-caption' id='gallery-1-10666'>\n\t\t\t\tStrandbad 8.9.2011 (6) Adolf Seger, Prof J\u00e4ger, Ralf Klausmann und Markus Hoppe\n\t\t\t\t<\/dd><\/dl><br style=\"clear: both\" \/><dl class='gallery-item'>\n\t\t\t<dt class='gallery-icon landscape'>\n\t\t\t\t<a href='https:\/\/www.freiburg-schwarzwald.de\/blog\/sport\/baeder\/strandbad\/strandbad-tischtennis\/strandbad7jaeger120908\/'><img loading=\"lazy\" decoding=\"async\" width=\"180\" height=\"145\" src=\"https:\/\/www.freiburg-schwarzwald.de\/blog\/wp-content\/uploads\/2012\/09\/strandbad7jaeger120908-180x145.jpg\" class=\"attachment-thumbnail size-thumbnail\" alt=\"\" aria-describedby=\"gallery-1-10667\" srcset=\"https:\/\/www.freiburg-schwarzwald.de\/blog\/wp-content\/uploads\/2012\/09\/strandbad7jaeger120908-180x145.jpg 180w, https:\/\/www.freiburg-schwarzwald.de\/blog\/wp-content\/uploads\/2012\/09\/strandbad7jaeger120908.jpg 637w\" sizes=\"auto, (max-width: 180px) 100vw, 180px\" \/><\/a>\n\t\t\t<\/dt>\n\t\t\t\t<dd class='wp-caption-text gallery-caption' id='gallery-1-10667'>\n\t\t\t\tStrandbad 8.9.2011 (7) Ralf Klausmann, Ehepaar Prof J\u00e4ger, Claudia S\u00fctterlin und Alexander Heisler\n\t\t\t\t<\/dd><\/dl><dl class='gallery-item'>\n\t\t\t<dt class='gallery-icon portrait'>\n\t\t\t\t<a href='https:\/\/www.freiburg-schwarzwald.de\/blog\/sport\/baeder\/strandbad\/strandbad-tischtennis\/strandbad8jaeger120908\/'><img loading=\"lazy\" decoding=\"async\" width=\"147\" height=\"180\" src=\"https:\/\/www.freiburg-schwarzwald.de\/blog\/wp-content\/uploads\/2012\/09\/strandbad8jaeger120908-147x180.jpg\" class=\"attachment-thumbnail size-thumbnail\" alt=\"\" aria-describedby=\"gallery-1-10668\" srcset=\"https:\/\/www.freiburg-schwarzwald.de\/blog\/wp-content\/uploads\/2012\/09\/strandbad8jaeger120908-147x180.jpg 147w, https:\/\/www.freiburg-schwarzwald.de\/blog\/wp-content\/uploads\/2012\/09\/strandbad8jaeger120908.jpg 521w\" sizes=\"auto, (max-width: 147px) 100vw, 147px\" \/><\/a>\n\t\t\t<\/dt>\n\t\t\t\t<dd class='wp-caption-text gallery-caption' id='gallery-1-10668'>\n\t\t\t\tStrandbad 8.9.2011 (8) Alex heisler, Adolf Seger und Prof J\u00e4ger im Interview mit Petra V\u00f6lzing von der BZ\n\t\t\t\t<\/dd><\/dl><dl class='gallery-item'>\n\t\t\t<dt class='gallery-icon portrait'>\n\t\t\t\t<a href='https:\/\/www.freiburg-schwarzwald.de\/blog\/sport\/baeder\/strandbad\/strandbad-tischtennis\/strandbad9heisler120908\/'><img loading=\"lazy\" decoding=\"async\" width=\"147\" height=\"180\" src=\"https:\/\/www.freiburg-schwarzwald.de\/blog\/wp-content\/uploads\/2012\/09\/strandbad9heisler120908-147x180.jpg\" class=\"attachment-thumbnail size-thumbnail\" alt=\"\" aria-describedby=\"gallery-1-10669\" srcset=\"https:\/\/www.freiburg-schwarzwald.de\/blog\/wp-content\/uploads\/2012\/09\/strandbad9heisler120908-147x180.jpg 147w, https:\/\/www.freiburg-schwarzwald.de\/blog\/wp-content\/uploads\/2012\/09\/strandbad9heisler120908-523x640.jpg 523w, https:\/\/www.freiburg-schwarzwald.de\/blog\/wp-content\/uploads\/2012\/09\/strandbad9heisler120908.jpg 524w\" sizes=\"auto, (max-width: 147px) 100vw, 147px\" \/><\/a>\n\t\t\t<\/dt>\n\t\t\t\t<dd class='wp-caption-text gallery-caption' id='gallery-1-10669'>\n\t\t\t\tStrandbad 8.9.2011 (9) Alexander Heisler, Adolf Seger und Uli Homann vom SWR\n\t\t\t\t<\/dd><\/dl><br style=\"clear: both\" \/><dl class='gallery-item'>\n\t\t\t<dt class='gallery-icon landscape'>\n\t\t\t\t<a href='https:\/\/www.freiburg-schwarzwald.de\/blog\/sport\/baeder\/strandbad\/strandbad-tischtennis\/strandbad10-organisation120908\/'><img loading=\"lazy\" decoding=\"async\" width=\"180\" height=\"135\" src=\"https:\/\/www.freiburg-schwarzwald.de\/blog\/wp-content\/uploads\/2012\/09\/strandbad10-organisation120908-180x135.jpg\" class=\"attachment-thumbnail size-thumbnail\" alt=\"\" aria-describedby=\"gallery-1-10670\" srcset=\"https:\/\/www.freiburg-schwarzwald.de\/blog\/wp-content\/uploads\/2012\/09\/strandbad10-organisation120908-180x135.jpg 180w, https:\/\/www.freiburg-schwarzwald.de\/blog\/wp-content\/uploads\/2012\/09\/strandbad10-organisation120908.jpg 640w\" sizes=\"auto, (max-width: 180px) 100vw, 180px\" \/><\/a>\n\t\t\t<\/dt>\n\t\t\t\t<dd class='wp-caption-text gallery-caption' id='gallery-1-10670'>\n\t\t\t\tStrandbad 8.9.2011 (10) Frau Illy und Stefan Masur am Organisations-PC\n\t\t\t\t<\/dd><\/dl><dl class='gallery-item'>\n\t\t\t<dt class='gallery-icon landscape'>\n\t\t\t\t<a href='https:\/\/www.freiburg-schwarzwald.de\/blog\/sport\/baeder\/strandbad\/strandbad-tischtennis\/strandbad11heisler120908\/'><img loading=\"lazy\" decoding=\"async\" width=\"180\" height=\"135\" src=\"https:\/\/www.freiburg-schwarzwald.de\/blog\/wp-content\/uploads\/2012\/09\/strandbad11heisler120908-180x135.jpg\" class=\"attachment-thumbnail size-thumbnail\" alt=\"Strandbad 8.9.2011 (11) Claudia S\u00fctterlin versucht ZMF-Gr\u00fcnder Alexander Heisler zu knipsen\" srcset=\"https:\/\/www.freiburg-schwarzwald.de\/blog\/wp-content\/uploads\/2012\/09\/strandbad11heisler120908-180x135.jpg 180w, https:\/\/www.freiburg-schwarzwald.de\/blog\/wp-content\/uploads\/2012\/09\/strandbad11heisler120908.jpg 640w\" sizes=\"auto, (max-width: 180px) 100vw, 180px\" \/><\/a>\n\t\t\t<\/dt><\/dl><dl class='gallery-item'>\n\t\t\t<dt class='gallery-icon landscape'>\n\t\t\t\t<a href='https:\/\/www.freiburg-schwarzwald.de\/blog\/sport\/baeder\/strandbad\/strandbad-tischtennis\/strandbad12heisler120908\/'><img loading=\"lazy\" decoding=\"async\" width=\"180\" height=\"135\" src=\"https:\/\/www.freiburg-schwarzwald.de\/blog\/wp-content\/uploads\/2012\/09\/strandbad12heisler120908-180x135.jpg\" class=\"attachment-thumbnail size-thumbnail\" alt=\"\" aria-describedby=\"gallery-1-10672\" srcset=\"https:\/\/www.freiburg-schwarzwald.de\/blog\/wp-content\/uploads\/2012\/09\/strandbad12heisler120908-180x135.jpg 180w, https:\/\/www.freiburg-schwarzwald.de\/blog\/wp-content\/uploads\/2012\/09\/strandbad12heisler120908.jpg 640w\" sizes=\"auto, (max-width: 180px) 100vw, 180px\" \/><\/a>\n\t\t\t<\/dt>\n\t\t\t\t<dd class='wp-caption-text gallery-caption' id='gallery-1-10672'>\n\t\t\t\tStrandbad 8.9.2011 (12) Promi-Spiel mit Uli Homann\n\t\t\t\t<\/dd><\/dl><br style=\"clear: both\" \/><dl class='gallery-item'>\n\t\t\t<dt class='gallery-icon landscape'>\n\t\t\t\t<a href='https:\/\/www.freiburg-schwarzwald.de\/blog\/sport\/baeder\/strandbad\/strandbad-tischtennis\/strandbad13homann120908\/'><img loading=\"lazy\" decoding=\"async\" width=\"180\" height=\"150\" src=\"https:\/\/www.freiburg-schwarzwald.de\/blog\/wp-content\/uploads\/2012\/09\/strandbad13homann120908-180x150.jpg\" class=\"attachment-thumbnail size-thumbnail\" alt=\"\" aria-describedby=\"gallery-1-10673\" srcset=\"https:\/\/www.freiburg-schwarzwald.de\/blog\/wp-content\/uploads\/2012\/09\/strandbad13homann120908-180x150.jpg 180w, https:\/\/www.freiburg-schwarzwald.de\/blog\/wp-content\/uploads\/2012\/09\/strandbad13homann120908.jpg 638w\" sizes=\"auto, (max-width: 180px) 100vw, 180px\" \/><\/a>\n\t\t\t<\/dt>\n\t\t\t\t<dd class='wp-caption-text gallery-caption' id='gallery-1-10673'>\n\t\t\t\tStrandbad 8.9.2011 (13) Adolf Seger, Alex Heisler, Ernst Ganter und Uli Homann\n\t\t\t\t<\/dd><\/dl><dl class='gallery-item'>\n\t\t\t<dt class='gallery-icon portrait'>\n\t\t\t\t<a href='https:\/\/www.freiburg-schwarzwald.de\/blog\/sport\/baeder\/strandbad\/strandbad-tischtennis\/strandbad15geppert120908\/'><img loading=\"lazy\" decoding=\"async\" width=\"139\" height=\"180\" src=\"https:\/\/www.freiburg-schwarzwald.de\/blog\/wp-content\/uploads\/2012\/09\/strandbad15geppert120908-139x180.jpg\" class=\"attachment-thumbnail size-thumbnail\" alt=\"\" aria-describedby=\"gallery-1-10674\" srcset=\"https:\/\/www.freiburg-schwarzwald.de\/blog\/wp-content\/uploads\/2012\/09\/strandbad15geppert120908-139x180.jpg 139w, https:\/\/www.freiburg-schwarzwald.de\/blog\/wp-content\/uploads\/2012\/09\/strandbad15geppert120908-494x640.jpg 494w, https:\/\/www.freiburg-schwarzwald.de\/blog\/wp-content\/uploads\/2012\/09\/strandbad15geppert120908.jpg 495w\" sizes=\"auto, (max-width: 139px) 100vw, 139px\" \/><\/a>\n\t\t\t<\/dt>\n\t\t\t\t<dd class='wp-caption-text gallery-caption' id='gallery-1-10674'>\n\t\t\t\tStrandbad 8.9.2011 (15) Claus Geppert von Helfen Hilft mit Alex Heisler\n\t\t\t\t<\/dd><\/dl><dl class='gallery-item'>\n\t\t\t<dt class='gallery-icon portrait'>\n\t\t\t\t<a href='https:\/\/www.freiburg-schwarzwald.de\/blog\/sport\/baeder\/strandbad\/strandbad-tischtennis\/strandbad16vorrunde120908\/'><img loading=\"lazy\" decoding=\"async\" width=\"135\" height=\"180\" src=\"https:\/\/www.freiburg-schwarzwald.de\/blog\/wp-content\/uploads\/2012\/09\/strandbad16vorrunde120908-135x180.jpg\" class=\"attachment-thumbnail size-thumbnail\" alt=\"\" aria-describedby=\"gallery-1-10675\" srcset=\"https:\/\/www.freiburg-schwarzwald.de\/blog\/wp-content\/uploads\/2012\/09\/strandbad16vorrunde120908-135x180.jpg 135w, https:\/\/www.freiburg-schwarzwald.de\/blog\/wp-content\/uploads\/2012\/09\/strandbad16vorrunde120908.jpg 480w\" sizes=\"auto, (max-width: 135px) 100vw, 135px\" \/><\/a>\n\t\t\t<\/dt>\n\t\t\t\t<dd class='wp-caption-text gallery-caption' id='gallery-1-10675'>\n\t\t\t\tStrandbad 8.9.2011 (16) Tischtennis-Vorrunde &#8211; Blick nach Norden\n\t\t\t\t<\/dd><\/dl><br style=\"clear: both\" \/><dl class='gallery-item'>\n\t\t\t<dt class='gallery-icon landscape'>\n\t\t\t\t<a href='https:\/\/www.freiburg-schwarzwald.de\/blog\/sport\/baeder\/strandbad\/strandbad-tischtennis\/strandbad17vorrunde120908\/'><img loading=\"lazy\" decoding=\"async\" width=\"180\" height=\"135\" src=\"https:\/\/www.freiburg-schwarzwald.de\/blog\/wp-content\/uploads\/2012\/09\/strandbad17vorrunde120908-180x135.jpg\" class=\"attachment-thumbnail size-thumbnail\" alt=\"\" aria-describedby=\"gallery-1-10676\" srcset=\"https:\/\/www.freiburg-schwarzwald.de\/blog\/wp-content\/uploads\/2012\/09\/strandbad17vorrunde120908-180x135.jpg 180w, https:\/\/www.freiburg-schwarzwald.de\/blog\/wp-content\/uploads\/2012\/09\/strandbad17vorrunde120908.jpg 640w\" sizes=\"auto, (max-width: 180px) 100vw, 180px\" \/><\/a>\n\t\t\t<\/dt>\n\t\t\t\t<dd class='wp-caption-text gallery-caption' id='gallery-1-10676'>\n\t\t\t\tStrandbad 8.9.2011 (17) Tischtennis Vorrunde &#8211; Blick nach S\u00fcden\n\t\t\t\t<\/dd><\/dl><dl class='gallery-item'>\n\t\t\t<dt class='gallery-icon landscape'>\n\t\t\t\t<a href='https:\/\/www.freiburg-schwarzwald.de\/blog\/sport\/baeder\/strandbad\/strandbad-tischtennis\/strandbad18zumba120908\/'><img loading=\"lazy\" decoding=\"async\" width=\"180\" height=\"135\" src=\"https:\/\/www.freiburg-schwarzwald.de\/blog\/wp-content\/uploads\/2012\/09\/strandbad18zumba120908-180x135.jpg\" class=\"attachment-thumbnail size-thumbnail\" alt=\"\" aria-describedby=\"gallery-1-10677\" srcset=\"https:\/\/www.freiburg-schwarzwald.de\/blog\/wp-content\/uploads\/2012\/09\/strandbad18zumba120908-180x135.jpg 180w, https:\/\/www.freiburg-schwarzwald.de\/blog\/wp-content\/uploads\/2012\/09\/strandbad18zumba120908.jpg 640w\" sizes=\"auto, (max-width: 180px) 100vw, 180px\" \/><\/a>\n\t\t\t<\/dt>\n\t\t\t\t<dd class='wp-caption-text gallery-caption' id='gallery-1-10677'>\n\t\t\t\tStrandbad 8.9.2011 (18) Zumba Tanzen mit Andrea de Boer\n\t\t\t\t<\/dd><\/dl><dl class='gallery-item'>\n\t\t\t<dt class='gallery-icon landscape'>\n\t\t\t\t<a href='https:\/\/www.freiburg-schwarzwald.de\/blog\/sport\/baeder\/strandbad\/strandbad-tischtennis\/strandbad19zumba120908\/'><img loading=\"lazy\" decoding=\"async\" width=\"180\" height=\"146\" src=\"https:\/\/www.freiburg-schwarzwald.de\/blog\/wp-content\/uploads\/2012\/09\/strandbad19zumba120908-180x146.jpg\" class=\"attachment-thumbnail size-thumbnail\" alt=\"\" aria-describedby=\"gallery-1-10678\" srcset=\"https:\/\/www.freiburg-schwarzwald.de\/blog\/wp-content\/uploads\/2012\/09\/strandbad19zumba120908-180x146.jpg 180w, https:\/\/www.freiburg-schwarzwald.de\/blog\/wp-content\/uploads\/2012\/09\/strandbad19zumba120908.jpg 640w\" sizes=\"auto, (max-width: 180px) 100vw, 180px\" \/><\/a>\n\t\t\t<\/dt>\n\t\t\t\t<dd class='wp-caption-text gallery-caption' id='gallery-1-10678'>\n\t\t\t\tStrandbad 8.9.2011 (17) Zumba Tanzen nach der Tischtennis-Vorrunde\n\t\t\t\t<\/dd><\/dl><br style=\"clear: both\" \/><dl class='gallery-item'>\n\t\t\t<dt class='gallery-icon landscape'>\n\t\t\t\t<a href='https:\/\/www.freiburg-schwarzwald.de\/blog\/sport\/baeder\/strandbad\/strandbad-tischtennis\/strandbad20korunde120908\/'><img loading=\"lazy\" decoding=\"async\" width=\"180\" height=\"135\" src=\"https:\/\/www.freiburg-schwarzwald.de\/blog\/wp-content\/uploads\/2012\/09\/strandbad20korunde120908-180x135.jpg\" class=\"attachment-thumbnail size-thumbnail\" alt=\"\" aria-describedby=\"gallery-1-10689\" srcset=\"https:\/\/www.freiburg-schwarzwald.de\/blog\/wp-content\/uploads\/2012\/09\/strandbad20korunde120908-180x135.jpg 180w, https:\/\/www.freiburg-schwarzwald.de\/blog\/wp-content\/uploads\/2012\/09\/strandbad20korunde120908.jpg 640w\" sizes=\"auto, (max-width: 180px) 100vw, 180px\" \/><\/a>\n\t\t\t<\/dt>\n\t\t\t\t<dd class='wp-caption-text gallery-caption' id='gallery-1-10689'>\n\t\t\t\tStrandbad 8.9.2011 (20) Die KO-Tischtennisrunde beginnt\n\t\t\t\t<\/dd><\/dl><dl class='gallery-item'>\n\t\t\t<dt class='gallery-icon landscape'>\n\t\t\t\t<a href='https:\/\/www.freiburg-schwarzwald.de\/blog\/sport\/baeder\/strandbad\/strandbad-tischtennis\/strandbad21aktive120908\/'><img loading=\"lazy\" decoding=\"async\" width=\"180\" height=\"135\" src=\"https:\/\/www.freiburg-schwarzwald.de\/blog\/wp-content\/uploads\/2012\/09\/strandbad21aktive120908-180x135.jpg\" class=\"attachment-thumbnail size-thumbnail\" alt=\"\" aria-describedby=\"gallery-1-10690\" srcset=\"https:\/\/www.freiburg-schwarzwald.de\/blog\/wp-content\/uploads\/2012\/09\/strandbad21aktive120908-180x135.jpg 180w, https:\/\/www.freiburg-schwarzwald.de\/blog\/wp-content\/uploads\/2012\/09\/strandbad21aktive120908.jpg 640w\" sizes=\"auto, (max-width: 180px) 100vw, 180px\" \/><\/a>\n\t\t\t<\/dt>\n\t\t\t\t<dd class='wp-caption-text gallery-caption' id='gallery-1-10690'>\n\t\t\t\tStrandbad 8.9.2011 (21) Aktive-Gruppe \n\t\t\t\t<\/dd><\/dl><dl class='gallery-item'>\n\t\t\t<dt class='gallery-icon landscape'>\n\t\t\t\t<a href='https:\/\/www.freiburg-schwarzwald.de\/blog\/sport\/baeder\/strandbad\/strandbad-tischtennis\/strandbad22hobby120908\/'><img loading=\"lazy\" decoding=\"async\" width=\"180\" height=\"140\" src=\"https:\/\/www.freiburg-schwarzwald.de\/blog\/wp-content\/uploads\/2012\/09\/strandbad22hobby120908-180x140.jpg\" class=\"attachment-thumbnail size-thumbnail\" alt=\"\" aria-describedby=\"gallery-1-10691\" srcset=\"https:\/\/www.freiburg-schwarzwald.de\/blog\/wp-content\/uploads\/2012\/09\/strandbad22hobby120908-180x140.jpg 180w, https:\/\/www.freiburg-schwarzwald.de\/blog\/wp-content\/uploads\/2012\/09\/strandbad22hobby120908.jpg 639w\" sizes=\"auto, (max-width: 180px) 100vw, 180px\" \/><\/a>\n\t\t\t<\/dt>\n\t\t\t\t<dd class='wp-caption-text gallery-caption' id='gallery-1-10691'>\n\t\t\t\tStrandbad 8.9.2011 (22) SpielerInnen der Hobby-Gruppe\n\t\t\t\t<\/dd><\/dl><br style=\"clear: both\" \/><dl class='gallery-item'>\n\t\t\t<dt class='gallery-icon landscape'>\n\t\t\t\t<a href='https:\/\/www.freiburg-schwarzwald.de\/blog\/sport\/baeder\/strandbad\/strandbad-tischtennis\/strandbad23hobby-halbfinale120908\/'><img loading=\"lazy\" decoding=\"async\" width=\"180\" height=\"135\" src=\"https:\/\/www.freiburg-schwarzwald.de\/blog\/wp-content\/uploads\/2012\/09\/strandbad23hobby-halbfinale120908-180x135.jpg\" class=\"attachment-thumbnail size-thumbnail\" alt=\"\" aria-describedby=\"gallery-1-10692\" srcset=\"https:\/\/www.freiburg-schwarzwald.de\/blog\/wp-content\/uploads\/2012\/09\/strandbad23hobby-halbfinale120908-180x135.jpg 180w, https:\/\/www.freiburg-schwarzwald.de\/blog\/wp-content\/uploads\/2012\/09\/strandbad23hobby-halbfinale120908.jpg 640w\" sizes=\"auto, (max-width: 180px) 100vw, 180px\" \/><\/a>\n\t\t\t<\/dt>\n\t\t\t\t<dd class='wp-caption-text gallery-caption' id='gallery-1-10692'>\n\t\t\t\tStrandbad 8.9.2011 (23) Hobby-Gruppe Halbfinale\n\t\t\t\t<\/dd><\/dl><dl class='gallery-item'>\n\t\t\t<dt class='gallery-icon landscape'>\n\t\t\t\t<a href='https:\/\/www.freiburg-schwarzwald.de\/blog\/sport\/baeder\/strandbad\/strandbad-tischtennis\/strandbad24aktive-halbfinale120908\/'><img loading=\"lazy\" decoding=\"async\" width=\"180\" height=\"141\" src=\"https:\/\/www.freiburg-schwarzwald.de\/blog\/wp-content\/uploads\/2012\/09\/strandbad24aktive-halbfinale120908-180x141.jpg\" class=\"attachment-thumbnail size-thumbnail\" alt=\"\" aria-describedby=\"gallery-1-10693\" srcset=\"https:\/\/www.freiburg-schwarzwald.de\/blog\/wp-content\/uploads\/2012\/09\/strandbad24aktive-halbfinale120908-180x141.jpg 180w, https:\/\/www.freiburg-schwarzwald.de\/blog\/wp-content\/uploads\/2012\/09\/strandbad24aktive-halbfinale120908.jpg 638w\" sizes=\"auto, (max-width: 180px) 100vw, 180px\" \/><\/a>\n\t\t\t<\/dt>\n\t\t\t\t<dd class='wp-caption-text gallery-caption' id='gallery-1-10693'>\n\t\t\t\tStrandbad 8.9.2011 (24) Aktive-Gruppe Halbfinale\n\t\t\t\t<\/dd><\/dl><dl class='gallery-item'>\n\t\t\t<dt class='gallery-icon landscape'>\n\t\t\t\t<a href='https:\/\/www.freiburg-schwarzwald.de\/blog\/sport\/baeder\/strandbad\/strandbad-tischtennis\/strandbad25halbfin120908\/'><img loading=\"lazy\" decoding=\"async\" width=\"180\" height=\"135\" src=\"https:\/\/www.freiburg-schwarzwald.de\/blog\/wp-content\/uploads\/2012\/09\/strandbad25halbfin120908-180x135.jpg\" class=\"attachment-thumbnail size-thumbnail\" alt=\"\" aria-describedby=\"gallery-1-10694\" srcset=\"https:\/\/www.freiburg-schwarzwald.de\/blog\/wp-content\/uploads\/2012\/09\/strandbad25halbfin120908-180x135.jpg 180w, https:\/\/www.freiburg-schwarzwald.de\/blog\/wp-content\/uploads\/2012\/09\/strandbad25halbfin120908.jpg 640w\" sizes=\"auto, (max-width: 180px) 100vw, 180px\" \/><\/a>\n\t\t\t<\/dt>\n\t\t\t\t<dd class='wp-caption-text gallery-caption' id='gallery-1-10694'>\n\t\t\t\tStrandbad 8.9.2011 (24) Halbfinale\n\t\t\t\t<\/dd><\/dl><br style=\"clear: both\" \/><dl class='gallery-item'>\n\t\t\t<dt class='gallery-icon landscape'>\n\t\t\t\t<a href='https:\/\/www.freiburg-schwarzwald.de\/blog\/sport\/baeder\/strandbad\/strandbad-tischtennis\/strandbad24aktive-halbfinale120908-2\/'><img loading=\"lazy\" decoding=\"async\" width=\"180\" height=\"141\" src=\"https:\/\/www.freiburg-schwarzwald.de\/blog\/wp-content\/uploads\/2012\/09\/strandbad24aktive-halbfinale1209081-180x141.jpg\" class=\"attachment-thumbnail size-thumbnail\" alt=\"\" aria-describedby=\"gallery-1-10695\" srcset=\"https:\/\/www.freiburg-schwarzwald.de\/blog\/wp-content\/uploads\/2012\/09\/strandbad24aktive-halbfinale1209081-180x141.jpg 180w, https:\/\/www.freiburg-schwarzwald.de\/blog\/wp-content\/uploads\/2012\/09\/strandbad24aktive-halbfinale1209081.jpg 638w\" sizes=\"auto, (max-width: 180px) 100vw, 180px\" \/><\/a>\n\t\t\t<\/dt>\n\t\t\t\t<dd class='wp-caption-text gallery-caption' id='gallery-1-10695'>\n\t\t\t\tStrandbad 8.9.2011 (25) Aktive-gruppe im Halbfinale\n\t\t\t\t<\/dd><\/dl><dl class='gallery-item'>\n\t\t\t<dt class='gallery-icon portrait'>\n\t\t\t\t<a href='https:\/\/www.freiburg-schwarzwald.de\/blog\/sport\/baeder\/strandbad\/strandbad-tischtennis\/strandbad26halbfinale120908\/'><img loading=\"lazy\" decoding=\"async\" width=\"136\" height=\"180\" src=\"https:\/\/www.freiburg-schwarzwald.de\/blog\/wp-content\/uploads\/2012\/09\/strandbad26halbfinale120908-136x180.jpg\" class=\"attachment-thumbnail size-thumbnail\" alt=\"Strandbad 8.9.2011 (26) Halbfinale\" srcset=\"https:\/\/www.freiburg-schwarzwald.de\/blog\/wp-content\/uploads\/2012\/09\/strandbad26halbfinale120908-136x180.jpg 136w, https:\/\/www.freiburg-schwarzwald.de\/blog\/wp-content\/uploads\/2012\/09\/strandbad26halbfinale120908.jpg 486w\" sizes=\"auto, (max-width: 136px) 100vw, 136px\" \/><\/a>\n\t\t\t<\/dt><\/dl><dl class='gallery-item'>\n\t\t\t<dt class='gallery-icon portrait'>\n\t\t\t\t<a href='https:\/\/www.freiburg-schwarzwald.de\/blog\/sport\/baeder\/strandbad\/strandbad-tischtennis\/strandbad27eggstein120908\/'><img loading=\"lazy\" decoding=\"async\" width=\"142\" height=\"180\" src=\"https:\/\/www.freiburg-schwarzwald.de\/blog\/wp-content\/uploads\/2012\/09\/strandbad27eggstein120908-142x180.jpg\" class=\"attachment-thumbnail size-thumbnail\" alt=\"\" aria-describedby=\"gallery-1-10697\" srcset=\"https:\/\/www.freiburg-schwarzwald.de\/blog\/wp-content\/uploads\/2012\/09\/strandbad27eggstein120908-142x180.jpg 142w, https:\/\/www.freiburg-schwarzwald.de\/blog\/wp-content\/uploads\/2012\/09\/strandbad27eggstein120908.jpg 508w\" sizes=\"auto, (max-width: 142px) 100vw, 142px\" \/><\/a>\n\t\t\t<\/dt>\n\t\t\t\t<dd class='wp-caption-text gallery-caption' id='gallery-1-10697'>\n\t\t\t\tStrandbad 8.9.2011 (27) T\u00e4nzerin und Fotografin\n\t\t\t\t<\/dd><\/dl><br style=\"clear: both\" \/><dl class='gallery-item'>\n\t\t\t<dt class='gallery-icon landscape'>\n\t\t\t\t<a href='https:\/\/www.freiburg-schwarzwald.de\/blog\/sport\/baeder\/strandbad\/strandbad-tischtennis\/strandbad28tanz120908\/'><img loading=\"lazy\" decoding=\"async\" width=\"180\" height=\"141\" src=\"https:\/\/www.freiburg-schwarzwald.de\/blog\/wp-content\/uploads\/2012\/09\/strandbad28tanz120908-180x141.jpg\" class=\"attachment-thumbnail size-thumbnail\" alt=\"\" aria-describedby=\"gallery-1-10698\" srcset=\"https:\/\/www.freiburg-schwarzwald.de\/blog\/wp-content\/uploads\/2012\/09\/strandbad28tanz120908-180x141.jpg 180w, https:\/\/www.freiburg-schwarzwald.de\/blog\/wp-content\/uploads\/2012\/09\/strandbad28tanz120908.jpg 638w\" sizes=\"auto, (max-width: 180px) 100vw, 180px\" \/><\/a>\n\t\t\t<\/dt>\n\t\t\t\t<dd class='wp-caption-text gallery-caption' id='gallery-1-10698'>\n\t\t\t\tStrandbad 8.9.2011 (28) Indischer Tanz mit der Lettin Liga\n\t\t\t\t<\/dd><\/dl><dl class='gallery-item'>\n\t\t\t<dt class='gallery-icon landscape'>\n\t\t\t\t<a href='https:\/\/www.freiburg-schwarzwald.de\/blog\/sport\/baeder\/strandbad\/strandbad-tischtennis\/strandbad29tanz120908\/'><img loading=\"lazy\" decoding=\"async\" width=\"180\" height=\"139\" src=\"https:\/\/www.freiburg-schwarzwald.de\/blog\/wp-content\/uploads\/2012\/09\/strandbad29tanz120908-180x139.jpg\" class=\"attachment-thumbnail size-thumbnail\" alt=\"\" aria-describedby=\"gallery-1-10699\" srcset=\"https:\/\/www.freiburg-schwarzwald.de\/blog\/wp-content\/uploads\/2012\/09\/strandbad29tanz120908-180x139.jpg 180w, https:\/\/www.freiburg-schwarzwald.de\/blog\/wp-content\/uploads\/2012\/09\/strandbad29tanz120908.jpg 640w\" sizes=\"auto, (max-width: 180px) 100vw, 180px\" \/><\/a>\n\t\t\t<\/dt>\n\t\t\t\t<dd class='wp-caption-text gallery-caption' id='gallery-1-10699'>\n\t\t\t\tStrandbad 8.9.2011 (29) Indischer Tanz beim Tischtennisturnier\n\t\t\t\t<\/dd><\/dl><dl class='gallery-item'>\n\t\t\t<dt class='gallery-icon landscape'>\n\t\t\t\t<a href='https:\/\/www.freiburg-schwarzwald.de\/blog\/sport\/baeder\/strandbad\/strandbad-tischtennis\/strandbad30hobby120908\/'><img loading=\"lazy\" decoding=\"async\" width=\"180\" height=\"135\" src=\"https:\/\/www.freiburg-schwarzwald.de\/blog\/wp-content\/uploads\/2012\/09\/strandbad30hobby120908-180x135.jpg\" class=\"attachment-thumbnail size-thumbnail\" alt=\"\" aria-describedby=\"gallery-1-10700\" srcset=\"https:\/\/www.freiburg-schwarzwald.de\/blog\/wp-content\/uploads\/2012\/09\/strandbad30hobby120908-180x135.jpg 180w, https:\/\/www.freiburg-schwarzwald.de\/blog\/wp-content\/uploads\/2012\/09\/strandbad30hobby120908.jpg 640w\" sizes=\"auto, (max-width: 180px) 100vw, 180px\" \/><\/a>\n\t\t\t<\/dt>\n\t\t\t\t<dd class='wp-caption-text gallery-caption' id='gallery-1-10700'>\n\t\t\t\tStrandbad 8.9.2011 (30) Tischtennisgruppe Hobby\n\t\t\t\t<\/dd><\/dl><br style=\"clear: both\" \/><dl class='gallery-item'>\n\t\t\t<dt class='gallery-icon landscape'>\n\t\t\t\t<a href='https:\/\/www.freiburg-schwarzwald.de\/blog\/sport\/baeder\/strandbad\/strandbad-tischtennis\/strandbad31aktive120908\/'><img loading=\"lazy\" decoding=\"async\" width=\"180\" height=\"135\" src=\"https:\/\/www.freiburg-schwarzwald.de\/blog\/wp-content\/uploads\/2012\/09\/strandbad31aktive120908-180x135.jpg\" class=\"attachment-thumbnail size-thumbnail\" alt=\"\" aria-describedby=\"gallery-1-10701\" srcset=\"https:\/\/www.freiburg-schwarzwald.de\/blog\/wp-content\/uploads\/2012\/09\/strandbad31aktive120908-180x135.jpg 180w, https:\/\/www.freiburg-schwarzwald.de\/blog\/wp-content\/uploads\/2012\/09\/strandbad31aktive120908.jpg 640w\" sizes=\"auto, (max-width: 180px) 100vw, 180px\" \/><\/a>\n\t\t\t<\/dt>\n\t\t\t\t<dd class='wp-caption-text gallery-caption' id='gallery-1-10701'>\n\t\t\t\tStrandbad 8.9.2011 (31) Tischtennisgruppe Aktive\n\t\t\t\t<\/dd><\/dl><dl class='gallery-item'>\n\t\t\t<dt class='gallery-icon landscape'>\n\t\t\t\t<a href='https:\/\/www.freiburg-schwarzwald.de\/blog\/sport\/baeder\/strandbad\/strandbad-tischtennis\/strandbad32platz34-120908\/'><img loading=\"lazy\" decoding=\"async\" width=\"180\" height=\"135\" src=\"https:\/\/www.freiburg-schwarzwald.de\/blog\/wp-content\/uploads\/2012\/09\/strandbad32platz34-120908-180x135.jpg\" class=\"attachment-thumbnail size-thumbnail\" alt=\"\" aria-describedby=\"gallery-1-10702\" srcset=\"https:\/\/www.freiburg-schwarzwald.de\/blog\/wp-content\/uploads\/2012\/09\/strandbad32platz34-120908-180x135.jpg 180w, https:\/\/www.freiburg-schwarzwald.de\/blog\/wp-content\/uploads\/2012\/09\/strandbad32platz34-120908.jpg 640w\" sizes=\"auto, (max-width: 180px) 100vw, 180px\" \/><\/a>\n\t\t\t<\/dt>\n\t\t\t\t<dd class='wp-caption-text gallery-caption' id='gallery-1-10702'>\n\t\t\t\tStrandbad 8.9.2011 (32) Spiel um Pl\u00e4tze 3 und 4\n\t\t\t\t<\/dd><\/dl><dl class='gallery-item'>\n\t\t\t<dt class='gallery-icon landscape'>\n\t\t\t\t<a href='https:\/\/www.freiburg-schwarzwald.de\/blog\/sport\/baeder\/strandbad\/strandbad-tischtennis\/strandbad33platz12-120908\/'><img loading=\"lazy\" decoding=\"async\" width=\"180\" height=\"135\" src=\"https:\/\/www.freiburg-schwarzwald.de\/blog\/wp-content\/uploads\/2012\/09\/strandbad33platz12-120908-180x135.jpg\" class=\"attachment-thumbnail size-thumbnail\" alt=\"\" aria-describedby=\"gallery-1-10703\" srcset=\"https:\/\/www.freiburg-schwarzwald.de\/blog\/wp-content\/uploads\/2012\/09\/strandbad33platz12-120908-180x135.jpg 180w, https:\/\/www.freiburg-schwarzwald.de\/blog\/wp-content\/uploads\/2012\/09\/strandbad33platz12-120908.jpg 640w\" sizes=\"auto, (max-width: 180px) 100vw, 180px\" \/><\/a>\n\t\t\t<\/dt>\n\t\t\t\t<dd class='wp-caption-text gallery-caption' id='gallery-1-10703'>\n\t\t\t\tStrandbad 8.9.2011 (33) Endspiel um die Pl\u00e4tze 1 und 2\n\t\t\t\t<\/dd><\/dl><br style=\"clear: both\" \/><dl class='gallery-item'>\n\t\t\t<dt class='gallery-icon landscape'>\n\t\t\t\t<a href='https:\/\/www.freiburg-schwarzwald.de\/blog\/sport\/baeder\/strandbad\/strandbad-tischtennis\/strandbad34platz12-120908\/'><img loading=\"lazy\" decoding=\"async\" width=\"180\" height=\"135\" src=\"https:\/\/www.freiburg-schwarzwald.de\/blog\/wp-content\/uploads\/2012\/09\/strandbad34platz12-120908-180x135.jpg\" class=\"attachment-thumbnail size-thumbnail\" alt=\"\" aria-describedby=\"gallery-1-10704\" srcset=\"https:\/\/www.freiburg-schwarzwald.de\/blog\/wp-content\/uploads\/2012\/09\/strandbad34platz12-120908-180x135.jpg 180w, https:\/\/www.freiburg-schwarzwald.de\/blog\/wp-content\/uploads\/2012\/09\/strandbad34platz12-120908.jpg 640w\" sizes=\"auto, (max-width: 180px) 100vw, 180px\" \/><\/a>\n\t\t\t<\/dt>\n\t\t\t\t<dd class='wp-caption-text gallery-caption' id='gallery-1-10704'>\n\t\t\t\tStrandbad 8.9.2011 (34) Tischtennis-Endspiel &#8211; Blick nach Nordosten\n\t\t\t\t<\/dd><\/dl><dl class='gallery-item'>\n\t\t\t<dt class='gallery-icon landscape'>\n\t\t\t\t<a href='https:\/\/www.freiburg-schwarzwald.de\/blog\/sport\/baeder\/strandbad\/strandbad-tischtennis\/strandbad35platz12-120908\/'><img loading=\"lazy\" decoding=\"async\" width=\"180\" height=\"137\" src=\"https:\/\/www.freiburg-schwarzwald.de\/blog\/wp-content\/uploads\/2012\/09\/strandbad35platz12-120908-180x137.jpg\" class=\"attachment-thumbnail size-thumbnail\" alt=\"\" aria-describedby=\"gallery-1-10705\" srcset=\"https:\/\/www.freiburg-schwarzwald.de\/blog\/wp-content\/uploads\/2012\/09\/strandbad35platz12-120908-180x137.jpg 180w, https:\/\/www.freiburg-schwarzwald.de\/blog\/wp-content\/uploads\/2012\/09\/strandbad35platz12-120908.jpg 638w\" sizes=\"auto, (max-width: 180px) 100vw, 180px\" \/><\/a>\n\t\t\t<\/dt>\n\t\t\t\t<dd class='wp-caption-text gallery-caption' id='gallery-1-10705'>\n\t\t\t\tStrandbad 8.9.2011 (35) Endspiel Tischtennis\n\t\t\t\t<\/dd><\/dl><dl class='gallery-item'>\n\t\t\t<dt class='gallery-icon landscape'>\n\t\t\t\t<a href='https:\/\/www.freiburg-schwarzwald.de\/blog\/sport\/baeder\/strandbad\/strandbad-tischtennis\/strandbad36platz12-120908\/'><img loading=\"lazy\" decoding=\"async\" width=\"180\" height=\"135\" src=\"https:\/\/www.freiburg-schwarzwald.de\/blog\/wp-content\/uploads\/2012\/09\/strandbad36platz12-120908-180x135.jpg\" class=\"attachment-thumbnail size-thumbnail\" alt=\"\" aria-describedby=\"gallery-1-10706\" srcset=\"https:\/\/www.freiburg-schwarzwald.de\/blog\/wp-content\/uploads\/2012\/09\/strandbad36platz12-120908-180x135.jpg 180w, https:\/\/www.freiburg-schwarzwald.de\/blog\/wp-content\/uploads\/2012\/09\/strandbad36platz12-120908.jpg 640w\" sizes=\"auto, (max-width: 180px) 100vw, 180px\" \/><\/a>\n\t\t\t<\/dt>\n\t\t\t\t<dd class='wp-caption-text gallery-caption' id='gallery-1-10706'>\n\t\t\t\tStrandbad 8.9.2011 (36) Platz 1 (links) und Platz 2\n\t\t\t\t<\/dd><\/dl><br style=\"clear: both\" \/><dl class='gallery-item'>\n\t\t\t<dt class='gallery-icon landscape'>\n\t\t\t\t<a href='https:\/\/www.freiburg-schwarzwald.de\/blog\/sport\/baeder\/strandbad\/strandbad-tischtennis\/strandbad37platz1bis3-120908\/'><img loading=\"lazy\" decoding=\"async\" width=\"180\" height=\"135\" src=\"https:\/\/www.freiburg-schwarzwald.de\/blog\/wp-content\/uploads\/2012\/09\/strandbad37platz1bis3-120908-180x135.jpg\" class=\"attachment-thumbnail size-thumbnail\" alt=\"\" aria-describedby=\"gallery-1-10707\" srcset=\"https:\/\/www.freiburg-schwarzwald.de\/blog\/wp-content\/uploads\/2012\/09\/strandbad37platz1bis3-120908-180x135.jpg 180w, https:\/\/www.freiburg-schwarzwald.de\/blog\/wp-content\/uploads\/2012\/09\/strandbad37platz1bis3-120908.jpg 640w\" sizes=\"auto, (max-width: 180px) 100vw, 180px\" \/><\/a>\n\t\t\t<\/dt>\n\t\t\t\t<dd class='wp-caption-text gallery-caption' id='gallery-1-10707'>\n\t\t\t\tStrandbad 8.9.2011 (37) So sehen Tischtennisturnier-Sieger aus\n\t\t\t\t<\/dd><\/dl><dl class='gallery-item'>\n\t\t\t<dt class='gallery-icon landscape'>\n\t\t\t\t<a href='https:\/\/www.freiburg-schwarzwald.de\/blog\/sport\/baeder\/strandbad\/strandbad-tischtennis\/strandbad38siegertischtennis120908\/'><img loading=\"lazy\" decoding=\"async\" width=\"180\" height=\"137\" src=\"https:\/\/www.freiburg-schwarzwald.de\/blog\/wp-content\/uploads\/2012\/09\/strandbad38siegertischtennis120908-180x137.jpg\" class=\"attachment-thumbnail size-thumbnail\" alt=\"\" aria-describedby=\"gallery-1-10708\" srcset=\"https:\/\/www.freiburg-schwarzwald.de\/blog\/wp-content\/uploads\/2012\/09\/strandbad38siegertischtennis120908-180x137.jpg 180w, https:\/\/www.freiburg-schwarzwald.de\/blog\/wp-content\/uploads\/2012\/09\/strandbad38siegertischtennis120908.jpg 639w\" sizes=\"auto, (max-width: 180px) 100vw, 180px\" \/><\/a>\n\t\t\t<\/dt>\n\t\t\t\t<dd class='wp-caption-text gallery-caption' id='gallery-1-10708'>\n\t\t\t\tStrandbad 8.9.2011 (38) Verleihung der Urkunden durch Claudia\n\t\t\t\t<\/dd><\/dl><dl class='gallery-item'>\n\t\t\t<dt class='gallery-icon portrait'>\n\t\t\t\t<a href='https:\/\/www.freiburg-schwarzwald.de\/blog\/sport\/baeder\/strandbad\/strandbad-tischtennis\/strandbad39vize120908\/'><img loading=\"lazy\" decoding=\"async\" width=\"138\" height=\"180\" src=\"https:\/\/www.freiburg-schwarzwald.de\/blog\/wp-content\/uploads\/2012\/09\/strandbad39vize120908-138x180.jpg\" class=\"attachment-thumbnail size-thumbnail\" alt=\"\" aria-describedby=\"gallery-1-10709\" srcset=\"https:\/\/www.freiburg-schwarzwald.de\/blog\/wp-content\/uploads\/2012\/09\/strandbad39vize120908-138x180.jpg 138w, https:\/\/www.freiburg-schwarzwald.de\/blog\/wp-content\/uploads\/2012\/09\/strandbad39vize120908.jpg 489w\" sizes=\"auto, (max-width: 138px) 100vw, 138px\" \/><\/a>\n\t\t\t<\/dt>\n\t\t\t\t<dd class='wp-caption-text gallery-caption' id='gallery-1-10709'>\n\t\t\t\tStrandbad 8.9.2011 (39) Urkunden f\u00fcr Platz 1 (rechts) und Platz 2\n\t\t\t\t<\/dd><\/dl><br style=\"clear: both\" \/><dl class='gallery-item'>\n\t\t\t<dt class='gallery-icon portrait'>\n\t\t\t\t<a href='https:\/\/www.freiburg-schwarzwald.de\/blog\/sport\/baeder\/strandbad\/strandbad-tischtennis\/strandbad40vierterplatz120908\/'><img loading=\"lazy\" decoding=\"async\" width=\"138\" height=\"180\" src=\"https:\/\/www.freiburg-schwarzwald.de\/blog\/wp-content\/uploads\/2012\/09\/strandbad40vierterplatz120908-138x180.jpg\" class=\"attachment-thumbnail size-thumbnail\" alt=\"\" aria-describedby=\"gallery-1-10710\" srcset=\"https:\/\/www.freiburg-schwarzwald.de\/blog\/wp-content\/uploads\/2012\/09\/strandbad40vierterplatz120908-138x180.jpg 138w, https:\/\/www.freiburg-schwarzwald.de\/blog\/wp-content\/uploads\/2012\/09\/strandbad40vierterplatz120908.jpg 493w\" sizes=\"auto, (max-width: 138px) 100vw, 138px\" \/><\/a>\n\t\t\t<\/dt>\n\t\t\t\t<dd class='wp-caption-text gallery-caption' id='gallery-1-10710'>\n\t\t\t\tStrandbad 8.9.2011 (40) Julia Corsten und Adolf Seger auf Platz 4\n\t\t\t\t<\/dd><\/dl><dl class='gallery-item'>\n\t\t\t<dt class='gallery-icon landscape'>\n\t\t\t\t<a href='https:\/\/www.freiburg-schwarzwald.de\/blog\/sport\/baeder\/strandbad\/strandbad-tischtennis\/strandbad41tischtennisturnier120908\/'><img loading=\"lazy\" decoding=\"async\" width=\"180\" height=\"141\" src=\"https:\/\/www.freiburg-schwarzwald.de\/blog\/wp-content\/uploads\/2012\/09\/strandbad41tischtennisturnier120908-180x141.jpg\" class=\"attachment-thumbnail size-thumbnail\" alt=\"\" aria-describedby=\"gallery-1-10711\" srcset=\"https:\/\/www.freiburg-schwarzwald.de\/blog\/wp-content\/uploads\/2012\/09\/strandbad41tischtennisturnier120908-180x141.jpg 180w, https:\/\/www.freiburg-schwarzwald.de\/blog\/wp-content\/uploads\/2012\/09\/strandbad41tischtennisturnier120908.jpg 639w\" sizes=\"auto, (max-width: 180px) 100vw, 180px\" \/><\/a>\n\t\t\t<\/dt>\n\t\t\t\t<dd class='wp-caption-text gallery-caption' id='gallery-1-10711'>\n\t\t\t\tStrandbad 8.9.2011 (41) Die vier siegreichen Tischtennisteams\n\t\t\t\t<\/dd><\/dl><dl class='gallery-item'>\n\t\t\t<dt class='gallery-icon landscape'>\n\t\t\t\t<a href='https:\/\/www.freiburg-schwarzwald.de\/blog\/sport\/baeder\/strandbad\/strandbad-tischtennis\/strandbad1tischtennis160724\/'><img loading=\"lazy\" decoding=\"async\" width=\"180\" height=\"135\" src=\"https:\/\/www.freiburg-schwarzwald.de\/blog\/wp-content\/uploads\/2012\/09\/strandbad1tischtennis160724-180x135.jpg\" class=\"attachment-thumbnail size-thumbnail\" alt=\"\" srcset=\"https:\/\/www.freiburg-schwarzwald.de\/blog\/wp-content\/uploads\/2012\/09\/strandbad1tischtennis160724-180x135.jpg 180w, https:\/\/www.freiburg-schwarzwald.de\/blog\/wp-content\/uploads\/2012\/09\/strandbad1tischtennis160724.jpg 640w\" sizes=\"auto, (max-width: 180px) 100vw, 180px\" \/><\/a>\n\t\t\t<\/dt><\/dl><br style=\"clear: both\" \/><dl class='gallery-item'>\n\t\t\t<dt class='gallery-icon landscape'>\n\t\t\t\t<a href='https:\/\/www.freiburg-schwarzwald.de\/blog\/sport\/baeder\/strandbad\/strandbad-tischtennis\/strandbad2tischtennis160724\/'><img loading=\"lazy\" decoding=\"async\" width=\"180\" height=\"135\" src=\"https:\/\/www.freiburg-schwarzwald.de\/blog\/wp-content\/uploads\/2012\/09\/strandbad2tischtennis160724-180x135.jpg\" class=\"attachment-thumbnail size-thumbnail\" alt=\"\" srcset=\"https:\/\/www.freiburg-schwarzwald.de\/blog\/wp-content\/uploads\/2012\/09\/strandbad2tischtennis160724-180x135.jpg 180w, https:\/\/www.freiburg-schwarzwald.de\/blog\/wp-content\/uploads\/2012\/09\/strandbad2tischtennis160724.jpg 640w\" sizes=\"auto, (max-width: 180px) 100vw, 180px\" \/><\/a>\n\t\t\t<\/dt><\/dl><dl class='gallery-item'>\n\t\t\t<dt class='gallery-icon landscape'>\n\t\t\t\t<a href='https:\/\/www.freiburg-schwarzwald.de\/blog\/sport\/baeder\/strandbad\/strandbad-tischtennis\/strandbad3tischtennis160724\/'><img loading=\"lazy\" decoding=\"async\" width=\"180\" height=\"135\" src=\"https:\/\/www.freiburg-schwarzwald.de\/blog\/wp-content\/uploads\/2012\/09\/strandbad3tischtennis160724-180x135.jpg\" class=\"attachment-thumbnail size-thumbnail\" alt=\"\" srcset=\"https:\/\/www.freiburg-schwarzwald.de\/blog\/wp-content\/uploads\/2012\/09\/strandbad3tischtennis160724-180x135.jpg 180w, https:\/\/www.freiburg-schwarzwald.de\/blog\/wp-content\/uploads\/2012\/09\/strandbad3tischtennis160724.jpg 640w\" sizes=\"auto, (max-width: 180px) 100vw, 180px\" \/><\/a>\n\t\t\t<\/dt><\/dl>\n\t\t\t<br style='clear: both' \/>\n\t\t<\/div>\n\n<p>Die Idee und Initiative vom gro\u00dfen Ringer Adolf Seger ist einfach wie genial: <em>Sportlern und dabei helfen, Tischtennisspielen und Schwimmen im Wechsel<\/em>. Man spielt eine Partie Tischtennis, an sonnigen oder schattigen Tischen (der gro\u00dfe Lindenbaum geht mit dem Schattenspenden im Uhrzeiger reihum),\u00a0dann gehts verschwitzt unter die Dusche und ins 22 Grad kalte\/warme Strandbadewasser, um 10 L\u00e4ngen = 500 m oder gar mehr zu schwimmen. Dann wieder zur\u00fcck ans Pl\u00e4tzchen auf den Trib\u00fcnentreppen oberhalb der Tische zum Abtrocknen und\u00a0Smalltalk (aus den 500 m Schwimmen werden vielleicht sogar 1 km (Frage: Wie lange ist der Titisee?)), wo es sogar Kaffee und Kuchen gab incl. Kuchengabeln. Dann ist das n\u00e4chste Tischtennismatch angesagt, &#8230;. Claus Geppert von &#8222;helfen hilft&#8220; fasst zusammen: &#8222;Gef\u00e4llt mir sehr gut &#8211; vielen Dank. War auch ein toller Event in einer wohltuenden freundlichen\u00a0 Atmosph\u00e4re.&#8220;<\/p>\n<p><a href=\"mailto:TT-Strandbad@web.de\">TT-Strandbad@web.de<\/a> <a title=\"\" href=\"mailto:TT-Strandbad@web.de\" target=\"_blank\"><br \/>\n<\/a><a href=\"mailto:karstenilly@hotmail.com\">karstenilly@hotmail.com<\/a><br \/>\n<a href=\"mailto:stepet@hotmail.de\">stepet@hotmail.de<\/a> Stefan Peter Masur<br \/>\n<a href=\"mailto:claudiasuetterlin@web.de\">claudiasuetterlin@web.de<\/a>, Alemannische B\u00fchne<\/p>\n<p><a href=\"mailto:alexheisler@web.de\">alexheisler@web.de<\/a><br \/>\n<a href=\"mailto:ernst.ludwig.ganter@email.de\">ernst.ludwig.ganter@email.de<\/a><br \/>\n<a href=\"mailto:uli.homann@swr.de\">uli.homann@swr.de<\/a><br \/>\n<a href=\"mailto:voelzing@petra-voelzing.de\">voelzing@petra-voelzing.de<\/a><\/p>\n<p><a href=\"mailto:geppert@helfen-hilft.de\">geppert@helfen-hilft.de<\/a> , Claus Geppert, <a title=\"Krebskranke-Kinder\" href=\"https:\/\/www.freiburg-schwarzwald.de\/blog\/selbsthilfe\/krebs\/krebskranke-kinder\/\">F\u00f6rderverein f\u00fcr krebskranke Kinder e.V<\/a>.<br \/>\n<a href=\"https:\/\/www.helfen-hilft.de\">www.helfen-hilft.de<\/a><br \/>\n<a href=\"https:\/\/www.freiburg-schwarzwald.de\/kinder.htm#Helfen hilft - F\u00f6rderverein f\u00fcr krebskranke Kinder e.V. Freiburg\">Kinder mit Krebs: F\u00f6rderverein f\u00fcr krebskranke Kinder e.V. Freiburg<\/a> &gt;Kinder<\/p>\n<p><a href=\"mailto:menhofer-bader@web.de\">menhofer-bader@web.de<\/a> , Heidemarie und Reinhold Bader<br \/>\n<a href=\"mailto:peter.bader@profamilia.de\">peter.bader@profamilia.de<\/a><br \/>\n<a href=\"mailto:m.beres@gmx.de\">m.beres@gmx.de<\/a><br \/>\n<a href=\"mailto:diego-cevallos@web.de\">diego-cevallos@web.de<\/a><br \/>\n<a href=\"mailto:j-nau@hotmail.de\">j-nau@hotmail.de<\/a> , manuel K\u00f6berle<br \/>\n<a href=\"mailto:alauddin.herrmann1@web.de\">alauddin.herrmann1@web.de<\/a><\/p>\n<p><a href=\"mailto:andreadeboer@gmx.de\">andreadeboer@gmx.de<\/a> , Zumba-Tanz, FT-Lehrerin<br \/>\n<a href=\"mailto:info@cp-foto.de\">info@cp-foto.de<\/a> , Christiane Pfeifer<br \/>\n<a href=\"mailto:gode.scholz@googlemail.com\">gode.scholz@googlemail.com<\/a><br \/>\n<a href=\"mailto:liga.saukante@gmail.com\">liga.saukante@gmail.com<\/a> , <a href=\"https:\/\/www.liga.id.lv\">www.liga.id.lv<\/a> , Indischer Tanz<\/p>\n<p>&nbsp;<\/p>\n<p><strong>Spielend helfen im Strandbad<\/strong><br \/>\nClaus Geppert vom F\u00f6rderverein f\u00fcr krebskranke Kinder sitzt gl\u00fccklich im Publikum. &#8222;Wir sind froh \u00fcber diese Unterst\u00fctzung&#8220;, sagt er, denn der Verein, der sich unter anderem auf die Elternarbeit und psychosoziale Folgen einer Krebserkrankung konzentriert, finanziert sich nur \u00fcber Spenden. Den Sieg tragen am Abend Diego Cevallos und Hans Schweizer davon. Adolf Seger landet zusammen mit Julia Corsten auf Rang vier. &#8222;Als Sportler m\u00f6chte ich eigentlich schon siegen&#8220;, sagt er, betont aber: &#8222;heute sollen die Kinder die Gewinner sein.&#8220;<br \/>\nAlels von Petra V\u00f6lzing vom 10.9.2012 bitte lesen auf<br \/>\n<a href=\"https:\/\/www.badische-zeitung.de\/freiburg\/spielend-helfen-im-strandbad--63645303.html\">https:\/\/www.badische-zeitung.de\/freiburg\/spielend-helfen-im-strandbad&#8211;63645303.html<\/a><br \/>\n<!-- RSPEAK_STOP --><\/p>\n","protected":false},"excerpt":{"rendered":"<p>Home &gt;Sport &gt;Baeder &gt;Strandbad &gt;Strandbad-Tischtennis 7. Tischtennisturnier am 24.7.2016 im Strandbad (24.7.2016) https:\/\/www.freiburg-schwarzwald.de\/blog\/strandbad-tischtennis-benefiz\/ (23.7.2015) https:\/\/www.freiburg-schwarzwald.de\/blog\/strandbad-tischtennis-krebs\/\u00a0(27.7.2014) https:\/\/www.freiburg-schwarzwald.de\/blog\/strandbad-tischtennis-krebshilfe\/\u00a0(17.7.2013) 3. Tischtennisturnier am 8.9.2012 im Strandbad mit 65 SpielerInnen 2. Strandbad-Tischtennisturnier am 10.9.2011 mit Adolf Seger f\u00fcr guten Zweck &gt;Freiburg-Dreisamtal.de Spielend helfen im Strandbad &hellip; <a href=\"https:\/\/www.freiburg-schwarzwald.de\/blog\/sport\/baeder\/strandbad\/strandbad-tischtennis\/\">Weiterlesen <span class=\"meta-nav\">&rarr;<\/span><\/a><\/p>\n","protected":false},"author":4,"featured_media":0,"parent":947,"menu_order":0,"comment_status":"open","ping_status":"closed","template":"","meta":{"footnotes":""},"class_list":["post-10584","page","type-page","status-publish","hentry"],"_links":{"self":[{"href":"https:\/\/www.freiburg-schwarzwald.de\/blog\/wp-json\/wp\/v2\/pages\/10584","targetHints":{"allow":["GET"]}}],"collection":[{"href":"https:\/\/www.freiburg-schwarzwald.de\/blog\/wp-json\/wp\/v2\/pages"}],"about":[{"href":"https:\/\/www.freiburg-schwarzwald.de\/blog\/wp-json\/wp\/v2\/types\/page"}],"author":[{"embeddable":true,"href":"https:\/\/www.freiburg-schwarzwald.de\/blog\/wp-json\/wp\/v2\/users\/4"}],"replies":[{"embeddable":true,"href":"https:\/\/www.freiburg-schwarzwald.de\/blog\/wp-json\/wp\/v2\/comments?post=10584"}],"version-history":[{"count":0,"href":"https:\/\/www.freiburg-schwarzwald.de\/blog\/wp-json\/wp\/v2\/pages\/10584\/revisions"}],"up":[{"embeddable":true,"href":"https:\/\/www.freiburg-schwarzwald.de\/blog\/wp-json\/wp\/v2\/pages\/947"}],"wp:attachment":[{"href":"https:\/\/www.freiburg-schwarzwald.de\/blog\/wp-json\/wp\/v2\/media?parent=10584"}],"curies":[{"name":"wp","href":"https:\/\/api.w.org\/{rel}","templated":true}]}}