{"id":105687,"date":"2022-10-27T20:11:16","date_gmt":"2022-10-27T18:11:16","guid":{"rendered":"https:\/\/www.freiburg-schwarzwald.de\/blog\/?page_id=105687"},"modified":"2026-07-30T21:53:54","modified_gmt":"2026-07-30T19:53:54","slug":"neue-medien","status":"publish","type":"page","link":"https:\/\/www.freiburg-schwarzwald.de\/blog\/kultur\/medien\/neue-medien\/","title":{"rendered":"Neue-Medien"},"content":{"rendered":"<p><a href=\"https:\/\/www.freiburg-schwarzwald.de\/blog\">Home<\/a>\u00a0&gt;<a title=\"Kultur\" href=\"https:\/\/www.freiburg-schwarzwald.de\/blog\/kultur\/\">Kultur<\/a>\u00a0&gt;<a title=\"Medien\" href=\"https:\/\/www.freiburg-schwarzwald.de\/blog\/kultur\/medien\/\">Medien<\/a> &gt;<a href=\"https:\/\/www.freiburg-schwarzwald.de\/blog\/kultur\/medien\/freie-medien\/\">Freie-Medien<\/a> &gt;Neue Medien<\/p>\n<div id=\"attachment_105574\" style=\"width: 573px\" class=\"wp-caption alignnone\"><a href=\"https:\/\/www.freiburg-schwarzwald.de\/blog\/wp-content\/uploads\/2022\/10\/bundestag-betonsperre-pan2210.jpg\"><img loading=\"lazy\" decoding=\"async\" aria-describedby=\"caption-attachment-105574\" class=\"size-full wp-image-105574\" src=\"https:\/\/www.freiburg-schwarzwald.de\/blog\/wp-content\/uploads\/2022\/10\/bundestag-betonsperre-pan2210.jpg\" alt=\"\" width=\"563\" height=\"312\" srcset=\"https:\/\/www.freiburg-schwarzwald.de\/blog\/wp-content\/uploads\/2022\/10\/bundestag-betonsperre-pan2210.jpg 563w, https:\/\/www.freiburg-schwarzwald.de\/blog\/wp-content\/uploads\/2022\/10\/bundestag-betonsperre-pan2210-180x100.jpg 180w\" sizes=\"auto, (max-width: 563px) 100vw, 563px\" \/><\/a><p id=\"caption-attachment-105574\" class=\"wp-caption-text\">Der Bundestag schirmt sich mit Betonsperren gegen\u00fcber dem Wahlvolk als Souver\u00e4n ab &#8211; Oktober 2022<\/p><\/div>\n<p>&nbsp;<\/p>\n<ul>\n<li><em>Listenauswahl eines Beitrags: Bitte\u00a0<span style=\"text-decoration: underline;\">anklicken<\/span>\u00a0oder runterscrollen<\/em><\/li>\n<li><a href=\"https:\/\/www.freiburg-schwarzwald.de\/blog\/die-eigene-meinung-frei-sagen\/\">Die eigene Meinung frei sagen<\/a>\u00a0(26.1.2026)<\/li>\n<li><a href=\"https:\/\/www.freiburg-schwarzwald.de\/blog\/recht-freie-meinungsaeusserung\/\">Recht: Freie Meinungs\u00e4u\u00dferung<\/a>\u00a0(25.1.2026)<\/li>\n<li><a href=\"https:\/\/www.freiburg-schwarzwald.de\/blog\/informiere-dich-medien-taeglich\/\">Informiere Dich: Medien t\u00e4glich<\/a>\u00a0(6.8.2025)<\/li>\n<li><a href=\"https:\/\/www.freiburg-schwarzwald.de\/blog\/sich-informieren-macht-freude\/\">Sich informieren macht Freude<\/a>\u00a0(23.6.2025)<\/li>\n<li><a href=\"https:\/\/www.freiburg-schwarzwald.de\/blog\/global\/globalisierung\/wef\/\">Alternativ-WEF in Prag vs WEF in Davos<\/a>\u00a0(23.12.2024)<\/li>\n<li>Indubio Folge 345 \u2013 20 Jahre Achse des Guten (8.9.2024)<\/li>\n<li><a href=\"https:\/\/www.freiburg-schwarzwald.de\/blog\/kultur\/medien\/alternative-medien\/\">Der Achse Achgut.com gehen die Mittel zum Weiterbetrieb aus<\/a> (17.7.2024)<\/li>\n<li><a href=\"https:\/\/www.freiburg-schwarzwald.de\/blog\/kultur\/medien\/alternative-medien\/\">De-Banking: Der lautlose Angriff auf oppositionelle Medien<\/a>\u00a0(24.6.2024)<\/li>\n<li><a href=\"https:\/\/www.freiburg-schwarzwald.de\/blog\/100-jahre-radio-wirsindmedien\/\">Kontrafunk: Die Sonntagsrunde (5.5.2024)<\/a><\/li>\n<li><a href=\"https:\/\/www.freiburg-schwarzwald.de\/blog\/resignation-der-buerger\/\">Resignation der B\u00fcrger<\/a>\u00a0(27.3.2024)<\/li>\n<li><a href=\"https:\/\/www.freiburg-schwarzwald.de\/blog\/rki-files-veroeffentlicht-akteur\/\">RKI-Files ver\u00f6ffentlicht \u2013 Akteur?<\/a>\u00a0(25.3.2024)<\/li>\n<li><a href=\"https:\/\/www.freiburg-schwarzwald.de\/blog\/kultur\/medien\/framing\/geheimtreffen\/\">Talk in Hangar-7 zum Geheimtreffen in Potsdam<\/a>\u00a0(25.1.2024)<\/li>\n<li><a href=\"https:\/\/www.freiburg-schwarzwald.de\/blog\/kultur\/medien\/alternative-medien\/\">Die Sintflut-Surfer \u2013 Zensurresistenter Journalismus bei \u201eThe Great WeSet\u201c<\/a> (30.12.2023)<\/li>\n<li><a href=\"https:\/\/www.freiburg-schwarzwald.de\/blog\/kultur\/medien\/medien-unabhaengigkeit\/\">B\u00fcrgerjournalismus: Das Pareto Projekt beginnt<\/a>\u00a0(2.12.2023)<\/li>\n<li>Philosophia Perennis von Dr. Berger macht eine Pause (13.11.2023)<\/li>\n<li><a href=\"https:\/\/www.freiburg-schwarzwald.de\/blog\/natur\/klima\/klimajournalismus\/\">Klima-Narrative bei FairTalk<\/a>\u00a0(19.10.2023)<\/li>\n<li>Medienlandschaft im Umbruch &#8211; TE-Talk (5.10.2023)<\/li>\n<li><a href=\"https:\/\/www.freiburg-schwarzwald.de\/blog\/kultur\/medien\/medienleute\/\">Boris Reitschuster: Meine Vertreibung<\/a>\u00a0(28.9.2023)<\/li>\n<li>Ab 5.9.2023 ist AUF1 im Satelliten-Fernsehen (2.9.2023)<\/li>\n<li><a href=\"https:\/\/www.freiburg-schwarzwald.de\/blog\/kultur\/medien\/youtube\/\">\u201eDemos Kratos\u201c will dem linken Irrsinn mit Fakten begegnen<\/a>\u00a0(25.8.2023)<\/li>\n<li><a href=\"https:\/\/www.freiburg-schwarzwald.de\/blog\/kultur\/medien\/journalismus\/erziehungsjournalismus\/\">Zum Empfehlungsjournalismus: Offener Brief an wohlmeinende Co-Trainer der AfD<\/a>\u00a0(25.7.2023)<\/li>\n<li><a href=\"https:\/\/www.freiburg-schwarzwald.de\/blog\/pfingsten-trost-den-menschen\/\">Pfingsten: Trost den Menschen<\/a>\u00a0(28.5.2023)<\/li>\n<li><a href=\"https:\/\/www.freiburg-schwarzwald.de\/blog\/kultur\/medien\/gez-medien\/\">18,35 Euro\/Monat f\u00fcr den Kontrafunk statt f\u00fcr den \u00d6RR<\/a>\u00a0(12.5.2023)<\/li>\n<li><a href=\"https:\/\/www.freiburg-schwarzwald.de\/blog\/kultur\/medien\/diskussionskultur\/diskussionskultur2023\/\">Michael L\u00fcders: In Deutschland gibt es kaum noch eine Debattenkultur<\/a>\u00a0(5.2.2023)<\/li>\n<li><a href=\"https:\/\/www.freiburg-schwarzwald.de\/blog\/zwei-neujahrsansprachen-2023\/\">Zwei Neujahrsansprachen 2023<\/a>\u00a0(31.12.2022)<\/li>\n<li><a href=\"https:\/\/www.freiburg-schwarzwald.de\/blog\/wahlwiederholung-b-ja-d-nein\/\">Wahlwiederholung B ja \u2013 D nein<\/a>\u00a0(20.11.2022)<\/li>\n<li><a href=\"https:\/\/www.freiburg-schwarzwald.de\/blog\/engagement\/zukunft\/demokratie\/staatsapparat\/\">Vertrauen futsch \u2014 warum die Deutschen der Politik misstrauen<\/a> (10.11.2022)<\/li>\n<li><a href=\"https:\/\/www.freiburg-schwarzwald.de\/blog\/wo-links-ist-da-ist-auch-rechts\/\">Wo links ist, da ist auch rechts<\/a> (29.10.2022)<\/li>\n<li><a href=\"https:\/\/www.freiburg-schwarzwald.de\/blog\/kultur\/medien\/social-media\/\">Niklas Lotz und Naomi Seibt: Die Anti-Rezos<\/a>\u00a0(31.3.2021)<\/li>\n<li><\/li>\n<li><a href=\"https:\/\/www.freiburg-schwarzwald.de\/blog\/kultur\/medien\/alternative-medien\/\">Alternative-Medien<\/a><\/li>\n<li><a href=\"https:\/\/www.freiburg-schwarzwald.de\/blog\/kultur\/medien\/medienvielfalt\/\">Alternative Medien \u2013 Neue Medien \u2013 Freie Denker (Liste)<\/a><\/li>\n<li><a href=\"https:\/\/www.freiburg-schwarzwald.de\/blog\/kultur\/medien\/diskussionskultur\/diskussionskultur2023\/\">Diskussionskultur2023<\/a><\/li>\n<li><a href=\"https:\/\/www.freiburg-schwarzwald.de\/blog\/kultur\/medien\/journalismus\/erziehungsjournalismus\/\">Erziehungsjournalismus<\/a><\/li>\n<li><a href=\"https:\/\/www.freiburg-schwarzwald.de\/blog\/kultur\/medien\/freie-medien\/\">Freie Medien<\/a><\/li>\n<li>Neue Medien &#8211; Liste<\/li>\n<li><a href=\"https:\/\/www.freiburg-schwarzwald.de\/blog\/kultur\/medien\/alternative-medien\/polit-blog\/\">Polit-Blog<\/a><\/li>\n<\/ul>\n<p><strong><a href=\"https:\/\/www.freiburg-schwarzwald.de\/blog\/informiere-dich-medien-taeglich\/\">Informiere Dich<\/a> stets \u00fcber beide Seiten \u201eAudiatur et altera pars\u201c:<\/strong><br \/>\n<strong><a href=\"https:\/\/www.spiegel.de\">https:\/\/www.spiegel.de<\/a> (Mainstream-Medien) sowie<\/strong><br \/>\n<strong><a href=\"https:\/\/www.freiedenker.de\">https:\/\/www.freiedenker.de<\/a> (Alternative Medien)<\/strong><\/p>\n<p>&nbsp;<\/p>\n<p><strong>Neue Medien &#8211; Liste<\/strong><\/p>\n<ul>\n<li><a href=\"https:\/\/www.achgut.com\">https:\/\/www.achgut.com<\/a><\/li>\n<li><a href=\"https:\/\/www.aerzte-fuer-aufklaerung.de\">https:\/\/www.aerzte-fuer-aufklaerung.de<\/a><\/li>\n<li><a href=\"https:\/\/afaev.de\">https:\/\/afaev.de<\/a><\/li>\n<li><a href=\"https:\/\/www.auf1.info\">https:\/\/www.auf1.info<\/a><\/li>\n<li><a href=\"https:\/\/www.apollo-news.net\">https:\/\/www.apollo-news.net<\/a><\/li>\n<li><a href=\"https:\/\/www.apolut.net\">https:\/\/www.apolut.net<\/a><\/li>\n<li><a href=\"https:\/\/www.auf1.tv\">https:\/\/www.auf1.tv<\/a><\/li>\n<li><a href=\"https:\/\/www.clubderklarnworte.de\">https:\/\/www.clubderklarnworte.de<\/a><\/li>\n<li><a href=\"https:\/\/www.corodok.de\">https:\/\/www.corodok.de<\/a><\/li>\n<li><a href=\"https:\/\/www.corona-blog.net\">https:\/\/www.corona-blog.net<\/a><\/li>\n<li><a href=\"https:\/\/www.coronatransition.org\">https:\/\/www.coronatransition.org<\/a><\/li>\n<li><a href=\"https:\/\/www.danisch.de\">https:\/\/www.danisch.de<\/a><\/li>\n<li><a href=\"https:\/\/www.demokratischerwiderstand.de\">https:\/\/www.demokratischerwiderstand.de<\/a><\/li>\n<li><a href=\"https:\/\/www.dushanwegner.com\">https:\/\/www.dushanwegner.com<\/a><\/li>\n<li><a href=\"https:\/\/www.echte-polizisten.de\">https:\/\/www.echte-polizisten.de<\/a><\/li>\n<li><a href=\"https:\/\/www.ef-magazin.de\">https:\/\/www.ef-magazin.de<\/a><\/li>\n<li><a href=\"https:\/\/www.epochtimes.de\">https:\/\/www.epochtimes.de<\/a><\/li>\n<li><a href=\"https:\/\/www.freischwebende-intelligenz.org\">https:\/\/www.freischwebende-intelligenz.org<\/a><\/li>\n<li><a href=\"https:\/\/www.gunnarkaiser.de\">https:\/\/www.gunnarkaiser.de<\/a><\/li>\n<li><a href=\"https:\/\/www.individuelle-impfentscheidung.de\">https:\/\/www.individuelle-impfentscheidung.de<\/a><\/li>\n<li><a href=\"https:\/\/www.junge-freiheit.de\">https:\/\/www.junge-freiheit.de<\/a><\/li>\n<li><a href=\"https:\/\/www.klagepaten.de\">https:\/\/www.klagepaten.de<\/a><\/li>\n<li><a href=\"https:\/\/www.klonovsky.de\">https:\/\/www.klonovsky.de<\/a><\/li>\n<li><a href=\"https:\/\/www.kontrafunk.radio\/de\">https:\/\/www.kontrafunk.radio\/de<\/a><\/li>\n<li><a href=\"https:\/\/www.multipolar-magazin.de\">https:\/\/www.multipolar-magazin.de\u00a0<\/a><\/li>\n<li><a href=\"https:\/\/www.nachdenksiten.de\">https:\/\/www.nachdenksiten.de<\/a><\/li>\n<li><a href=\"https:\/\/www.norberthaering.de\">https:\/\/www.norberthaering.de<\/a><\/li>\n<li><a href=\"https:\/\/www.netzwerkkrista.de\">https:\/\/www.netzwerkkrista.de<\/a><\/li>\n<li><a href=\"https:\/\/www.philosophia-perennis.de\">https:\/\/www.philosophia-perennis.de<\/a><\/li>\n<li><a href=\"https:\/\/www.publicomag.com\">https:\/\/www.publicomag.com<\/a><\/li>\n<li><a href=\"https:\/\/www.punkt-preradovic.de\">https:\/\/www.punkt-preradovic.de<\/a><\/li>\n<li><a href=\"https:\/\/www.radiomuenchen.net\">https:\/\/www.radiomuenchen.net<\/a><\/li>\n<li><a href=\"https:\/\/www.reitschuster.de\">https:\/\/www.reitschuster.de<\/a><\/li>\n<li><a href=\"https:\/\/www.report24.news\">https:\/\/www.report24.news<\/a><\/li>\n<li><a href=\"https:\/\/www.rubikon.news\">https:\/\/www.rubikon.news<\/a><\/li>\n<li><a href=\"https:\/\/sciencefiles.org\">https:\/\/sciencefiles.org<\/a><\/li>\n<li><a href=\"https:\/\/www.servustv.com\">https:\/\/www.servustv.com<\/a><\/li>\n<li><a href=\"https:\/\/www.telepolis.de\">https:\/\/www.telepolis.de<\/a><\/li>\n<li><a href=\"https:\/\/www.tichyseinblick.de\">https:\/\/www.tichyseinblick.de<\/a><\/li>\n<li><a href=\"https:\/\/www.tkp.at\">https:\/\/www.tkp.at<\/a><\/li>\n<li><a href=\"https:\/\/www.vera-lengsfeld.de\">https:\/\/www.vera-lengsfeld.de<\/a><\/li>\n<li><a href=\"https:\/\/www.wochenblick.at\">https:\/\/www.wochenblick.at<\/a><\/li>\n<\/ul>\n<p>==================================================<\/p>\n<p><strong>Indubio Folge 345 \u2013 20 Jahre Achse des Guten<\/strong><br \/>\nZum zwanzigj\u00e4hrigen Jubil\u00e4um der Achse der Guten spricht Gerd Buurmann mit den drei Herausgebern Henryk M. Broder, Dirk Maxeiner und Fabian Nicolay \u00fcber die Erfolgsgeschichte des Autorenblogs, \u00fcber die Vergangenheit und die Zukunft, sowie dar\u00fcber, wof\u00fcr die Achse steht und wo sie von wem verortet wird.<br \/>\n&#8230; Alles vom 8.9.2024 bitte lesen auf<br \/>\n<a href=\"https:\/\/www.achgut.com\/artikel\/indubio_folge_344_09_01_2024_20_jahre_achse_des_guten\">https:\/\/www.achgut.com\/artikel\/indubio_folge_344_09_01_2024_20_jahre_achse_des_guten<\/a><br \/>\n.<br \/>\nEinige Kommentare:<br \/>\nBei indubio amerikanische Werbung f\u00fcr eine Karriere bei der \u201eUS Border Patrol\u201c &#8230; Was will mir die Achse damit sagen? Bei der zweiten Unterbrechung habe ich den Podcast abgeschaltet, obwohl ich gern das gesamte Gespr\u00e4ch geh\u00f6rt h\u00e4tte. Warum muss ich das ertragen, obwohl ich mehrfache Patentante bin??? Ich w\u00fcrde mich einloggen, um werbefrei h\u00f6ren zu k\u00f6nnen. Ilona<br \/>\n.<br \/>\nGratulation an die Achse. Ich habe 2005 die Achse entdeckt. Dies nach einer Empfehlung im Migros-Magazin damals. W\u00e4re heute nicht mehr m\u00f6glich und das Magazin lese ich seit mindestens 10 Jahren nicht mehr. Blogs waren dazumal neu und ich bin froh habe ich diese und andere Blogs gefunden. \u00dcbrig blieb nur die Achse, Neue kamen sp\u00e4ter dazu. Macht weiter so. Danke. Marc<br \/>\nEnde Kommentare<\/p>\n<p>&nbsp;<\/p>\n<p><strong>Philosophia Perennis von Dr. Berger macht eine Pause<\/strong><br \/>\nDavid Berger: An meine Leser<br \/>\nLiebe Leser, im Juni waren es genau sieben Jahre, dass ich diesen Blog, in der Endverantwortung praktisch alleine, 365 Tage im Jahr betreue.<br \/>\nIn diese Zeit fiel<br \/>\n&#8211; die immer bedr\u00e4ngender und f\u00fcr Europa geradezu suizidal werdende Migrationskrise,<br \/>\n&#8211; dann der Corona-Skandal und<br \/>\n&#8211; schlie\u00dflich eine gef\u00e4hrliche Versch\u00e4rfung der Ukrainekrise<br \/>\n&#8211; und nun der Nahostkonflikte.<br \/>\nGenutzt wurden diese Ereignisse von den M\u00e4chtigen \u2013 unter dem Einsatz immer perfektionierter technischer M\u00f6glichkeiten -, um alles, was unsere freiheitliche Demokratie und den Rechtsstaat pr\u00e4gt (die Gewaltenteilung, die B\u00fcrger \u2013 und auch Menschenrechte) soweit auszuh\u00f6hlen, dass davon kaum mehr etwas \u00fcbrig bleibt. Eine willkommene Entwicklung f\u00fcr immer totalit\u00e4rer werdende Regierungen, ihre Macht bzw. die des Staates (den sie immer mehr mit sich selbst bzw. ihrer Partei gleichsetzen) ins vermeintlich Unendliche wachsen zu lassen.<br \/>\nDass dies unter dem perfiden Vorwand geschieht, sie w\u00fcrden dadurch die allerorts gef\u00e4hrdete Demokratie retten, \u00e4hnelt der kriegstreibenden Logik, nach dem man mit m\u00f6glichst vielen Waffenlieferungen in Kriegsgebiete den Frieden herbeif\u00fchrt.<br \/>\n.<br \/>\nKurzum: Diese Zeit war aufregend, man h\u00e4tte dazu Tag und Nacht etwas zur Mainstreammedien-Propaganda Alternatives schreiben k\u00f6nnen. Aber bei mir ist nun der Punkt gekommen, dass ich erst einmal eine l\u00e4ngere Pause brauche. Oder wie mein Arzt mir nun noch einmal eindringlich ans Herz gelegt hat: Wenn Sie jetzt nicht die Notbremse \u2013 zumindest f\u00fcr einige Monate ziehen \u2013 kann das B\u00f6se enden. Da ich das nicht will, sondern fest entschlossen bin, hier weiterzumachen, bitte ich meine Leser um Verst\u00e4ndnis, dass auf \u201ePhilosophia Perennis\u201c erst einmal nichts oder nur in Ausnahmef\u00e4llen etwas Neues erscheint. Ich hoffe, dass sich das nach der Pause wieder \u00e4ndert und w\u00e4re sehr froh, wenn unsere Verbindung nicht abbricht.<br \/>\nIhr David Berger<br \/>\n&#8230; Alles vom 13.11.2023 bitte lesen auf<br \/>\n<a href=\"https:\/\/philosophia-perennis.com\/2023\/11\/13\/david-berger-an-meine-leser\/\">https:\/\/philosophia-perennis.com\/2023\/11\/13\/david-berger-an-meine-leser\/<\/a><br \/>\n.<br \/>\nEinige Kommentare:<br \/>\nLieber David Berger, ich w\u00fcnsche Ihnen alles erdenklich Gute und und eine erholsame Zeit im Kreis ihrer Freunde. Wie bereits griechischer Arzt Herophilos (um 335 v. Chr.) uns wissen lies: <em><strong>\u201eOhne Gesundheit k\u00f6nnen sich Wissen und Kunst nicht entfalten, vermag St\u00e4rke nichts auszurichten, und Reichtum und Intelligenz liegen brach.\u201c<\/strong><\/em> Liebe Gr\u00fc\u00dfe Ernst<br \/>\n.<br \/>\nLieber David, es ist das beste, was Du machen kannst, denn angesichts der immer schlimmer werdenden Situation f\u00fcr Menschen, die wie Du seit Jahren mutig mit Deinem Blog Philosophia Perennis eine gro\u00dfartige Alternative zum Einheitsbrei der Staatsmedien bieten, sind st\u00e4ndig den immer massiveren Angriffen derer ausgesetzt, die die Wahrheit mehr f\u00fcrchten, als der Teufel das Weihwasser. Um neue Kraft zu tanken, um sich all dem wieder auszusetzen, denn es macht unendlich m\u00fcde, geht es nur weiter, wenn Du vollkommen abschaltest, wenn das m\u00f6glich ist . Dir gilt mein gro\u00dfer Dank f\u00fcr die vielen Jahre mit einem der besten Blogs mit einem so gro\u00dfartigen, ausgewogenen Themenangebot. Ich w\u00fcnsche Dir das Beste. I.E.<br \/>\n.<br \/>\nLieber Herr Berger, ich bedauere Ihre &#8222;Sendepause&#8220; au\u00dferordentlich, kann es aber verstehen!! Kurieren Sie sich gr\u00fcndlich aus und kehren mit frischen Kr\u00e4ften wieder zur\u00fcck! In der Zwischenzeit kann man den Kontrafunk, Boris Reitschuster oder Roland Tichy abonnieren um nicht dauernd hinter die Fichte gef\u00fchrt zu werden!<br \/>\nPS: Ich habe mir gerade das alte Lied von Reinhard Mei &#8222;Sei wachsam&#8220; angeh\u00f6rt &#8212; und habe im Geiste eine kleine Text\u00e4nderung vorgenommen: &#8222;Der Politiker sagt dem Journalisten, halt du sie dumm, ich halt sie arm&#8220;. Beste Gr\u00fc\u00dfe, P.K.<br \/>\n.<br \/>\nIch hoffe, es war wirklich der Arzt, der die Pause verordnet hat, und nicht etwa Frau Faeser im Zuge der \u201eneuen deutschen Meinungsfreiheit\u201c. dis<br \/>\nEnde Kommentare<br \/>\n.<\/p>\n<p>&nbsp;<\/p>\n<p><strong>Medienlandschaft im Umbruch &#8211; TE-Talk<\/strong><br \/>\n<strong>Zukunft der Informationsgesellschaft<\/strong><br \/>\nIn dieser Woche ist Roland Tichy zu Gast auf einer vom Rechtsanwalt Ulrich Vosgerau organisierten Podiumsdiskussion. Hier begegnen sich Henryk M. Broder, Mitbegr\u00fcnder der &#8222;Achse des Guten&#8220;, Burkhard M\u00fcller-Ulrich, Gr\u00fcnder des Radiosenders &#8222;Kontrafunk&#8220; und Roland Tichy, Gr\u00fcnder von &#8222;Tichys Einblick&#8220;. Sie diskutieren \u00fcber die Medienlandschaft, was es bedeutet ein neues Medium zu gr\u00fcnden und wie Journalismus sich entwickeln kann.<br \/>\n<a href=\"https:\/\/youtu.be\/URg1-TV0W9A\">https:\/\/youtu.be\/URg1-TV0W9A<\/a><br \/>\nDie Podiumsdiskussion wird in Ausschnitten ver\u00f6ffentlicht. Es wird deutlich: Obwohl die Teilnehmer ein vermeintlich \u00e4hnliches Produkt anbieten, ist ihre Sicht auf die Branche sehr grundverschieden. Schon mit dem Begriff der \u201ealternativen Medien\u201c hadern sie aus unterschiedlichsten Gr\u00fcnden. F\u00fcr Broder gibt es keine &#8222;alternativen&#8220; Medien, nutzt er doch dieselben Produktionsmittel wie auch sein Arbeitgeber, der Springer-Verlag. Ihm zufolge ist die Achse des Guten davon abh\u00e4ngig, dass er \u201emit beiden Beinen fest im Gem\u00e4uer des Springer-Verlags\u201c steckt. So k\u00f6nne es keine &#8222;alternativen&#8220; Medien geben. M\u00fcller-Ulrich meint, er macht eigentlich ganz klassisches Radio, nur eben mit einer anderen Sicht als die altbekannten Sender. Und f\u00fcr Roland Tichy ist das Aufbl\u00fchen einer neuen Medienszene ein Symptom sich ver\u00e4ndernder Technologien. Die heute entstehenden Medienbetriebe sind nur oberfl\u00e4chlich mit den Zeitungsh\u00e4usern der Vergangenheit zu vergleichen.<br \/>\nEine Diskussion, die darstellt, dass die neue Medienbranche nicht nur in ihren journalistischen Angeboten, sondern auch in ihrer Sicht auf die Branche &#8211; alt wie neu &#8211; selbst eine deutlich heterogenere Gruppe ist, als viele annehmen: \u201eMan kann der Einheitspresse nicht mit Einheitspresse begegnen\u201c, sagt Roland Tichy.<br \/>\n&#8230; Alles vom 5.10.2023 bitte lesen auf<br \/>\n<a href=\"https:\/\/www.tichyseinblick.de\/video\/tichys-ausblick\/medienlandschaft-im-umbruch\/\">https:\/\/www.tichyseinblick.de\/video\/tichys-ausblick\/medienlandschaft-im-umbruch\/<\/a><br \/>\n<a href=\"https:\/\/youtu.be\/URg1-TV0W9A\">https:\/\/youtu.be\/URg1-TV0W9A<\/a><\/p>\n<p>&nbsp;<\/p>\n<p><strong>Ab 5.9.2023 ist AUF1 im Satelliten-Fernsehen<\/strong><br \/>\nGro\u00dfangriff aufs Medien-Kartell: AUF1 macht Fernsehen wieder frei! Das letzte R\u00fcckzugsgebiet der Systemmedien, wo sie unter sich waren, wird nun Schritt f\u00fcr Schritt erobert.<br \/>\nJetzt bringen wir den \u201eGreat Reset\u201c ins echte Fernsehen und informieren 120 Millionen Haushalte in ganz Europa!<br \/>\n\u00dcber Satellit empfangen Sie den Kanal \u201eSRGT\u201c, wo AUF1 ab sofort t\u00e4glich von 6-8 Uhr und 18-22 Uhr sein Programm sendet. Nutzen Sie den manuellen Sendersuchlauf auf Ihrem Empfangsger\u00e4t. Je nach Ger\u00e4t geben Sie die folgenden Daten ein:<br \/>\nKanal \u201eSRGT\u201c<br \/>\nSatellit: Astra 19,2\u00b0 Ost<br \/>\nFrequenz: 10920.75 MHz<br \/>\nArt: DVB-S<br \/>\nSymbolrate: 22.000<br \/>\nPolarisation: Horizontal (H)<br \/>\nTransponder: 133<br \/>\nFEC: 7\/8<br \/>\nJetzt die Sondersendung ansehen: <a href=\"https:\/\/auf1.tv\/stefan-magnet-auf1\/grossangriff-aufs-medien-kartell-auf1-macht-fernsehen-wieder-frei\">https:\/\/auf1.tv\/stefan-magnet-auf1\/grossangriff-aufs-medien-kartell-auf1-macht-fernsehen-wieder-frei<\/a><\/p>\n","protected":false},"excerpt":{"rendered":"<p>Home\u00a0&gt;Kultur\u00a0&gt;Medien &gt;Freie-Medien &gt;Neue Medien &nbsp; Listenauswahl eines Beitrags: Bitte\u00a0anklicken\u00a0oder runterscrollen Die eigene Meinung frei sagen\u00a0(26.1.2026) Recht: Freie Meinungs\u00e4u\u00dferung\u00a0(25.1.2026) Informiere Dich: Medien t\u00e4glich\u00a0(6.8.2025) Sich informieren macht Freude\u00a0(23.6.2025) Alternativ-WEF in Prag vs WEF in Davos\u00a0(23.12.2024) Indubio Folge 345 \u2013 20 Jahre Achse &hellip; <a href=\"https:\/\/www.freiburg-schwarzwald.de\/blog\/kultur\/medien\/neue-medien\/\">Weiterlesen <span class=\"meta-nav\">&rarr;<\/span><\/a><\/p>\n","protected":false},"author":2,"featured_media":0,"parent":678,"menu_order":0,"comment_status":"closed","ping_status":"closed","template":"","meta":{"footnotes":""},"class_list":["post-105687","page","type-page","status-publish","hentry"],"_links":{"self":[{"href":"https:\/\/www.freiburg-schwarzwald.de\/blog\/wp-json\/wp\/v2\/pages\/105687","targetHints":{"allow":["GET"]}}],"collection":[{"href":"https:\/\/www.freiburg-schwarzwald.de\/blog\/wp-json\/wp\/v2\/pages"}],"about":[{"href":"https:\/\/www.freiburg-schwarzwald.de\/blog\/wp-json\/wp\/v2\/types\/page"}],"author":[{"embeddable":true,"href":"https:\/\/www.freiburg-schwarzwald.de\/blog\/wp-json\/wp\/v2\/users\/2"}],"replies":[{"embeddable":true,"href":"https:\/\/www.freiburg-schwarzwald.de\/blog\/wp-json\/wp\/v2\/comments?post=105687"}],"version-history":[{"count":6,"href":"https:\/\/www.freiburg-schwarzwald.de\/blog\/wp-json\/wp\/v2\/pages\/105687\/revisions"}],"predecessor-version":[{"id":152105,"href":"https:\/\/www.freiburg-schwarzwald.de\/blog\/wp-json\/wp\/v2\/pages\/105687\/revisions\/152105"}],"up":[{"embeddable":true,"href":"https:\/\/www.freiburg-schwarzwald.de\/blog\/wp-json\/wp\/v2\/pages\/678"}],"wp:attachment":[{"href":"https:\/\/www.freiburg-schwarzwald.de\/blog\/wp-json\/wp\/v2\/media?parent=105687"}],"curies":[{"name":"wp","href":"https:\/\/api.w.org\/{rel}","templated":true}]}}