{"id":10535,"date":"2012-09-07T12:22:41","date_gmt":"2012-09-07T10:22:41","guid":{"rendered":"https:\/\/www.freiburg-schwarzwald.de\/blog\/?page_id=10535"},"modified":"2025-09-11T09:53:06","modified_gmt":"2025-09-11T07:53:06","slug":"barrierefrei","status":"publish","type":"page","link":"https:\/\/www.freiburg-schwarzwald.de\/blog\/selbsthilfe\/behinderung\/barrierefrei\/","title":{"rendered":"Barrierefrei"},"content":{"rendered":"<p>Home &gt;<a title=\"Selbsthilfe\" href=\"https:\/\/www.freiburg-schwarzwald.de\/blog\/selbsthilfe\/\">Selbsthilfe<\/a> &gt;<a title=\"Behinderung\" href=\"https:\/\/www.freiburg-schwarzwald.de\/blog\/selbsthilfe\/behinderung\/\">Behinderung<\/a> &gt;<a title=\"Rollstuhl\" href=\"https:\/\/www.freiburg-schwarzwald.de\/blog\/selbsthilfe\/behinderung\/rollstuhl\/\">Rollstuhl<\/a> &gt;Barrierefrei<\/p>\n<div id=\"attachment_10272\" style=\"width: 602px\" class=\"wp-caption alignnone\"><a href=\"https:\/\/www.freiburg-schwarzwald.de\/blog\/natur\/flora\/neophyten\/mauchen7pan061102\/\" rel=\"attachment wp-att-10272\"><img loading=\"lazy\" decoding=\"async\" aria-describedby=\"caption-attachment-10272\" class=\"size-full wp-image-10272\" title=\"mauchen7pan061102\" src=\"https:\/\/www.freiburg-schwarzwald.de\/blog\/wp-content\/uploads\/2012\/09\/mauchen7pan061102.jpg\" alt=\"\" width=\"592\" height=\"205\" srcset=\"https:\/\/www.freiburg-schwarzwald.de\/blog\/wp-content\/uploads\/2012\/09\/mauchen7pan061102.jpg 592w, https:\/\/www.freiburg-schwarzwald.de\/blog\/wp-content\/uploads\/2012\/09\/mauchen7pan061102-180x62.jpg 180w\" sizes=\"auto, (max-width: 592px) 100vw, 592px\" \/><\/a><p id=\"caption-attachment-10272\" class=\"wp-caption-text\">Blick nach Nordwesten \u00fcber Mauchen zum Himmelberg am 2.11.2006 &#8211; Wiiwegli links nach Schliengen<\/p><\/div>\n<ul>\n<li><em>Listenauswahl eines Beitrags (Artikel\/Datum, Seite\/Inhalt):\u00a0<span style=\"text-decoration: underline;\">Klicken<\/span>\u00a0oder scrollen<\/em><\/li>\n<li><a href=\"https:\/\/www.freiburg-schwarzwald.de\/blog\/business\/dienste\/pflege\/stambulant\/\">Wann kommt das Stambulant-Heim nach Biederbach?<\/a>\u00a0(11.9.2025)<\/li>\n<li>Barrierefreie Wohnungen f\u00fcr alle (22.8.2023)<\/li>\n<li><a title=\"S-Bahn mit dem Rollstuhl \u2013 nein\" href=\"https:\/\/www.freiburg-schwarzwald.de\/blog\/s-bahn-mit-dem-rollstuhl-nein\/\">S-Bahn mit dem Rollstuhl \u2013 nein (23.2.2020)<\/a><\/li>\n<li><a href=\"https:\/\/www.freiburg-schwarzwald.de\/blog\/wohnen-und-mobilitaet-freiburg\/\">https:\/\/www.freiburg-schwarzwald.de\/blog\/wohnen-und-mobilitaet-freiburg\/<\/a>\u00a0(3.12.2013)<\/li>\n<li>Barrierefreier Wohnraum f\u00fcr 12000 Menschen fehlt in Freiburg (4.11.2013)<\/li>\n<li><a href=\"https:\/\/www.freiburg-schwarzwald.de\/blog\/lifter-im-strandbad-fehlt\/\">https:\/\/www.freiburg-schwarzwald.de\/blog\/lifter-im-strandbad-fehlt\/<\/a>\u00a0(23.8.2013)<\/li>\n<li><a href=\"https:\/\/www.freiburg-schwarzwald.de\/blog\/freiburg-fuer-alle-stadtfuehrer\/\">https:\/\/www.freiburg-schwarzwald.de\/blog\/freiburg-fuer-alle-stadtfuehrer\/<\/a>\u00a0(27.6.2013)<\/li>\n<li><a href=\"https:\/\/www.freiburg-schwarzwald.de\/barrierefrei#Bertoldsbrunnen - behindertenfeindlicher Verkehrsknoten\">Bertoldsbrunnen &#8211; behindertenfeindlicher Verkehrsknoten<\/a> &gt;Barrierefrei (31.8.2011)<\/li>\n<li><a href=\"https:\/\/www.freiburg-schwarzwald.de\/wandern4.htm#Tourismus Dreisamtal: Brosch\u00fcre mit sechs barrierefreien Touren\">Tourismus Dreisamtal: Brosch\u00fcre mit sechs barrierefreien Touren<\/a>\u00a0 &gt;Wandern4 (5.8.2011)<\/li>\n<li><a href=\"https:\/\/www.freiburg-schwarzwald.de\/littenweiler\/himmelreich2.htm#Barrierefreies Bauen - eine zug\u00e4ngliche Umwelt f\u00fcr Alle\">Barrierefreies Bauen &#8211; eine zug\u00e4ngliche Umwelt &#8222;f\u00fcr Alle&#8220;<\/a> &gt;Himmelreich2 (14.9.2010)<\/li>\n<li><a href=\"https:\/\/www.freiburg-schwarzwald.de\/wandern4.htm#Touren f\u00fcr Rollstuhlfahrer: Barrierefrei durch den Schwarzwald\">Touren f\u00fcr Rollstuhlfahrer: Barrierefrei durch den Schwarzwald<\/a> &gt;Wandern4 (25.8.2010)<\/li>\n<li><a href=\"https:\/\/www.freiburg-schwarzwald.de\/barrierefrei.htm#Freiburgs Behindertenbeauftragte Esther Grunemann: Kopfsteinpflaster\">Freiburgs Behindertenbeauftragte Esther Grunemann: Kopfsteinpflaster<\/a> &gt;Barrierefrei (10.9.09)<\/li>\n<li><a href=\"https:\/\/www.freiburg-schwarzwald.de\/freiburg4.htm#Tourismusanalyse 2008 der FWTM (Freiburg Wirtschaft Touristik Messe)\">Tourismusanalyse 2008 der FWTM (Freiburg Wirtschaft Touristik Messe)<\/a> &gt;Freiburg4 (29.8.09)<\/li>\n<li><a href=\"https:\/\/www.freiburg-schwarzwald.de\/littenweiler\/baeder1.htm#Unbehindert miteinander 2008: Eugen-Keidel-Bad ausgezeichnet\">Unbehindert miteinander 2008: Eugen-Keidel-Bad ausgezeichnet<\/a> &gt;Baeder1 (17.2.2009)<\/li>\n<li><\/li>\n<li><a href=\"https:\/\/www.freiburg-schwarzwald.de\/todtnauberg1.htm#Todtnauer Wasserf\u00e4lle bieten noch attraktiveres Naturschauspiel\">Todtnauer Wasserf\u00e4lle bieten noch attraktiveres Naturschauspiel<\/a> &gt;Todtnauberg1 (23.10.2008)<\/li>\n<li><a href=\"https:\/\/www.freiburg-schwarzwald.de\/littenweiler\/dattler.htm#Mit dem Schr\u00e4gaufzug auf den Schlossberg - barrierefrei\">Mit dem Schr\u00e4gaufzug auf den Schlossberg &#8211; barrierefrei<\/a> &gt;Dattler (28.8.2008)<\/li>\n<li><a href=\"https:\/\/www.freiburg-schwarzwald.de\/sehbehindert1.htm#VAG und Bahn montieren Schilder in Braille-Schrift am Bahnhof\">VAG und Bahn montieren Schilder in Braille-Schrift am Bahnhof<\/a> &gt;Sehbehindert1 (7.6.2008)<\/li>\n<li><a href=\"https:\/\/www.freiburg-schwarzwald.de\/behinderung3.htm#Barrierefreie Boote - rollstuhlgeeignet\">Barrierefreie Boote &#8211; rollstuhlgeeignet<\/a> &gt;Behinderung3 (8.5.2008)<\/li>\n<li><a href=\"https:\/\/www.freiburg-schwarzwald.de\/rollstuhl1.htm#Bahnh\u00f6fe im Raum Freiburg nicht barrierefrei erreichbar\">Bahnh\u00f6fe im Raum Freiburg nicht barrierefrei erreichbar<\/a> &gt;Rollstuhl1 (20.3.2008)<\/li>\n<li><a href=\"https:\/\/www.freiburg-schwarzwald.de\/freiamt1.htm#Barrierefreiheit als Chance f\u00fcr Ferienort - Demographischen Wandel\">Barrierefreiheit als Chance f\u00fcr Ferienort &#8211; Demographischen Wandel<\/a> &gt;Freiamt1 (13.3.2008)<\/li>\n<li><a href=\"https:\/\/www.freiburg-schwarzwald.de\/barrierefrei#Mehrgenerationenh\u00e4user - Wohnmodelle f\u00fcr \u00c4ltere\">Mehrgenerationenh\u00e4user &#8211; Wohnmodelle f\u00fcr \u00c4ltere<\/a> &gt;Barrierefrei (24.11.2007)<\/li>\n<li><a href=\"https:\/\/www.freiburg-schwarzwald.de\/baehnle-radweg.htm#Radrundweg ohne H\u00f6henmeter im Naturpark S\u00fcdschwarzwald\">Radrundweg ohne H\u00f6henmeter im Naturpark S\u00fcdschwarzwald<\/a> &gt;Baehnle-Radweg (13.11.2007)<\/li>\n<li><a href=\"https:\/\/www.freiburg-schwarzwald.de\/barrierefrei#Freiburg-Stadtf\u00fchrer mit barrierefreien Angeboten von DeWo\">Freiburg-Stadtf\u00fchrer mit barrierefreien Angeboten von DeWo<\/a> &gt;Barrierefrei (6.11.2007)<\/li>\n<li><a href=\"https:\/\/www.freiburg-schwarzwald.de\/rollstuhl1.htm#Barrierefreier Naturpark S\u00fcdschwarzwald f\u00fcr alle - Symposion\">Barrierefreier Naturpark S\u00fcdschwarzwald f\u00fcr alle &#8211; Symposion<\/a> &gt;Rollstuhl1 (19.9.2007)<\/li>\n<li><a href=\"https:\/\/www.freiburg-schwarzwald.de\/senioren4.htm#Wohnideen f\u00fcr Alte: Vom Mehrgenerationenhaus bis Senioren-WG\">Wohnideen f\u00fcr Alte: Vom Mehrgenerationenhaus bis zur Senioren-WG<\/a> &gt;Senioren4 (28.4.2007)<\/li>\n<li><a href=\"https:\/\/www.freiburg-schwarzwald.de\/kaiserstuhl4.htm#Barrierefrei im Kaiserstuhl: Handicap-F\u00fchrer von Christoph Sacherer\">Barrierefrei im Kaiserstuhl: Handicap-F\u00fchrer von Christoph Sacherer<\/a> &gt;Kaiserstuhl4 (9.11.2006)<\/li>\n<li><a href=\"https:\/\/www.freiburg-schwarzwald.de\/internet1.htm#Land ohne Barrieren (LOB): Internet-Lotsen helfen \u00c4lteren und Behinderten\">Land ohne Barrieren (LOB): Internet-Lotsen helfen \u00c4lteren und Behinderten<\/a> &gt;Internet1 (19.10.06)<\/li>\n<li><a href=\"https:\/\/www.freiburg-schwarzwald.de\/naturpark.htm#Projekte im Wert von 1,8 Millionen Euro im Jahr 2006\">Projekte \u00fcber 1,8 Millionen Euro im Jahr 2006 &#8211; barrierefrei zum Feldberg<\/a> &gt;Naturpark (28.4.2006)<\/li>\n<li><a href=\"https:\/\/www.freiburg-schwarzwald.de\/barrierefrei#Barrierefrei - Erst auf der Stufe des Mittelalters\">Barrierefrei &#8211; Erst auf der Stufe des Mittelalters<\/a> (8.10.2004)<\/li>\n<li><a href=\"https:\/\/www.freiburg-schwarzwald.de\/barrierefrei#Barrierefreier Tourismus - Tourist-Info Titisee und Diakonie Freiburg\">Barrierefreier Tourismus &#8211; Tourist-Info Titisee und Diakonie Freiburg<\/a> (6.10.2004)<\/li>\n<li><a href=\"https:\/\/www.freiburg-schwarzwald.de\/behinderung1.htm#Aktion unbehindert miteinander 2003\">Aktion &#8222;unbehindert miteinander&#8220; 2003<\/a> &gt;Behinderung1 (18.11.2003)<\/li>\n<li><a href=\"https:\/\/www.freiburg-schwarzwald.de\/barrierefrei#Links\">Links<\/a><\/li>\n<li><a href=\"https:\/\/www.hilfe-hd.de\/internetfrei.htm\" target=\"_blank\" rel=\"noopener\">Barrierefreier Internetzugang<\/a> &gt;www.hilfe-hd.de\/internetfrei.htm<\/li>\n<li><a title=\"Lebensraum-fuer-Alle\" href=\"https:\/\/www.freiburg-schwarzwald.de\/blog\/business\/dienste\/immobilien\/wohnen\/lebensraum-fuer-alle\/\">Freiburg-fuer-Alle<\/a><\/li>\n<li><a title=\"Lebensraum-fuer-Alle\" href=\"https:\/\/www.freiburg-schwarzwald.de\/blog\/business\/dienste\/immobilien\/wohnen\/lebensraum-fuer-alle\/\">Lebensraum-fuer-Alle<\/a><\/li>\n<li><a href=\"https:\/\/www.freiburg-schwarzwald.de\/rollstuhl.htm#mahp-barrierefrei - Planungsb\u00fcro in Haslach\/Kinzigtal\">mahp-barrierefrei &#8211; Planungsb\u00fcro in Haslach\/Kinzigtal<\/a> &gt;Rollstuhl<\/li>\n<li><a href=\"https:\/\/www.freiburg-schwarzwald.de\/rollstuhl.htm\">Mit dem Rollstuhl im Schwarzwald<\/a> &gt;Rollstuhl<\/li>\n<li><a href=\"https:\/\/www.freiburg-schwarzwald.de\/freiburg-wc.htm\">F\u00fcr Rollis zug\u00e4ngliche Toiletten im Raum Freiburg<\/a> &gt;Toiletten-FR<\/li>\n<li><a title=\"Wohnen\" href=\"https:\/\/www.freiburg-schwarzwald.de\/blog\/business\/dienste\/immobilien\/wohnen\/\">Wohnen<\/a><\/li>\n<li><a title=\"Sehbehindert\" href=\"https:\/\/www.freiburg-schwarzwald.de\/blog\/selbsthilfe\/behinderung\/sehbehindert\/\">Sehbehinderte, Blinde<\/a> &gt;Sehbehindert<\/li>\n<li><a href=\"https:\/\/www.freiburg-schwarzwald.de\/blog\/business\/dienste\/pflege\/stambulant\/\">Stammbulant<\/a><\/li>\n<li><a title=\"Toilette\" href=\"https:\/\/www.freiburg-schwarzwald.de\/blog\/business\/dienste\/toilette\/\">Toiletten<\/a><\/li>\n<\/ul>\n<p>&nbsp;<\/p>\n<p>Am Freiburger <a title=\"Muenster\" href=\"https:\/\/www.freiburg-schwarzwald.de\/blog\/religion\/kirchen\/muenster\/\">M\u00fcnsterplatz<\/a> wurde ein neuer Zugang zum M\u00fcnster barrierefrei gepflastert.<\/p>\n<div id=\"attachment_12528\" style=\"width: 190px\" class=\"wp-caption alignnone\"><a href=\"https:\/\/www.freiburg-schwarzwald.de\/blog\/selbsthilfe\/behinderung\/barrierefrei\/strassenpflaster-barrierefrei121004\/\" rel=\"attachment wp-att-12528\"><img loading=\"lazy\" decoding=\"async\" aria-describedby=\"caption-attachment-12528\" class=\"size-thumbnail wp-image-12528\" title=\"strassenpflaster-barrierefrei121004\" src=\"https:\/\/www.freiburg-schwarzwald.de\/blog\/wp-content\/uploads\/2012\/09\/strassenpflaster-barrierefrei121004-180x135.jpg\" alt=\"\" width=\"180\" height=\"135\" srcset=\"https:\/\/www.freiburg-schwarzwald.de\/blog\/wp-content\/uploads\/2012\/09\/strassenpflaster-barrierefrei121004-180x135.jpg 180w, https:\/\/www.freiburg-schwarzwald.de\/blog\/wp-content\/uploads\/2012\/09\/strassenpflaster-barrierefrei121004.jpg 640w\" sizes=\"auto, (max-width: 180px) 100vw, 180px\" \/><\/a><p id=\"caption-attachment-12528\" class=\"wp-caption-text\">Rollstuhlgeeignetes Pflaster am Freiburger M\u00fcnster 4.10.2012<\/p><\/div>\n<p>&nbsp;<\/p>\n<p><strong>Barrierefreie Wohnungen f\u00fcr alle<\/strong><br \/>\nDie Forderung von Gernot Wolfgang vom Verein &#8222;Lebensraum f\u00fcr alle&#8220; klingt einfach: &#8222;Barrierefrei f\u00fcr alle&#8220;. So hei\u00dft auch sein neues Online-Portal. Bisher gebe es aber kaum barrierefreie Wohnungen, sagt er.<br \/>\n&#8230; Alles vom 22.8.2023 bitte lesen auf<br \/>\n<a href=\"https:\/\/www.badische-zeitung.de\/barrierefreie-wohnungen-fuer-alle--280889934.html\">https:\/\/www.badische-zeitung.de\/barrierefreie-wohnungen-fuer-alle&#8211;280889934.html<\/a><br \/>\n<a href=\"https:\/\/www.barrierefrei-fuer-alle.org\/\">https:\/\/www.barrierefrei-fuer-alle.org\/<\/a><\/p>\n<p>&nbsp;<\/p>\n<p><strong>Barrierefreier Wohnraum f\u00fcr 12000 Menschen fehlt in Freiburg<br \/>\n<\/strong>In Freiburg leben 1.786 Personen mit einem Schwerbehindertenausweis aG (au\u00dfergew\u00f6hnliche Gehbehinderung), sowie 213 Personen Bl (Blinde). Weitere 9.200 FreiburgerIr haben eine erhebliche Gehbehinderung (G) und sind somit ebenso auf barrierefreien Wohnraum angewiesen. Von den 1.932 Menschen, die in 21 Freiburger Pflegeheimen und weiteren 1.788 Personen, die in betreuten Wohnanlagen leben, haben\u00a0viele eine Gehbehinderung und ben\u00f6tigen ebenfalls eine barrierefreie Wohnumgebung.<br \/>\nSomit ergibt sich heute schon ein Bedarf f\u00fcr rund 12.000 Personen, f\u00fcr die schon vor langer Zeit barrierefrei h\u00e4tte gebaut\/umgebaut werden m\u00fcssen.<br \/>\nGenerell sollte Wohnungsbauplanung &#8211; unter dem Aspekt der Nachhaltigkeit &#8211; nicht nur die \u00d6kologie und \u00d6konomie, sondern auch das Soziale und damit auch die barrierearme Bauweise in den Vordergrund stellen. Barrierefreies\u00a0 Bauen und Wohnen ist demnach im Endeffekt sogar billiger, da nicht nur die geringf\u00fcgig h\u00f6heren Baukosten, sondern alle Folgekosten volkswirtschaftlich betrachtet werden m\u00fcssen. Auch hierzu liefert die Pestel-Studie Zahlen: \u201eDie Pflegebed\u00fcrftigkeit betrifft rund 11 % der Menschen aus der Altersgruppe 65plus. Davon wieder ein Drittel bedarf der vollstation\u00e4ren Pflege in Heimen. Der finanzielle Aufwand f\u00fcr die Pflege insgesamt lag im Jahr 2011 bei rund 48 Mrd. Euro.\u201c Daher lohnt es sich immer pr\u00e4ventiv barrierefrei zu bauen!<br \/>\n4.11.2013, <a title=\"Lebensraum-fuer-Alle\" href=\"https:\/\/www.freiburg-schwarzwald.de\/blog\/business\/dienste\/immobilien\/wohnen\/lebensraum-fuer-alle\/\">Lebensraum f\u00fcr Alle<\/a><\/p>\n","protected":false},"excerpt":{"rendered":"<p>Home &gt;Selbsthilfe &gt;Behinderung &gt;Rollstuhl &gt;Barrierefrei Listenauswahl eines Beitrags (Artikel\/Datum, Seite\/Inhalt):\u00a0Klicken\u00a0oder scrollen Wann kommt das Stambulant-Heim nach Biederbach?\u00a0(11.9.2025) Barrierefreie Wohnungen f\u00fcr alle (22.8.2023) S-Bahn mit dem Rollstuhl \u2013 nein (23.2.2020) https:\/\/www.freiburg-schwarzwald.de\/blog\/wohnen-und-mobilitaet-freiburg\/\u00a0(3.12.2013) Barrierefreier Wohnraum f\u00fcr 12000 Menschen fehlt in Freiburg (4.11.2013) https:\/\/www.freiburg-schwarzwald.de\/blog\/lifter-im-strandbad-fehlt\/\u00a0(23.8.2013) &hellip; <a href=\"https:\/\/www.freiburg-schwarzwald.de\/blog\/selbsthilfe\/behinderung\/barrierefrei\/\">Weiterlesen <span class=\"meta-nav\">&rarr;<\/span><\/a><\/p>\n","protected":false},"author":4,"featured_media":0,"parent":114,"menu_order":0,"comment_status":"open","ping_status":"closed","template":"","meta":{"footnotes":""},"class_list":["post-10535","page","type-page","status-publish","hentry"],"_links":{"self":[{"href":"https:\/\/www.freiburg-schwarzwald.de\/blog\/wp-json\/wp\/v2\/pages\/10535","targetHints":{"allow":["GET"]}}],"collection":[{"href":"https:\/\/www.freiburg-schwarzwald.de\/blog\/wp-json\/wp\/v2\/pages"}],"about":[{"href":"https:\/\/www.freiburg-schwarzwald.de\/blog\/wp-json\/wp\/v2\/types\/page"}],"author":[{"embeddable":true,"href":"https:\/\/www.freiburg-schwarzwald.de\/blog\/wp-json\/wp\/v2\/users\/4"}],"replies":[{"embeddable":true,"href":"https:\/\/www.freiburg-schwarzwald.de\/blog\/wp-json\/wp\/v2\/comments?post=10535"}],"version-history":[{"count":2,"href":"https:\/\/www.freiburg-schwarzwald.de\/blog\/wp-json\/wp\/v2\/pages\/10535\/revisions"}],"predecessor-version":[{"id":138955,"href":"https:\/\/www.freiburg-schwarzwald.de\/blog\/wp-json\/wp\/v2\/pages\/10535\/revisions\/138955"}],"up":[{"embeddable":true,"href":"https:\/\/www.freiburg-schwarzwald.de\/blog\/wp-json\/wp\/v2\/pages\/114"}],"wp:attachment":[{"href":"https:\/\/www.freiburg-schwarzwald.de\/blog\/wp-json\/wp\/v2\/media?parent=10535"}],"curies":[{"name":"wp","href":"https:\/\/api.w.org\/{rel}","templated":true}]}}