{"id":10515,"date":"2012-09-07T12:07:35","date_gmt":"2012-09-07T10:07:35","guid":{"rendered":"https:\/\/www.freiburg-schwarzwald.de\/blog\/?page_id=10515"},"modified":"2012-09-07T12:17:12","modified_gmt":"2012-09-07T10:17:12","slug":"toilette","status":"publish","type":"page","link":"https:\/\/www.freiburg-schwarzwald.de\/blog\/regio\/freiburg\/toilette\/","title":{"rendered":"Toilette"},"content":{"rendered":"<p>Home &gt;<a title=\"Regio\" href=\"https:\/\/www.freiburg-schwarzwald.de\/blog\/regio\/\">Regio<\/a> &gt;Orte &gt;<a title=\"Freiburg\" href=\"https:\/\/www.freiburg-schwarzwald.de\/blog\/regio\/freiburg\/\">Freiburg<\/a> &gt;Toilette<\/p>\n<div id=\"attachment_3603\" style=\"width: 610px\" class=\"wp-caption alignnone\"><a href=\"https:\/\/www.freiburg-schwarzwald.de\/blog\/engagement\/buergerinitiativen\/freiburgimwandel\/bugginger-freiburg-pan101113\/\" rel=\"attachment wp-att-3603\"><img loading=\"lazy\" decoding=\"async\" aria-describedby=\"caption-attachment-3603\" class=\"size-full wp-image-3603\" title=\"bugginger-freiburg-pan101113\" src=\"https:\/\/www.freiburg-schwarzwald.de\/blog\/wp-content\/uploads\/2012\/05\/bugginger-freiburg-pan101113.jpg\" alt=\"\" width=\"600\" height=\"235\" srcset=\"https:\/\/www.freiburg-schwarzwald.de\/blog\/wp-content\/uploads\/2012\/05\/bugginger-freiburg-pan101113.jpg 600w, https:\/\/www.freiburg-schwarzwald.de\/blog\/wp-content\/uploads\/2012\/05\/bugginger-freiburg-pan101113-180x70.jpg 180w\" sizes=\"auto, (max-width: 600px) 100vw, 600px\" \/><\/a><p id=\"caption-attachment-3603\" class=\"wp-caption-text\">Buggi 50 am 13.11.2010 in Weingarten: Tele-Blick nach Osten \u00fcber Freiburg zu Ro\u00dfkopf-Windr\u00e4dern und Kandel (links)<\/p><\/div>\n<p>&nbsp;<\/p>\n<ul>\n<li><a href=\"https:\/\/www.freiburg-schwarzwald.de\/blog\/toiletten-in-freiburg-anzahl-reinigung-vandalismus\/\">https:\/\/www.freiburg-schwarzwald.de\/blog\/toiletten-in-freiburg-anzahl-reinigung-vandalismus\/<\/a>\u00a0(7.9.2012)<\/li>\n<li><a href=\"https:\/\/www.freiburg-schwarzwald.de\/freiburg-wc.htm#Nette Toilette: Rote Schilder weisen den Weg in neun Restaurants\">Nette Toilette: Rote Schilder weisen den Weg in neun Restaurants<\/a> &gt;WC-Freiburg (28.6.2011)<\/li>\n<li><a href=\"https:\/\/www.freiburg-schwarzwald.de\/freiburg-wc.htm#Nette Toilette in FR: FWTM daf\u00fcr, Dehoga dagegen\">Nette Toilette in FR: FWTM daf\u00fcr, Dehoga dagegen<\/a> (6.2.2009)<\/li>\n<li><a href=\"https:\/\/www.freiburg-schwarzwald.de\/freiburg-wc.htm#City-Toilette von Wall - HighTec f\u00fcr 270000 Euro\">City-Toilette von Wall &#8211; HighTec f\u00fcr 270000 Euro<\/a> (7.11.2008)<\/li>\n<li><a href=\"https:\/\/www.freiburg-schwarzwald.de\/freiburg-wc.htm#Toilettensuche mit Hindernissen in Freiburg\">Toilettensuche mit Hindernissen in Freiburg<\/a> (26.8.2008)<\/li>\n<li><a href=\"https:\/\/www.freiburg-schwarzwald.de\/freiburg-wc.htm#Welttoilettentag 19.11.2007\">Welttoilettentag 19.11.2007<\/a> (19.11.2007)<\/li>\n<li><a href=\"https:\/\/www.freiburg-schwarzwald.de\/schopfheim.htm#Rollstuhlfahrer: Altstadtpflaster, zugeparkte Gehwege, kaum Toiletten\">Rollstuhlfahrer: Altstadtpflaster, zugeparkte Gehwege, kaum Toiletten<\/a> &gt;Schopfheim (8.9.2007)<br \/>\n\u00a0<\/li>\n<li>Toiletten in der Freiburger Innenstadt<\/li>\n<li><a href=\"https:\/\/www.freiburg-schwarzwald.de\/freiburg-wc.htm#Nette Toilette in FR: FWTM daf\u00fcr, Dehoga dagegen\">Nette Toilette in Freiburg<\/a><\/li>\n<li><a href=\"https:\/\/www.freiburg-schwarzwald.de\/freiburg-wc.htm#WC-Listing Freiburg\">WC-Listing Freiburg<\/a><\/li>\n<li><a href=\"https:\/\/www.freiburg-schwarzwald.de\/freiburg-wc.htm#Toiletten-Links\">Toiletten-Links\u00a0 &#8211;\u00a0 WC-Links<\/a><\/li>\n<li><a href=\"https:\/\/www.freiburg-schwarzwald.de\/freiburg-wc.htm#Euroschl\u00fcssel und Toilettenf\u00fchrer DER LOCUS \u00fcber CBF Darmstadt\">Euroschl\u00fcssel und Toilettenf\u00fchrer DER LOCUS \u00fcber CBF Darmstadt<\/a><\/li>\n<\/ul>\n<p>&nbsp;<\/p>\n<p>&nbsp;<\/p>\n<p><strong>Toiletten in der Freiburger Innenstadt<\/strong><\/p>\n<div id=\"attachment_10517\" style=\"width: 190px\" class=\"wp-caption alignnone\"><a href=\"https:\/\/www.freiburg-schwarzwald.de\/blog\/regio\/freiburg\/toilette\/toiletten-fr\/\" rel=\"attachment wp-att-10517\"><img loading=\"lazy\" decoding=\"async\" aria-describedby=\"caption-attachment-10517\" class=\"size-thumbnail wp-image-10517\" title=\"toiletten-fr\" src=\"https:\/\/www.freiburg-schwarzwald.de\/blog\/wp-content\/uploads\/2012\/09\/toiletten-fr-180x115.jpg\" alt=\"\" width=\"180\" height=\"115\" srcset=\"https:\/\/www.freiburg-schwarzwald.de\/blog\/wp-content\/uploads\/2012\/09\/toiletten-fr-180x115.jpg 180w, https:\/\/www.freiburg-schwarzwald.de\/blog\/wp-content\/uploads\/2012\/09\/toiletten-fr.jpg 639w\" sizes=\"auto, (max-width: 180px) 100vw, 180px\" \/><\/a><p id=\"caption-attachment-10517\" class=\"wp-caption-text\">Toiletten in Freiburg Innenstadt - Quelle Stadt Freiburg<\/p><\/div>\n<div class=\"mceTemp\">\u00a0<\/div>\n<div class=\"mceTemp\"><strong><span style=\"font-family: Arial; font-size: x-small;\"><a name=\"WC-Listing Freiburg\"><\/a>WC-Listing Freiburg <\/span><\/strong><span style=\"font-family: Arial,Helvetica,Geneva,Swiss,SunSans-Regular; font-size: x-small;\"><br \/>\n<\/span><span style=\"font-family: Arial; font-size: x-small;\"><strong>Alter Me\u00dfplatz Nordwestseite, Schwarzwaldstrasse<br \/>\n<\/strong>Behindertentoilette Euroschl\u00fcssel<\/span><span style=\"font-family: Arial; font-size: x-small;\"><strong>Amt f\u00fcr \u00f6ffentliche Ordnung, Basler Strasse\/Johanniskirche<\/strong><br \/>\nBehindertentoilette, Schl\u00fcssel bei der Information<\/span><span style=\"font-family: Arial; font-size: x-small;\"><strong>Augustinerplatz, An der alten Stadtmauer<\/strong><br \/>\nBehindertentoilette Euroschl\u00fcssel, 8-22 Uhr<\/span><span style=\"font-family: Arial; font-size: x-small;\"><strong>Bauhaus, Baumarkt, Basler Strasse<\/strong><br \/>\nBehindertentoilette<\/span><\/p>\n<p><span style=\"font-family: Arial; font-size: x-small;\"><strong>Berg\u00e4cker Friedhof, Kunzenweg, Littenweiler<\/strong><br \/>\nBehindertentoilette Euroschl\u00fcssel<\/span><\/p>\n<p><span style=\"font-family: Arial; font-size: x-small;\"><strong>Braun M\u00f6bel Center, Hermann-Mitsch-Strasse<\/strong><br \/>\nBehindertentoilette<\/span><\/p>\n<p><span style=\"font-family: Arial; font-size: x-small;\"><strong>B\u00fcrgerhaus FR-Tiengen, Maierb\u00fchl<\/strong><br \/>\nBehindertentoilette (w\u00e4hrend Veranstaltungen)<\/span><\/p>\n<p><span style=\"font-family: Arial; font-size: x-small;\"><strong>B\u00fcrgerhaus FR-Z\u00e4hringen, Lameystrasse<\/strong><br \/>\nBehindertentoilette (w\u00e4hrend Veranstaltungen)<\/span><\/p>\n<p><span style=\"font-family: Arial; font-size: x-small;\"><strong>Busbahnhof, Bismarckallee<\/strong><br \/>\nBehindertentoilette Euroschl\u00fcssel<\/span><\/p>\n<p><span style=\"font-family: Arial,Helvetica,Geneva,Swiss,SunSans-Regular; font-size: x-small;\"><strong>Cinemaxx Kino, Bertoldstr. 50<\/strong><br \/>\nBehindertentoilette ohne Euro-Schl\u00fcssel f\u00fcr jeden zug\u00e4nglich<br \/>\n<a href=\"https:\/\/www.cinemaxx.de\/\">www.cinemaxx.de<\/a> <\/span><\/p>\n<p><span style=\"font-family: Arial,Helvetica,Geneva,Swiss,SunSans-Regular; font-size: x-small;\"><strong><a name=\"Colombipark\"><\/a>Colombipark, Ecke Eisenbahnstrasse<\/strong><br \/>\nWall City-Toilette mit Euro-Schl\u00fcssel 50 Cent<\/span><\/p>\n<p><span style=\"font-family: Arial,Helvetica,Geneva,Swiss,SunSans-Regular; font-size: x-small;\"><strong>C &amp; A, Kaufhaus, Rotteckring<\/strong><br \/>\nBehindertentoilette im 2.OG<\/span><\/p>\n<p><span style=\"font-family: Arial,Helvetica,Geneva,Swiss,SunSans-Regular; color: #000000; font-size: x-small;\"><strong>Dattler, Restaurant am Schlo\u00dfberg<\/strong><br \/>\nEine Toilette f\u00fcr Rollis eingerichtet (aber keine offizielle Behindertentoilette)<br \/>\n<a href=\"https:\/\/www.freiburg-schwarzwald.de\/littenweiler\/cafe.htm#Dattler\">mehr<\/a> &gt;Cafe<\/span><\/p>\n<p><span style=\"font-family: Arial,Helvetica,Geneva,Swiss,SunSans-Regular; font-size: x-small;\"><strong>Dietenbachgel\u00e4nde in FR-Weingarten<\/strong><br \/>\nBehindertentoilette mit Euroschl\u00fcssel<\/span><\/p>\n<p><span style=\"font-family: Arial,Helvetica,Geneva,Swiss,SunSans-Regular; font-size: x-small;\"><strong>Dreisamufer-Cafe in FR &#8211; zwischen Kajo-Br\u00fccke und Mariensteg<\/strong><br \/>\nBehindertengerechte Toilette<br \/>\n<\/span><span style=\"font-family: Arial; font-size: x-small;\"><a href=\"https:\/\/www.freiburg-schwarzwald.de\/littenweiler\/cafe.htm#Dreisamufercafe\">mehr<\/a> &gt;Cafe<\/span><\/p>\n<p><span style=\"font-family: Arial,Helvetica,Geneva,Swiss,SunSans-Regular; font-size: x-small;\"><strong>Einkaufszentrum Krozinger Strasse<\/strong><br \/>\nBehindertentoilette Euroschl\u00fcssel, 8-20 Uhr<\/span><\/p>\n<p><span style=\"font-family: Arial,Helvetica,Geneva,Swiss,SunSans-Regular; font-size: x-small;\"><strong>Eugen-Keidel-Bad, An den Heilquellen, Mooswald<\/strong><br \/>\nBehindertentoilette<\/span><\/p>\n<p><span style=\"font-family: Arial; font-size: x-small;\"><strong>Faller, Caf\u00e9 in Stegen-Attental<\/strong><br \/>\nEbene, behindertengerechte Toilette<br \/>\n<a href=\"https:\/\/www.freiburg-schwarzwald.de\/littenweiler\/cafe.htm#Wald-Caf\u00e9 Faller\">mehr<\/a> &gt;Cafe<\/span><\/p>\n<p><span style=\"font-family: Arial; font-size: x-small;\"><strong>Harmonie, Kino Gr\u00fcnw\u00e4lderstrasse 16-18<\/strong><br \/>\nBehindertentoilette<\/span><\/p>\n<p><span style=\"font-family: Arial; font-size: x-small;\"><strong>Hauptbahnhof FR, Bismarkallee<\/strong><br \/>\nBehindertentoilette im UG, geb\u00fchrenpflichtig<\/span><\/p>\n<p><span style=\"font-family: Arial; font-size: x-small;\"><strong>Hauptfriedhof FR, Friedhofstrasse<\/strong><br \/>\nBehindertentoilette Euroschl\u00fcssel<\/span><\/p>\n<p><span style=\"font-family: Arial; font-size: x-small;\"><strong>Heitzmann\u00a0B\u00e4ckerei, Rieselfeldallee 10, 79111 Freiburg<\/strong><br \/>\n<\/span><span style=\"font-family: Arial; font-size: x-small;\">direkt neben LIDL,<\/span><\/p>\n<p><span style=\"font-family: Arial; font-size: x-small;\"><strong>Herder Buchhandlung, Kaiser-Joseph-Strasse<\/strong><br \/>\nBehindertentoilette<\/span><\/p>\n<p><span style=\"font-family: Arial; font-size: x-small;\"><strong>Hofgut Himmelreich, Gasthaus\/Hotel in Buchenbach<\/strong><br \/>\nMehrere Behindertentoiletten<br \/>\n<a href=\"https:\/\/www.freiburg-schwarzwald.de\/littenweiler\/himmelreich.htm\">mehr<\/a> &gt;Himmelreich<\/span><\/p>\n<p><span style=\"font-family: Arial; font-size: x-small;\"><strong>Jazzhaus, Schnewlinstrasse 1<\/strong><br \/>\nBehindertentoilette<\/span><\/p>\n<p><strong><span style=\"font-family: Arial; font-size: x-small;\">Josfritzcaf\u00e9 , <\/span><span style=\"font-family: Arial; font-size: x-small;\">Wilhelmstrasse 15\/1, 79098 Freiburg<\/span><\/strong><span style=\"font-family: Arial; font-size: x-small;\"><br \/>\nToilette ist neben dem Cafe, 10 m vom Cafe entfernt, da gibt es auch einen Schl\u00fcssel<\/span><\/p>\n<p><span style=\"font-family: Arial,Helvetica,Geneva,Swiss,SunSans-Regular; font-size: x-small;\"><strong>Kaiserbr\u00fccke, Kaiser-Joseph-Strasse, Ecke Schreiberstrasse<\/strong><br \/>\nBehindertentoilette Euroschl\u00fcssel<\/span><\/p>\n<p><span style=\"font-family: Arial; font-size: x-small;\"><strong>Karlsplatz &#8211; Auf der Zinnen, gegen\u00fcber ADAC<\/strong><br \/>\nBehindertentoilette mit Euroschl\u00fcssel<\/span><\/p>\n<p><span style=\"font-family: Arial; font-size: x-small;\"><strong>Karstadt &#8211; Le Buffet, Dachterrassen-Restaurant, <\/strong>Kaiser-Joseph-Stra\u00dfe 165<br \/>\nBehindertentoilette<br \/>\n<a href=\"mailto:gastronomie-freibugr@karstadt.de\">gastronomie-freibugr@karstadt.de<\/a> <\/span><\/p>\n<p><strong><span style=\"font-family: Arial; font-size: x-small;\">K.I.O.S.K. auf dem Rieselfeld e.V., Maria-von-Rudloff-Platz 2, 79111 Freiburg<\/span><\/strong><\/p>\n<p><span style=\"font-family: Arial; font-size: x-small;\"><strong>Konzerthaus Freiburg, Konrad-Adenauer-Platz<\/strong><br \/>\nBehindertentoilette bei der Kasse der Garagen<\/span><\/p>\n<p><span style=\"font-family: Arial; font-size: x-small;\"><strong>Kurbel &#8211; Kino um Stadttheater &#8211; Kurbelpassage<\/strong><br \/>\nBehindertentoilette<\/span><\/p>\n<p><span style=\"font-family: Arial; font-size: x-small;\"><strong><a name=\"Nette Toilette in Freiburg\"><\/a>Nette Toilette in Freiburg<\/strong><br \/>\nCaf\u00e9 Burse, Ganter Brauereiausschank, Goldener Engel,<br \/>\nGreiffenegg-Schl\u00f6ssle, Gro\u00dfer Meyerhof, Koelner Botschaft,<br \/>\nSchlappen, Schlossbergrestaurant Dattler, Schwarzw\u00e4lder Hof <!-- RSPEAK_STOP -->\u00a0<\/span><\/p>\n<p><span style=\"font-family: Arial; font-size: x-small;\"><strong>Neue Messe Freiburg<\/strong><br \/>\nBehindertentoilette im Vorraum der Messehalle<\/span><\/p>\n<p><span style=\"font-family: Arial; font-size: x-small;\"><strong>Neuer Messplatz<\/strong><br \/>\nBehindertentoilette Ostseite Euroschl\u00fcssel<br \/>\nBehindertentoilette Westseite Euroschl\u00fcssel<\/span><\/p>\n<p><span style=\"font-family: Arial; font-size: x-small;\"><strong>Physiotherapie- und Laufzentrum Freiburg<\/strong><br \/>\nRollitoilette <\/span><\/p>\n<p><span style=\"font-family: Arial,Helvetica,Geneva,Swiss,SunSans-Regular; font-size: x-small;\"><strong><a name=\"Platz der alten Synagoge\"><\/a>Platz der alten Synagoge, Ecke Bertoldstrastrasse<\/strong><br \/>\nWall City-Toilette mit Euro-Schl\u00fcssel 50 Cent<br \/>\n<\/span><span style=\"font-family: Arial; font-size: x-small;\"><a href=\"https:\/\/www.freiburg-schwarzwald.de\/freiburg-wc.htm#City-Toilette von Wall - HighTec f\u00fcr 270000 Euro\">City-Toilette von Wall &#8211; HighTec f\u00fcr 270000 Euro<\/a> (7.11.2008)<\/span><\/p>\n<p><span style=\"font-family: Arial; font-size: x-small;\"><strong>Rathaus Freiburg, Rathausplatz<\/strong><br \/>\nBehindertentoilette am Eingang, Schl\u00fcssel beim Empfang<br \/>\n<a href=\"https:\/\/www.freiburg-schwarzwald.de\/littenweiler\/stadtfreiburg.htm\">mehr<\/a> &gt;StadtFreiburg<\/span><\/p>\n<p><span style=\"font-family: Arial; font-size: x-small;\"><strong>Real Markt, St.Georgener Strasse<\/strong><br \/>\nBehindertentoilette<\/span><\/p>\n<p><span style=\"font-family: Arial; font-size: x-small;\"><strong>Rieselfeld Caf\u00e9 Pauli, Adelheid-Steinmann-Str. 2a<\/strong><br \/>\nBehindertentoilette<\/span><\/p>\n<p><span style=\"font-family: Arial; font-size: x-small;\"><strong>Rombach-Center, B\u00fccher, Bertoldstrasse<\/strong><br \/>\nBehindertentoilette<\/span><\/p>\n<p><strong>Obi Baumarkt, Basler Landstrasse<\/strong><br \/>\nBehindertentoilette am Eingang<\/p>\n<p><span style=\"font-family: Arial; font-size: x-small;\"><strong>Schwarzwaldcity, Schiffstrasse<\/strong><br \/>\nBehindertentoilette UG<br \/>\nBehindertentoilette OG bei der Salatstube<\/span><\/p>\n<p><span style=\"font-family: Arial; font-size: x-small;\"><strong>SC Freiburg, Stadion Schwarzwaldstrasse Littenweiler<\/strong><br \/>\nBehindetentoilette &#8211; bei Heimspielen<br \/>\n<a href=\"https:\/\/www.freiburg-schwarzwald.de\/littenweiler\/scfreiburg.htm\">mehr<\/a> &gt;ScFreiburg<\/span><\/p>\n<p><span style=\"font-family: Arial; font-size: x-small;\"><strong>Seepark Restaurant, Gerhard-Hauptmann-Str.<\/strong><br \/>\nBehindertentoilette<\/span><\/p>\n<p><span style=\"font-family: Arial; font-size: x-small;\"><strong>Schwimmb\u00e4der in Freib\u00e4der in FR haben Behindertentoiletten<\/strong><br \/>\n<a href=\"https:\/\/www.freiburg.de\/2\/107\/10706\/schwimmen.php\">www.freiburg.de\/2\/107\/10706\/schwimmen.php<\/a> <\/span><\/p>\n<p><span style=\"font-family: Arial; font-size: x-small;\"><strong>Stadtbibliothek am M\u00fcnsterplatz &#8211; Ostseite des Geb\u00e4udes aussen<\/strong><br \/>\nBehindertentoilette Euroschl\u00fcssel<\/span><\/p>\n<p><span style=\"font-family: Arial; font-size: x-small;\"><strong>Stadttheater, Gro\u00dfes Haus<\/strong><br \/>\nBehindertentoilette \u00fcber Theatercafe erreichbar<\/span><\/p>\n<p><span style=\"font-family: Arial; font-size: x-small;\"><strong>St. Ottilien, Gasthaus zwischen Schlo\u00dfberg und Dreisamtal<\/strong><br \/>\nNormale Toilette, aber f\u00fcr Behinderte zug\u00e4nglich<br \/>\n<a href=\"https:\/\/www.freiburg-schwarzwald.de\/littenweiler\/gasthaus.htm#Ottilien\">mehr<\/a> &gt;Gasthaus<\/span><\/p>\n<p><strong>St. Valentin, Restaurant in G\u00fcnterstal<\/strong><br \/>\nBehindertentoilette<br \/>\n<a href=\"https:\/\/www.freiburg-schwarzwald.de\/littenweiler\/gasthaus.htm#Valentin\">mehr<\/a> &gt;Gasthaus<\/p>\n<p><span style=\"font-family: Arial; font-size: x-small;\"><strong>Stadtgarten, neben Br\u00fcckenaufgang zum Karlsplatz, rechts<\/strong><br \/>\nBehindertentoilette mit Euroschl\u00fcssel<\/span><\/p>\n<p><span style=\"font-family: Arial; font-size: x-small;\"><strong>Strandbad Schwarzwaldstrasse, Littenweiler<\/strong><br \/>\nBehindertentoilette im Restaurant Dreisamblick<\/span><\/p>\n<p><span style=\"font-family: Arial; font-size: x-small;\"><strong>Technisches Rathaus, Fehrenbachallee<\/strong><br \/>\nBehindertentoilette im Flachbau<\/span><\/p>\n<p><span style=\"font-family: Arial; font-size: x-small;\"><strong>Theatercafe, Bertoldstrasse<\/strong><br \/>\nBehindertentoilette<\/span><\/p>\n<p><span style=\"font-family: Arial; font-size: x-small;\"><strong>Universit\u00e4ts-Bibliothek &#8211;<\/strong> <\/span><span style=\"font-family: Arial; color: #000000; font-size: x-small;\">Werthmannplatz 2, 79098 Freiburg<\/span><span style=\"font-family: Arial; font-size: x-small;\"><br \/>\n&#8222;Im EG (neben dem Eingang zum Universit\u00e4ts-Archiv) und im Lesesaal I (<a href=\"https:\/\/www.ub.uni-freiburg.de\/plan\/4og.html\">4. OG<\/a>) befinden sich Behinderten-WC. Zur Benutzung des WC im EG ist ein Euro-Schl\u00fcssel erforderlich.&#8220;<br \/>\n<a href=\"https:\/\/www.ub.uni-freiburg.de\/behinderteninfo.html#wc\">https:\/\/www.ub.uni-freiburg.de\/behinderteninfo.html#wc<\/a><br \/>\n<a href=\"https:\/\/www.freiburg-schwarzwald.de\/littenweiler\/gasthaus.htm#Valentin\">mehr<\/a> &gt;Gasthaus<\/span><\/p>\n<p><span style=\"font-family: Arial; font-size: x-small;\"><strong>VAG Haltestelle Bissierstrasse<\/strong><br \/>\nBehindertentoilette Euroschl\u00fcssel<br \/>\n<a href=\"https:\/\/www.vag-freiburg.de\/\">www.vag-freiburg.de<\/a> (Haltestellen barrierefrei)<\/span><\/p>\n<p><span style=\"font-family: Arial; font-size: x-small;\"><strong>VAG Haltestelle La\u00dfbergstrasse, Littenweiler<\/strong><br \/>\nBehindertentoilette Euroschl\u00fcssel, beim Kiosk<\/span><\/p>\n<p><span style=\"font-family: Arial; font-size: x-small;\"><strong>VAG-Haltestelle Munzinger Strasse<\/strong><br \/>\nBehindertentoilette Euroschl\u00fcssel, beim Kiosk<\/span><\/p>\n<p><span style=\"font-family: Arial; font-size: x-small;\"><strong>VAG Haltestelle Paduaallee<\/strong><br \/>\nBehindertentoilette Euroschl\u00fcssel<\/span><\/p>\n<p><strong><span style=\"font-family: Arial; font-size: x-small;\">Vauban<br \/>\n<\/span><\/strong><span style=\"font-family: Arial; font-size: x-small;\">Restaurant\u00a0 &#8222;S\u00fcden&#8220;, Alfred-D\u00f6blin-Platz 1<br \/>\nSonnenschiff, Solarsiedlung an der Merzhauser Strasse<\/span><br \/>\n<span style=\"font-family: Arial; font-size: x-small;\"><strong><br \/>\nVerkehrsamt, Turmstrasse (hinter dem Amt)<\/strong><br \/>\nBehindertentoilette mit Euroschl\u00fcssel<\/span><\/p>\n<p><span style=\"font-family: Arial; font-size: x-small;\"><strong>Versorgungsamt, Sautierstrasse 28<\/strong><br \/>\nBehindertentoilette im EG<\/span><\/p>\n<p><span style=\"font-family: Arial,Helvetica,Geneva,Swiss,SunSans-Regular; color: #100202; font-size: x-small;\"><strong>Volkshochschule Freiburg e.V., <\/strong>Rotteckring 12<br \/>\nBehindertentoilette <\/span><\/p>\n<p><span style=\"font-family: Arial,Helvetica,Geneva,Swiss,SunSans-Regular; color: #100202; font-size: x-small;\"><strong>Vorderhaus Gastst\u00e4tte &#8211; FABRIK, Habsburgerstrasse 9<\/strong><br \/>\nBehindertentoilette<\/span><\/p>\n<p><span style=\"font-family: Arial,Helvetica,Geneva,Swiss,SunSans-Regular; color: #000000; font-size: x-small;\"><strong>Waldseerestaurant im Freiburger Osten<\/strong><br \/>\n<\/span><span style=\"font-family: Arial,Helvetica,Geneva,Swiss,SunSans-Regular; font-size: x-small;\">Keine <\/span><span style=\"font-family: Arial,Helvetica,Geneva,Swiss,SunSans-Regular; color: #000000; font-size: x-small;\">Behindertentoilette, aber mit Rollstuhl befahrbar<br \/>\n<a href=\"https:\/\/www.freiburg-schwarzwald.de\/littenweiler\/gasthaus.htm#WALDSEE Freiburg\">mehr<\/a> &gt;Gasthaus<\/span><\/p>\n<p><span style=\"font-family: Arial,Helvetica,Geneva,Swiss,SunSans-Regular; font-size: x-small;\"><strong>Wiehrebahnhof, Kommunales Kino und Caf\u00e9, Urachstrasse 40<\/strong><br \/>\nBehindertentoilette (bei Damentoilette)<\/span><\/p>\n<p>&nbsp;<\/p>\n<\/div>\n","protected":false},"excerpt":{"rendered":"<p>Home &gt;Regio &gt;Orte &gt;Freiburg &gt;Toilette &nbsp; https:\/\/www.freiburg-schwarzwald.de\/blog\/toiletten-in-freiburg-anzahl-reinigung-vandalismus\/\u00a0(7.9.2012) Nette Toilette: Rote Schilder weisen den Weg in neun Restaurants &gt;WC-Freiburg (28.6.2011) Nette Toilette in FR: FWTM daf\u00fcr, Dehoga dagegen (6.2.2009) City-Toilette von Wall &#8211; HighTec f\u00fcr 270000 Euro (7.11.2008) Toilettensuche mit Hindernissen &hellip; <a href=\"https:\/\/www.freiburg-schwarzwald.de\/blog\/regio\/freiburg\/toilette\/\">Weiterlesen <span class=\"meta-nav\">&rarr;<\/span><\/a><\/p>\n","protected":false},"author":4,"featured_media":0,"parent":389,"menu_order":0,"comment_status":"open","ping_status":"closed","template":"","meta":{"footnotes":""},"class_list":["post-10515","page","type-page","status-publish","hentry"],"_links":{"self":[{"href":"https:\/\/www.freiburg-schwarzwald.de\/blog\/wp-json\/wp\/v2\/pages\/10515","targetHints":{"allow":["GET"]}}],"collection":[{"href":"https:\/\/www.freiburg-schwarzwald.de\/blog\/wp-json\/wp\/v2\/pages"}],"about":[{"href":"https:\/\/www.freiburg-schwarzwald.de\/blog\/wp-json\/wp\/v2\/types\/page"}],"author":[{"embeddable":true,"href":"https:\/\/www.freiburg-schwarzwald.de\/blog\/wp-json\/wp\/v2\/users\/4"}],"replies":[{"embeddable":true,"href":"https:\/\/www.freiburg-schwarzwald.de\/blog\/wp-json\/wp\/v2\/comments?post=10515"}],"version-history":[{"count":0,"href":"https:\/\/www.freiburg-schwarzwald.de\/blog\/wp-json\/wp\/v2\/pages\/10515\/revisions"}],"up":[{"embeddable":true,"href":"https:\/\/www.freiburg-schwarzwald.de\/blog\/wp-json\/wp\/v2\/pages\/389"}],"wp:attachment":[{"href":"https:\/\/www.freiburg-schwarzwald.de\/blog\/wp-json\/wp\/v2\/media?parent=10515"}],"curies":[{"name":"wp","href":"https:\/\/api.w.org\/{rel}","templated":true}]}}