{"id":104942,"date":"2022-10-02T16:34:50","date_gmt":"2022-10-02T14:34:50","guid":{"rendered":"https:\/\/www.freiburg-schwarzwald.de\/blog\/?page_id=104942"},"modified":"2026-04-04T14:19:41","modified_gmt":"2026-04-04T12:19:41","slug":"bibel","status":"publish","type":"page","link":"https:\/\/www.freiburg-schwarzwald.de\/blog\/religion\/christen\/bibel\/","title":{"rendered":"Bibel"},"content":{"rendered":"<p>Home &gt;<a title=\"Religion\" href=\"https:\/\/www.freiburg-schwarzwald.de\/blog\/religion\/\">Religion<\/a>\u00a0&gt;<a title=\"Katholisch\" href=\"https:\/\/www.freiburg-schwarzwald.de\/blog\/religion\/katholisch\/\">Katholisch<\/a>\u00a0&gt;<a title=\"Christen\" href=\"https:\/\/www.freiburg-schwarzwald.de\/blog\/religion\/christen\/\">Christen<\/a> &gt;Bibel<\/p>\n<div id=\"attachment_104741\" style=\"width: 648px\" class=\"wp-caption alignnone\"><a href=\"https:\/\/www.freiburg-schwarzwald.de\/blog\/wp-content\/uploads\/2022\/09\/reifes-obst-und-bluete-pan220923.jpg\"><img loading=\"lazy\" decoding=\"async\" aria-describedby=\"caption-attachment-104741\" class=\"size-full wp-image-104741\" src=\"https:\/\/www.freiburg-schwarzwald.de\/blog\/wp-content\/uploads\/2022\/09\/reifes-obst-und-bluete-pan220923.jpg\" alt=\"\" width=\"638\" height=\"372\" srcset=\"https:\/\/www.freiburg-schwarzwald.de\/blog\/wp-content\/uploads\/2022\/09\/reifes-obst-und-bluete-pan220923.jpg 638w, https:\/\/www.freiburg-schwarzwald.de\/blog\/wp-content\/uploads\/2022\/09\/reifes-obst-und-bluete-pan220923-180x105.jpg 180w\" sizes=\"auto, (max-width: 638px) 100vw, 638px\" \/><\/a><p id=\"caption-attachment-104741\" class=\"wp-caption-text\">Reife \u00c4pfel und Bl\u00fcten zur gleichen zur gleichen Zeit am 23.9.2022<\/p><\/div>\n<p>&nbsp;<\/p>\n<ul>\n<li><em>Listenauswahl eines Beitrags: Bitte anklicken oder runterscrollen<\/em><\/li>\n<li><a href=\"https:\/\/www.freiburg-schwarzwald.de\/blog\/christen-jesus-choreo-bibel-ehe\/\">Christen Jesus-Choreo Bibel Ehe<\/a>\u00a0(28.3.2026)<\/li>\n<li>De-S\u00e4kularisierung: Bibel-Verk\u00e4ufe als unerwarteter Bestseller (8.1.2026)<\/li>\n<li><a href=\"https:\/\/www.freiburg-schwarzwald.de\/blog\/religion\/christen\/christen-afd\/\">Bibel beste Wahlempfehlung f\u00fcr die AfD \u2013 trotz Bischof B\u00e4tzing<\/a> (20.3.2025)<\/li>\n<li>Peter Hahne: Die Bibel &#8211; Sprengstoff zwischen zwei Buchdeckeln (11.11.2022)<\/li>\n<li><a href=\"https:\/\/www.freiburg-schwarzwald.de\/blog\/kulturkampf-kreuz-und-bibel\/\">Kulturkampf: Kreuz und Bibel<\/a>\u00a0(7.11.2022)<\/li>\n<li><a href=\"https:\/\/www.freiburg-schwarzwald.de\/blog\/religion\/kirchen\/kirchenschliessungen\/\">Selbstverschuldete Selbstaufl\u00f6sung: Bistum Trier will jede dritte Kirche schlie\u00dfen<\/a> (28.10.2022)<\/li>\n<li><a href=\"https:\/\/www.freiburg-schwarzwald.de\/blog\/zollitsch-sexueller-missbrauch\/\">Zollitsch: Sexueller Missbrauch<\/a>\u00a0(7.10.2022)<\/li>\n<li>Peter Hahne: Wer Winnetou abschafft, schafft die Bibel ab (1.10.2022)<\/li>\n<li><a href=\"https:\/\/www.freiburg-schwarzwald.de\/blog\/religion\/kirchen\/weihnachten\/weihnachtsgeschichte\/\">Die Weihnachtsgeschichte \u2013 aus dem Evangelium nach Lukas 2,1-20<\/a>\u00a0(24.12.2012)<\/li>\n<li><a href=\"https:\/\/www.freiburg-schwarzwald.de\/blog\/groste-mobile-bibelausstellung-europas-in-freiburg\/\">Gr\u00f6\u00dfte mobile Bibelausstellung Europas in Freiburg &#8211; Barbara Henze<\/a> (27.4.2012)<\/li>\n<\/ul>\n<ul>\n<li><a title=\"Abendland\" href=\"https:\/\/www.freiburg-schwarzwald.de\/blog\/religion\/christen\/abendland\/\">Abendland<\/a><\/li>\n<li><a href=\"https:\/\/www.freiburg-schwarzwald.de\/blog\/religion\/christen\/bibel\/\">Bibel<\/a><\/li>\n<li><a href=\"https:\/\/www.freiburg-schwarzwald.de\/blog\/kultur\/kulturverlust\/cancelculture-literatur\/\">CancelCulture-Literatur<\/a><\/li>\n<li><a href=\"https:\/\/www.freiburg-schwarzwald.de\/blog\/religion\/christen\/christentum\/\">Christentum<\/a><\/li>\n<li><a href=\"https:\/\/www.freiburg-schwarzwald.de\/blog\/religion\/christen\/christen-afd\/\">Christen-AfD<\/a><\/li>\n<li><a href=\"https:\/\/www.freiburg-schwarzwald.de\/blog\/religion\/christen\/christlich-islamischer-dialog\/\">Christlich-islamischer Dialog<\/a><\/li>\n<li><a title=\"Christenverfolgung\" href=\"https:\/\/www.freiburg-schwarzwald.de\/blog\/religion\/christen\/christenverfolgung\/\">Christenverfolgung<\/a><\/li>\n<li><a title=\"Evangelisch\" href=\"https:\/\/www.freiburg-schwarzwald.de\/blog\/religion\/evangelisch\/\">Evangelisch<\/a><\/li>\n<li><a title=\"Fluechtlinge-Christen\" href=\"https:\/\/www.freiburg-schwarzwald.de\/blog\/global\/integration\/fluechtlinge-christen\/\">Fluechtlinge-Christen<\/a><\/li>\n<li><a href=\"https:\/\/www.freiburg-schwarzwald.de\/blog\/religion\/oekumene\/glaubensbewegungen\/\">Glaubensbewegungen<\/a><\/li>\n<li><a title=\"Katholisch\" href=\"https:\/\/www.freiburg-schwarzwald.de\/blog\/religion\/katholisch\/\">Katholisch<\/a><\/li>\n<li><a title=\"Kirchenaustritt\" href=\"https:\/\/www.freiburg-schwarzwald.de\/blog\/religion\/christen\/kirchenaustritt\/\">Kirchenaustritt<\/a><\/li>\n<li><a href=\"https:\/\/www.freiburg-schwarzwald.de\/blog\/religion\/kirchen\/kirchenschaendung\/\">Kirchensch\u00e4ndung<\/a><\/li>\n<li><a href=\"https:\/\/www.freiburg-schwarzwald.de\/blog\/religion\/kirchen\/kirchenschliessungen\/\">Kirchenschliessungen<\/a><\/li>\n<li><a title=\"Konfessionslosigkeit\" href=\"https:\/\/www.freiburg-schwarzwald.de\/blog\/religion\/konfessionslosigkeit\/\">Konfessionsfreiheit<\/a><\/li>\n<li><a title=\"Juden\" href=\"https:\/\/www.freiburg-schwarzwald.de\/blog\/religion\/juden\/\">Juden<\/a><\/li>\n<li><a href=\"https:\/\/www.freiburg-schwarzwald.de\/blog\/global\/france\/nizza29-10-2020\/\">Nizza29-10-2020<\/a><\/li>\n<li><a title=\"Orientchristen\" href=\"https:\/\/www.freiburg-schwarzwald.de\/blog\/religion\/christen\/orientchristen\/\">Orientchristen<\/a><\/li>\n<li><a title=\"Pluralismus\" href=\"https:\/\/www.freiburg-schwarzwald.de\/blog\/religion\/pluralismus\/\">Pluralismus \u2013 religi\u00f6s<\/a><\/li>\n<li><a title=\"Religionskrieg\" href=\"https:\/\/www.freiburg-schwarzwald.de\/blog\/religion\/religionskrieg\/\">Religionskrieg<\/a><\/li>\n<li><a href=\"https:\/\/www.freiburg-schwarzwald.de\/blog\/religion\/religion-fanatismus\/\">Religion-Fanatismus<\/a><\/li>\n<li><a href=\"https:\/\/www.freiburg-schwarzwald.de\/blog\/religion\/kirchen\/weihnachten\/weihnachtsgeschichte\/\">Weihnachtsgeschichte<\/a><\/li>\n<\/ul>\n<p><strong>Die ganze Bibel in 57 Minuten<\/strong><br \/>\nvon Dr. Johannes Bartl<br \/>\n<a href=\"https:\/\/www.youtube.com\/watch?v=WGb2yJZi-sU\">https:\/\/www.youtube.com\/watch?v=WGb2yJZi-sU<\/a><br \/>\n=============================================================<\/p>\n<p>&nbsp;<\/p>\n<p>&nbsp;<\/p>\n<p><strong>De-S\u00e4kularisierung: Bibel-Verk\u00e4ufe als unerwarteter Bestseller<\/strong><br \/>\nF\u00fcr Angeh\u00f6rige unserer und der meisten darauffolgenden Generationen, war S\u00e4kularisierung, die Abkehr von christlichen Kirchen und christlichen Symboliken mehr oder weniger ein steter Begleiter, der nicht sofort in Atheismus, aber doch weg von der institutionalisierten christlichen Kirche f\u00fchren musste. Entsprechend liefen und laufen den christlichen Kirchen nicht nur in Deutschland seit Jahrzehnten die Gl\u00e4ubigen davon. Indes, jede Mode, jeder Trend kommt einmal zum Ende und so berichtet die Daily Mail <a href=\"https:\/\/www.dailymail.co.uk\/news\/article-15449037\/Bible-sales-Britain-record-high-Gen-Z-Christian.html\">https:\/\/www.dailymail.co.uk\/news\/article-15449037\/Bible-sales-Britain-record-high-Gen-Z-Christian.html<\/a> , dass im Vereinigten K\u00f6nigreich die Verk\u00e4ufe der BIBEL massiv gestiegen sind<br \/>\n&#8230;<br \/>\nMan kann diesen Trend als sek\u00fcnd\u00e4re De-S\u00e4kularisierung bezeichnen, ein Trend hin zu Religion, der vor allem von Mitgliedern der Generation Z und noch j\u00fcngeren Geburtskohorten getragen wird, der indes nicht mit einer Ann\u00e4herung an die institutionellen Institutionen organisierter Religion verbunden ist. Sekund\u00e4re De-S\u00e4kularisierung wird von uns in Anlehnung an die sekund\u00e4re Vergesellschaftung, von der Ulrich Beck bereits in seiner Risikogesellschaft geschrieben hat, verwendet: Gemeint hat er damit die Aufl\u00f6sung traditioneller Bindungen an Familie oder Milieu und deren Einm\u00fcnden in neue Bindungen an abstrakte Formen unter der \u00c4gide von Medien oder ein Aufgehen im Sozialstaat\u2026<br \/>\n&#8230; Alles vom 8.1.2026 von Michel Klein bitte lesen auf<br \/>\n<a href=\"https:\/\/sciencefiles.org\/2026\/01\/09\/de-saekularisierung-ein-unerwarteter-bestseller-fundstueck\/\">https:\/\/sciencefiles.org\/2026\/01\/09\/de-saekularisierung-ein-unerwarteter-bestseller-fundstueck\/<\/a><\/p>\n<p>&nbsp;<\/p>\n<p>&nbsp;<\/p>\n<p><strong>Peter Hahne: Die Bibel &#8211; Sprengstoff zwischen zwei Buchdeckeln<\/strong><br \/>\nKirche im Kontrafunk: \u201eMit meinem Gott kann ich \u00fcber Mauern springen\u201c<br \/>\nWir bringen heute am 6. November einen Gottesdienst aus der Renaissancekirche in Bristow im Landkreis Rostock. Die Kirche gilt als \u00e4lteste protestantische Dorfkirche in Mecklenburg. Im Jahr 1600 wurde der erste Pastor berufen. Aus dieser Zeit stammen die immer noch im Original erhaltene Kanzel, die Orgelempore und der mit reichem Schnitzwerk ausgestattete Altar. Der Journalist und Theologe, Dr. h.c. <a href=\"https:\/\/www.freiburg-schwarzwald.de\/blog\/religion\/kirchen\/kirchenschliessungen\/\">Peter Hahne<\/a>, h\u00e4lt die Predigt zum Psalm 18,30: \u201eMit meinem Gott kann ich \u00fcber Mauern springen\u201c.<br \/>\n&#8230; Alles vom 6.11.2022 bitte lesen und h\u00f6ren auf<br \/>\n<a href=\"https:\/\/kontrafunk.radio\/de\/sendung-nachhoeren\/podium-und-kanzel\/kirche-im-kontrafunk\/1157-kirche-im-kontrafunk-mit-meinem-gott-kann-ich-ueber-mauern-springen?highlight=WyJoYWhuZSJd\">https:\/\/kontrafunk.radio\/de\/sendung-nachhoeren\/podium-und-kanzel\/kirche-im-kontrafunk\/1157-kirche-im-kontrafunk-mit-meinem-gott-kann-ich-ueber-mauern-springen?highlight=WyJoYWhuZSJd<\/a><\/p>\n<p>Gottesdienst mit Peter Hahne am 30.10. in der Renaissancekirche in Bristow<br \/>\nDie Bibel &#8211; Sprengstoff zwischen zwei Buchdeckeln<br \/>\n<a href=\"https:\/\/youtu.be\/2I9a4lQPkpw\">https:\/\/youtu.be\/2I9a4lQPkpw<\/a><br \/>\nKurzfassung der Predigt: <a href=\"https:\/\/youtu.be\/YCG7qZNItsk\">https:\/\/youtu.be\/YCG7qZNItsk<\/a><\/p>\n<p>1980 in dieser Kirche gepredigter Sprengstoff: &#8222;Mit meinem Gott kann ich \u00fcber Mauern springen&#8220; (Mose)<br \/>\nDie elend verblendete Hochmoral:<br \/>\nBarack Obama: &#8222;Yes we can&#8220; und Angela Merkel &#8222;Wir schaffen das&#8220;<br \/>\nDer Christ:<br \/>\nK\u00f6nig David: &#8222;Mit meinem Gott kann ich \u00fcber Mauern springen&#8220;<br \/>\n11.11.2022<br \/>\n.<\/p>\n<p><strong>Peter Hahne: Wer Winnetou abschafft, schafft die Bibel ab<\/strong><br \/>\nWer heute <a href=\"https:\/\/www.freiburg-schwarzwald.de\/blog\/je-suis-winnetou\/\">Winnetou<\/a> abschafft, schafft morgen die Bibel ab. Sie werden sich noch an meine Worte erinnern. Denn da stehen, nimmt man die Gr\u00fcnde der Karl-May-Kritiker zum Ma\u00dfstab, viel viel schlimmere Sachen drin. Schindluder wird nur mit der Bibel gemacht, an den Koran wagt sich keiner. Und heute glauben die Menschen alles, es darf nur nicht in der Bibel stehen. Lieber im Veganen Kochbuch, im Handbuch f\u00fcr Fitness oder in der schw\u00e4bischen Energie-Sparfibel. Und Christen schweigen dazu! Wie bei der Okkupation des Regenbogens. Kein Widerstand. Und heute verbindet kein Mensch mehr mit dem Regenbogen das Segenszeichen Gottes. Fragen Sie doch mal auf der Stra\u00dfe. Das ist doch nur noch frommes Sondergut. \u00dcbrigens hat Noah jeweils nur zwei Geschlechter mit auf die Arche genommen. Schon das spricht f\u00fcr striktes Bibelverbot.<br \/>\nApropos Bildungs-, Kultur- und vor allem Glaubensnotstand: die CDU twitterte zum Bundesparteitag vor genau drei Wochen in Hannover hoch offiziell: Wir beginnen wie immer mit einer \u00f6konomischen Andacht\u2026 Noch Fragen?! Der geistliche Grundwasserspiegel sinkt reziprok zur Flut der Dummheit, das ist unser Problem. Mein Rat: Haltet die Bibel heilig. Ohne Bibel versteht ihr nur Bahnhof.<br \/>\n&#8230;<br \/>\nMichael Gorbatschow sagte mir mal bei einer Springer-Veranstaltung, als wir \u00fcber genau dieses Thema von Solschenizyn sprachen: \u201eDer Kommunismus kennt keine Barmherzigkeit!\u201c Unvergessen! Wer zum Beispiel AfD-W\u00e4hler von kirchlichen \u00c4mtern oder sog. Kirchentagen aussperrt, dort aber antisemitisch-propal\u00e4stinensische Parolen verbreitet \u2014 oder wer Gottesdienste rein digitalisiert, wer alte Menschen in die Isolation, in die Einsamkeit treibt und ungetr\u00f6stet sterben l\u00e4\u00dft, ist ein unbarmherziger Tyrann. Und er sollte sich nicht mehr nach dem Namen des Christus nennen \u2014 vor allem Parteien nicht. Nehmt der CDU\/CSU endlich das C! Aktuell in diesen Tagen diskutiert die deutsche CDU, ob sie konservativ sein will, unter Helmut Kohl noch selbstverst\u00e4ndlich. Nein, hei\u00dft es nun, wir sind nicht konservativ, wir sind christlich. Was f\u00fcr ein Etikettenschwindel! Bei der letzten Wahl stand erstmals keine Silbe zum wichtigsten christlichen Thema der Gegenwart im Programm: zur Millionenfachen T\u00f6tung ungeborener Kinder im Mutterleib. Keine Silbe!<br \/>\nIn meiner Bibel steht der einladende Grundsatz des Christentums seit 2000 Jahren, n\u00e4mlich das Jesus-Wort: Kommet her zu mir ALLE, die ihr m\u00fchselig und beladen seid! Alle! Daraus machten Christen 2020: \u2026. nur, die ihr geimpft und geboostert seid. Eine Schande! Jesus ist inklusiv und grenzt niemand aus, hei\u00dft es doch in der queeren Regenbogenfrage gebetsm\u00fchlenartig. Ach! Und wo bleiben die Querdenker, die Ungeimpften und die, die getrenntes M\u00fcllsammeln eben nicht f\u00fcr Evangelisation halten? Manchen Mode-Bisch\u00f6fen und Zeitgeist-Evangelikalen rate ich zu einer Bibeltherapie, zu einer Luther-Kur.<br \/>\n&#8230; Alles vom 1.10.2022 von \u00a0<a href=\"https:\/\/www.freiburg-schwarzwald.de\/blog\/religion\/kirche-politik\/\">Peter Hahne<\/a>\u00a0in seiner Ehrendoktorrede bitte lesen auf<br \/>\n<a href=\"https:\/\/www.tichyseinblick.de\/feuilleton\/ehrendoktorwuerde-fuer-peter-hahne\/\">https:\/\/www.tichyseinblick.de\/feuilleton\/ehrendoktorwuerde-fuer-peter-hahne\/<\/a><\/p>\n","protected":false},"excerpt":{"rendered":"<p>Home &gt;Religion\u00a0&gt;Katholisch\u00a0&gt;Christen &gt;Bibel &nbsp; Listenauswahl eines Beitrags: Bitte anklicken oder runterscrollen Christen Jesus-Choreo Bibel Ehe\u00a0(28.3.2026) De-S\u00e4kularisierung: Bibel-Verk\u00e4ufe als unerwarteter Bestseller (8.1.2026) Bibel beste Wahlempfehlung f\u00fcr die AfD \u2013 trotz Bischof B\u00e4tzing (20.3.2025) Peter Hahne: Die Bibel &#8211; Sprengstoff zwischen zwei &hellip; <a href=\"https:\/\/www.freiburg-schwarzwald.de\/blog\/religion\/christen\/bibel\/\">Weiterlesen <span class=\"meta-nav\">&rarr;<\/span><\/a><\/p>\n","protected":false},"author":2,"featured_media":0,"parent":15114,"menu_order":0,"comment_status":"closed","ping_status":"closed","template":"","meta":{"footnotes":""},"class_list":["post-104942","page","type-page","status-publish","hentry"],"_links":{"self":[{"href":"https:\/\/www.freiburg-schwarzwald.de\/blog\/wp-json\/wp\/v2\/pages\/104942","targetHints":{"allow":["GET"]}}],"collection":[{"href":"https:\/\/www.freiburg-schwarzwald.de\/blog\/wp-json\/wp\/v2\/pages"}],"about":[{"href":"https:\/\/www.freiburg-schwarzwald.de\/blog\/wp-json\/wp\/v2\/types\/page"}],"author":[{"embeddable":true,"href":"https:\/\/www.freiburg-schwarzwald.de\/blog\/wp-json\/wp\/v2\/users\/2"}],"replies":[{"embeddable":true,"href":"https:\/\/www.freiburg-schwarzwald.de\/blog\/wp-json\/wp\/v2\/comments?post=104942"}],"version-history":[{"count":5,"href":"https:\/\/www.freiburg-schwarzwald.de\/blog\/wp-json\/wp\/v2\/pages\/104942\/revisions"}],"predecessor-version":[{"id":147499,"href":"https:\/\/www.freiburg-schwarzwald.de\/blog\/wp-json\/wp\/v2\/pages\/104942\/revisions\/147499"}],"up":[{"embeddable":true,"href":"https:\/\/www.freiburg-schwarzwald.de\/blog\/wp-json\/wp\/v2\/pages\/15114"}],"wp:attachment":[{"href":"https:\/\/www.freiburg-schwarzwald.de\/blog\/wp-json\/wp\/v2\/media?parent=104942"}],"curies":[{"name":"wp","href":"https:\/\/api.w.org\/{rel}","templated":true}]}}