{"id":104732,"date":"2022-09-25T15:04:18","date_gmt":"2022-09-25T13:04:18","guid":{"rendered":"https:\/\/www.freiburg-schwarzwald.de\/blog\/?page_id=104732"},"modified":"2026-04-22T12:15:06","modified_gmt":"2026-04-22T10:15:06","slug":"entspannungspolitik","status":"publish","type":"page","link":"https:\/\/www.freiburg-schwarzwald.de\/blog\/engagement\/zukunft\/demokratie\/entspannungspolitik\/","title":{"rendered":"Entspannungspolitik"},"content":{"rendered":"<p><a href=\"https:\/\/freiburg-schwarzwald.de\/blog\">Home<\/a>\u00a0&gt;<a title=\"Engagement\" href=\"https:\/\/www.freiburg-schwarzwald.de\/blog\/engagement\/\">Engagement<\/a>\u00a0&gt;<a title=\"Zukunft\" href=\"https:\/\/www.freiburg-schwarzwald.de\/blog\/engagement\/zukunft\/\">Zukunft<\/a>\u00a0&gt;<a title=\"Demokratie\" href=\"https:\/\/www.freiburg-schwarzwald.de\/blog\/engagement\/zukunft\/demokratie\/\">Demokratie<\/a> &gt;Entspannungspolitik<\/p>\n<div id=\"attachment_104741\" style=\"width: 648px\" class=\"wp-caption alignnone\"><a href=\"https:\/\/www.freiburg-schwarzwald.de\/blog\/wp-content\/uploads\/2022\/09\/reifes-obst-und-bluete-pan220923.jpg\"><img loading=\"lazy\" decoding=\"async\" aria-describedby=\"caption-attachment-104741\" class=\"size-full wp-image-104741\" src=\"https:\/\/www.freiburg-schwarzwald.de\/blog\/wp-content\/uploads\/2022\/09\/reifes-obst-und-bluete-pan220923.jpg\" alt=\"\" width=\"638\" height=\"372\" srcset=\"https:\/\/www.freiburg-schwarzwald.de\/blog\/wp-content\/uploads\/2022\/09\/reifes-obst-und-bluete-pan220923.jpg 638w, https:\/\/www.freiburg-schwarzwald.de\/blog\/wp-content\/uploads\/2022\/09\/reifes-obst-und-bluete-pan220923-180x105.jpg 180w\" sizes=\"auto, (max-width: 638px) 100vw, 638px\" \/><\/a><p id=\"caption-attachment-104741\" class=\"wp-caption-text\">Reife \u00c4pfel und Bl\u00fcten zur gleichen Zeit am 23.9.2022<\/p><\/div>\n<ul>\n<li><em>Listenauswahl eines Beitrags: Bitte <span style=\"text-decoration: underline;\">anklicken<\/span> oder runterscrollen<\/em><\/li>\n<li><a href=\"https:\/\/www.freiburg-schwarzwald.de\/blog\/russland-frieden-deutschland\/\">Russland Frieden Deutschland<\/a>\u00a0(22.4.2026)<\/li>\n<li><a href=\"https:\/\/www.freiburg-schwarzwald.de\/blog\/d-neutral-eu-friedensordnung\/\">D neutral \u2013 EU Friedensordnung<\/a>\u00a0(4.2.2026)<\/li>\n<li><a href=\"https:\/\/www.freiburg-schwarzwald.de\/blog\/china-russland-usa-eu-und-d\/\">China Russland USA EU und D<\/a>\u00a0(8.1.2026)<\/li>\n<li><a href=\"https:\/\/www.freiburg-schwarzwald.de\/blog\/promoting-european-greatness\/\">Promoting European Greatness<\/a>\u00a0(9.12.2025)<\/li>\n<li><a href=\"https:\/\/www.freiburg-schwarzwald.de\/blog\/interessen-osten-westbindung\/\">Interessen: Osten, Westbindung<\/a>\u00a0(18.11.2025)<\/li>\n<li><a href=\"https:\/\/www.freiburg-schwarzwald.de\/blog\/global\/russland\/nie-wieder-gegen-russland\/\">Albrecht M\u00fcller: \u201eWir wollen ein Volk der guten Nachbarn sein\u201c<\/a> (4.11.2025)<\/li>\n<li>Klaus von Dohnynyi: Das Erbe von Willy Brandt ist verraten worden (6.6.2025)<\/li>\n<li><a href=\"https:\/\/www.freiburg-schwarzwald.de\/blog\/kriegsende-8-mai-1945-erinnern\/\">Kriegsende 8. Mai 1945 erinnern <\/a>(10.5.2025)<\/li>\n<li><a href=\"https:\/\/www.freiburg-schwarzwald.de\/blog\/engagement\/zukunft\/krieg\/nachruestung\/\">EU im Aufr\u00fcstungsrausch \u2013 Die Notwendigkeit, die Debatte vom Kopf auf die F\u00fc\u00dfe zu stellen<\/a> (4.3.2025)<\/li>\n<li>Russlandpolitik\u00a0 und Entspannungspolitik der SPD (22.11.2024)<\/li>\n<li><a href=\"https:\/\/www.freiburg-schwarzwald.de\/blog\/ukrainekrieg-friedensbewegung\/\">Ukrainekrieg Friedensbewegung<\/a>\u00a0(17.7.2024)<\/li>\n<li><a href=\"https:\/\/www.freiburg-schwarzwald.de\/blog\/rettet-die-ukraine-frieden-jetzt\/\">Rettet die Ukraine! Frieden jetzt!<\/a> (26.2.2024)<\/li>\n<li><a href=\"https:\/\/www.freiburg-schwarzwald.de\/blog\/interview-carlson-putin\/\">Interview Carlson \u2013 Putin<\/a>\u00a0(9.2.2024)<\/li>\n<li><a href=\"https:\/\/www.freiburg-schwarzwald.de\/blog\/land-fuer-frieden\/\">Land f\u00fcr Frieden<\/a> (12.10.2023)<\/li>\n<li><a href=\"https:\/\/www.freiburg-schwarzwald.de\/blog\/scholz-pazifisten-aus-der-hoelle\/\">Scholz: Pazifisten aus der H\u00f6lle<\/a>\u00a0(22.8.2023)<\/li>\n<li><a href=\"https:\/\/www.freiburg-schwarzwald.de\/blog\/krieg-ich-verstehe-es-nicht\/\">Krieg \u2013 Ich verstehe es nicht\u201c<\/a>\u00a0(6.5.2023)<\/li>\n<li>Ukrainekrieg. Warum Europa eine neue Entspannungspolitik braucht\u00ab (2.5.2023)<\/li>\n<li><a href=\"https:\/\/www.freiburg-schwarzwald.de\/blog\/global\/ukraine\/waffenstillstand\/\">Frieden schaffen! \u2013 Aufruf Peter Brandt<\/a> (20.3.2023)<\/li>\n<li><a href=\"https:\/\/www.freiburg-schwarzwald.de\/blog\/ukraine-es-geht-um-rohstoffe\/\">Ukraine: Es geht um Rohstoffe<\/a>\u00a0(3.2.2023)<\/li>\n<li><a href=\"https:\/\/www.freiburg-schwarzwald.de\/blog\/keine-marder-panzer-in-ukraine\/\">Keine Marder-Panzer in Ukraine<\/a>\u00a0(8.1.2023)<\/li>\n<li>Wandel durch Handel (11.12.2022)<\/li>\n<li>Weltwoche Daily: Mehr Willy Brandt wagen! (9.12.2022)<\/li>\n<li><a href=\"https:\/\/www.freiburg-schwarzwald.de\/blog\/aufnahmefaehigkeit-migration\/\">Aufnahmef\u00e4higkeit &#8211; Migration<\/a> (3.12.2022)<\/li>\n<li><a href=\"https:\/\/www.freiburg-schwarzwald.de\/blog\/religion\/katholisch\/drewermann\/\">Eugen Drewermann in Lahnstein: Von Krieg zu Frieden<\/a>\u00a0(28.10.2022)<\/li>\n<li><a href=\"https:\/\/www.freiburg-schwarzwald.de\/blog\/deutsche-interessen-statt-moral\/\">Deutsche Interessen statt Moral<\/a> (10.10.2022)<\/li>\n<li>Oskar Lafontaine: Ende der Entspannungspolitik? (17.9.2022)<\/li>\n<li>Ukrainekrieg \u2013 die Ursachen erkl\u00e4rt: eiskalte Geopolitik (11.9.2022)<\/li>\n<li><a href=\"https:\/\/www.freiburg-schwarzwald.de\/blog\/global\/ukraine\/ukraine-fanatismus\/\">Oskar Lafontaine: \u201eDeutschland handelt im Ukraine-Krieg als Vasall der USA\u201c<\/a>\u00a0(30.8.2022)<\/li>\n<li><a href=\"https:\/\/www.freiburg-schwarzwald.de\/blog\/global\/usa\/us-geopolitik\/\">Das falsche Narrativ des Westens \u00fcber Russland und China<\/a> (30.8.2022)<\/li>\n<li><a href=\"https:\/\/www.freiburg-schwarzwald.de\/blog\/pleisweiler-gespraech-mit-guerot\/\">Pleisweiler Gespr\u00e4ch mit Ulrike Gu\u00e9rot<\/a>\u00a0(17.7.2022)<\/li>\n<li><a href=\"https:\/\/www.freiburg-schwarzwald.de\/blog\/global\/usa\/ramstein\/\">Eugen Drewermann am 25.6.2022 in Ramstein<\/a>\u00a0(25.6.2022)<\/li>\n<li><a href=\"https:\/\/www.freiburg-schwarzwald.de\/blog\/global\/usa\/us-geopolitik\/\">Guerot: Vier Kriege toben in der Ukraine<\/a> (2.6.2022)<\/li>\n<li><a href=\"https:\/\/www.freiburg-schwarzwald.de\/blog\/drewermann-rede-gegen-krieg\/\">Drewermann: Rede gegen den Krieg<\/a>\u00a0(2.6.2022)<\/li>\n<li><a href=\"https:\/\/www.freiburg-schwarzwald.de\/blog\/zeitenwende-wieder-eine\/\">Zeitenwende \u2013 wieder eine?<\/a>\u00a0(28.5.2022)<\/li>\n<li><a href=\"https:\/\/www.freiburg-schwarzwald.de\/blog\/eigene-interessen-eines-staates\/\">Eigene Interessen eines Staates<\/a>\u00a0(18.5.2022)<\/li>\n<li><a href=\"https:\/\/www.freiburg-schwarzwald.de\/blog\/global\/usa\/us-geopolitik\/\">John Mearsheimer: Ukraine-Russia 2022 Analysis<\/a> (14.5.2022)<\/li>\n<li><a href=\"https:\/\/www.freiburg-schwarzwald.de\/blog\/brzezinski-doktrin-nato-d-ru\/\">Brzezinski-Doktrin: NATO, D-RU<\/a> (30.4.2022)<\/li>\n<li><a href=\"https:\/\/www.freiburg-schwarzwald.de\/blog\/usa-europa-russland-china\/\">USA \u2013 Europa \u2013 Russland \u2013 China<\/a>\u00a0(30.4.2022)<\/li>\n<li><a href=\"https:\/\/www.freiburg-schwarzwald.de\/blog\/usa-europa-russland-china\/\">Lafontaine: Amerika treibt Europa in einen Atomkrieg<\/a>\u00a0(29.4.2022)<\/li>\n<li><a href=\"https:\/\/www.freiburg-schwarzwald.de\/blog\/global\/russland\/russland-china\/\">USA: Deutschland niemals mit Russland<\/a>\u00a0 (15.3.2022)<\/li>\n<\/ul>\n<ul>\n<li><a title=\"Buergerkrieg\" href=\"https:\/\/www.freiburg-schwarzwald.de\/blog\/global\/deutschland\/buergerkrieg\/\">Buergerkrieg<\/a><\/li>\n<li><a href=\"https:\/\/www.freiburg-schwarzwald.de\/blog\/global\/deutschland\/deutsche-interessen\/\">Deutsche-Interessen<\/a><\/li>\n<li><a href=\"https:\/\/www.freiburg-schwarzwald.de\/blog\/kultur\/medien\/diskussionskultur\/\">Diskussionskultur<\/a><\/li>\n<li><a href=\"https:\/\/www.freiburg-schwarzwald.de\/blog\/global\/waffen\/drohnen\/\">Drohnen<\/a><\/li>\n<li><a title=\"Frieden\" href=\"https:\/\/www.freiburg-schwarzwald.de\/blog\/engagement\/zukunft\/frieden\/\">Frieden<\/a><\/li>\n<li><a href=\"https:\/\/www.freiburg-schwarzwald.de\/blog\/global\/eu\/europa\/nato\/\">NATO<\/a><\/li>\n<li><a href=\"https:\/\/www.freiburg-schwarzwald.de\/blog\/global\/russland\/nie-wieder-gegen-russland\/\">Nie-wieder-gegen-Russland<\/a><\/li>\n<li><a href=\"https:\/\/www.freiburg-schwarzwald.de\/blog\/global\/eu\/ost-west\/\">Ost-West<\/a><\/li>\n<li><a href=\"https:\/\/www.freiburg-schwarzwald.de\/blog\/global\/osteuropa\/\">Osteuropa<\/a><\/li>\n<li><a title=\"Osteuropa-8-Mai-1945\" href=\"https:\/\/www.freiburg-schwarzwald.de\/blog\/engagement\/zukunft\/demokratie\/osteuropa-8-mai-1945\/\">osteuropa-8-Mai-1945<\/a><\/li>\n<li><a href=\"https:\/\/www.freiburg-schwarzwald.de\/blog\/engagement\/zukunft\/krieg\/nachruestung\/\">Nachr\u00fcstung<\/a><\/li>\n<li><a href=\"https:\/\/www.freiburg-schwarzwald.de\/blog\/global\/usa\/ramstein\/\">Ramstein<\/a><\/li>\n<li><a title=\"Terror\" href=\"https:\/\/www.freiburg-schwarzwald.de\/blog\/religion\/islam\/terror\/\">Terror<\/a><\/li>\n<li><a href=\"https:\/\/www.freiburg-schwarzwald.de\/blog\/global\/ukraine\/ukraine-frieden\/\">Ukraine-Frieden<\/a><\/li>\n<li><a href=\"https:\/\/www.freiburg-schwarzwald.de\/blog\/global\/usa\/us-geopolitik\/\">US-Geopolitik<\/a><\/li>\n<li><a href=\"https:\/\/www.freiburg-schwarzwald.de\/blog\/engagement\/zukunft\/krieg\/verteidigung\/\">Verteidigung<\/a><\/li>\n<li><a title=\"Waffen\" href=\"https:\/\/www.freiburg-schwarzwald.de\/blog\/global\/waffen\/\">Waffen<\/a><\/li>\n<li><a href=\"https:\/\/www.freiburg-schwarzwald.de\/blog\/global\/ukraine\/waffenstillstand\/\">Waffenstillstand<\/a><\/li>\n<li><a title=\"Youth-Bulges\" href=\"https:\/\/www.freiburg-schwarzwald.de\/blog\/engagement\/zukunft\/krieg\/youth-bulges\/\">Youth Bulges \u2013 Jugend und Krieg<\/a><\/li>\n<\/ul>\n<p><strong>Sie geh\u00f6ren zusammen: Entspannungspolitik (Willy Brandt) und Friedensbewegung (von Erhard Eppler bis <a href=\"https:\/\/www.freiburg-schwarzwald.de\/blog\/religion\/katholisch\/drewermann\/\">Eugen Drewermann<\/a>)<br \/>\n<\/strong>\u00a0.<br \/>\n<strong>Zwei Zitate zur Entspannungspolitik:<\/strong><br \/>\nEgon Bahr: <em>\u201eIn der internationalen Politik geht es nie um Demokratie oder Menschenrechte. Es geht um die Interessen von Staaten. Merken Sie sich das, egal, was man Ihnen im Geschichtsunterricht erz\u00e4hlt.\u201c<\/em><br \/>\nWilly Brandt: <em>&#8222;Wir wollen ein Volk der guten Nachbarn sein.&#8220;<br \/>\n<\/em>.<br \/>\n\u201eDer Frieden ist nicht alles, aber alles ist ohne den Frieden nichts.\u201c<br \/>\nWilly Brandt in seiner Rede zum 100-j\u00e4hrigen Bestehen des Verlages J.H.W. Dietz Nachf. in Bonn, 3. November 1981<br \/>\n<a href=\"https:\/\/www.willy-brandt-biografie.de\/wp-content\/uploads\/2019\/09\/WB_BerlinerAusgabe_05.pdf#page=363\">https:\/\/www.willy-brandt-biografie.de\/wp-content\/uploads\/2019\/09\/WB_BerlinerAusgabe_05.pdf#page=363<\/a><\/p>\n<p>\u201eWenn ich sagen soll, was mir neben dem Frieden wichtiger sei als alles andere, dann lautet meine Antwort ohne Wenn und Aber: Freiheit. Die Freiheit f\u00fcr viele, nicht nur f\u00fcr die wenigen. Freiheit des Gewissens und der Meinung. Auch Freiheit von Not und von Furcht.\u201c<br \/>\nWilly Brandt in seiner Rede vor dem SPD-Parteitag in Bonn, 14. Juni 1987<br \/>\n<a href=\"https:\/\/www.willy-brandt-biografie.de\/wp-content\/uploads\/2019\/09\/WB_Abschiedsrede_1987.pdf\">https:\/\/www.willy-brandt-biografie.de\/wp-content\/uploads\/2019\/09\/WB_Abschiedsrede_1987.pdf<\/a><br \/>\n============================================================<\/p>\n<p><strong>Klaus von Dohnynyi: Das Erbe von Willy Brandt ist verraten worden<\/strong><br \/>\n&#8230; Es geht um die Frage, ob zur Beendigung des Krieges Russlands gegen die Ukraine die richtigen Wege verfolgt werden. Der \u00f6ffentliche Diskurs hat sich stark in eine Richtung entwickelt: Waffen, Nato-Ziele, Aufr\u00fcstung, Abkehr.<br \/>\nWer das Wort Diplomatie in den Mund nimmt, l\u00e4uft Gefahr, als naiver Idiot zu gelten. \u201eDer Russe\u201c ist zum Synonym f\u00fcr \u201eder Feind\u201c geworden, ein kompromissloses Lagerdenken teilt die Welt ein in wir und die, der Kontakt dazwischen wird vermieden und ge\u00e4chtet. Richtig so?<br \/>\n&#8222;Je gef\u00e4hrlicher ein Nachbar ist, desto mehr muss man sich mit ihm besch\u00e4ftigen und mit ihm reden. \u201c Das sagt Klaus von Dohnanyi und ich kann Ihnen sagen, der Mann ist not amused \u00fcber den Stand der deutschen Au\u00dfen- und Sicherheitspolitik.<br \/>\nDer geb\u00fcrtige Hamburger hat den Zweiten Weltkrieg erlebt, Wirtschaftswunder, Kalten Krieg und Wiedervereinigung, war Regierungspolitiker im Kabinett Willy Brandt und Helmut Schmidt. Mit Gabor Steingart hat der Sozialdemokrat \u00fcber, nun ja, die Lage der Nation gesprochen: &#8222;Wenn wir den Grundgedanken ,Wenn du Frieden willst, sprich mit deinen Feinden\u2018 wirklich verfolgen, dann haben wir eher eine Chance, Frieden in Europa herzustellen, als wenn wir auf Trump warten. \u201c<br \/>\nWomit wir beim zweiten Grund f\u00fcr die Lekt\u00fcre w\u00e4ren: die Sprache. Sie ist, und das darf heutzutage hervorgehoben werden, eine klare: &#8222;Sie fragen, wo die SPD au\u00dfen- und sicherheitspolitisch ist? Ich sage: Nirgendwo. \u201c Willy Brandt und Egon Bahr h\u00e4tten \u201ein m\u00fchsamer Kleinarbeit verstanden, dass Frieden und Sicherheit t\u00e4gliche Arbeit\u201c sei. Diese M\u00fchen seien nun eingerissen worden. &#8222;Die Leute sagen, dass das falsch und zu nachgiebig war, und dass man Friedenspolitik macht, indem man Waffen aufstellt. Das ist dummes Zeug.\u201c<br \/>\nSicherheit k\u00f6nne man durch Abschreckung allein nicht garantieren, es brauche die Absicht, Frieden herzustellen. &#8222;Brandt war kein Pazifist. Brandt und Bahr waren sich der Notwendigkeit von St\u00e4rke bewusst. Aber sie wussten auch, dass das allein nicht ausreicht. \u201c<br \/>\nUnd nat\u00fcrlich hat Gabor ihn gefragt, wie man mit einem Mann sprechen soll, der sich dem Dialog zu verweigern scheint, wie Gebietsabgaben f\u00fcr die Ukraine zu rechtfertigen sind und wie er auf Donald Trump und wie auf Bundeskanzler Friedrich Merz blickt.<br \/>\nMan muss Klaus von Dohnanyi nicht zustimmen, man kann sich sogar emp\u00f6ren (eine h\u00e4ufige Reaktion heutzutage), doch lesen sollte man seine Ausf\u00fchrungen <a href=\"https:\/\/www.thepioneer.de\/originals\/others\/articles\/wenn-du-frieden-willst-sprich-mit-deinen-feinden-und-nicht-mit-deinen\">https:\/\/www.thepioneer.de\/originals\/others\/articles\/wenn-du-frieden-willst-sprich-mit-deinen-feinden-und-nicht-mit-deinen<\/a> schon. Glauben Sie mir, es lohnt sich. F\u00fcr alle, die lieber h\u00f6ren, gibt es auch einen Sonderpodcast <a href=\"https:\/\/www.thepioneer.de\/originals\/thepioneer-briefing-business-class-edition\/podcasts\/die-ukraine-hat-keinen-anspruch-auf-die-krim-und-auf-den-donbass\">https:\/\/www.thepioneer.de\/originals\/thepioneer-briefing-business-class-edition\/podcasts\/die-ukraine-hat-keinen-anspruch-auf-die-krim-und-auf-den-donbass<\/a>.<br \/>\n,,, Alles vom 7.6.2025 von Gabor Steingart bitte lesen im Newsletter von <a href=\"https:\/\/www.thepioneer.de\">https:\/\/www.thepioneer.de<\/a><\/p>\n<p>&nbsp;<\/p>\n<p><strong>Russlandpolitik und Entspannungspolitik der SPD <\/strong><br \/>\n\u201eDie Ru\u00dflandpolitik war keine Spezialit\u00e4t einer kommunistisch verstrahlten SPD, die von 2005 bis 2009 sowie 2013 bis 2021 Juniorpartner einer Gro\u00dfen Koalition unter CDU-F\u00fchrung war. Auch die CDU unterst\u00fctzte die Ru\u00dflandpolitik, trug Nord-Stream-2 mit. (&#8230;) Wie kann man jetzt so tun, als sei das alles Unfug gewesen, eine Idee von Diktaturverharmlosern? Deutschlands starke Wirtschaft der vergangenen Jahrzehnte ist einerseits dem billigen Gas aus Ru\u00dfland zu verdanken und andererseits den Exporten nach China, beides autokratische Systeme. Wie sehr ein rohstoffarmes Land von L\u00e4ndern abh\u00e4ngt, die nicht demokratisch sind, durfte auch Wirtschaftsminister Robert Habeck (Gr\u00fcne) feststellen, als er um Gas in Katar bat.\u201c<br \/>\nSabine Rennefanz, Schriftstellerin und Kolumnistin, im \u201eSpiegel\u201c vom 14. November 2024<\/p>\n<p>&nbsp;<\/p>\n<p><strong>Ukrainekrieg. Warum Europa eine neue Entspannungspolitik braucht\u00ab<\/strong><br \/>\n<strong>Die <a href=\"https:\/\/www.freiburg-schwarzwald.de\/blog\/vereine\/partei\/gruene\/gruene2021\/\">Gr\u00fcnen<\/a> und der Krieg<\/strong><br \/>\n<em>Die ersten Gr\u00fcnen hatten einen pazifistischen Ursprung. Ihre Friedfertigkeit haben sie nicht erst in der Zeitenwende verloren. Seit mindestens zwanzig Jahren sind sie kriegsbereit.<\/em><br \/>\nStefan Luft und Sandra Kostner haben zusammen das Buch \u00bbUkrainekrieg. Warum Europa eine neue Entspannungspolitik braucht\u00ab herausgegeben, in dem Texte verschiedener Autoren zum aktuellen Konflikt in der Ukraine zu finden sind. Unter anderem haben sich darin Wolfgang Streek, Sabine Schiffer und Klaus von Dohnanyi ge\u00e4u\u00dfert.<br \/>\nDie Gr\u00fcnen verstanden sich in den 1980er-Jahren als \u00bbparlamentarischer Arm der Friedensbewegung\u00ab. Die Friedensbewegung geh\u00f6rte zum Substrat der 1979 gegr\u00fcndeten Partei wie die Anti-Kernkraft- und die Frauenbewegung. Die Proteste gegen die Stationierung von Mittelstreckenraketen in Deutschland zwischen 1979 und 1983 im Rahmen des \u00bbNATO-Doppelbeschlusses\u00ab gaben den Gr\u00fcnen einen wichtigen \u00bbMobilisierungsschub\u00ab auf dem Weg in die Parlamente. Die strikte Ablehnung von Gewalt innerstaatlich wie international, die Aufl\u00f6sung der Milit\u00e4rbl\u00f6cke und weltweite Abr\u00fcstung geh\u00f6rten zu den zentralen Inhalten gr\u00fcner Programmatik.<br \/>\nIn diesem Kontext steht auch die Forderung nach einem Austritt Deutschlands aus der NATO sowie nach einer Aufl\u00f6sung von NATO und Warschauer Pakt. F\u00fcr die Gr\u00fcnen war noch 1988 klar, dass \u00bbes der NATO weniger um diese Werte [Freiheit, Demokratie und Menschenrechte, S.L.] als um die Durchsetzung und Aufrechterhaltung der \u00f6konomischen und politischen Ordnung des Kapitalismus geht\u00ab.<br \/>\n&#8230; Alles vom 2.5.2023 bitte lesen auf<br \/>\n<a href=\"https:\/\/overton-magazin.de\/buchempfehlungen\/die-gruenen-und-der-krieg\/\">https:\/\/overton-magazin.de\/buchempfehlungen\/die-gruenen-und-der-krieg\/<\/a><\/p>\n<p>Sandra Kostner, Stefan Luft:<br \/>\nUKRAINEKRIEG<br \/>\nWarum Europa eine neue Entspannungspolitik braucht<br \/>\nWestend, 352 Seiten, 24.04.2023<br \/>\n978-3-949925-10-8, 24 Euro<\/p>\n<p>&nbsp;<\/p>\n<p><strong>Wandel durch Handel<\/strong><br \/>\n\u201eWir werden weiter mit L\u00e4ndern handeln m\u00fcssen, die andere Werte haben als wir, wie der j\u00fcngste Gas-Deal mit Katar unterstreicht. Andere Staaten zeigen sich da weitaus pragmatischer, wie die USA und Frankreich mit Blick auf Venezuela gerade demonstrieren. (\u2026) Wollen wir auch in der n\u00e4chsten Phase der Globalisierung ein f\u00fchrender Spieler sein, ist es dringend erforderlich, die Energiekosten dauerhaft zu d\u00e4mpfen und vor allem mehr in Bildung, Forschung und Innovation zu investieren. An Politikerreden zu diesem Thema mangelt es nicht, wohl aber an Taten.\u201c<br \/>\nDaniel Stelter, Unternehmensberater, im \u201eHandelsblatt\u201c am 11. Dezember 2020<\/p>\n<p>&nbsp;<\/p>\n<p><strong>Weltwoche Daily: Mehr Willy Brandt wagen!<\/strong><br \/>\nRoger K\u00f6ppel vom 9.12.2022 bitte anschauen auf<br \/>\n<a href=\"https:\/\/youtu.be\/Xp_BXsbUhdU\">https:\/\/youtu.be\/Xp_BXsbUhdU<\/a><br \/>\nMehr Willy Brandt wagen! Der gro\u00dfe verdr\u00e4ngte und vergessene Sozialdemokrat ist Deutschlands Mann der Stunde.<br \/>\nUnmut \u00fcber Beh\u00f6rden wegen Messermord an M\u00e4dchen.<br \/>\n66 Prozent der Deutschen finden B\u00f6hmermann nicht lustig.<br \/>\n.<br \/>\nKommentar:<br \/>\nIch lese hier immer mehr dies oder das \u201ewagen\u201c. Das ist bislang nie gut ausgegangen. Willy Brand war eine andere \u00c4ra, die auf die heutige Welt nicht \u00fcbertragbar ist. W\u00e4re Willy Brand heute am leben, erginge es ihm wie Gerhard Schr\u00f6der. Die SPD ist gut Freund mit ihm, weil er ein rotes Denkmal ist.<br \/>\nBerlin sollte wieder in 4 Sektoren aufgeteilt werden. Zum eigenen Schutz.<br \/>\nWie ich heute Morgen erfahre, hat das Kotbusser Thor nun endlich nach 5 Jahren Bauzeit 3 \u00f6ffentliche Klos auf eine gr\u00fcne Wiese gebaut. Projektname f\u00fcr die B\u00fcdgetierung: 3 shitholes f\u00fcr ein shithole. Eine Bretterbude f\u00fcr die Kriminellen, eine f\u00fcr die Kriminell:INNEN und eine f\u00fcr diejenigen, die sich noch nicht sicher sind was sie sind.<br \/>\n9.12.2022, Neu<\/p>\n<p>&nbsp;<\/p>\n<p><strong>Oskar Lafontaine: Ende der Entspannungspolitik?<\/strong><br \/>\nWer Frieden will, muss sich von den USA befreien&#8220;<br \/>\nRede beim 34. Pleisweiler Gespr\u00e4ch<br \/>\nSamstag, 17. September 2022 in Kapellen-Drusweiler<br \/>\n<a href=\"https:\/\/youtu.be\/NwyolbqGI6k\">https:\/\/youtu.be\/NwyolbqGI6k<\/a>, 1 Std<\/p>\n<p>Einige Zitate aus der Rede:<br \/>\n&#8222;In Zeiten der Entspannungspolitik on Willy Brandt gab es keinen Krieg. Sondern Wandel durch Handel. Deswegen ist die Entspannungspolitik richtig.<br \/>\nDie Aussage on Annalena Baerbock &#8222;Wie m\u00fcssen der Ukraine Waffen liefern, weil unsere Waffen Leben retten&#8220; ist Unsinn.<br \/>\nDie USA vertreten als st\u00e4rkste Milit\u00e4rmacht der Welt einen F\u00fchrungsanspruch. Deshalb k\u00f6nnen die USA als Hegemon kein F\u00fchrer einer Nato als Verteidigungsb\u00fcndnis sein.<br \/>\n&#8222;Wir m\u00fcssen Russland ruinieren&#8220;: Hier spricht Baerbock die Sprache des Faschismus.<br \/>\nCharles de Gaulle sagte, jedes Land m\u00fcsse selbst entscheiden \u00fcber Krieg und Frieden. wegen Ramstein sind wir automatisch Kriegspartei , wenn die USA irgendwo einen Krieg f\u00fchren.<br \/>\nFrankreich und Deutschland zusammen haben eine gr\u00f6\u00dfte Einwohnerzahl, Wirtschaftsmacht sowie Milit\u00e4rhaushalt als Russland. Deshalb k\u00f6nnen wir eine eigenst\u00e4ndige Politik machen und brauchen die USA nicht.<br \/>\nDie Aussage im Buch von Dohnanij gilt: &#8222;Keine Kurzstreckenraketen an der Grenze einer Atommacht&#8220;.<br \/>\n&#8222;Krieg ist kein Mittel der Politik&#8220; &#8211; dieser Kernsatz von Willy Brand gilt. Kein Weg f\u00fchrt an der Entspannungspolitik vorbei, die wir wieder haben m\u00fcssen.&#8220;<br \/>\nDer verbrecherische Drohnenkrieg der USA geht von deutschem Boden aus.<br \/>\nDie USA sind keine Friedensmacht, deshalb haben wir in den Kriegen der USA nichts verloren.<br \/>\nDeutschland handelt im Ukraine-Krieg als Vasall der USA.&#8220;<br \/>\nEnd Zitate von Lanfontaine.<\/p>\n","protected":false},"excerpt":{"rendered":"<p>Home\u00a0&gt;Engagement\u00a0&gt;Zukunft\u00a0&gt;Demokratie &gt;Entspannungspolitik Listenauswahl eines Beitrags: Bitte anklicken oder runterscrollen Russland Frieden Deutschland\u00a0(22.4.2026) D neutral \u2013 EU Friedensordnung\u00a0(4.2.2026) China Russland USA EU und D\u00a0(8.1.2026) Promoting European Greatness\u00a0(9.12.2025) Interessen: Osten, Westbindung\u00a0(18.11.2025) Albrecht M\u00fcller: \u201eWir wollen ein Volk der guten Nachbarn sein\u201c (4.11.2025) &hellip; <a href=\"https:\/\/www.freiburg-schwarzwald.de\/blog\/engagement\/zukunft\/demokratie\/entspannungspolitik\/\">Weiterlesen <span class=\"meta-nav\">&rarr;<\/span><\/a><\/p>\n","protected":false},"author":2,"featured_media":0,"parent":21084,"menu_order":0,"comment_status":"closed","ping_status":"closed","template":"","meta":{"footnotes":""},"class_list":["post-104732","page","type-page","status-publish","hentry"],"_links":{"self":[{"href":"https:\/\/www.freiburg-schwarzwald.de\/blog\/wp-json\/wp\/v2\/pages\/104732","targetHints":{"allow":["GET"]}}],"collection":[{"href":"https:\/\/www.freiburg-schwarzwald.de\/blog\/wp-json\/wp\/v2\/pages"}],"about":[{"href":"https:\/\/www.freiburg-schwarzwald.de\/blog\/wp-json\/wp\/v2\/types\/page"}],"author":[{"embeddable":true,"href":"https:\/\/www.freiburg-schwarzwald.de\/blog\/wp-json\/wp\/v2\/users\/2"}],"replies":[{"embeddable":true,"href":"https:\/\/www.freiburg-schwarzwald.de\/blog\/wp-json\/wp\/v2\/comments?post=104732"}],"version-history":[{"count":6,"href":"https:\/\/www.freiburg-schwarzwald.de\/blog\/wp-json\/wp\/v2\/pages\/104732\/revisions"}],"predecessor-version":[{"id":148162,"href":"https:\/\/www.freiburg-schwarzwald.de\/blog\/wp-json\/wp\/v2\/pages\/104732\/revisions\/148162"}],"up":[{"embeddable":true,"href":"https:\/\/www.freiburg-schwarzwald.de\/blog\/wp-json\/wp\/v2\/pages\/21084"}],"wp:attachment":[{"href":"https:\/\/www.freiburg-schwarzwald.de\/blog\/wp-json\/wp\/v2\/media?parent=104732"}],"curies":[{"name":"wp","href":"https:\/\/api.w.org\/{rel}","templated":true}]}}