{"id":10440,"date":"2012-09-04T18:21:21","date_gmt":"2012-09-04T16:21:21","guid":{"rendered":"https:\/\/www.freiburg-schwarzwald.de\/blog\/?page_id=10440"},"modified":"2025-12-18T09:38:13","modified_gmt":"2025-12-18T08:38:13","slug":"weihnachtsmarkt","status":"publish","type":"page","link":"https:\/\/www.freiburg-schwarzwald.de\/blog\/business\/markt\/weihnachtsmarkt\/","title":{"rendered":"Weihnachtsmarkt"},"content":{"rendered":"<p>Home &gt;<a title=\"Business\" href=\"https:\/\/www.freiburg-schwarzwald.de\/blog\/business\/\">Business<\/a> &gt;<a title=\"Markt\" href=\"https:\/\/www.freiburg-schwarzwald.de\/blog\/business\/markt\/\">Markt<\/a> &gt;<a title=\"Buergerbeteiligung\" href=\"https:\/\/www.freiburg-schwarzwald.de\/blog\/engagement\/buergerbeteiligung\/\">Engagement<\/a> &gt;Weihnachtsmarkt<\/p>\n<div id=\"attachment_10469\" style=\"width: 602px\" class=\"wp-caption alignnone\"><a href=\"https:\/\/www.freiburg-schwarzwald.de\/blog\/business\/markt\/weihnachtsmarkt\/hoerchersberg1pan110223\/\" rel=\"attachment wp-att-10469\"><img loading=\"lazy\" decoding=\"async\" aria-describedby=\"caption-attachment-10469\" class=\"size-full wp-image-10469\" title=\"hoerchersberg1pan110223\" src=\"https:\/\/www.freiburg-schwarzwald.de\/blog\/wp-content\/uploads\/2012\/09\/hoerchersberg1pan110223.jpg\" alt=\"\" width=\"592\" height=\"218\" srcset=\"https:\/\/www.freiburg-schwarzwald.de\/blog\/wp-content\/uploads\/2012\/09\/hoerchersberg1pan110223.jpg 592w, https:\/\/www.freiburg-schwarzwald.de\/blog\/wp-content\/uploads\/2012\/09\/hoerchersberg1pan110223-180x66.jpg 180w\" sizes=\"auto, (max-width: 592px) 100vw, 592px\" \/><\/a><p id=\"caption-attachment-10469\" class=\"wp-caption-text\">Tele-Blick vom Kappler Eck in Littenweiler nach Norden auf Freiburg-Ebnet am 23.2.2011<\/p><\/div>\n<ul>\n<li><em>Listenauswahl eines Beitrags: Bitte anklicken oder runterscrollen<\/em><\/li>\n<li>Die Prophezeiung &#8211; Weihnachtsm\u00e4rkte in Dubai (14.12.202)<\/li>\n<li><a href=\"https:\/\/www.freiburg-schwarzwald.de\/blog\/christenfeindlichkeit-das-tabu\/\">Christenfeindlichkeit \u2013 das\u00a0Tabu<\/a>\u00a0(14.12.2025)<\/li>\n<li><a href=\"https:\/\/www.freiburg-schwarzwald.de\/blog\/magdeburg-terror-vergessen\/\">Magdeburg Terror \u2013 Vergessen<\/a>\u00a0(13.1.2025)<\/li>\n<li><a href=\"https:\/\/www.freiburg-schwarzwald.de\/blog\/trauer-integration-magdeburg\/\">Trauer Integration: Magdeburg<\/a>\u00a0(29.12.2024)<\/li>\n<li><a href=\"https:\/\/www.freiburg-schwarzwald.de\/blog\/magdeburg-weihnachtsmarkt\/\">Magdeburg Weihnachtsmarkt<\/a>\u00a0(22.12.2024)<\/li>\n<li>\u201eAllahu Akbar\u201c statt \u201eStille Nacht\u201c (14.12.2024)<\/li>\n<li><a href=\"https:\/\/www.freiburg-schwarzwald.de\/blog\/assad-sturz-in-syrien-frieden\/\">Assad-Sturz in Syrien \u2013 Frieden?<\/a> (11.12.2024)<\/li>\n<li>Ungeimpfte: Wir werden euch viel zu vergeben haben\u00a0 (25.11.2021)<\/li>\n<li><a title=\"Lettland Federbett \u2013 Weihnacht\" href=\"https:\/\/www.freiburg-schwarzwald.de\/blog\/lettland-federbett-weihnacht\/\">Lettland Federbett \u2013 Weihnacht<\/a>\u00a0(14.12.2019)<\/li>\n<li><a title=\"Augsburg061219tod-nach-sturz\" href=\"https:\/\/www.freiburg-schwarzwald.de\/blog\/global\/migration\/augsburg061219tod-nach-sturz\/\">Augsburg: Tod durch Sturz?<\/a>\u00a0(9.12.2019)<\/li>\n<li><a title=\"Weihnachten\" href=\"https:\/\/www.freiburg-schwarzwald.de\/blog\/religion\/kirchen\/weihnachten\/\">Augsburger Christkindlesmarkt: 49-J\u00e4hriger totgeschlagen<\/a>\u00a0(8.12.2019)<\/li>\n<li><a title=\"Berlin19dez2016\" href=\"https:\/\/www.freiburg-schwarzwald.de\/blog\/engagement\/zukunft\/demokratie\/berlin19dez2016\/\">\u201cMerkel-Tannen\u201d aus Beton \u2013 Terrorschutz an Weihnachtsm\u00e4rkten<\/a>\u00a0(14.11.2019)<\/li>\n<li>Strasbourg-Terror:\u00a0<a href=\"https:\/\/www.freiburg-schwarzwald.de\/blog\/relativieren-instrumentalisieren\/\">https:\/\/www.freiburg-schwarzwald.de\/blog\/relativieren-instrumentalisieren\/<\/a>\u00a0(13.12.2018)<\/li>\n<li><a href=\"https:\/\/www.freiburg-schwarzwald.de\/blog\/weihnachtsmarkt-in-freiburg\/\">https:\/\/www.freiburg-schwarzwald.de\/blog\/weihnachtsmarkt-in-freiburg\/<\/a>\u00a0(22.11.2012)<\/li>\n<li><\/li>\n<li><a title=\"Augsburg061219tod-nach-sturz\" href=\"https:\/\/www.freiburg-schwarzwald.de\/blog\/global\/migration\/augsburg061219tod-nach-sturz\/\">Augsburg061219tot-nach-sturz<\/a><\/li>\n<li><a title=\"Weihnachten\" href=\"https:\/\/www.freiburg-schwarzwald.de\/blog\/religion\/kirchen\/weihnachten\/\">Weihnachten<\/a><\/li>\n<li><a title=\"Erzeugergemeinschaft\" href=\"https:\/\/www.freiburg-schwarzwald.de\/blog\/natur\/landwirt\/erzeugergemeinschaft\/\">Erzeugergemeinschaft<\/a><\/li>\n<li><a href=\"https:\/\/www.freiburg-schwarzwald.de\/krippen.htm\">https:\/\/www.freiburg-schwarzwald.de\/krippen.htm<\/a><\/li>\n<li><a title=\"Strasbourg11Dez2018\" href=\"https:\/\/www.freiburg-schwarzwald.de\/blog\/global\/integration\/strasbourg11dez2018\/\">Strasbourg11Des2018 &#8211; Islam-Terroranschlag<\/a><\/li>\n<\/ul>\n<p>&nbsp;<\/p>\n<p><strong>Die Prophezeiung &#8211; Weihnachtsm\u00e4rkte in Dubai<\/strong><br \/>\n&#8230; wurde mir klar, dass die Vereinigten Arabischen Emirate zwar ein islamisches Land sind, gleichzeitig aber auch sehr genau um die Gefahren wissen und sich dagegen sch\u00fctzen. Deshalb lebt man dort weitaus freier und angenehmer als etwa in Berlin Neuk\u00f6lln. Weil ausgerechnet in den Emiraten sehr deutlich dar\u00fcber diskutiert wird, was geht und was nicht geht.<br \/>\nIch hatte doch mal berichtet, dass ich in Abu Dhabi \u2013 eben jener Reise \u2013 unversehens in den ganzen Weihnachtszauber geraten bin und frage, warum man in einem islamischen Land so ausgiebig und superkitschig Weihnachten feiere. Unverst\u00e4ndnis. Warum denn nicht? Macht Spa\u00df, die Kinder bekommen Geschenke, die H\u00e4ndler freuen sich, es ist sch\u00f6n, und im Islam gebe es so etwas nicht. Warum sollten sie also nicht Weihnachten feiern? So sieht das dort aus:<br \/>\n<a href=\"https:\/\/x.com\/Scorpus21\/status\/1999058183755809238\">https:\/\/x.com\/Scorpus21\/status\/1999058183755809238<\/a><br \/>\n&#8230;.<br \/>\nDie feiern dort sicher und ohne Poller: &#8230; In Deutschland verbieten sie Weihnachten, um Muslime nicht zu kr\u00e4nken, und in Dubai haben sie viel sch\u00f6nere Weihnachtsm\u00e4rkte als in Deutschland.<br \/>\nUnd vor allem: Sichere Weihnachtsm\u00e4rkte. Keine Gefahr. Man wird nicht angegriffen, und nach meinen bisherigen Beobachtungen, auch nichts geklaut. Da kann man v\u00f6llig bedenkenlos auf Weihnachtsm\u00e4rkte gehen. Und eben diese Vereinigten Arabischen Emirate, die sehr genau wissen, was l\u00e4uft und wie und warum, die haben uns gewarnt. Aber die Deutschen meinen, sie wissen alles besser.<br \/>\n&#8230; Alles vom 14.12.2025 bitte lesen auf<br \/>\n<a href=\"https:\/\/www.danisch.de\/blog\/2025\/12\/14\/die-prophezeiung\/#more-72547\">https:\/\/www.danisch.de\/blog\/2025\/12\/14\/die-prophezeiung\/#more-72547<\/a><\/p>\n<p>&nbsp;<\/p>\n<p><strong>\u201eAllahu Akbar\u201c statt \u201eStille Nacht\u201c<\/strong><br \/>\n<strong>Islamistische Demonstranten st\u00f6ren Besinnlichkeit auf Weihnachtsmarkt<\/strong><br \/>\nEs ist der zweite Advent. Die Luft ist erf\u00fcllt von Zimtduft und dem Klang von \u201cO Tannenbaum\u201d. Familien schlendern \u00fcber den festlich erleuchteten Weihnachtsmarkt in Stuttgart, Kinderaugen leuchten beim Anblick der geschm\u00fcckten Tannenb\u00e4ume. Doch pl\u00f6tzlich durchbrechen fremde Rufe die besinnliche Atmosph\u00e4re: \u201cAllahu Akbar\u201d schallt es durch die Gassen.<br \/>\n&#8230;<br \/>\nDie Polizei in der Schw\u00e4bischen Landeshauptstadt Stuttgart best\u00e4tigte, dass es eine Demonstration mit etwa 3.000 bis 5.000 Teilnehmern gab und wertet derzeit die Videoaufnahmen aus. Erst durch sie wurden die Vorf\u00e4lle bekannt \u2013 mit deutlicher Versp\u00e4tung. Die Sprechch\u00f6re sollen nun ins Deutsche \u00fcbersetzt und polizeilich bewertet werden. Das berichtet die \u201eBild\u201e https:\/\/www.bild.de\/politik\/weihnachtsmarkt-islamistische-rufe-beunruhigen-sicherheitsexperten-675c3471f09a33307f367b8f .<br \/>\n&#8230;<br \/>\nDie geschilderten Ereignisse werfen geradezu zwingend die Frage auf: Wie gehen wir mit Menschen um, die in unserem Land Schutz gesucht haben, zumindest offiziell, aber unsere kulturellen Werte nicht respektieren oder sie gar verachten? Die sich nicht einmal an elementarste Grundregeln des Zusammenseins hierzulande halten. Gastfreundschaft endet dort, wo sie ausgenutzt wird, wo die Regeln des Gastgebers missachtet werden. Es ist eine Sache, Menschen in Not aufzunehmen \u2013 wobei man auch da klar zwischen wirtschaftlicher Not unterscheiden muss, in der Milliarden Menschen leben \u2013 und akuter Gefahr f\u00fcr Sicherheit und Leben. Eine andere Sache ist es, wenn dann solche Menschen, die wir aufgenommen haben, unsere Gastfreundschaft missbrauchen und die friedliche Koexistenz st\u00f6ren.<br \/>\n&#8230; Alles vom 14.12.2024 bitte lesen auf<br \/>\n<a href=\"https:\/\/reitschuster.de\/post\/allahu-akbar-statt-stille-nacht\/\">https:\/\/reitschuster.de\/post\/allahu-akbar-statt-stille-nacht\/<\/a><br \/>\n&#8230;<br \/>\nEinige Kommentare:<br \/>\nEin friedliches Zusammenleben mit dem Islam gibt es nur in knallharten Diktaturen, die den politischen Islam gewaltsam unterdr\u00fccken und jeden Gotteskrieger einsperren. Deshalb gibt es in den islamischen L\u00e4ndern auch nur zwei real existierende Staatsformen. Entweder eine brutale islamische Diktatur oder eine brutale weltliche Diktatur. Ich bef\u00fcrchte, dass man sich in Syrien noch nach Assad zur\u00fccksehnen wird. Das Auftreten der islamischen Gotteskrieger auf unseren Weihnachtsm\u00e4rkten ist nicht auf mangelndes Wissen zur\u00fcckzuf\u00fchren, sondern pure Absicht. Es ist ein Vorgeschmack dessen, was uns in Zukunft erwartet, wenn wir nicht mit aller H\u00e4rte gegensteuern. Dieter bklume<br \/>\n.<br \/>\nHier eine Aussage von Merz, dem n\u00e4chsten Kriegskanzler: &#8222;Frieden gibt es auf dem Friedhof&#8220;, das toppt alles bisher Dagewesene, das ist CDU live.<br \/>\nWer Merz w\u00e4hlt, w\u00e4hlt zu 100% den Krieg gegen Ru&#8230;.land.<br \/>\nMerz will den Krieg, ein Krieg der nicht unsere ist!! K\u00fc<br \/>\nEnde Kommentare<\/p>\n<p>.<\/p>\n<p>&nbsp;<\/p>\n<p><strong>Ungeimpfte: Wir werden euch viel zu vergeben haben<\/strong><br \/>\nIn diesem Sinne habe ich Nachsicht mit \u201eFreunden\u201c, die jetzt aus Angst schweigen oder aus Karrierew\u00fcnschen mitlaufen. Aber sie machen derzeit etwas, das nicht r\u00fcckg\u00e4ngig zu machen sein wird. Und f\u00fcr das man ihnen -um mit Spahn zu sprechen \u2013 sp\u00e4ter einmal viel wird vergeben m\u00fcssen, wenn man denn will bzw. christlich gesprochen die Gnade Gottes einen dazu bef\u00e4higt.<br \/>\nIhnen sei gesagt: Dass Euer derzeitiges Verhalten als das, was es ist, sehr genau registriert wird, hat sehr gut nun auch der Journalist Manaf Hassan auf Twitter zum Ausdruck gebracht. Dort postetet er gestern ein Foto, das auch mir das Blut in den Adern gefrieren lie\u00df.<\/p>\n<p><img loading=\"lazy\" decoding=\"async\" class=\"alignnone size-thumbnail wp-image-96355\" src=\"https:\/\/www.freiburg-schwarzwald.de\/blog\/wp-content\/uploads\/2021\/11\/weihnachtsmarkt2G20211124-129x180.jpg\" alt=\"\" width=\"129\" height=\"180\" srcset=\"https:\/\/www.freiburg-schwarzwald.de\/blog\/wp-content\/uploads\/2021\/11\/weihnachtsmarkt2G20211124-129x180.jpg 129w, https:\/\/www.freiburg-schwarzwald.de\/blog\/wp-content\/uploads\/2021\/11\/weihnachtsmarkt2G20211124-460x640.jpg 460w, https:\/\/www.freiburg-schwarzwald.de\/blog\/wp-content\/uploads\/2021\/11\/weihnachtsmarkt2G20211124.jpg 527w\" sizes=\"auto, (max-width: 129px) 100vw, 129px\" \/>\u00a0 \u00a0 Weihnachtsmarkt Hannover<br \/>\n<a href=\"https:\/\/twitter.com\/manaf12hassan\/status\/1463146903437291524\">https:\/\/twitter.com\/manaf12hassan\/status\/1463146903437291524<\/a><br \/>\nEr schreibt dazu: \u201eDieses Bild werde ich so aufbewahren, dass es den Menschen noch in 100 Jahren gezeigt wird. Habe mir immer die Frage gestellt, wie die (deutsche) Vergangenheit so dunkle Flecken bekommen konnte. Wie kranke &amp; unmenschliche Ideologien Mehrheiten bekommen haben. Jetzt wei\u00df ich es.\u201c<br \/>\n&#8230; Alles vom 25.11.2021 von David Berger bitte lesen auf<br \/>\n<a href=\"https:\/\/philosophia-perennis.com\/2021\/11\/25\/wir-werden-euch-wenn-wir-ueberhaupt-wollen-viel-zu-vergeben-haben\/\">https:\/\/philosophia-perennis.com\/2021\/11\/25\/wir-werden-euch-wenn-wir-ueberhaupt-wollen-viel-zu-vergeben-haben\/<\/a><\/p>\n<p>Einige Kommentare:<br \/>\nUnd erg\u00e4nzend zum Background: &#8222;Es ist das erste Mal in der Geschichte der Medizin, dass die fehlende Wirkung eines Medikaments auf die Schuld derer geschoben wird, die das Medikament nicht genommen haben!&#8220;<br \/>\n25.11.2021, D.B.<\/p>\n<p><strong>Impfpflicht oder Darwin<\/strong><br \/>\n&#8222;In diesem Sinne habe ich Nachsicht mit &#8218;Freunden&#8216;, die jetzt aus Angst schweigen oder aus Karrierew\u00fcnschen mitlaufen.&#8220; Es k\u00f6nnte nat\u00fcrlich auch Menschen geben, die aus tiefster \u00dcberzeugung sagen: &#8222;Impfpflicht oder Darwin&#8220;, weil alles dazwischen (3G, 2G, Lockdown, Ausgangsperren usw.) &#8211; wenn es zu einem permanenten Instrument wird, um auf Krisen zu reagieren &#8211; die Spaltung der Gesellschaft zementiert. Im status quo k\u00f6nnen wir also nicht verharren. Wir brauchen eine Entscheidung zwischen Impfpflicht oder Darwin.<br \/>\nWas mich betrifft: Ich verteidge stets jene, die sich nicht impfen lassen m\u00f6chten und halte die aktuellen Ma\u00dfnahmen f\u00fcr nicht zielf\u00fchrend und teilweise gef\u00e4hrlich. Ich verurteile allerdings jene, die ihre Reichweiten im realen und virtuellen Leben nutzen, um mit der intention gegen die Impfung zu polemisieren, dass eben nicht jeder nach seinem Gewissen entscheiden solle, ob er sich impfen l\u00e4sst oder nicht bzw. der k\u00fchne These mancher, wer sich impfen lasse, entscheide gewissenlos, denn er verate die Freiheit.<br \/>\nIch verurteile jene, die von einer &#8222;Pandemie der Ungeimpften&#8220; reden genau so wie jene, die sich \u00fcber die &#8222;J\u00fcnger Coronas&#8220; lustig machen. Das ist wahre Liberalit\u00e4t: den eigenen Standpunkt vehement vertreten, ohne Andersdenkende zu diskreditieren. Das habe ich hier auf PP immer als meine Pflicht gesehen, bin damit immer gut gefahren und werde es auch bei meinen neuen Projekten so handhaben.<\/p>\n<p>Und ich bedaure sehr, dass an der Frage der Impfung in diesen Tagen in Deutschland aus verschiedensten Gr\u00fcnden zigtausend Freundschaften zerbrechen. Wenn die Ziele des Staates in der Coronafrage tats\u00e4chlich die war (was ich f\u00fcr logisch halte), einen Testballon der politischen Religion mit Blick auf einen zuk\u00fcnftigen totalit\u00e4ren EU-Zentralstaat steigen zu lassen, so hat er ein Ziel schon erreicht: Die Zersplitterung! Und das nicht einmal aus eigener Kraft, sondern weil vor allem wir Intellektuellen es verlernt haben (oder nicht mehr den Wunsch versp\u00fcren) sachlich zu argumentieren. Lieber machen wir uns angreifbar und sprechen in unsere Blasen und Echokammern das hinein, von dem wir vermuten, dass es unsere Leserschaft h\u00f6ren will. Zurecht beklagen wir die Spaltung. Aber dann d\u00fcrfen wir definitiv nicht dazu beitragen, sie zu verfestigen. Wer Wind s\u00e4t wird Sturm ernten gilt f\u00fcr beide Seiten.<br \/>\nLast but not least: Mit Blick auf das Thema Impfung muss ich niemandem in Zukunft etwas vergeben und bitte schon jetzt darum, dass auch mir niemand meint, etwas vergeben zu m\u00fcssen. Denn es gibt nichts zu vergeben. Impfpflicht oder Darwin. Es gibt keine Alternative! Alles dazwischen m\u00fcssen wir massiv in unseren Artikeln kritisieren, ohne auf Verschw\u00f6rungstheorien wie &#8222;Nano-Rasierklingen in Impfstoffen&#8220; zur\u00fcckzugreifen.<br \/>\n25.11.2021, M.v.L.<\/p>\n<p><strong>&#8222;Wehret den Anf\u00e4ngen&#8220;<\/strong><br \/>\nNochmals an die, die immer behaupten, man d\u00fcrfe bestimmte (historische) Dinge nicht vergleichen. Es ist doch merw\u00fcrdig, da\u00df dies oft dieselben Personen sind, die stets das &#8222;Wehret den Anf\u00e4ngen&#8220; beschw\u00f6ren. Wie aber geht das zusammen? Wer &#8222;den Anf\u00e4ngen&#8220; wehren will, mu\u00df die Anf\u00e4nge doch erst einmal erkennen. Und wie soll man etwas erkennen, ohne zu vergleichen? Das ist a priori unm\u00f6glich. Deswegen kann man nur rufen: vergleicht! vergleicht! denn sonst m\u00fcssen wir die Geschichte wiederholen.<br \/>\n25.11.2021, E.K.<br \/>\nEnde Kommentare<\/p>\n<p>&nbsp;<\/p>\n<p>&nbsp;<\/p>\n<p><strong>Bad Krozingen<br \/>\n<\/strong>Christkindlemarkt Bad Krozingen 2013<br \/>\nSamstag 30.11.2013 von 9-20 Uhr<br \/>\nKirch- und Rathausplatz Bad Krozingen<br \/>\nVeranstalter: Gewerbeverband Bad Krozingen<br \/>\n<a href=\"https:\/\/www.bad-krozingen.info\">www.bad-krozingen.info<\/a><\/p>\n<p>Weihnachtsmarkt Bad Krozingen-Hausen<br \/>\n1.12.2013 von 14 bis 20 Uhr auf dem Kirchplatz Hausen<\/p>\n<div><\/div>\n<p><strong>Badenweiler<br \/>\n<\/strong>Weihnachtsmarkt Badenweiler 2013<br \/>\n30.11. und 1.12. Advents- und Kreativmarkt im Kurhaus<br \/>\nVeranstalter: Touristik, PRO Badenweiler e.V.<br \/>\n<a href=\"https:\/\/www.gemeinde-badenweiler.de\">www.gemeinde-badenweiler.de<br \/>\n<\/a>\u00a0.<br \/>\n<strong>B\u00f6tzingen am Kaiserstuhl<br \/>\n<\/strong>Weihnachtsmarkt B\u00f6tzingen 2013<br \/>\nSamstag 30.11. und Sonntag 1.12.2013<br \/>\nOrtsmitte B\u00f6tzingen, 11-20 Uhr<br \/>\nVeranstalter: Gewerbeverein B\u00f6tzingen e.V.<br \/>\n<a href=\"https:\/\/www.gewerbeverein-boetzingen.de\">www.gewerbeverein-boetzingen.de<\/a><\/p>\n<p>&nbsp;<\/p>\n<p><strong>Bollschweil<br \/>\n<\/strong>BoGart Weihnachtsmarkt 2012<br \/>\nFreitag 14.12.12 bis Sonntag 16.12.12, 11.00 Uhr bis 19.00 Uhr<br \/>\nSchloss Bollschweil, Eintritt 5 Euro\/Person (bis 18 Jahre frei)<br \/>\nVeranstalter: Schlossherren Bollschweil<br \/>\n<a href=\"https:\/\/www.bo-gart.de\">www.bo-gart.de<\/a><\/p>\n<p>&nbsp;<\/p>\n<p><strong>Bonndorf<br \/>\n<\/strong>Weihnachtsmarkt Bonndorf 2012<br \/>\nSamstag 15.12.2012<br \/>\nStadthalle Bonndorf<br \/>\nVeranstalter: Handels- und Gewerbeverein Bonndorf<br \/>\n<a href=\"https:\/\/www.bonndorf.de\">www.bonndorf.de<\/a><\/p>\n<p>&nbsp;<\/p>\n<p><strong>Breitnau<\/strong><br \/>\nWeihnachtsmarkt in der Ravennaschlucht unter der Ravennabr\u00fccke im H\u00f6llental<br \/>\nAb 20.11.2013 samstags und sonntags bis 22.12.2013: 12 &#8211; 19 Uhr<br \/>\nEintritt 3 Euro, Kinder bis10 sind frei.<\/p>\n<p>&nbsp;<\/p>\n<p><strong>Brombach<br \/>\n<\/strong>Weihnachtsmarkt Brombach 2012<br \/>\nSamstag 15.12.2012 und Sonntag 16.12.2012<br \/>\nSchlo\u00dfpark rund um das Rathaus Brombach<br \/>\nVeranstalter: aktives brombach e.V<br \/>\n<a href=\"https:\/\/www.aktives-brombach.de\">www.aktives-brombach.de<\/a><\/p>\n<p>&nbsp;<\/p>\n<p><strong>Buchenbach<\/strong><br \/>\nWeihnachtsmarkt zwei Tage:<br \/>\nSamstag 11-20 Uhr sowie Sonntag 1.12.2013 von 11-17 Uhr<\/p>\n<p>&nbsp;<\/p>\n<p><strong>Burkheim am Kaiserstuhl<br \/>\n<\/strong>Vogtsburger Weihnachtsmarkt 2013<br \/>\nFreitag 29.11.2013 bis Sonntag 1.12.2013<br \/>\nHistorische Mittelstadt in Burkheim<br \/>\nVeranstalter: Gewerbeverein-Vogtsburg e.V.<br \/>\n<a href=\"https:\/\/www.gewerbeverein-vogtsburg.de\">www.gewerbeverein-vogtsburg.de<\/a><\/p>\n<p>&nbsp;<\/p>\n<p><strong>Denzlingen<br \/>\n<\/strong>Weihnachtsmarkt Denzlingen 2012<br \/>\nSamstag 15.12.2012 und Sonntag 16.12.2012<br \/>\nRathausplatz sowie Hauptstra\u00dfe<br \/>\nVeranstalter: Gewerbeverein Denzlingen<br \/>\n<a href=\"https:\/\/www.gewerbeverein-denzlingen.de\">www.gewerbeverein-denzlingen.de<\/a><\/p>\n<p>&nbsp;<\/p>\n<p>&nbsp;<\/p>\n<p><strong>Emmendingen<br \/>\n<\/strong>Weihnachtsmarkt Emmendingen 2012<br \/>\nDonnerstag 29.11.2012 bis Sonntag 23.12.2012<br \/>\nMarktplatz Emmendingen<br \/>\nVeranstalter: Stadt Emmendingen, <a href=\"https:\/\/www.emmendingen.de\">www.emmendingen.de<br \/>\nDer<\/a> Emmendinger Weihnachtsmarkt\u00a0 findet am Marktplatz sowie in der ganzen Innenstadt statt.<\/p>\n<p>&nbsp;<\/p>\n<p><strong>Endingen am Kaiserstuhl<br \/>\n<\/strong>Weihnachtsmarkt Endingen 2012<br \/>\nSamstag 15.12.12 und Sonntag 16.12.2012<br \/>\nHistorischer Marktplatz Endingen<br \/>\nVeranstalter: Gewerbe- und Handelsvereinigung Endingen<br \/>\n<a href=\"https:\/\/www.marktplatz-endingen.de\">www.marktplatz-endingen.de<\/a><\/p>\n<p>&nbsp;<\/p>\n<p><strong>Feldberg<\/strong><br \/>\nWeihnachtsmarkt am Dorfplatz Altglash\u00fctten am Samstag 30.11.2013 von 12 bis 20 Uhr<\/p>\n<p>&nbsp;<\/p>\n<p>&nbsp;<\/p>\n<p><strong>Freiburg<br \/>\n<\/strong>Von 24.11.2014 bis 23.12.2014<br \/>\nT\u00e4glich 10 &#8211; 20.30 Uhr sowie sonntags 11.30 &#8211; 19.30 Uhr<br \/>\nWeihnachtsmarkt Freiburg<br \/>\nRathausplatz sowie Franziskanergasse, Kartoffelmarkt, Unterlinden<br \/>\nVeranstalter: Freiburg Wirtschaft Touristik und Messe GmbH &amp; Co. KG<br \/>\n<a href=\"https:\/\/www.weihnachtsmarkt.freiburg.de\">www.weihnachtsmarkt.freiburg.de<\/a><\/p>\n<p><a href=\"https:\/\/www.freiburg-schwarzwald.de\/blog\/business\/markt\/weihnachtsmarkt\/weihnachtsmarkt-fr121220\/\" rel=\"attachment wp-att-18517\"><img loading=\"lazy\" decoding=\"async\" class=\"alignnone size-thumbnail wp-image-18517\" title=\"weihnachtsmarkt-fr121220\" src=\"https:\/\/www.freiburg-schwarzwald.de\/blog\/wp-content\/uploads\/2012\/09\/weihnachtsmarkt-fr121220-180x135.jpg\" alt=\"\" width=\"180\" height=\"135\" srcset=\"https:\/\/www.freiburg-schwarzwald.de\/blog\/wp-content\/uploads\/2012\/09\/weihnachtsmarkt-fr121220-180x135.jpg 180w, https:\/\/www.freiburg-schwarzwald.de\/blog\/wp-content\/uploads\/2012\/09\/weihnachtsmarkt-fr121220.jpg 640w\" sizes=\"auto, (max-width: 180px) 100vw, 180px\" \/><\/a>\u00a0\u00a0\u00a0\u00a0\u00a0\u00a0\u00a0\u00a0\u00a0 <a href=\"https:\/\/www.freiburg-schwarzwald.de\/blog\/business\/markt\/weihnachtsmarkt\/kinder-karussell121220\/\" rel=\"attachment wp-att-18518\"><img loading=\"lazy\" decoding=\"async\" class=\"alignnone size-thumbnail wp-image-18518\" title=\"kinder-karussell121220\" src=\"https:\/\/www.freiburg-schwarzwald.de\/blog\/wp-content\/uploads\/2012\/09\/kinder-karussell121220-180x135.jpg\" alt=\"\" width=\"180\" height=\"135\" srcset=\"https:\/\/www.freiburg-schwarzwald.de\/blog\/wp-content\/uploads\/2012\/09\/kinder-karussell121220-180x135.jpg 180w, https:\/\/www.freiburg-schwarzwald.de\/blog\/wp-content\/uploads\/2012\/09\/kinder-karussell121220.jpg 640w\" sizes=\"auto, (max-width: 180px) 100vw, 180px\" \/><\/a>\u00a0\u00a0\u00a0\u00a0\u00a0\u00a0\u00a0\u00a0\u00a0 <a href=\"https:\/\/www.freiburg-schwarzwald.de\/blog\/business\/markt\/weihnachtsmarkt\/baechleboot-rehaladen1212\/\" rel=\"attachment wp-att-18519\"><img loading=\"lazy\" decoding=\"async\" class=\"alignnone size-thumbnail wp-image-18519\" title=\"baechleboot-rehaladen1212\" src=\"https:\/\/www.freiburg-schwarzwald.de\/blog\/wp-content\/uploads\/2012\/09\/baechleboot-rehaladen1212-180x135.jpg\" alt=\"\" width=\"180\" height=\"135\" srcset=\"https:\/\/www.freiburg-schwarzwald.de\/blog\/wp-content\/uploads\/2012\/09\/baechleboot-rehaladen1212-180x135.jpg 180w, https:\/\/www.freiburg-schwarzwald.de\/blog\/wp-content\/uploads\/2012\/09\/baechleboot-rehaladen1212.jpg 640w\" sizes=\"auto, (max-width: 180px) 100vw, 180px\" \/><\/a><br \/>\n(1) Weihnachtsmarkt am 20.12.2012\u00a0\u00a0\u00a0 (2) Karussell\u00a0\u00a0\u00a0\u00a0\u00a0\u00a0\u00a0\u00a0\u00a0\u00a0\u00a0\u00a0\u00a0\u00a0\u00a0\u00a0\u00a0\u00a0\u00a0\u00a0\u00a0\u00a0\u00a0\u00a0\u00a0\u00a0\u00a0\u00a0\u00a0\u00a0\u00a0\u00a0\u00a0\u00a0\u00a0\u00a0\u00a0\u00a0\u00a0\u00a0\u00a0\u00a0\u00a0\u00a0\u00a0 (3) B\u00e4chleboote vom Reha-Laden<\/p>\n<p><strong>\u00a0\u00a0 <\/strong><\/p>\n<p><strong>Freiburg-Ebnet<br \/>\n<\/strong>25. Christkindlesmarkt Ebnet 2013<br \/>\n1. Advent, Sonntag 1.12.2013, 11 bis 18 Uhr<br \/>\nEbneter Schloss &#8211; Park am Schloss sowie Zehntscheuer<br \/>\nF\u00fcr 2013 sind alle Standpl\u00e4tze vergeben.<br \/>\nVeranstalter:\u00a0Vereine von <a title=\"Ebnet\" href=\"https:\/\/www.freiburg-schwarzwald.de\/blog\/regio\/freiburg\/ebnet\/\">Ebnet<br \/>\n<\/a>Markt-Organisation: Klaus Richtsteiger und Team, <a href=\"mailto:anRichtsteiger@aol.com\">anRichtsteiger@aol.com<\/a>, Tel 0761\/62168<br \/>\n<a href=\"mailto:gayling-verwaltung@gmx.de\">gayling-verwaltung@gmx.de<\/a><\/p>\n<div id=\"attachment_10456\" style=\"width: 190px\" class=\"wp-caption alignnone\"><a href=\"https:\/\/www.freiburg-schwarzwald.de\/blog\/business\/markt\/weihnachtsmarkt\/ebnet4-061203\/\" rel=\"attachment wp-att-10456\"><img loading=\"lazy\" decoding=\"async\" aria-describedby=\"caption-attachment-10456\" class=\"size-thumbnail wp-image-10456\" title=\"ebnet4-061203\" src=\"https:\/\/www.freiburg-schwarzwald.de\/blog\/wp-content\/uploads\/2012\/09\/ebnet4-061203-180x135.jpg\" alt=\"\" width=\"180\" height=\"135\" srcset=\"https:\/\/www.freiburg-schwarzwald.de\/blog\/wp-content\/uploads\/2012\/09\/ebnet4-061203-180x135.jpg 180w, https:\/\/www.freiburg-schwarzwald.de\/blog\/wp-content\/uploads\/2012\/09\/ebnet4-061203.jpg 640w\" sizes=\"auto, (max-width: 180px) 100vw, 180px\" \/><\/a><p id=\"caption-attachment-10456\" class=\"wp-caption-text\">Ebneter Christkindlesmarkt 3.12.2006 &#8211; Blick nach S\u00fcden aus der Scheune, in die die Sonne hineinblinzelt<\/p><\/div>\n<p>Geschenke und Ideen\u00a0&#8211; alles selbstgemacht. \u00dcberraschungen f\u00fcr Kinder. Bewirtung. Viel ehrenamtliches Engagement der Ebneter B\u00fcrger.<br \/>\n<a href=\"https:\/\/www.freiburg-schwarzwald.de\/ebneter-christkindlesmarkt.htm\">https:\/\/www.freiburg-schwarzwald.de\/ebneter-christkindlesmarkt.htm<\/a><br \/>\n<a href=\"https:\/\/www.freiburg-schwarzwald.de\/littenweiler\/ebnet\/schloss-ebnet.htm\">https:\/\/www.freiburg-schwarzwald.de\/littenweiler\/ebnet\/schloss-ebnet.htm<\/a>\u00a0&gt;Archivseite Ebnet<\/p>\n<p>&nbsp;<\/p>\n<p><strong>Freiburg-Kappel<\/strong><br \/>\nSamstag 14.12. und Sonntag 15.12.2013 von 11 bis 18 Uhr<br \/>\nWeihnachtsmarkt auf dem Sportgel\u00e4nde. Veranstalter: SV Kappel<\/p>\n<p>&nbsp;<\/p>\n<p>&nbsp;<\/p>\n<p><strong>Freiburg-Littenweiler<br \/>\n<\/strong><a title=\"Weihnachtsmarkt-Littenweiler\" href=\"https:\/\/www.freiburg-schwarzwald.de\/blog\/business\/markt\/weihnachtsmarkt\/weihnachtsmarkt-littenweiler\/\">Weihnachtsmarkt Littenweiler &#8211; alle Infos<\/a><\/p>\n<p>&nbsp;<\/p>\n<p><strong>Freiburg-Opfingen<br \/>\n<\/strong>Nikolausmarkt 2012<br \/>\nSonntag 9.12.2012<br \/>\nRund um das Rathaus am D\u00fcrleberg<br \/>\nVeranstalter : Gemeinde, <a href=\"https:\/\/www.opfingen.de\">www.opfingen.de<\/a><\/p>\n<p>&nbsp;<\/p>\n<p>&nbsp;<\/p>\n<p><strong>Glottertal<br \/>\n<\/strong>Adventsmarkt der Glottert\u00e4ler Landfrauen<br \/>\nSonntag, 25. November 2012<br \/>\nEichberghalle<br \/>\nVeranstalter: Landfrauen Glottertal<\/p>\n<p>Weihnachtsmarkt Glottertal 2012<br \/>\nSonntag 8. und 9.12.2012<br \/>\nHotel Hirschen<br \/>\nVeranstalter:\u00a0<a href=\"https:\/\/www.glottertal.de\">www.glottertal.de<\/a><\/p>\n<p>Adventskr\u00e4nze- und Gestecke, Selbstgebackenes, Selbstgebasteltes, Bewirtung: Mittagstisch, Kaffee und Kuchen<\/p>\n<p>&nbsp;<\/p>\n<p><strong>Gundelfingen<br \/>\n<\/strong>Gundelfinger Weihnachtsmarkt 2012<br \/>\nSamstag 8.12.2012 und Sonntag 9.12.2012<br \/>\nOrtskern Gundelfingen<br \/>\nVeranstalter: Treffpunkt-Gundelfingen, Gemeinde Gundelfingen<br \/>\n<a href=\"https:\/\/www.gundelfingen.de\">www.gundelfingen.de<\/a><br \/>\n<strong>Herbolzheim<br \/>\n<\/strong>Weihnachtsmarkt Herbolzheim 2012<br \/>\nSamstag 1.12.2012 und Sonntag 2.12.2012<br \/>\nMarktplatz Herbolzheim<br \/>\nVeranstalter: Stadt\u00a0 sowie die \u00f6rtlichen Vereine Herbolzheim<br \/>\n<a href=\"https:\/\/www.herbolzheim.de\">www.herbolzheim.de<\/a><\/p>\n<p>Traditionell\u00a0am ersten Adventswochenende findet der beliebte Herbolzheimer Weihnachtsmarkt statt.<\/p>\n<p>&nbsp;<\/p>\n<p><strong>Hinterzarten<\/strong><br \/>\nSchule Birklehof, 1.Advent 1.12.2013, 11 bis 17 Uhr<\/p>\n<p>&nbsp;<\/p>\n<p>&nbsp;<\/p>\n<p><strong>Kirchzarten<br \/>\n<\/strong>14. Weihnachtserlebnis Kirchzarten 2012<br \/>\nFreitag 29.11.2013 bis Sonntag 01.12.2013<br \/>\nMarkt\u00f6ffnungszeiten: Freitag: 14.00 &#8211; 21.00 Uhr<br \/>\nSamstag: 11.00 &#8211; 21.00 Uhr, Sonntag: 11.00 &#8211; 19.00 Uhr<br \/>\nTalvogtei Kirchzarten<br \/>\nVeranstalter: Gewerbeverein Kirchzarten e.V., <a href=\"https:\/\/www.gewerbeverein-kirchzarten.de\">www.gewerbeverein-kirchzarten.de<\/a><br \/>\nGaby Junginger,\u00a0Kirchzarten, Tel 07661-988330,\u00a0 <a href=\"mailto:info@jumediaprint.de\">info@jumediaprint.de<\/a><\/p>\n<p>&nbsp;<\/p>\n<p><strong>Laufen bei Sulzburg<br \/>\n<\/strong>Adventszauber Staudeng\u00e4rtnerei 2012<br \/>\nFreitag 29.11.2013 und Samstag 30.11.2013, 10.00 Uhr bis 19.00 Uhr<br \/>\nStaudeng\u00e4rtnerei Gr\u00e4fin von Zeppelin<br \/>\nVeranstalter: Staudeng\u00e4rtnerei Gr\u00e4fin von Zeppelin, <a href=\"https:\/\/www.staudengaertnerei.com\">www.staudengaertnerei.com<\/a><\/p>\n<p>&nbsp;<\/p>\n<p><strong>Munzingen<br \/>\n<\/strong>Weihnachtsmarkt Munzingen 2012<br \/>\nSamstag 15.12.12 und Sonntag 16.12.2012<br \/>\nSchloss Reinach<br \/>\nVeranstalter: <a href=\"https:\/\/www.schlossreinach.de\">www.schlossreinach.de<\/a><\/p>\n<p><a title=\"Weihnachtsmarkt-Munzingen\" href=\"https:\/\/www.freiburg-schwarzwald.de\/blog\/business\/markt\/weihnachtsmarkt\/weihnachtsmarkt-munzingen\/\">Munzinger Weihnachtsmarkt<\/a>\u00a0mit erlesenem Kunsthandwerk und kulinarischen Leckereien im adventlich geschm\u00fcckten Innenhof des Schlosses Reinach von 12.00 &#8211; 20.00 Uhr.<\/p>\n<p><a href=\"https:\/\/www.freiburg-schwarzwald.de\/kaese1.htm#Erster K\u00e4semarkt in Munzingen\">Erster K\u00e4semarkt in Munzingen<\/a> &gt;Kaese1 (20.9.2010)<\/p>\n<p>&nbsp;<\/p>\n<p><strong>Neustadt<br \/>\n<\/strong>Neust\u00e4dter Weihnachtsmarkt<br \/>\n1. Dezember 2012 und 2. Dezember 2012<br \/>\nNarrenbrunnenplatz und Platz vor dem J\u00e4gerhaus in 79822 Titisee-Neustadt<br \/>\nVeranstalter: <a title=\"Die Webseite www.neustadt-weihnachtsmarkt.de besuchen\" href=\"https:\/\/www.neustadt-weihnachtsmarkt.de\/\" target=\"_blank\" rel=\"noopener\">www.neustadt-weihnachtsmarkt.de<\/a><\/p>\n<div>Kleines Weihnachtsdorf mit zahlreichen St\u00e4nden. Rahmenprogramm.<\/div>\n<p>&nbsp;<\/p>\n<p><strong>Oberried<br \/>\n<\/strong>3. Oberrieder Adventlicher Bauern- und Kunsthandwerkermarkt<br \/>\n30.11.2013 von 15 bis 18 Uhr. Mit Krippenausstellung<br \/>\nKlosterschiire Oberried<br \/>\nVeranstalter: Gemeinde Oberried, <a href=\"https:\/\/www.oberried.de\">www.oberried.de<\/a><\/p>\n<p>&nbsp;<\/p>\n<p><strong>Pfaffenweiler<\/strong><br \/>\nWeihnachtsmarkt am Rathausplatz 30.11.2013 von 14-17 Uhr<\/p>\n<p>&nbsp;<\/p>\n<div><strong>Staufen<br \/>\n<\/strong>Altstaufener Weihnachtsmarkt<\/p>\n<div>8. Dezember 2012<br \/>\nFu\u00dfg\u00e4ngerzone Altstadt Steufen<br \/>\nVeranstalter: Gemeinde Staufen,\u00a0<a title=\"Die Webseite www.staufen.de besuchen\" href=\"https:\/\/www.staufen.de\/\" target=\"_blank\" rel=\"noopener\">www.staufen.de<\/a><\/div>\n<div><\/div>\n<\/div>\n<p><strong>Stegen<br \/>\n<\/strong>Stegen &#8211; Weihnachtsbazar im BBZ<br \/>\nFreitag 29.11.2013 von 9 &#8211; 12 Uhr in der Aula<\/p>\n<p>Stegener Weihnachtsmarkt<br \/>\n8.12.2012 von 11 bis 19 Uhr, 9.12.2012 von 11 bis 17 Uhr<br \/>\nDorfplatz Stegen<br \/>\nVeranstalter: FFS Freiwillige Feuerwehr Stegen, Tel 07661\/39 05 11<br \/>\n<a href=\"https:\/\/www.stegen.de\/\">www.stegen.de<\/a><\/p>\n<p>Weihnachtsmarkt mit ca 50 ausschlie\u00dflich\u00a0kunsthandwerklichen Privatanbietern, die ihre Produkte allesamt selbst herstellen.<\/p>\n<p>&nbsp;<\/p>\n<p><strong>St. M\u00e4rgen<\/strong><br \/>\nKunsthandwerklicher Weihnachtsmarkt am 1.12.2013<br \/>\n10 &#8211; 17.30 auf dem Augustinerplatz<\/p>\n<p>&nbsp;<\/p>\n<p><strong>Titisee<br \/>\n<\/strong>Seemer Weihnachtsmarkt in Titisee<br \/>\nSonntag 1.12.2013<br \/>\nRoter Platz in Titisee-Ort<br \/>\nVeranstalter: <a title=\"Die Webseite www.titisee-neustadt.de besuchen\" href=\"https:\/\/www.titisee-neustadt.de\/\" target=\"_blank\" rel=\"noopener\">www.titisee-neustadt.de<\/a><\/p>\n<p>&nbsp;<\/p>\n<p><strong>Todtnau<\/strong><br \/>\nWeihnachtsmarkt 1.12.2013 von 11 bis 20 Uhr<\/p>\n<p>&nbsp;<\/p>\n<p>&nbsp;<\/p>\n<p><strong>Waldkirch<br \/>\n<\/strong>Weihnachtsmarkt im Museum 2012<br \/>\nDonnerstag 15.11.2012 bis Sonntag 18.11.12<br \/>\nElztalmuseum. Als besonderer H\u00f6hepunkt findet im Rahmen der Weihnachtsausstellung im Elztalmuseum der beliebte Weihnachtsmarkt statt.<br \/>\nVeranstalter: Elztalmuseum, <a href=\"https:\/\/www.elztalmuseum.de\">www.elztalmuseum.de<\/a><\/p>\n<p>Adventsmarkt in der Waldkircher Innenstadt<br \/>\n30. November 2012 &#8211; 02. Dezember 2012<\/p>\n<div>Freitag von 16 bis 22 Uhr, Samstag von 11 bis 20 Uhr, Sonntag von 11 bis 18 Uhr<br \/>\nMarktplatz und\u00a0angrenzende Innenstadt<br \/>\nVeranstalter: <a title=\"Die Webseite www.werbegemeinschaft-waldkirch.de besuchen\" href=\"https:\/\/www.werbegemeinschaft-waldkirch.de\/\" target=\"_blank\" rel=\"noopener\">www.werbegemeinschaft-waldkirch.de<\/a><\/div>\n<p>&nbsp;<\/p>\n","protected":false},"excerpt":{"rendered":"<p>Home &gt;Business &gt;Markt &gt;Engagement &gt;Weihnachtsmarkt Listenauswahl eines Beitrags: Bitte anklicken oder runterscrollen Die Prophezeiung &#8211; Weihnachtsm\u00e4rkte in Dubai (14.12.202) Christenfeindlichkeit \u2013 das\u00a0Tabu\u00a0(14.12.2025) Magdeburg Terror \u2013 Vergessen\u00a0(13.1.2025) Trauer Integration: Magdeburg\u00a0(29.12.2024) Magdeburg Weihnachtsmarkt\u00a0(22.12.2024) \u201eAllahu Akbar\u201c statt \u201eStille Nacht\u201c (14.12.2024) Assad-Sturz in Syrien &hellip; <a href=\"https:\/\/www.freiburg-schwarzwald.de\/blog\/business\/markt\/weihnachtsmarkt\/\">Weiterlesen <span class=\"meta-nav\">&rarr;<\/span><\/a><\/p>\n","protected":false},"author":4,"featured_media":0,"parent":3044,"menu_order":0,"comment_status":"open","ping_status":"closed","template":"","meta":{"footnotes":""},"class_list":["post-10440","page","type-page","status-publish","hentry"],"_links":{"self":[{"href":"https:\/\/www.freiburg-schwarzwald.de\/blog\/wp-json\/wp\/v2\/pages\/10440","targetHints":{"allow":["GET"]}}],"collection":[{"href":"https:\/\/www.freiburg-schwarzwald.de\/blog\/wp-json\/wp\/v2\/pages"}],"about":[{"href":"https:\/\/www.freiburg-schwarzwald.de\/blog\/wp-json\/wp\/v2\/types\/page"}],"author":[{"embeddable":true,"href":"https:\/\/www.freiburg-schwarzwald.de\/blog\/wp-json\/wp\/v2\/users\/4"}],"replies":[{"embeddable":true,"href":"https:\/\/www.freiburg-schwarzwald.de\/blog\/wp-json\/wp\/v2\/comments?post=10440"}],"version-history":[{"count":5,"href":"https:\/\/www.freiburg-schwarzwald.de\/blog\/wp-json\/wp\/v2\/pages\/10440\/revisions"}],"predecessor-version":[{"id":143074,"href":"https:\/\/www.freiburg-schwarzwald.de\/blog\/wp-json\/wp\/v2\/pages\/10440\/revisions\/143074"}],"up":[{"embeddable":true,"href":"https:\/\/www.freiburg-schwarzwald.de\/blog\/wp-json\/wp\/v2\/pages\/3044"}],"wp:attachment":[{"href":"https:\/\/www.freiburg-schwarzwald.de\/blog\/wp-json\/wp\/v2\/media?parent=10440"}],"curies":[{"name":"wp","href":"https:\/\/api.w.org\/{rel}","templated":true}]}}