{"id":102729,"date":"2022-07-19T15:35:28","date_gmt":"2022-07-19T13:35:28","guid":{"rendered":"https:\/\/www.freiburg-schwarzwald.de\/blog\/?page_id=102729"},"modified":"2025-05-19T21:18:17","modified_gmt":"2025-05-19T19:18:17","slug":"sozialprotest","status":"publish","type":"page","link":"https:\/\/www.freiburg-schwarzwald.de\/blog\/engagement\/buergerinitiativen\/sozialprotest\/","title":{"rendered":"Sozialprotest"},"content":{"rendered":"<p><a href=\"https:\/\/freiburg-schwarzwald.de\/blog\">Home<\/a>\u00a0&gt;<a title=\"Engagement\" href=\"https:\/\/www.freiburg-schwarzwald.de\/blog\/engagement\/\">Engagement<\/a>\u00a0&gt;<a title=\"Zukunft\" href=\"https:\/\/www.freiburg-schwarzwald.de\/blog\/engagement\/zukunft\/\">Zukunft<\/a>\u00a0&gt;<a title=\"Demokratie\" href=\"https:\/\/www.freiburg-schwarzwald.de\/blog\/engagement\/zukunft\/demokratie\/\">Demokratie<\/a>\u00a0&gt;<a title=\"Buergerinitiativen\" href=\"https:\/\/www.freiburg-schwarzwald.de\/blog\/engagement\/buergerinitiativen\/\">Buergerinitiativen<\/a> &gt;Sozialprotest<\/p>\n<div id=\"attachment_102727\" style=\"width: 648px\" class=\"wp-caption alignnone\"><a href=\"https:\/\/www.freiburg-schwarzwald.de\/blog\/wp-content\/uploads\/2022\/07\/elz-niedrigwasser-pan220715.jpg\"><img loading=\"lazy\" decoding=\"async\" aria-describedby=\"caption-attachment-102727\" class=\"size-full wp-image-102727\" src=\"https:\/\/www.freiburg-schwarzwald.de\/blog\/wp-content\/uploads\/2022\/07\/elz-niedrigwasser-pan220715.jpg\" alt=\"\" width=\"638\" height=\"359\" srcset=\"https:\/\/www.freiburg-schwarzwald.de\/blog\/wp-content\/uploads\/2022\/07\/elz-niedrigwasser-pan220715.jpg 638w, https:\/\/www.freiburg-schwarzwald.de\/blog\/wp-content\/uploads\/2022\/07\/elz-niedrigwasser-pan220715-180x101.jpg 180w\" sizes=\"auto, (max-width: 638px) 100vw, 638px\" \/><\/a><p id=\"caption-attachment-102727\" class=\"wp-caption-text\">Niedrigwasser der Elz bei Freiburg am 15.7.2022 &#8211; Hitze<\/p><\/div>\n<ul>\n<li><em>Listenauswahl eines Beitrags (Artikel\/Datum, Seite\/Inhalt):\u00a0<span style=\"text-decoration: underline;\">Klicken<\/span>\u00a0oder scrollen<\/em><\/li>\n<li><a href=\"https:\/\/www.freiburg-schwarzwald.de\/blog\/selbsthilfe\/jugend\/jugend-protest\/\">Die Jugend sollte auf die Stra\u00dfe gehen und gegen diese Politik protestieren<\/a>\u00a0(18.5.2025)<\/li>\n<li><a href=\"https:\/\/www.freiburg-schwarzwald.de\/blog\/global\/\">2024: Ein hartes Jahr f\u00fcr Widerstand gegen Globalismus<\/a>\u00a0(4.3.2024)<\/li>\n<li><a href=\"https:\/\/www.freiburg-schwarzwald.de\/blog\/natur\/landwirt\/bauern-protest\/\">Bauerndemos: LSV Staffelfahrt 27.1.-7.2.2024 zu 13 Hauptst\u00e4dten in D<\/a> (26.1.2024)<\/li>\n<li><a href=\"https:\/\/www.freiburg-schwarzwald.de\/blog\/business\/industrie\/mittelstand\/mittelstand-proteste\/\">Der Bauernprotest mobilisiert den Mittelstand<\/a>\u00a0(16.1.2024)<\/li>\n<li><a href=\"https:\/\/www.freiburg-schwarzwald.de\/blog\/friedensbewegung-2-0-wann\/\">Friedensbewegung 2.0 \u2013 Wann?<\/a>\u00a0(4.12.2023)<\/li>\n<li><a href=\"https:\/\/www.freiburg-schwarzwald.de\/blog\/engagement\/wir\/\">\u201eWir\u201c? Nein \u2013 Ich nicht<\/a>\u00a0(14.11.2023)<\/li>\n<li><a href=\"https:\/\/www.freiburg-schwarzwald.de\/blog\/selbsthilfe\/soziales\/arbeit\/arbeitsverweigerung\/\">Der gro\u00dfe R\u00fcckzug \u2013 vom Arbeitsmarkt<\/a>\u00a0(19.6.2023)<\/li>\n<li><a href=\"https:\/\/www.freiburg-schwarzwald.de\/blog\/engagement\/eskapismus\/\">Eskapismus \u2013 beginnt ein neues Biedermeier?<\/a>\u00a0(23.3.2023)<\/li>\n<li><a href=\"https:\/\/www.freiburg-schwarzwald.de\/blog\/ohne-mittelstand-kein-wohlstand\/\">Ohne Mittelstand kein Wohlstand<\/a>\u00a0(5.2.2023)<\/li>\n<li><a href=\"https:\/\/www.freiburg-schwarzwald.de\/blog\/selbsthilfe\/krise\/gewalt\/krawalle\/\">Ethnisch-kulturelle Ursachen sozialer Probleme<\/a>\u00a0(9.1.2023)<\/li>\n<li><a href=\"https:\/\/www.freiburg-schwarzwald.de\/blog\/eric-clapton-stand-and-deliver\/\">Eric Clapton: Stand and deliver<\/a>\u00a0(1.1.2023)<\/li>\n<li><a href=\"https:\/\/www.freiburg-schwarzwald.de\/blog\/business\/gesund\/corona-virus\/corona-aufarbeitung\/\">Julia Neigel: Ich werde nicht aufh\u00f6ren, die Aufarbeitung dieser Tyrannei voranzutreiben<\/a>\u00a0(20.12.2022)<\/li>\n<li><a href=\"https:\/\/www.freiburg-schwarzwald.de\/blog\/demo-party-oder-rueckzug\/\">Demo, Party oder R\u00fcckzug?<\/a>\u00a0(8.12.2022)<\/li>\n<li><a href=\"https:\/\/www.freiburg-schwarzwald.de\/blog\/demo-3-dez-22-grundrechte-fr\/\">Demo 3-Dez-22 Grundrechte FR<\/a>\u00a0(1.12.2022)<\/li>\n<li><a href=\"https:\/\/www.freiburg-schwarzwald.de\/blog\/engagement\/zukunft\/angst\/sozialangst\/\">Angst vor Zugeh\u00f6rigkeitsverlust und Angst vor Zuschreibung zu einer Gruppe<\/a>\u00a0(26,11,2022)<\/li>\n<li>Demonstrationen gegen Corona- und Ukraine-Politik in Prag, Dresden, &#8230; (1.11.2022)<\/li>\n<li><a href=\"https:\/\/www.freiburg-schwarzwald.de\/blog\/kanada-corona-entschuldigung\/\">Kanada Corona Entschuldigung<\/a>\u00a0(30.10.2022)<\/li>\n<li><a href=\"https:\/\/www.freiburg-schwarzwald.de\/blog\/engagement\/zukunft\/demokratie\/demokratieabbau\/\">Reitschuster: \u201eIch f\u00fcrchte einen dramatischen politischen Zerfall\u201c<\/a>\u00a0(23.10.2022)<\/li>\n<li><a href=\"https:\/\/www.freiburg-schwarzwald.de\/blog\/engagement\/zukunft\/demokratie\/parteienstaat\/\">Krankenschwester im Video zur Krisensituation in D<\/a>\u00a0(8.10.2022)<\/li>\n<li><a href=\"https:\/\/www.freiburg-schwarzwald.de\/blog\/kultur\/medien\/diskussionskultur\/reden\/\">Miteinander reden: Freie Meinungs\u00e4u\u00dferung auf Schleichfahrt<\/a>\u00a0(23.9.2022)<\/li>\n<li><a href=\"https:\/\/www.freiburg-schwarzwald.de\/blog\/engagement\/buergerinitiativen\/grundrechte-demo\/\">Zehntausende gehen gegen Bundesregierung auf die Stra\u00dfe<\/a>\u00a0(20.9.2022)<\/li>\n<li><a href=\"https:\/\/www.freiburg-schwarzwald.de\/blog\/engagement\/zukunft\/demokratie\/widerstand\/\">Gegendruck statt Resignation<\/a>\u00a0(17.9.2022)<\/li>\n<li><a href=\"https:\/\/www.freiburg-schwarzwald.de\/blog\/engagement\/gutmenschen\/wutwinter\/\">Politischer Wortschatz: \u201eWutwinter\u201c 2022\/23<\/a>\u00a0(12.8.2022)<\/li>\n<li><a href=\"https:\/\/www.freiburg-schwarzwald.de\/blog\/kritik-an-regierung-nicht-staat\/\">Kritik an Regierung, nicht Staat<\/a>\u00a0(8.8.2022)<\/li>\n<li><a href=\"https:\/\/www.freiburg-schwarzwald.de\/blog\/regierung-warnt-vor-regierung\/\">Regierung warnt vor Regierung<\/a>\u00a0(23.7.2022)<\/li>\n<li>Faeser: Sozialproteste illegitim (19.7.2022)<\/li>\n<li><a href=\"https:\/\/www.freiburg-schwarzwald.de\/blog\/religion\/islam\/untergang\/\">David Engels zur Ruhe vor dem Sturm<\/a>\u00a0(8.7.2022)<\/li>\n<li><\/li>\n<li><a href=\"https:\/\/www.freiburg-schwarzwald.de\/blog\/selbsthilfe\/soziales\/arbeit\/arbeitsverweigerung\/\">Arbeitsverweigerung<\/a><\/li>\n<li><a href=\"https:\/\/www.freiburg-schwarzwald.de\/blog\/business\/gesund\/corona-virus\/corona-aufarbeitung\/\">Corona-Aufarbeitung<\/a><\/li>\n<li><a title=\"Corona-Demo\" href=\"https:\/\/www.freiburg-schwarzwald.de\/blog\/business\/gesund\/corona-virus\/corona-demo\/\">Corona-Demo<\/a><\/li>\n<li><a title=\"Dagegen\" href=\"https:\/\/www.freiburg-schwarzwald.de\/blog\/engagement\/dagegen\/\">Dagegen \u2013 Dagegen-Sein<\/a><\/li>\n<li><a href=\"https:\/\/www.freiburg-schwarzwald.de\/blog\/engagement\/zukunft\/demokratie\/demokratieabbau\/\">Demokratieabbau<\/a><\/li>\n<li><a title=\"Demo\" href=\"https:\/\/www.freiburg-schwarzwald.de\/blog\/engagement\/buergerinitiativen\/demo\/\">Demonstration<\/a><\/li>\n<li><a href=\"https:\/\/www.freiburg-schwarzwald.de\/blog\/engagement\/buergerinitiativen\/demos-in-freiburg\/\">Demos-in-Freiburg<\/a><\/li>\n<li><a href=\"https:\/\/www.freiburg-schwarzwald.de\/blog\/engagement\/eskapismus\/\">Eskapismus<\/a><\/li>\n<li><a title=\"Gelbwesten\" href=\"https:\/\/www.freiburg-schwarzwald.de\/blog\/global\/eu\/gelbwesten\/\">Gelbwesten<\/a><\/li>\n<li><a href=\"https:\/\/www.freiburg-schwarzwald.de\/blog\/engagement\/zukunft\/demokratie\/grundgesetz\/grundrechte\/\">Grundrechte<\/a><\/li>\n<li><a href=\"https:\/\/www.freiburg-schwarzwald.de\/blog\/engagement\/buergerinitiativen\/grundrechte-demo\/\">Grundrechte-Demo<\/a><\/li>\n<li><a href=\"https:\/\/www.freiburg-schwarzwald.de\/blog\/selbsthilfe\/jugend\/jugend-protest\/\">Jugend-Protest<\/a><\/li>\n<li><a href=\"https:\/\/www.freiburg-schwarzwald.de\/blog\/business\/industrie\/mittelstand\/mittelstand-proteste\/\">Mittelstand-Proteste<\/a><\/li>\n<li><a title=\"Petitionen\" href=\"https:\/\/www.freiburg-schwarzwald.de\/blog\/kultur\/internet\/petitionen\/\">Petitionen<\/a><\/li>\n<li><a title=\"Polizei\" href=\"https:\/\/www.freiburg-schwarzwald.de\/blog\/selbsthilfe\/soziales\/justiz\/polizei\/\">Polizei<\/a><\/li>\n<li><a href=\"https:\/\/www.freiburg-schwarzwald.de\/blog\/engagement\/zukunft\/demokratie\/opposition\/querdenken\/\">querdenken<\/a><\/li>\n<li><a href=\"https:\/\/www.freiburg-schwarzwald.de\/blog\/kultur\/medien\/diskussionskultur\/reden\/\">Reden miteinander<\/a><\/li>\n<li><a href=\"https:\/\/www.freiburg-schwarzwald.de\/blog\/engagement\/zukunft\/angst\/sozialangst\/\">Sozialangst<\/a><\/li>\n<li><a href=\"https:\/\/www.freiburg-schwarzwald.de\/blog\/engagement\/buergerinitiativen\/spaziergaenge\/\">Spazierg\u00e4nge<\/a><\/li>\n<li><a title=\"SPES\" href=\"https:\/\/www.freiburg-schwarzwald.de\/blog\/vereine\/hilfe\/spes\/\">SPES<\/a><\/li>\n<li><a href=\"https:\/\/www.freiburg-schwarzwald.de\/blog\/engagement\/wir\/\">wir<\/a><\/li>\n<li><a href=\"https:\/\/www.freiburg-schwarzwald.de\/blog\/engagement\/gutmenschen\/wutwinter\/\">Wutwinter<\/a><\/li>\n<li><a title=\"Zivilcourage\" href=\"https:\/\/www.freiburg-schwarzwald.de\/blog\/engagement\/zivilcourage\/\">Zivilcourage<\/a><\/li>\n<\/ul>\n<p>&nbsp;<\/p>\n<p><strong>Demonstrationen gegen Corona- und Ukraine-Politik in Prag, Dresden, &#8230;<\/strong><br \/>\n<em>Im Fokus stehen heute die wirtschaftlichen Auswirkungen von Pandemie und Ukraine-Krieg. Aber es kommen auch andere Themen hervor, etwa eine generelle Skepsis gegen\u00fcber dem Handeln von Politikern \u2013 auch wo es um das gro\u00dfe Thema Immigration geht.<\/em><br \/>\nDer Protest von Prag bewegt nach wie vor die internationalen Beobachter. Es gibt neue Bilder, die zeigen, wie die Pr\u00e4senz der B\u00fcrger im \u00f6ffentlichen Raum aussehen kann.<br \/>\n<a href=\"https:\/\/twitter.com\/i\/status\/1586080607720902656\">https:\/\/twitter.com\/i\/status\/1586080607720902656<\/a><\/p>\n<p>Aber auch deutsche St\u00e4dte m\u00fcssen sich nicht verstecken. In Dresden demonstrierten am Samstag nach Sch\u00e4tzungen 10.000 bis 15.000 Menschen gegen die Corona-Ma\u00dfnahmen und die derzeitige Politik der Bundesregierung, auch in Sachen Ukraine und Energiepreise.<br \/>\n<a href=\"https:\/\/twitter.com\/i\/status\/1586687040128696320\">https:\/\/twitter.com\/i\/status\/1586687040128696320<\/a><br \/>\n<a href=\"https:\/\/twitter.com\/i\/status\/1586409753265065984\">https:\/\/twitter.com\/i\/status\/1586409753265065984<\/a><br \/>\n<a href=\"https:\/\/twitter.com\/i\/status\/1586438527083900928\">https:\/\/twitter.com\/i\/status\/1586438527083900928<\/a><br \/>\n&#8230;<br \/>\nAuch in Mannheim ging man erneut gegen Freiheitsbeschr\u00e4nkungen auf die Stra\u00dfe. Thematisiert wurde aber auch staatliche Verschwendung, etwa mit Parolen wie: \u201eRegierungspalast f\u00fcr 600.000.000. Den zahlst Du!\u201c<br \/>\n<a href=\"https:\/\/twitter.com\/i\/status\/1586423202628059137\">https:\/\/twitter.com\/i\/status\/1586423202628059137\u00a0<\/a><br \/>\n.<br \/>\n&#8230; Alles vom 1.11.2022 bitte lesen auf<br \/>\n<a href=\"https:\/\/www.tichyseinblick.de\/kolumnen\/aus-aller-welt\/protest-demonstration-dresden-corona-ukraine-politik\/\">https:\/\/www.tichyseinblick.de\/kolumnen\/aus-aller-welt\/protest-demonstration-dresden-corona-ukraine-politik\/<\/a><\/p>\n<p>&nbsp;<\/p>\n","protected":false},"excerpt":{"rendered":"<p>Home\u00a0&gt;Engagement\u00a0&gt;Zukunft\u00a0&gt;Demokratie\u00a0&gt;Buergerinitiativen &gt;Sozialprotest Listenauswahl eines Beitrags (Artikel\/Datum, Seite\/Inhalt):\u00a0Klicken\u00a0oder scrollen Die Jugend sollte auf die Stra\u00dfe gehen und gegen diese Politik protestieren\u00a0(18.5.2025) 2024: Ein hartes Jahr f\u00fcr Widerstand gegen Globalismus\u00a0(4.3.2024) Bauerndemos: LSV Staffelfahrt 27.1.-7.2.2024 zu 13 Hauptst\u00e4dten in D (26.1.2024) Der Bauernprotest &hellip; <a href=\"https:\/\/www.freiburg-schwarzwald.de\/blog\/engagement\/buergerinitiativen\/sozialprotest\/\">Weiterlesen <span class=\"meta-nav\">&rarr;<\/span><\/a><\/p>\n","protected":false},"author":2,"featured_media":0,"parent":2329,"menu_order":0,"comment_status":"closed","ping_status":"closed","template":"","meta":{"footnotes":""},"class_list":["post-102729","page","type-page","status-publish","hentry"],"_links":{"self":[{"href":"https:\/\/www.freiburg-schwarzwald.de\/blog\/wp-json\/wp\/v2\/pages\/102729","targetHints":{"allow":["GET"]}}],"collection":[{"href":"https:\/\/www.freiburg-schwarzwald.de\/blog\/wp-json\/wp\/v2\/pages"}],"about":[{"href":"https:\/\/www.freiburg-schwarzwald.de\/blog\/wp-json\/wp\/v2\/types\/page"}],"author":[{"embeddable":true,"href":"https:\/\/www.freiburg-schwarzwald.de\/blog\/wp-json\/wp\/v2\/users\/2"}],"replies":[{"embeddable":true,"href":"https:\/\/www.freiburg-schwarzwald.de\/blog\/wp-json\/wp\/v2\/comments?post=102729"}],"version-history":[{"count":5,"href":"https:\/\/www.freiburg-schwarzwald.de\/blog\/wp-json\/wp\/v2\/pages\/102729\/revisions"}],"predecessor-version":[{"id":134150,"href":"https:\/\/www.freiburg-schwarzwald.de\/blog\/wp-json\/wp\/v2\/pages\/102729\/revisions\/134150"}],"up":[{"embeddable":true,"href":"https:\/\/www.freiburg-schwarzwald.de\/blog\/wp-json\/wp\/v2\/pages\/2329"}],"wp:attachment":[{"href":"https:\/\/www.freiburg-schwarzwald.de\/blog\/wp-json\/wp\/v2\/media?parent=102729"}],"curies":[{"name":"wp","href":"https:\/\/api.w.org\/{rel}","templated":true}]}}