{"id":101649,"date":"2022-06-09T12:56:25","date_gmt":"2022-06-09T10:56:25","guid":{"rendered":"https:\/\/www.freiburg-schwarzwald.de\/blog\/?page_id=101649"},"modified":"2026-02-21T14:26:09","modified_gmt":"2026-02-21T13:26:09","slug":"doxing","status":"publish","type":"page","link":"https:\/\/www.freiburg-schwarzwald.de\/blog\/selbsthilfe\/krise\/doxing\/","title":{"rendered":"Doxing"},"content":{"rendered":"<p>Home &gt;<a title=\"Selbsthilfe\" href=\"https:\/\/www.freiburg-schwarzwald.de\/blog\/selbsthilfe\/\">Selbsthilfe<\/a>\u00a0&gt;<a title=\"Krise\" href=\"https:\/\/www.freiburg-schwarzwald.de\/blog\/selbsthilfe\/krise\/\">Krise<\/a> &gt;<a href=\"https:\/\/www.freiburg-schwarzwald.de\/blog\/selbsthilfe\/krise\/mobbing\/\">Mobbing<\/a> &gt;Doxing<\/p>\n<div id=\"attachment_101221\" style=\"width: 650px\" class=\"wp-caption alignnone\"><a href=\"https:\/\/www.freiburg-schwarzwald.de\/blog\/wp-content\/uploads\/2022\/05\/freiseinfreiburg5-pan220521.jpg\"><img loading=\"lazy\" decoding=\"async\" aria-describedby=\"caption-attachment-101221\" class=\"size-full wp-image-101221\" src=\"https:\/\/www.freiburg-schwarzwald.de\/blog\/wp-content\/uploads\/2022\/05\/freiseinfreiburg5-pan220521.jpg\" alt=\"\" width=\"640\" height=\"411\" srcset=\"https:\/\/www.freiburg-schwarzwald.de\/blog\/wp-content\/uploads\/2022\/05\/freiseinfreiburg5-pan220521.jpg 640w, https:\/\/www.freiburg-schwarzwald.de\/blog\/wp-content\/uploads\/2022\/05\/freiseinfreiburg5-pan220521-180x116.jpg 180w\" sizes=\"auto, (max-width: 640px) 100vw, 640px\" \/><\/a><p id=\"caption-attachment-101221\" class=\"wp-caption-text\">FreiseinFreiburg am 21.5.2022; Die Freiheit wird auf der Demo zu Grabe getragen<\/p><\/div>\n<ul>\n<li><em>Listenauswahl eines Beitrags (Artikel\/Datum, Seite\/Inhalt): <span style=\"text-decoration: underline;\">Klicken<\/span> oder scrollen<\/em><\/li>\n<li><a href=\"https:\/\/www.freiburg-schwarzwald.de\/blog\/kultur\/medien\/meinungsfreiheit\/meinungszensur\/\">Merz und vdL: Meinungsfreiheit<\/a>\u00a0(21.2.2026)<\/li>\n<li>ZDF-B\u00f6hmermann: Soziale Zerst\u00f6rung eines jungen Mannes durch Doxing (17.5.2025)<\/li>\n<li>Jan B\u00f6hmermann doxt einen rechten Youtuber &#8211; erb\u00e4rmlicher Krieg (11.5.2025)<\/li>\n<li><a href=\"https:\/\/www.freiburg-schwarzwald.de\/blog\/wolffsohn-juden-im-wahlkampf\/\">Wolffsohn: Juden im Wahlkampf<\/a>\u00a0(29.8.2023)<\/li>\n<li>Doxing gegen Berliner Verfassungsschutz-Beamtin (3.6.2022)<\/li>\n<\/ul>\n<ul>\n<li><a href=\"https:\/\/www.freiburg-schwarzwald.de\/blog\/engagement\/zukunft\/demokratie\/denunziation\/ausgrenzung\/\">Ausgrenzung<\/a><\/li>\n<li><a title=\"Bevormundung\" href=\"https:\/\/www.freiburg-schwarzwald.de\/blog\/engagement\/zukunft\/demokratie\/bevormundung\/\">Bevormundung<\/a><\/li>\n<li><a title=\"Cottbus\" href=\"https:\/\/www.freiburg-schwarzwald.de\/blog\/engagement\/zukunft\/demokratie\/cottbus\/\">Cottbus<\/a><\/li>\n<li><a title=\"Demonstrationsrecht\" href=\"https:\/\/www.freiburg-schwarzwald.de\/blog\/engagement\/buergerinitiativen\/demonstrationsrecht\/\">Demonstrationsrecht<\/a><\/li>\n<li><a title=\"Diffamierung\" href=\"https:\/\/www.freiburg-schwarzwald.de\/blog\/kultur\/medien\/diffamierung\/\">Diffamierung<\/a><\/li>\n<li><a title=\"Diskriminierung\" href=\"https:\/\/www.freiburg-schwarzwald.de\/blog\/kultur\/medien\/diskriminierung\/\">Diskriminierung<\/a><\/li>\n<li><a title=\"Diskussionskultur\" href=\"https:\/\/www.freiburg-schwarzwald.de\/blog\/kultur\/medien\/diskussionskultur\/\">Diskussionskultur<\/a><\/li>\n<li><a title=\"Doppelmoral\" href=\"https:\/\/www.freiburg-schwarzwald.de\/blog\/global\/deutschland\/moral2015\/doppelmoral\/\">Doppelmoral<\/a><\/li>\n<li><a href=\"https:\/\/www.freiburg-schwarzwald.de\/blog\/kultur\/medien\/faktencheck\/\">Faktencheck<\/a><\/li>\n<li><a title=\"Gesinnungsdiktatur\" href=\"https:\/\/www.freiburg-schwarzwald.de\/blog\/kultur\/medien\/gesinnungsdiktatur\/\">Gesinnungsdiktatur<\/a><\/li>\n<li><a title=\"Instrumentalisierung\" href=\"https:\/\/www.freiburg-schwarzwald.de\/blog\/kultur\/medien\/instrumentalisierung\/\">Instrumentalisierung<\/a><\/li>\n<li><a title=\"Integration\" href=\"https:\/\/www.freiburg-schwarzwald.de\/blog\/global\/integration\/\">Integration<\/a><\/li>\n<li><a title=\"Konformismus\" href=\"https:\/\/www.freiburg-schwarzwald.de\/blog\/kultur\/medien\/political-correctness\/konformismus\/\">Konformismus<\/a><\/li>\n<li><a href=\"https:\/\/www.freiburg-schwarzwald.de\/blog\/kultur\/medien\/diskussionskultur\/kontaktschuld\/\">Kontaktschuld<\/a><\/li>\n<li><a title=\"Luegenpresse\" href=\"https:\/\/www.freiburg-schwarzwald.de\/blog\/kultur\/medien\/luegenpresse\/\">L\u00fcgenpresse<\/a><\/li>\n<li><a title=\"Meinungsfreiheit\" href=\"https:\/\/www.freiburg-schwarzwald.de\/blog\/kultur\/medien\/meinungsfreiheit\/\">Meinungsfreiheit<\/a><\/li>\n<li><a title=\"Multikulti\" href=\"https:\/\/www.freiburg-schwarzwald.de\/blog\/kultur\/leitkultur\/multikulti\/\">Multikulti<\/a><\/li>\n<li><a title=\"Parallelkultur\" href=\"https:\/\/www.freiburg-schwarzwald.de\/blog\/global\/integration\/parallelkultur\/\">Parallelkulturen<\/a><\/li>\n<li><a title=\"Rechts\" href=\"https:\/\/www.freiburg-schwarzwald.de\/blog\/engagement\/zukunft\/demokratie\/rechts\/\">Rechts<\/a><\/li>\n<li><a title=\"Repression\" href=\"https:\/\/www.freiburg-schwarzwald.de\/blog\/kultur\/medien\/repression\/\">Repression<\/a><\/li>\n<\/ul>\n<p>&nbsp;<\/p>\n<p><strong>Doxing bzw. Doxxing<br \/>\n<\/strong>Die reale Person hinter einem Online-Account ausfindig zu machen.<br \/>\nDoxing als das internetbasierte Zusammentragen und Ver\u00f6ffentlichen personenbezogener Daten geschieht zumeist in b\u00f6sartiger Absicht, um einer Person die Anonymit\u00e4t zu entziehen, zu schaden bzw. diese an den Pranger zu stellen. In der Politik ist am h\u00e4ufigsten die <a href=\"https:\/\/www.freiburg-schwarzwald.de\/blog\/vereine\/partei\/afd\/\">AfD<\/a> von Doxing betroffen. Doxing gef\u00e4hrdet den Rechtsfrieden bzw. Rechtsstaat.<\/p>\n<p>Mit der Klarnamenpflicht soll Doxing erzwungen werden. Mehr hier in (5)<br \/>\n==============================================================<\/p>\n<p>.<\/p>\n<p><strong>ZDF-B\u00f6hmermann: Soziale Zerst\u00f6rung eines jungen Mannes durch Doxing<\/strong><br \/>\n<strong>Clownswelt: die Folgen staatlich finanzierter Hetze<\/strong><br \/>\nViele haben vermutlich davon geh\u00f6rt, dass Jan B\u00f6hmermann in seinem w\u00f6chentlichen Hetzmagazin Neo Royal einen kritischen Youtuber nicht nur attackierte und als \u201erechtsextrem\u201c verunglimpfte (was \u2013 wie unser sogenannter Verfassungsschutz vormachte \u2013 ja ganz einfach ist), sondern vor allem dessen Identit\u00e4t offenlegte und ihn so zum Abschuss f\u00fcr einen linken Lynchmob freigab.<br \/>\nDass das eine offenkundige Straftat von B\u00f6hmermann war, sogenanntes Doxing (Offenlegen pers\u00f6nlicher Daten um jemandem zu schaden), mag jeder, den es interessiert, im StGB \u00a7 126a nachlesen. Auch der gesamte Fall ist hinreichend in den Medien dokumentiert, wobei es Beifall f\u00fcr B\u00f6hmermann von den bekannten linken Medien gibt, und kritische Stimmen von Juristen und eher rechten Medien wie der \u201eWelt\u201c.<br \/>\nHier soll es aber um die privaten Folgen f\u00fcr den Youtuber gehen, dessen Eltern, Freunde und Bekannte von Reportern des ZDF bel\u00e4stigt wurden (\u201ewussten sie eigentlich, was ihr Sohn\/Freund auf Youtube treibt?\u201c), mit dem erkennbaren Ziel, ihn sozial zu zerst\u00f6ren, was ich hier am Beispiel seiner Band \u201ePowergame\u201c (er ist auch Musiker) aufzeige.<br \/>\n&#8230;<br \/>\nWer Hass s\u00e4t, wird B\u00fcrgerkrieg ernten<br \/>\nDie immer skrupelloser werdende Hetze und Spaltung der Gesellschaft durch Medien und Politik, gegen jeden, der nicht bedingungslos mitmarschiert, nimmt immer faschistoidere Ausma\u00dfe an. Begn\u00fcgte man sich urspr\u00fcnglich noch mit der Diffamierung der Kritiker, als \u201eVerschw\u00f6rungstheoretiker\u201c, \u201eSchwurbler\u201c oder \u201eRechte\u201c, alles Kampfbegriffe, mit denen man v\u00f6llig zusammenhanglos um sich warf, so geht es jetzt gezielt daran, die Existenz dieser Personen zu vernichten. Einsch\u00fcchtern von Freunden und Verwandten (oder auch Bandmitgliedern), zerst\u00f6ren des Rufs, s\u00e4en von Hass unter den eigenen radikalisierten Mitl\u00e4ufern, k\u00fcndigen der Bankkonten, Boykottaufrufe gegen Firmen der Opfer, Anschreiben von Werbekunden der Publisher, und jetzt der von B\u00f6hmermann geschaffene H\u00f6hepunkt: Ver\u00f6ffentlichen personenbezogener Daten, die es JEDEM erm\u00f6glichen, die Person ausfindig zu machen, und sie so der Willk\u00fcr von Stalkern, verhetzten Antifanten und generell wom\u00f6glich gewaltbereiten Irren auszusetzen. Was nicht nur menschliche Verkommenheit im seit der Stasi nicht mehr gekannten Ausma\u00df offenbart, sondern eben auch eine Straftat ist.<br \/>\n&#8230; Alles vom 17.5.2025 bitte lesen auf<br \/>\n<a href=\"https:\/\/philosophia-perennis.com\/2025\/05\/17\/clownswelt-die-folgen-staatlich-finanzierter-hetze\/\">https:\/\/philosophia-perennis.com\/2025\/05\/17\/clownswelt-die-folgen-staatlich-finanzierter-hetze\/<\/a><br \/>\n.<br \/>\n<em>\u201eIch wusste schon fr\u00fch, dass es B\u00f6hmermann als Moderator nie schaffen w\u00fcrde. Aber dass er es als Krawallschachtel sehr weit bringen w\u00fcrde, wusste ich auch.\u201c (Harald Schmidt)<\/em><\/p>\n<p>&nbsp;<\/p>\n<p>&nbsp;<\/p>\n<p><strong>Jan B\u00f6hmermann doxt einen rechten Youtuber &#8211; erb\u00e4rmlicher Krieg<\/strong><br \/>\nJan B\u00f6hmermann doxt einen rechten YouTuber. Die Sendung hat keinerlei journalistischen Wert &#8211; es geht nur um Vernichtung. Die Sendung besteht weitestgehend daraus, Bl\u00f6dsinn so in Satireform zu verpacken, dass er nicht abmahnf\u00e4hig ist.<br \/>\nJan B\u00f6hmermann genie\u00dft es. Trommelwirbel, Klamauk. Dann steht das Reporterteam vor dem Haus der Familie eines rechten YouTubers, der sich \u201eClownwelt\u201c nennt, sein Name wird in der Sendung ver\u00f6ffentlicht. Man setzt sein Umfeld unter Druck, f\u00e4hrt zu ihm, enttarnt ihn \u00fcberall. Die ganze Sache hat keinerlei journalistischen Sinn, niemand hat etwas von der Information, wer dieser Mann ist \u2013 es geht nur darum, Schaden zuzuf\u00fcgen, zu vernichten, auszuschalten. Doxing nennt sich das, eigentlich ein Ph\u00e4nomen, \u00fcber das sich Linke gerne beschweren, wenn es um Hass und Hetze geht. Aber es ist egal, auch vor Millionenpublikum \u2013 gegen rechts muss man eben eiskalt sein.<br \/>\n&#8230;<br \/>\nAuf dem freien Markt h\u00e4tte all das wohl keine Chance. Aber genau von dieser diffusen Rolle lebt B\u00f6hmermann ja: In journalistischen Redaktionen w\u00fcrde die Story \u201eWir recherchieren wochenlang, um einen YouTuber zu doxen\u201c wohl nicht gut ankommen.<br \/>\n&#8230;<br \/>\nWie soll man im Jahr 2025 argumentieren, es br\u00e4uchte ein Staatsfernsehen mit einem Budget, gr\u00f6\u00dfer als die wichtigsten deutschen Verlage zusammen, das ungebremst politische Agitation betreibt? Warum sollte es das brauchen? F\u00fcr wen braucht es das? Wer noch glaubte, staatsgest\u00fctzter Journalismus w\u00e4re besonders objektiv und seri\u00f6s, dem liefert B\u00f6hmermann den Gegenbeweis. Nat\u00fcrlich aber ist es l\u00e4ngst eine Aff\u00e4re des ganzen Senders. Nachdem B\u00f6hmermann etwa Arne Sch\u00f6nbohm erst mit erfundenen Vorw\u00fcrfen zu Fall brachte und der anschlie\u00dfend vollkommen entlastet wurde, p\u00f6belte B\u00f6hmermann nur weiter gegen ihn \u2013 er ist zur Reue nicht bereit. Und seine Chefs geben ihm keinen Anlass dazu, sie lassen ihn einfach gew\u00e4hren. Das ist dieses \u00f6ffentlich-rechtliche System: Ein Ort, wo niemand f\u00fcr seine Taten die Konsequenzen tragen muss, institutionalisierte Verantwortungslosigkeit. Am Ende zahlt der Geb\u00fchrenzahler jede Anwaltsrechnung. Entsprechend enthemmt geht man vor.<br \/>\n&#8230; Alles vom 11.5.2025 bitte lesen auf<br \/>\n<a href=\"https:\/\/apollo-news.net\/jan-bhmermanns-erbrmlicher-krieg\/\">https:\/\/apollo-news.net\/jan-bhmermanns-erbrmlicher-krieg\/<\/a><\/p>\n<p>Im Neo Magazin Royal attackiert Jan B\u00f6hmermann rechte YouTuber &#8211; und ver\u00f6ffentlicht private Informationen. Dann dr\u00e4ngt er sogar noch auf Demonetarisierung. Es ist ein Rachefeldzug.<br \/>\n<a href=\"https:\/\/www.youtube.com\/watch?v=7T0M1uvCywM&amp;t=2s\">https:\/\/www.youtube.com\/watch?v=7T0M1uvCywM&amp;t=2s<\/a><br \/>\n.<br \/>\n12.5.2025<br \/>\n<a href=\"https:\/\/apollo-news.net\/nach-bhmermann-doxxing-clownswelt-gewinnt-100-000-neue-abonnenten-auf-youtube\/\">https:\/\/apollo-news.net\/nach-bhmermann-doxxing-clownswelt-gewinnt-100-000-neue-abonnenten-auf-youtube\/<\/a><\/p>\n<p>&nbsp;<\/p>\n<p>&nbsp;<\/p>\n<p><strong>Doxing gegen Berliner Verfassungsschutz-Beamtin<\/strong><br \/>\nIn der Nacht zum 24. Mai ver\u00fcbten mutma\u00dflich Linksextremisten im brandenburgischen Sch\u00f6nefeld einen Brandanschlag auf den Pkw einer leitenden Beamtin des LKA <a href=\"https:\/\/www.freiburg-schwarzwald.de\/blog\/global\/deutschland\/berlin\/\">Berlin<\/a>, der vor ihrem Wohnhaus geparkt war.<br \/>\nIn ihrem Bekennerschreiben br\u00fcsten sich die T\u00e4ter damit, die Privatsph\u00e4re ihres Opfers im Vorfeld umfangreich ausspioniert zu haben. Gleichzeitig werden der vollst\u00e4ndige Name und die Anschrift der im Bereich <a href=\"https:\/\/www.freiburg-schwarzwald.de\/blog\/engagement\/zukunft\/demokratie\/extremismus\/\">Extremismusbek\u00e4mpfung<\/a> t\u00e4tigen <a href=\"https:\/\/www.freiburg-schwarzwald.de\/blog\/selbsthilfe\/soziales\/justiz\/\">Kriminalpolizistin<\/a> \u00f6ffentlich gemacht.<br \/>\nDiese in Fachkreisen als \u201eDoxing\u201c bezeichnete Vorgehensweise wird schon seit Jahren vor allem von <a href=\"https:\/\/www.freiburg-schwarzwald.de\/blog\/engagement\/zukunft\/demokratie\/extremismus\/linksextremismus\/\">Linksradikalen<\/a> praktiziert, um nicht nur politische Gegner, sondern auch Vertreter des Staates wie Angeh\u00f6rige von Polizei und Justiz blo\u00dfzustellen und einzusch\u00fcchtern. Ein besorgniserregender Trend, der die Funktionsf\u00e4higkeit der Sicherheitsbeh\u00f6rden als Garanten des demokratischen Rechtsstaats gef\u00e4hrdet.<\/p>\n<p>Die Politik mu\u00df endlich handeln. Die Betreiber von Suchmaschinen, Foren und sozialen Netzwerken sind zu verpflichten, Daten und Fotos von Personen, die gegen den Willen der Betroffenen in b\u00f6swilliger Absicht online gestellt wurden, auf Antrag umgehend zu l\u00f6schen. Au\u00dferdem mu\u00df die sogenannte Melderegisterauskunft eingeschr\u00e4nkt werden, die es Privatpersonen erlaubt, die aktuelle Anschrift und weitere Daten von Einwohnern ohne Begr\u00fcndung bei den Meldebeh\u00f6rden abzufragen.<br \/>\n&#8230; Alles vom 3.6.2022 von Jan Timke bitte lesen in der JF 23\/22, Seite 2<\/p>\n<p><em>Jan Timke ist ehemaliger Polizist und Abgeordneter der Bremischen B\u00fcrgerschaft f\u00fcr die \u201eB\u00fcrger in Wut\u201c.<\/em><\/p>\n<p>d<\/p>\n","protected":false},"excerpt":{"rendered":"<p>Home &gt;Selbsthilfe\u00a0&gt;Krise &gt;Mobbing &gt;Doxing Listenauswahl eines Beitrags (Artikel\/Datum, Seite\/Inhalt): Klicken oder scrollen Merz und vdL: Meinungsfreiheit\u00a0(21.2.2026) ZDF-B\u00f6hmermann: Soziale Zerst\u00f6rung eines jungen Mannes durch Doxing (17.5.2025) Jan B\u00f6hmermann doxt einen rechten Youtuber &#8211; erb\u00e4rmlicher Krieg (11.5.2025) Wolffsohn: Juden im Wahlkampf\u00a0(29.8.2023) Doxing &hellip; <a href=\"https:\/\/www.freiburg-schwarzwald.de\/blog\/selbsthilfe\/krise\/doxing\/\">Weiterlesen <span class=\"meta-nav\">&rarr;<\/span><\/a><\/p>\n","protected":false},"author":2,"featured_media":0,"parent":1138,"menu_order":0,"comment_status":"closed","ping_status":"closed","template":"","meta":{"footnotes":""},"class_list":["post-101649","page","type-page","status-publish","hentry"],"_links":{"self":[{"href":"https:\/\/www.freiburg-schwarzwald.de\/blog\/wp-json\/wp\/v2\/pages\/101649","targetHints":{"allow":["GET"]}}],"collection":[{"href":"https:\/\/www.freiburg-schwarzwald.de\/blog\/wp-json\/wp\/v2\/pages"}],"about":[{"href":"https:\/\/www.freiburg-schwarzwald.de\/blog\/wp-json\/wp\/v2\/types\/page"}],"author":[{"embeddable":true,"href":"https:\/\/www.freiburg-schwarzwald.de\/blog\/wp-json\/wp\/v2\/users\/2"}],"replies":[{"embeddable":true,"href":"https:\/\/www.freiburg-schwarzwald.de\/blog\/wp-json\/wp\/v2\/comments?post=101649"}],"version-history":[{"count":5,"href":"https:\/\/www.freiburg-schwarzwald.de\/blog\/wp-json\/wp\/v2\/pages\/101649\/revisions"}],"predecessor-version":[{"id":145990,"href":"https:\/\/www.freiburg-schwarzwald.de\/blog\/wp-json\/wp\/v2\/pages\/101649\/revisions\/145990"}],"up":[{"embeddable":true,"href":"https:\/\/www.freiburg-schwarzwald.de\/blog\/wp-json\/wp\/v2\/pages\/1138"}],"wp:attachment":[{"href":"https:\/\/www.freiburg-schwarzwald.de\/blog\/wp-json\/wp\/v2\/media?parent=101649"}],"curies":[{"name":"wp","href":"https:\/\/api.w.org\/{rel}","templated":true}]}}