{"id":100550,"date":"2022-04-29T18:44:28","date_gmt":"2022-04-29T16:44:28","guid":{"rendered":"https:\/\/www.freiburg-schwarzwald.de\/blog\/?page_id=100550"},"modified":"2025-08-20T20:04:39","modified_gmt":"2025-08-20T18:04:39","slug":"bellizismus","status":"publish","type":"page","link":"https:\/\/www.freiburg-schwarzwald.de\/blog\/engagement\/zukunft\/krieg\/bellizismus\/","title":{"rendered":"Bellizismus"},"content":{"rendered":"<p><a href=\"https:\/\/www.freiburg-schwarzwald.de\/blog\">Home<\/a>\u00a0&gt;<a title=\"Engagement\" href=\"https:\/\/www.freiburg-schwarzwald.de\/blog\/engagement\/\">Engagement<\/a>\u00a0&gt;<a title=\"Zukunft\" href=\"https:\/\/www.freiburg-schwarzwald.de\/blog\/engagement\/zukunft\/\">Zukunft<\/a>\u00a0&gt;<a title=\"Krieg\" href=\"https:\/\/www.freiburg-schwarzwald.de\/blog\/engagement\/zukunft\/krieg\/\">Krieg<\/a>\u00a0&gt;<a href=\"https:\/\/www.freiburg-schwarzwald.de\/blog\/engagement\/zukunft\/krieg\/bundeswehr\/\">Bundeswehr<\/a> &gt;<a href=\"https:\/\/www.freiburg-schwarzwald.de\/blog\/engagement\/zukunft\/krieg\/verteidigung\/\">Verteidigung<\/a> &gt;Bellizismus<\/p>\n<div id=\"attachment_98250\" style=\"width: 650px\" class=\"wp-caption alignnone\"><a href=\"https:\/\/www.freiburg-schwarzwald.de\/blog\/wp-content\/uploads\/2022\/02\/dresden-traenenmeer20220131pan.jpg\"><img loading=\"lazy\" decoding=\"async\" aria-describedby=\"caption-attachment-98250\" class=\"size-full wp-image-98250\" src=\"https:\/\/www.freiburg-schwarzwald.de\/blog\/wp-content\/uploads\/2022\/02\/dresden-traenenmeer20220131pan.jpg\" alt=\"\" width=\"640\" height=\"360\" srcset=\"https:\/\/www.freiburg-schwarzwald.de\/blog\/wp-content\/uploads\/2022\/02\/dresden-traenenmeer20220131pan.jpg 640w, https:\/\/www.freiburg-schwarzwald.de\/blog\/wp-content\/uploads\/2022\/02\/dresden-traenenmeer20220131pan-180x101.jpg 180w\" sizes=\"auto, (max-width: 640px) 100vw, 640px\" \/><\/a><p id=\"caption-attachment-98250\" class=\"wp-caption-text\">Gedenkst\u00e4tte zur Bombardierung von Dresden 13.2.195: M\u00e4dchen im Tr\u00e4nenmeer gef\u00e4llt Ende Januar 2022<\/p><\/div>\n<p>&nbsp;<\/p>\n<ul>\n<li><em>Listenauswahl eines Beitrags (Artikel\/Datum, Seite\/Inhalt):\u00a0<span style=\"text-decoration: underline;\">Klicken<\/span>\u00a0oder scrollen<\/em><\/li>\n<li><a href=\"https:\/\/www.freiburg-schwarzwald.de\/blog\/engagement\/zukunft\/krieg\/abschreckung\/\">Widerspr\u00fcchliche Aufr\u00fcstungsbegeisterung \u2013 Kriegsgeilheit<\/a>\u00a0(18.8.2025)<\/li>\n<li><a href=\"https:\/\/www.freiburg-schwarzwald.de\/blog\/spd-manifest-friedenssicherung\/\">SPD-Manifest Friedenssicherung<\/a>\u00a0(14.6.2025)<\/li>\n<li><a href=\"https:\/\/www.freiburg-schwarzwald.de\/blog\/drohnen\/\">Diplomatie statt Drohnen Panzer<\/a>\u00a0(3.6.2025)<\/li>\n<li><a href=\"https:\/\/www.freiburg-schwarzwald.de\/blog\/gruene-pazifismus-zu-bellizismus\/\">Gr\u00fcne: Vom Pazifismus zum Bellizismus<\/a>\u00a0(18.4.2925)<\/li>\n<li><a href=\"https:\/\/www.freiburg-schwarzwald.de\/blog\/engagement\/zukunft\/krieg\/wehrhaftigkeit\/\">Josef Kraus: Blockierte Armee \u2013 Wehrhaftigkeit, nicht nur Geld<\/a>\u00a0 (20.3.2025)<\/li>\n<li><a href=\"https:\/\/www.freiburg-schwarzwald.de\/blog\/vereine\/partei\/gruene\/gruene2021\/\">Gr\u00fcner Widerspruch \u201eKlima ruinieren und dann retten\u201c<\/a>\u00a0(18.3.2025)<\/li>\n<li><a href=\"https:\/\/www.freiburg-schwarzwald.de\/blog\/engagement\/zukunft\/krieg\/nachruestung\/\">Wieder einmal k\u00f6nnte ein Weltkrieg mit L\u00fcgen beginnen: Es gibt keinen Bedarf an Nachr\u00fcstung \u2013 Albrecht K\u00fcnstle<\/a> (7.3.2025)<\/li>\n<li><a href=\"https:\/\/www.freiburg-schwarzwald.de\/blog\/engagement\/zukunft\/krieg\/nachruestung\/\">EU im Aufr\u00fcstungsrausch:\u00a0 Die Notwendigkeit, die Debatte vom Kopf auf die F\u00fc\u00dfe zu stellen \u2013 Alexander Neu<\/a> (4.3.2025)<\/li>\n<li><a href=\"https:\/\/www.freiburg-schwarzwald.de\/blog\/aufruestung-nach-ua-kriegsende\/\">Aufr\u00fcstung nach UA-Kriegsende?<\/a>\u00a0(21.2.2025)<\/li>\n<li><a href=\"https:\/\/www.freiburg-schwarzwald.de\/blog\/250000-ukrainer-aus-d-nach-ua\/\">250000 aus D nach UA an die Front?<\/a> (8.2.2025)<\/li>\n<li><a href=\"https:\/\/www.freiburg-schwarzwald.de\/blog\/30-1-1945-gustloff-30-1-2025\/\">30.1.1945 \u2013 Gustloff \u2013 30.1.2025<\/a>\u00a0(30.1.2025)<\/li>\n<li><a href=\"https:\/\/www.freiburg-schwarzwald.de\/blog\/engagement\/zukunft\/krieg\/kriegspropaganda\/\">Auf \u201eKriegst\u00fcchtigkeit\u201c folgt die Forderung nach \u201eKriegsmentalit\u00e4t\u201c: NATO-Generalsekret\u00e4r will \u201eTurbo\u201c f\u00fcr Aufr\u00fcstung<\/a>\u00a0(13.12.2024)<\/li>\n<li><a href=\"https:\/\/www.freiburg-schwarzwald.de\/blog\/global\/ukraine\/ukraine-fanatismus\/\">Top-SPD-Au\u00dfenpolitiker: \u201eSind bereit, komplette Unterst\u00fctzung der Ukraine finanziell zu schultern\u201d<\/a>\u00a0(7.11.2024)<\/li>\n<li><a href=\"https:\/\/www.freiburg-schwarzwald.de\/blog\/global\/waffen\/drohnen\/\">Drohnenkrieg f\u00fcr jedermann \u2013 Abh\u00e4ngigkeit von China<\/a>\u00a0(26.6.2024)<\/li>\n<li><a href=\"https:\/\/www.freiburg-schwarzwald.de\/blog\/engagement\/zukunft\/krieg\/militarismus\/\">Die milit\u00e4rische Vergiftung der Gesellschaft \u2013 Kriegstreiber Boris Pistorius<\/a> (24.5.2024)<\/li>\n<li>Dorothea S\u00f6lle: Die milit\u00e4rische Vergiftung der Gesellschaft (24.5.2024)<\/li>\n<li><a href=\"https:\/\/www.freiburg-schwarzwald.de\/blog\/friedensbewegung-2-0-neu\/\">Friedensbewegung 2.0 neu<\/a>\u00a0(6.4.2024)<\/li>\n<li><a href=\"https:\/\/www.freiburg-schwarzwald.de\/blog\/engagement\/zukunft\/frieden\/friedensbewegung\/\">Reiner Braun: Welche Alternativen gibt es zur Militarisierung der EU und der NATO?<\/a>\u00a0(5.3.2024)<\/li>\n<li><a href=\"https:\/\/www.freiburg-schwarzwald.de\/blog\/ostermarsch-2023-drewermann\/\">Ostermarsch 2023 Drewermann<\/a>\u00a0(13.4.2023)<\/li>\n<li><a href=\"https:\/\/www.freiburg-schwarzwald.de\/blog\/global\/ukraine\/ukrainekrieg\/\">Doppelmoral: Weltrettung hat Priorit\u00e4t vor Wirtschaft, aber nicht vor Krieg?<\/a>\u00a0(23.3.2023)<\/li>\n<li><a href=\"https:\/\/www.freiburg-schwarzwald.de\/blog\/drewermann-militarisierung-no\/\">Drewermann: Militarisierung no!<\/a> (15.2.2023)<\/li>\n<li><a href=\"https:\/\/www.freiburg-schwarzwald.de\/blog\/jeffrey-sachs-verhandeln-kiew\/\">Jeffrey Sachs: Verhandeln in Kiew<\/a>\u00a0(30.1.2023)<\/li>\n<li><a href=\"https:\/\/www.freiburg-schwarzwald.de\/blog\/engagement\/zukunft\/krieg\/panzer\/\">Deutsche Panzerlieferungen sind falsch \u2013 verl\u00e4ngert nur den Krieg<\/a>\u00a0(20.1.2023)<\/li>\n<li><a href=\"https:\/\/www.freiburg-schwarzwald.de\/blog\/friedensbewegung-ukrainekrieg\/\">Friedensbewegung Ukrainekrieg<\/a>\u00a0(15.12.2022)<\/li>\n<li><a href=\"https:\/\/www.freiburg-schwarzwald.de\/blog\/selbstvernichtung-oder-sicherheit\/\">Selbstvernichtung oder gemeinsame Sicherheit?<\/a>\u00a0(10.12.2022)<\/li>\n<li><a href=\"https:\/\/www.freiburg-schwarzwald.de\/blog\/engagement\/zukunft\/frieden\/kriegsdienstverweigerung\/\">Wir sind Gegner von Putins Krieg<\/a>\u00a0(12.11.2022)<\/li>\n<li><a href=\"https:\/\/www.freiburg-schwarzwald.de\/blog\/ukraine-deutsche-diplomatie\/\">Ukraine: Deutsche Diplomatie?<\/a>\u00a0(27.9.2022)<\/li>\n<li>Die Kriegstreiber (22.9.2022)<\/li>\n<li><a href=\"https:\/\/www.freiburg-schwarzwald.de\/blog\/faz-franziskus-ist-putin-papst\/\">FAZ: Franziskus ist \u201ePutin-Papst\u201c<\/a>\u00a0(29.8.2022)<\/li>\n<li><a href=\"https:\/\/www.freiburg-schwarzwald.de\/blog\/global\/waffen\/drohnen\/\">Staat\u00adli\u00adcher Mord: US-Drohne t\u00f6tet al-Sawahiris in Pakistan<\/a>\u00a0(2.8.2022)<\/li>\n<li><a href=\"https:\/\/www.freiburg-schwarzwald.de\/blog\/engagement\/zukunft\/frieden\/pazifismus\/\">K\u00e4\u00dfmann verteidigt Pazifismus im Ukraine-Krieg<\/a>\u00a0(6.7.2022)<\/li>\n<li><a href=\"https:\/\/www.freiburg-schwarzwald.de\/blog\/emma-offener-brief-an-scholz\/\">Alice Schwarzer: DER OFFENE BRIEF UND DIE FOLGEN<\/a>\u00a0(1.6.2022)<\/li>\n<li><a href=\"https:\/\/www.freiburg-schwarzwald.de\/blog\/zeitenwende-wieder-eine\/\">Zeitenwende \u2013 wieder eine?<\/a>\u00a0(28.5.2022)<\/li>\n<li><a href=\"https:\/\/www.freiburg-schwarzwald.de\/blog\/engagement\/zukunft\/krieg\/verteidigung\/\">Der ungewollte Abschied von der gewollten Wehrlosigkeit<\/a>\u00a0(4.5.2022)<\/li>\n<li>Verliebt in die Moral: Der neue Bellizismus der Gr\u00fcnen (29.4.2022)<\/li>\n<li><a href=\"https:\/\/www.freiburg-schwarzwald.de\/blog\/global\/waffen\/drohnen\/\">Schatten \u00fcber der Ampel: Kampfdrohnen drohen<\/a>\u00a0(1.11.2021)<\/li>\n<li><\/li>\n<li><a href=\"https:\/\/www.freiburg-schwarzwald.de\/blog\/global\/waffen\/drohnen\/\">Drohnen<\/a><\/li>\n<li><a href=\"https:\/\/www.freiburg-schwarzwald.de\/blog\/engagement\/zukunft\/frieden\/kriegsdienstverweigerung\/\">Kriegsdienstverweigerung<\/a><\/li>\n<li><a href=\"https:\/\/www.freiburg-schwarzwald.de\/blog\/engagement\/zukunft\/krieg\/militarismus\/\">Militarismus<\/a><\/li>\n<li><a href=\"https:\/\/www.freiburg-schwarzwald.de\/blog\/engagement\/zukunft\/krieg\/nachruestung\/\">Nachr\u00fcstung<\/a><\/li>\n<li><a href=\"https:\/\/www.freiburg-schwarzwald.de\/blog\/engagement\/zukunft\/frieden\/pazifismus\/\">Pazifismus<\/a><\/li>\n<li><a href=\"https:\/\/www.freiburg-schwarzwald.de\/blog\/global\/ukraine\/ukraine-russland\/\">Ukraine-Russland<\/a><\/li>\n<li><a href=\"https:\/\/www.freiburg-schwarzwald.de\/blog\/engagement\/zukunft\/krieg\/verteidigung\/\">Verteidigung<\/a><\/li>\n<li><a href=\"https:\/\/www.freiburg-schwarzwald.de\/blog\/engagement\/zukunft\/krieg\/wehrhaftigkeit\/\">Wehrhaftigkeit<\/a><\/li>\n<\/ul>\n<p><strong>Die gr\u00f6\u00dften Wendehals-Aktion der deutschen Nachkriegspolitik:<\/strong><br \/>\nDie <a href=\"https:\/\/www.freiburg-schwarzwald.de\/blog\/vereine\/partei\/gruene\/gruene2021\/\">Gr\u00fcnen<\/a> wenden sich vom Pazifismus ab und zum Bellizismus hin<br \/>\n.<br \/>\n<strong>&#8230; gegen den Bellizismus: <a href=\"https:\/\/www.freiburg-schwarzwald.de\/blog\/engagement\/zukunft\/demokratie\/entspannungspolitik\/\">Entspannungspolitik<\/a>\u00a0(Willy Brandt) und\u00a0<a href=\"https:\/\/www.freiburg-schwarzwald.de\/blog\/engagement\/zukunft\/frieden\/friedensbewegung\/\">Friedensbewegung<\/a>\u00a0(von Erhard Eppler bis\u00a0<\/strong><strong><a href=\"https:\/\/www.freiburg-schwarzwald.de\/blog\/religion\/katholisch\/drewermann\/\">Eugen Drewermann<\/a>)<br \/>\n<\/strong>.<br \/>\n&#8222;Man l\u00fcgt uns in einen Krieg nach dem anderen hinein<br \/>\nund nennt dabei das T\u00f6ten von Menschen humanit\u00e4re Eins\u00e4tze.<br \/>\nWir verteidigen mit keinem Krieg irgendeinen humanit\u00e4ren Wert.<br \/>\nKrieg ist die Widerlegung aller Werte.&#8220;<br \/>\n<a href=\"https:\/\/www.freiburg-schwarzwald.de\/blog\/religion\/katholisch\/drewermann\/\">Eugen Drewermann<\/a><\/p>\n<p>====================================================<\/p>\n<p>&nbsp;<\/p>\n<p><strong>Dorothea S\u00f6lle: Die milit\u00e4rische Vergiftung der Gesellschaft<\/strong><br \/>\nDie Schriftstellerin und Kulturkritikerin Dorothee S\u00f6lle beschrieb die Vergiftung der Gesellschaft durch die Militarisierung auf einer der gro\u00dfen Friedensdemonstrationen der 1980er Jahre: <a href=\"https:\/\/www.lebenshaus-alb.de\/magazin\/010941.html\">https:\/\/www.lebenshaus-alb.de\/magazin\/010941.html<\/a><br \/>\n\u201eWenn ein Fluss umkippt, so bedeutet das: die Giftmenge, die ein Lebenszusammenhang noch ertr\u00e4gt, wird zuviel, die Zerst\u00f6rung nimmt \u00fcberhand, die Fische sterben, die Pflanzen folgen ihnen, das Wasser stinkt. Wenn ein Fluss umkippt, ist es eigentlich kein Fluss mehr, sondern eine M\u00fcllkippe. Und wenn ein Land umkippt? Wenn die Schad- und Giftstoffe so \u00fcberhandnehmen, dass das Leben erstickt wird, dass die Menschen an der M\u00f6glichkeit, hier zu leben, verzweifeln, wenn sie sich nach Auswanderung umsehen oder sich selbst kaputt machen, wenn sie wie Fische in der stinkenden Br\u00fche herumtreiben? Wenn ein Fluss \u00f6kologisch verschmutzt ist, kippt er um. Wenn ein Land milit\u00e4risch verschmutzt ist und sich zu Tode r\u00fcstet, dann kippt das Land um. Genau das erleben wir.\u201c<br \/>\n&#8230; Alles vom 24.5.2024 bitte lesen auf<br \/>\n<a href=\"https:\/\/www.nachdenkseiten.de\/?p=115584\">https:\/\/www.nachdenkseiten.de\/?p=115584<\/a><\/p>\n<p>&nbsp;<\/p>\n<p><strong>Die Kriegstreiber<\/strong><br \/>\nWaffen f\u00fcr den Frieden. Panzer f\u00fcr den Frieden. Raketen f\u00fcr den Frieden. Die Kriegstreiber sind mitten unter uns. Unaufh\u00f6rlich versuchen sie, den B\u00fcrgern weiszumachen: Nicht die Diplomatie, sondern der Weg des Krieges f\u00fchrt zum Frieden. Sie erkl\u00e4ren uns: Feuer l\u00f6scht man am besten mit Benzin. So sieht die l\u00e4ngst von jeder Scham befreite Kriegstreiberei aus. Die Kriegstreiber sitzen in den Redaktionen, im Parlament und den Universit\u00e4ten. Unaufh\u00f6rlich geben die Freunde der Ukraine vor, sich f\u00fcr die Ukraine einzusetzen, den Ukrainern zu helfen. Wer diese Freunde hat, braucht keine Feinde mehr!<br \/>\nSagen wir es doch geradeheraus: Den Kriegstreibern sind die ukrainischen Soldaten, die mit ihrem Gesicht im Sand verrecken, v\u00f6llig egal. Die ukrainischen Soldaten haben f\u00fcr die Kriegstreiber nur den Wert von K\u00e4mpfern, die sie gegen ihr verhasstes Russland in Stellung bringen k\u00f6nnen \u2013 vom sicheren Schreibtisch aus.<br \/>\nIhr Einsatz f\u00fcr Waffenlieferungen bedeutet, dass irgendwo in der Ukraine ein 18-j\u00e4hriger ukrainischer Soldat mit einer gelieferten Waffe einem 18-j\u00e4hrigen russischen Soldaten den Kopf wegschie\u00dft. Das nehmen die Kriegstreiber hin \u2013 ohne auch nur mit der Wimper zu zucken!<br \/>\nDie Kriegstreiber sitzen in Talkshows mit der Maske der moralisch Gerechten. Und sie sitzen in den Redaktionen mit den Stahlhelmen vor ihrer Tastatur. Sie sprechen von \u201eunseren\u201c Werten, die es zu verteidigen gilt. Sie sagen, in der Ukraine gehe es um Freiheit und Demokratie. Die vorgeblich \u201eGuten\u201c sollten die Worte \u201eWerte\u201c, \u201eFreiheit\u201c und \u201eDemokratie\u201c besser nie mehr in den Mund nehmen.<br \/>\nEs soll nicht vergessen sein: Alleine von 1965 bis 1970 haben die moralisch \u00dcberlegenen 4,5 Millionen Tonnen Bomben auf Vietnam geworfen. Vom Einsatz des Entlaubungsmittels Agent Orange, das bis heute noch zu furchtbaren Missbildungen bei Neugeborenen f\u00fchrt, ganz zu schweigen. Im ersten Irak-Krieg haben die moralisch Gerechten innerhalb von 40 Tagen 90.000 Tonnen Bomben auf das Land geworfen. In Afghanistan waren es zwischen 2006 und 2018 rund 50.000 Tonnen Bomben. All das Leid, die Zerst\u00f6rung, all die Opfer. Wof\u00fcr? F\u00fcr Frieden, Freiheit, Menschenrechte? Wer das glaubt, glaubt wohl auch, der Mond ist ein gro\u00dfer K\u00e4sekuchen. Wir sehen in diesem Krieg das, was immer in Kriegen zu beobachten ist. Die Entdifferenzierung der Wirklichkeit.<br \/>\n&#8230; Alles vom 22.9.2022 von Marcus Kl\u00f6ckner. bitte lesen auf<br \/>\n<a href=\"https:\/\/www.nachdenkseiten.de\/?p=88367\">https:\/\/www.nachdenkseiten.de\/?p=88367<\/a><\/p>\n<p>&nbsp;<\/p>\n<p>&nbsp;<\/p>\n<p><strong>Verliebt in die Moral: Der neue Bellizismus der Gr\u00fcnen ist nicht die \u00dcberwindung, sondern nur die Kehrseite ihres versimpelten Bewu\u00dftseins<br \/>\nKriegerische Mainzelm\u00e4nnchen<\/strong><br \/>\nvon Thorsten Hinz<\/p>\n<p>F\u00fcr milit\u00e4rische Kompetenz und sicherheitspolitischen Ehrgeiz haben die Gr\u00fcnen noch nie eingestanden. Mit ihnen verbinden sich triviale Losungen wie \u201eFrieden schaffen ohne Waffen\u201c oder \u201eSoldaten sind M\u00f6rder\u201c, erg\u00e4nzt durch ein emphatisches \u201eMacht hoch die T\u00fcr, die Tor macht weit\u201c in der Asylfrage. Im Internet-Auftritt der Bundestagsfraktion findet sich noch heute die altbekannte Ostermarsch-Phraseologie: \u201eWir Gr\u00fcne im Bundestag stehen f\u00fcr Frieden, Abr\u00fcstung, kooperative Sicherheit und eine Kultur der milit\u00e4rischen Zur\u00fcckhaltung.\u201c Den H\u00f6hepunkt bildet das Phantasma einer \u201efeministischen Au\u00dfenpolitik\u201c, dessen Inhalt freilich unscharf bleibt. Offenbar steckt die Vorstellung dahinter, da\u00df Machtkonflikte eines Tages in geschlechtergerecht organisierten, gruppentherapeutischen Stuhlkreisen gel\u00f6st werden k\u00f6nnen.<\/p>\n<p>Mit der russischen Ukraine-Invasion vor \u00fcber zwei Monaten erfolgte allerdings eine schlagartige Kurs\u00e4nderung um 180 Grad. Die Gr\u00fcnen sind zu einer regelrechten Bellizisten-Partei mutiert, die den vorsichtig agierenden Kanzler unter Dauerfeuer nimmt. Die Minister Baerbock, Habeck, \u00d6zdemir dr\u00e4ngen auf die Lieferung schwerer Waffen an die Ukraine. Am entschlossensten geb\u00e4rdet sich der Abgeordnete Anton Hofreiter, der meint, Kanzler Scholz riskiere mit seiner Zur\u00fcckhaltung bei den Sanktionen und Waffenlieferungen, \u201eda\u00df der Krieg sich immer l\u00e4nger hinzieht (&#8230;) und wir dann am Ende in einen erweiterten de facto Dritten Weltkrieg rutschen\u201c.<\/p>\n<p>Es ist unklar, auf welcher Fakten-, Wissens- und Erkenntnisbasis der promovierte Biologe sich seine Meinung bildet. Man kann es auch umgekehrt sehen und auf diplomatische Bem\u00fchungen dr\u00e4ngen, die Moskau einen gesichtswahrenden Ausweg weisen, weil Waffenlieferungen blo\u00df zu einem endlosen Abnutzungskrieg f\u00fchren. Ein in die Ecke gedr\u00e4ngter Putin k\u00f6nnte dann versucht sein, die Entscheidung durch den Einsatz taktischer Atomwaffen zu erzwingen. Der neue Bellizismus der Gr\u00fcnen ist nicht die \u00dcberwindung, sondern nur die Kehrseite ihres versimpelten Bewu\u00dftseins.<\/p>\n<p>Um die Kehrtwende historisch zu legitimieren, haben die zwei altgedienten K\u00e4mpen J\u00fcrgen Trittin, Bundestagsabgeordneter und Ex-Minister, sowie Ralf F\u00fccks, Gr\u00fcnder des Soros-affinen \u201eZentrums Liberale Moderne\u201c, in der Zeit bestritten, da\u00df der Pazifismus jemals der dominante Impuls in der Geschichte der Partei gewesen ist. Entscheidend seien der Antifaschismus und die \u201eb\u00fcrgerrechtliche Tradition\u201c gewesen. Sie verweisen auf die Unterst\u00fctzung der \u201eFreiheitsk\u00e4mpfe\u201c in S\u00fcdafrika und El Salvador. Das waren freilich ferne L\u00e4nder, die sich als Projektionsfl\u00e4chen f\u00fcr gr\u00fcn-romantische Phantasien anboten. Gegen\u00fcber den B\u00fcrgerrechtlern im Ostblock blieb man reserviert, was logisch war, denn der Antifaschismus der Gr\u00fcnen war klar antinational ausgerichtet. Es schreckte sie die Aussicht, da\u00df mit dem Auseinanderbrechen des Ostblocks die deutsche Teilung enden und damit ihr Weltbild zweifelhaft w\u00fcrde.<\/p>\n<p>Trittin und F\u00fccks haben insofern recht, als die fr\u00fchere Haltung der Gr\u00fcnen mit dem Pazifismus-Begriff nur unzureichend bezeichnet ist. In der Partei war vielmehr eine spezielle Art von Politikverlust konzentriert, der die Gro\u00dfdebatten der sp\u00e4ten Bonner Republik kontaminierte. Vor fast genau vierzig Jahren, im Mai 1982, ver\u00f6ffentlichte der Literaturwissenschaftler und langj\u00e4hrige Merkur-Herausgebers Karl Heinz Bohrer dazu den Aufsatz \u201eFalkland und die Deutschen\u201c. Der Text erschien in der FAZ, f\u00fcr die Bohrer damals als Kulturkorrespondent in London t\u00e4tig war. Er erlebte dort den Falkland-Krieg und registrierte die sehr unterschiedlichen Reaktionen in Gro\u00dfbritannien und der Bundesrepublik. Der Entschlu\u00df der Premierministerin Margaret Thatcher, die Besetzung der zu Gro\u00dfbritannien geh\u00f6renden Inselgruppe durch argentinisches Milit\u00e4r nicht hinzunehmen und die Flotte in den S\u00fcdatlantik zu entsenden, wurde hierzulande als Ausdruck eines neokolonialen Anachronismus und Hurra-Patriotismus gegei\u00dfelt. Bohrer hielt dagegen, da\u00df sich im britischen Entschlu\u00df zum Krieg die ungebrochenen Instinkte einer zwar im historischen Rang abgestiegenen, dennoch intakt gebliebenen Nation regten. Zu diesen Instinkten rechnete er \u201edie Bedeutung von Prinzipien\u201c, \u201edie nationale Identit\u00e4t als das gro\u00dfe \u00dcber-Ich, ja sogar das mystische Element der Ehre \u2013 auf einen Begriff gebracht: Spiritualit\u00e4t\u201c.<\/p>\n<p>Die Deutschen w\u00fcrden f\u00fcr gar kein Prinzip mehr eintreten, sie zeigten eine \u201eH\u00e4ndlergesinnung\u201c ohne Staatsbewu\u00dftsein und -symbolik und seien zur Unterwerfung bereit. Die von Werner Sombart im Ersten Weltkrieg behauptete englisch-deutsche \u201eH\u00e4ndler und Helden\u201c-Dichotomie hatte sich umgekehrt. Zur Freund-Feind-Unterscheidung unf\u00e4hig, verliere die bundesdeutsche \u00d6ffentlichkeit sich in ein \u201eewiges Gespr\u00e4ch\u201c \u2013 eine Vokabel aus Carl Schmitts \u201ePolitischer Romantik\u201c, die dort um \u201eaussichtsloses Gerede\u201c erg\u00e4nzt ist. Die \u201ewinselnde Harmlosigkeit\u201c, \u201edie br\u00fcllende Unbedarftheit, die zerst\u00f6rte Emotion, das politisch H\u00e4\u00dfliche schlechthin\u201c, den \u201everlogenen Pazifismus\u201c der Bundesrepublik sah Bohrer inkarniert in \u201ejene(n) uns\u00e4glichen Kreaturen, die als Mainzelm\u00e4nnchen das Nachkriegs-Gartenzwerg-Bewu\u00dftsein einhechelten\u201c. Urspr\u00fcnglich hatte der Autor den Text \u00fcberschrieben: \u201eFalkland oder die Mainzelm\u00e4nnchen\u201c.<\/p>\n<p>Zehn Jahre sp\u00e4ter schrieb Bohrer \u00fcber die deutschen Reaktionen auf den Golfkrieg 1990\/91. Im M\u00e4rz 1990 hatte der irakische Diktator Saddam Hussein das \u00d6lscheichtum Kuweit besetzt, worauf die USA eine internationale Koalition formierten, die die Iraker vertrieb. \u00dcber das F\u00fcr und Wider lie\u00dfe sich streiten. Washington konnte ins Feld f\u00fchren, in einer Zeit, in der das internationale Gef\u00fcge ins Rutschen geraten war, d\u00fcrfe man keinen Pr\u00e4zedenzfall gewaltsamer Grenzverschiebungen zulassen. Die Proteste in Deutschland wertete Bohrer als Gesinnungsbekundungen voller Sentimentalit\u00e4t, Kriegs-angst und Verliebtheit in die eigene Moral. Was ihnen fehlte, war die politische Argumentation; sie seien einem \u201eweltlosen parareligi\u00f6sen Moralismus\u201c entsprungen. Sein Fazit: \u201eHinter universalistischen Kategorien verbirgt sich ein Vakuum praktischer Ethik, und die Betroffenheitsrede ist sein Zeichen.\u201c Das traf auf Intellektuelle, Politiker und hier insbesondere auf die Gr\u00fcnen als erste genuin bundesdeutsche Partei zu.<\/p>\n<p>Bohrer paraphrasierte und aktualisierte, was Arnold Gehlen Jahrzehnte fr\u00fcher als \u201eHypermoral\u201c-Ph\u00e4nomen beschrieben hatte: Die Ausweitung der Familien- auf die politische Moral, kombiniert mit \u201eWeltfremdheit, Urteilsd\u00fcnkel und Daseinsgefr\u00e4\u00dfigkeit\u201c. F\u00fcr Gehlen handelte es sich um ein Problem der ganzen westlichen Welt, das in Deutschland eine destruktive Steigerung erfuhr, weil \u201eunter dem Einflu\u00df der beispiellosen Niederlage und nach der Zerst\u00f6rung aller inneren Reserven die Individuen auf ihre Privatinteressen und deren kurzfristige Horizonte\u201c zur\u00fcckgefallen waren.<\/p>\n<p>Bohrer wiederum fiel bei aller Brillanz hinter Gehlen zur\u00fcck. Sein Versuch, die Unf\u00e4higkeit zur Politik \u00fcber das \u00c4sthetische, Psychologische und den \u00fcberspannten Moralismus zu erschlie\u00dfen, blieb auf halbem Wege stecken, weil er die Bedingungen, unter denen sich die Politik im Nachkriegsdeutschland entfaltete, mit dem Hinweis auf das Trauma zweier verlorener Weltkriege und das Erbe von \u201evierzig Jahren politischer Abstinenz\u201c lediglich zart andeutete. Gehlen hingegen z\u00e4hlte die Bundesrepublik zu den \u201eNeutralisierten\u201c, zu den \u201eVorfeld-Satelliten\u201c und \u201eGeschlagenen\u201c. Unter der Kuratel der Vorm\u00e4chte hatte sich eine apolitische Binnenmoral herausgebildet, die die Vorstellung selbst von Au\u00dfen- und Sicherheitspolitik auf Umverteilung und gruppentherapeutische Friedenserziehung reduzierte.<\/p>\n<p>Als die Gr\u00fcnen 1999 als Partner der ersten rot-gr\u00fcnen Koalition \u00fcber die Teilnahme Deutschlands am Jugoslawienkrieg stritten, begr\u00fcndeten Bef\u00fcrworter und Gegner in der Partei ihre kontr\u00e4ren Standpunkte typischerweise nicht politisch, sondern moralisch, wobei ihr definitives Argument jeweils \u201eAuschwitz\u201c lautete. Moralisierende Formeln und Schlagw\u00f6rter aus der gr\u00fcnen Ideenwelt auf dem Niveau von: \u201eKein Mensch ist illegal\u201c, \u201eWir kriegen jetzt pl\u00f6tzlich Menschen geschenkt\u201c und seien verpflichtet zur \u201eWillkommenskultur\u201c, transzendieren mittlerweile den gesamten politischen Diskurs und degenieren ihn zum Geschw\u00e4tz.<br \/>\nBaerbock sagte nach Beginn des Ukraine-Krieges, sie sei in einer anderen Welt aufgewacht. Sie aber ist dieselbe geblieben. Intellektuell \u00fcberfordert und unzust\u00e4ndig in der Sache, votiert sie nun mit dem gleichen Rigorismus und der gleichen Sentimentalit\u00e4t, mit der die Gr\u00fcnen eben noch Waffenexporte ausgeschlossen hatten, f\u00fcr die Lieferung schweren Kriegsger\u00e4ts an die Ukraine.<br \/>\nDer Hypermoralismus ohne praktische Ethik, \u201edas politisch H\u00e4\u00dfliche schlechthin\u201c, hat die Wiedervereinigung gegen alle Erwartungen nicht nur \u00fcberlebt, er ist durch das B\u00fcndnis mit dem Globalismus sogar noch m\u00e4chtiger, ja total geworden. Gr\u00fcne Mainzelm\u00e4nnchen egal welcher Partei besetzen die Schaltstellen der Macht und feiern eine \u201ewertebasierte\u201c Au\u00dfen- und Milit\u00e4rpolitik. Doch \u201e(w)er Wert sagt, will geltend machen und durchsetzen. Tugenden \u00fcbt man aus; Normen wendet man an; Befehle werden vollzogen, aber Werte werden gesetzt und durchgesetzt\u201c, spottete Carl Schmitt. Wie beliebig sie gehandhabt werden, zeigt der Umgang der Gr\u00fcnen mit dem \u00d6lscheichtum Katar: Eben noch galt die Austragung der n\u00e4chsten Fu\u00dfball-WM dort wegen der Menschenrechtslage und des sch\u00e4ndlichen Umgangs mit den Gastarbeitern als absolut unmoralisch. Jetzt zelebriert der gr\u00fcne Superminister Robert Habeck die perfekte Unterwerfungsgeste vor dem katarischen Energieminister, den er braucht, um den von ihm sehnlichst herbeigew\u00fcnschten Energieboykott gegen Ru\u00dfland wenigstens teilweise zu kompensieren.<br \/>\nMit wiedergewonnenem Staatsbewu\u00dftsein, Identit\u00e4t, nationaler Interessenabw\u00e4gung, gar mit dem \u201emystische(n) Element der Ehre\u201c hat der gr\u00fcne Bellizismus nichts zu tun. Die Gr\u00fcnen sind schlafwandelnde Funktion\u00e4re des Imperiums. In der Ausf\u00fchrung seiner Interessen sind sie funktional bis zur \u00f6konomischen Abwrackung Deutschlands. Auch bis zum \u201ede facto Dritten Weltkrieg\u201c?<br \/>\n&#8230; Alles vom 29.4.2022 von Thorsten Hinz bitte lesen in der JF 18\/22, Seite 13<br \/>\n<a href=\"https:\/\/www.junge-freiheit.de\">https:\/\/www.junge-freiheit.de<\/a><\/p>\n","protected":false},"excerpt":{"rendered":"<p>Home\u00a0&gt;Engagement\u00a0&gt;Zukunft\u00a0&gt;Krieg\u00a0&gt;Bundeswehr &gt;Verteidigung &gt;Bellizismus &nbsp; Listenauswahl eines Beitrags (Artikel\/Datum, Seite\/Inhalt):\u00a0Klicken\u00a0oder scrollen Widerspr\u00fcchliche Aufr\u00fcstungsbegeisterung \u2013 Kriegsgeilheit\u00a0(18.8.2025) SPD-Manifest Friedenssicherung\u00a0(14.6.2025) Diplomatie statt Drohnen Panzer\u00a0(3.6.2025) Gr\u00fcne: Vom Pazifismus zum Bellizismus\u00a0(18.4.2925) Josef Kraus: Blockierte Armee \u2013 Wehrhaftigkeit, nicht nur Geld\u00a0 (20.3.2025) Gr\u00fcner Widerspruch \u201eKlima ruinieren und &hellip; <a href=\"https:\/\/www.freiburg-schwarzwald.de\/blog\/engagement\/zukunft\/krieg\/bellizismus\/\">Weiterlesen <span class=\"meta-nav\">&rarr;<\/span><\/a><\/p>\n","protected":false},"author":2,"featured_media":0,"parent":18096,"menu_order":0,"comment_status":"closed","ping_status":"closed","template":"","meta":{"footnotes":""},"class_list":["post-100550","page","type-page","status-publish","hentry"],"_links":{"self":[{"href":"https:\/\/www.freiburg-schwarzwald.de\/blog\/wp-json\/wp\/v2\/pages\/100550","targetHints":{"allow":["GET"]}}],"collection":[{"href":"https:\/\/www.freiburg-schwarzwald.de\/blog\/wp-json\/wp\/v2\/pages"}],"about":[{"href":"https:\/\/www.freiburg-schwarzwald.de\/blog\/wp-json\/wp\/v2\/types\/page"}],"author":[{"embeddable":true,"href":"https:\/\/www.freiburg-schwarzwald.de\/blog\/wp-json\/wp\/v2\/users\/2"}],"replies":[{"embeddable":true,"href":"https:\/\/www.freiburg-schwarzwald.de\/blog\/wp-json\/wp\/v2\/comments?post=100550"}],"version-history":[{"count":6,"href":"https:\/\/www.freiburg-schwarzwald.de\/blog\/wp-json\/wp\/v2\/pages\/100550\/revisions"}],"predecessor-version":[{"id":138094,"href":"https:\/\/www.freiburg-schwarzwald.de\/blog\/wp-json\/wp\/v2\/pages\/100550\/revisions\/138094"}],"up":[{"embeddable":true,"href":"https:\/\/www.freiburg-schwarzwald.de\/blog\/wp-json\/wp\/v2\/pages\/18096"}],"wp:attachment":[{"href":"https:\/\/www.freiburg-schwarzwald.de\/blog\/wp-json\/wp\/v2\/media?parent=100550"}],"curies":[{"name":"wp","href":"https:\/\/api.w.org\/{rel}","templated":true}]}}