{"id":1005,"date":"2012-04-10T15:14:22","date_gmt":"2012-04-10T15:14:22","guid":{"rendered":"https:\/\/www.freiburg-schwarzwald.de\/blog\/?page_id=1005"},"modified":"2026-07-26T20:14:54","modified_gmt":"2026-07-26T18:14:54","slug":"ultra-bike","status":"publish","type":"page","link":"https:\/\/www.freiburg-schwarzwald.de\/blog\/sport\/sportlern\/biken\/ultra-bike\/","title":{"rendered":"Ultra-Bike"},"content":{"rendered":"<p><a href=\"https:\/\/www.freiburg-schwarzwald.de\/blog\">Home<\/a> &gt;<a title=\"about\" href=\"https:\/\/www.freiburg-schwarzwald.de\/blog\/about\/\">Sportlern<\/a> &gt;<a title=\"Biken\" href=\"https:\/\/www.freiburg-schwarzwald.de\/blog\/sport\/sportlern\/biken\/\">Biken<\/a> &gt;Ultra-Bike<\/p>\n<div id=\"attachment_1008\" style=\"width: 611px\" class=\"wp-caption alignnone\"><a href=\"https:\/\/www.freiburg-schwarzwald.de\/blog\/sport\/sportlern\/biken\/ultra-bike\/ultra6pan-himmelreich110619\/\" rel=\"attachment wp-att-1008\"><img loading=\"lazy\" decoding=\"async\" aria-describedby=\"caption-attachment-1008\" class=\"size-full wp-image-1008\" title=\"ultra6pan-himmelreich110619\" src=\"https:\/\/www.freiburg-schwarzwald.de\/blog\/wp-content\/uploads\/2012\/04\/ultra6pan-himmelreich110619.jpg\" alt=\"\" width=\"601\" height=\"209\" srcset=\"https:\/\/www.freiburg-schwarzwald.de\/blog\/wp-content\/uploads\/2012\/04\/ultra6pan-himmelreich110619.jpg 601w, https:\/\/www.freiburg-schwarzwald.de\/blog\/wp-content\/uploads\/2012\/04\/ultra6pan-himmelreich110619-180x62.jpg 180w\" sizes=\"auto, (max-width: 601px) 100vw, 601px\" \/><\/a><p id=\"caption-attachment-1008\" class=\"wp-caption-text\">Ultra Bike am 19.6.2011 in Buchenbach-Himmelreich im Dreisamtal: Blick nach Westen zur Rainm\u00fchle<\/p><\/div>\n<ul>\n<li><em>Listenauswahl eines Beitrags (Artikel\/Datum, Seite\/Inhalt): <span style=\"text-decoration: underline;\">Klicken<\/span> oder scrollen<\/em><\/li>\n<li><a href=\"https:\/\/www.freiburg-schwarzwald.de\/blog\/ultra-bike-schwarzwald\/\">Ultra Bike &#8211; Schwarzwald<\/a> (26.7.2026)<\/li>\n<li>26. Black Forest ULTRA Bike &#8211; 24.-26. Juli 2026 (21.7.2026)<\/li>\n<li>Ultra Bike in Kirchzarten 11.-13.7.2025: Enorme Aufwertung durch Weltcup-Status (11.5.2025)<\/li>\n<li><a href=\"https:\/\/www.freiburg-schwarzwald.de\/blog\/black-forest-ultra-bike-7-2022\/\">Black Forest ULTRA Bike 7\/2022<\/a> (11.7.2022)<\/li>\n<li>ULTRA-BIKE-MARATHON Absage f\u00fcr 2020 \u2013 Mit dem Wolf w\u00e4re das nicht passiert! (7.11.2019)<\/li>\n<li><a href=\"https:\/\/www.freiburg-schwarzwald.de\/blog\/ultra-bike-21-23juni-fahr-mit\/\">https:\/\/www.freiburg-schwarzwald.de\/blog\/ultra-bike-21-23juni-fahr-mit\/<\/a>\u00a0(21.6.2019)<\/li>\n<li>Der 21. Ultra Bike vom 21. bis 23. Juni 2019 im Schwarzwald (20.6.2019)<\/li>\n<li><a href=\"https:\/\/www.freiburg-schwarzwald.de\/blog\/ultra-bike-2019-ist-genehmigt\/\">https:\/\/www.freiburg-schwarzwald.de\/blog\/ultra-bike-2019-ist-genehmigt\/<\/a>\u00a0(29.5.2019)<\/li>\n<li><a href=\"https:\/\/www.freiburg-schwarzwald.de\/blog\/ultra-bike-marathon-18-6-2017\/\">https:\/\/www.freiburg-schwarzwald.de\/blog\/ultra-bike-marathon-18-6-2017\/<\/a> (12.6.2017)<\/li>\n<li><a href=\"https:\/\/www.freiburg-schwarzwald.de\/blog\/ultra-bike-2014-nicht-aber-2015\/\">https:\/\/www.freiburg-schwarzwald.de\/blog\/ultra-bike-2014-nicht-aber-2015\/<\/a>\u00a0(7.8.2013)<\/li>\n<li>Bilanz von 23 Jahren Mountainbike-Veranstaltungen in Kirchzarten (12.7.2013)<\/li>\n<li><a href=\"https:\/\/www.freiburg-schwarzwald.de\/blog\/ultra-bike-macher-geben-auf\/\">https:\/\/www.freiburg-schwarzwald.de\/blog\/ultra-bike-macher-geben-auf\/<\/a>\u00a0(1.7.2013)<\/li>\n<li><a href=\"https:\/\/www.freiburg-schwarzwald.de\/blog\/kids-cup-ultra-bikernachwuchs\/\">https:\/\/www.freiburg-schwarzwald.de\/blog\/kids-cup-ultra-bikernachwuchs\/<\/a>\u00a0(27.6.2013)<\/li>\n<li><a href=\"https:\/\/www.freiburg-schwarzwald.de\/blog\/ultra-bike-22-6-danach-abschied\/\">https:\/\/www.freiburg-schwarzwald.de\/blog\/ultra-bike-22-6-danach-abschied\/<\/a>\u00a0(14.6.2013)<\/li>\n<li><a href=\"https:\/\/www.freiburg-schwarzwald.de\/blog\/ultra-bike-juni-2013-anmelden\/\">https:\/\/www.freiburg-schwarzwald.de\/blog\/ultra-bike-juni-2013-anmelden\/<\/a>\u00a0(8.5.2013)<\/li>\n<li><a href=\"https:\/\/www.freiburg-schwarzwald.de\/blog\/ultra-bike-in-kirchzarten-zum-15-mal-ein-grosses-fest\/\">https:\/\/www.freiburg-schwarzwald.de\/blog\/ultra-bike-in-kirchzarten-zum-15-mal-ein-grosses-fest\/<\/a>\u00a0(22.6.2013)<\/li>\n<li><a href=\"https:\/\/www.freiburg-schwarzwald.de\/littenweiler\/kirchzarten10.htm#Mountainbikesport in Kirchzarten seit 22 Jahren\">Mountainbikesport in Kirchzarten seit 22 Jahren<\/a> &gt;Kirchzarten10 (27.1.2012)<\/li>\n<li><a href=\"https:\/\/www.freiburg-schwarzwald.de\/littenweiler\/bike-arena.htm#Appell an die \u00e4ltere Generation: Initiativen der Jugend nicht blockieren\">Appell an die \u00e4ltere Generation: Initiativen der Jugend nicht blockieren<\/a>&gt;Bike-Arena (11.1.12)<\/li>\n<li><a href=\"https:\/\/www.freiburg-schwarzwald.de\/littenweiler\/bike-arena.htm#Kirchzarten braucht die Bike-Arena am Giersberg\">Kirchzarten braucht die Bike-Arena am Giersberg<\/a>&gt;Bike-Arena (5.8.2011)<\/li>\n<li><a href=\"https:\/\/www.freiburg-schwarzwald.de\/ultra-bike#Hart, h\u00e4rter \u2013 und dann Ultra-Bike-Marathon 2011\">Hart, h\u00e4rter \u2013 und dann Ultra-Bike-Marathon 2011<\/a> (28.6.2011)<\/li>\n<li><a href=\"https:\/\/www.freiburg-schwarzwald.de\/littenweiler\/himmelreich2.htm#14. Ultra - Biker passieren das Himmelreich\">14. Ultra &#8211; Biker passieren das Himmelreich<\/a>&gt;Himmelreich2 (19.6.2011)<\/li>\n<li><a href=\"https:\/\/www.freiburg-schwarzwald.de\/stollenbacher.htm#14. Ultra Bike: Marathon an der Stollenbacher H\u00fctte\">14. Ultra Bike: Marathon Kontrollstelle an der Stollenbacher H\u00fctte<\/a>&gt;Stollenbacher (19.6.2011)<\/li>\n<li><a href=\"https:\/\/www.freiburg-schwarzwald.de\/stollenbacher.htm#14. Ultra Bike: Marathon an der Stollenbacher H\u00fctte\">14. Ultra Bike: Marathon Kontrollstelle an der Stollenbacher H\u00fctte<\/a>&gt;Stollenbacher (19.6.2011)<\/li>\n<li><a href=\"https:\/\/www.freiburg-schwarzwald.de\/ultra-bike#14. Black Forest ULTRA Bike Marathon 17.-19.Juni 2011\">14. Black Forest ULTRA Bike Marathon 17.-19.Juni 2011<\/a>&gt;Ultra-Bike (8.6.2011)<\/li>\n<li><a href=\"https:\/\/www.freiburg-schwarzwald.de\/ultra-bike.htm#Speed-Track ab Todtnauberg als f\u00fcnfte Strecke beim Bike-Marathon\">Speed-Track ab Todtnauberg als f\u00fcnfte Strecke beim Bike-Marathon<\/a>&gt;Ultra-Bike (11.2.2011)<\/li>\n<li><a href=\"https:\/\/www.freiburg-schwarzwald.de\/feldberg2.htm#Auerwildbestand seit zehn Jahren stabil - Ultra Bike hilft\">Auerwildbestand seit zehn Jahren stabil &#8211; Ultra Bike hilft<\/a> &gt;Feldberg2 (4.11.2010)<\/li>\n<li><a href=\"https:\/\/www.freiburg-schwarzwald.de\/ultra-bike#Rekorde: Wenige Verletzte - 9236 km Firmenwertung - Spende Ride2Live\">Rekorde: Wenige Verletzte &#8211; 9236 km Firmenwertung &#8211; Spende Ride2Live<\/a> &gt;Ultra (7.7.2010)<\/li>\n<li><a href=\"https:\/\/www.freiburg-schwarzwald.de\/ultra-bike#13. Black Forest ULTRA Bike Marathon am 20.6.2010\">13. Black Forest ULTRA Bike Marathon am 20.6.2010<\/a><\/li>\n<li><a href=\"https:\/\/www.freiburg-schwarzwald.de\/ehrenamt4.htm#ULTRA Biker lichten ehrenamtlich Waldst\u00fcck f\u00fcrs Auerhuhn\">ULTRA Biker lichten ehrenamtlich Waldst\u00fcck f\u00fcrs Auerhuhn<\/a>&gt;Ehrenamt4 (14.11.2009)<\/li>\n<li><a href=\"https:\/\/www.freiburg-schwarzwald.de\/milch2.htm#Forum Breitehof: 4000 Unterschriften \u00fcber Sabine Beck\">Forum Breitehof: 4000 Unterschriften \u00fcber Sabine Beck<\/a> &gt;Milch2 (14.11.2009)<\/li>\n<li><a href=\"https:\/\/www.freiburg-schwarzwald.de\/milch2.htm#Forum Breitehof: Ultra Bike als Milch-Werbeplattform nutzen\">Forum Breitehof: Ultra Bike als Milch-Werbeplattform nutzen<\/a> &gt;Milch2 (10.11.2009)<\/li>\n<li><a href=\"https:\/\/www.freiburg-schwarzwald.de\/ultra-bike.htm#12. Black Forest Ultra Bike Marathon: Teilnehmerrekord, kein Regen\">12. Black Forest Ultra Bike Marathon: Teilnehmerrekord, kein Regen<\/a> &gt;Ultra-Bike (25.6.2009)<\/li>\n<li><a href=\"https:\/\/www.freiburg-schwarzwald.de\/ultra-bike.htm#Fit f\u00fcr den ?Black Forest ULTRA Bike Marathon?\">Fit f\u00fcr den \u201eBlack Forest ULTRA Bike Marathon\u201c<\/a> &gt;Ultra-Bike (7.5.2009)<\/li>\n<li><a href=\"https:\/\/www.freiburg-schwarzwald.de\/auerwild.htm#ULTRA-Organisationsteam schuf neue ?Landebahn? f\u00fcrs Auerwild\">ULTRA-Organisationsteam schuf neue \u201eLandebahn\u201c f\u00fcrs Auerwild<\/a>\u00a0 &gt;Auerwild (7.11.2008)<\/li>\n<li><a href=\"https:\/\/www.freiburg-schwarzwald.de\/ultra-bike#OK des ?Black Forest ULTRA Bike? zog zufrieden stellende Bilanz\">OK des \u201eBlack Forest ULTRA Bike\u201c zog zufrieden stellende Bilanz<\/a> &gt;Ultra (1.8.2008)<\/li>\n<li><a href=\"https:\/\/www.freiburg-schwarzwald.de\/ultra-bike.htm#Schweizer Biker-Festival im S\u00fcdschwarzwald\">Schweizer Biker-Festival im S\u00fcdschwarzwald<\/a>&gt;Ultra-Bike (26.6.2008)<\/li>\n<li><a href=\"https:\/\/www.freiburg-schwarzwald.de\/ultra-bike.htm#11. Black Forest UTRA Bike Marathon 22.6.2008\">11. Black Forest UTRA Bike Marathon 22.6.2008<\/a>&gt;Ultra-Bike (20.6.2008)<\/li>\n<li><a href=\"https:\/\/www.freiburg-schwarzwald.de\/auerwild.htm#ULTRA-Biker schlagen Landebahn f\u00fcr Auerhuhn\">ULTRA-Biker schlagen Landebahn f\u00fcr Auerhuhn<\/a> &gt;Auerwild (8.11.2007)<\/li>\n<li><a href=\"https:\/\/www.freiburg-schwarzwald.de\/wald4.htm#Waldmaut - Eintrittsgeld nur bei organisierten Gro\u00dfveranstaltungen\">Waldmaut &#8211; Eintrittsgeld nur bei organisierten Gro\u00dfveranstaltungen<\/a>&gt;Wald4 (25.8.2007)<\/li>\n<li><a href=\"https:\/\/www.freiburg-schwarzwald.de\/ultra-bike#Das war ein w\u00fcrdiger runder 10. Geburtstag\">Das war ein w\u00fcrdiger runder 10. Geburtstag<\/a> (5.8.2007)<\/li>\n<li><a href=\"https:\/\/www.freiburg-schwarzwald.de\/ultra-bike.htm#10. Black-Forest-ULTRA-Bike-Marathon: 4.568 Mountainbike - Stele\">10. Black-Forest-ULTRA-Bike-Marathon: 4.568 Mountainbike &#8211; Stele<\/a> (21.6.2007)<\/li>\n<li><a href=\"https:\/\/www.freiburg-schwarzwald.de\/ultra-bike#Mountainbike-Stele in der Kirchzartener Fu\u00dfg\u00e4ngerzone Kirchzarten\">Mountainbike-Stele in der Kirchzartener Fu\u00dfg\u00e4ngerzone Kirchzarten<\/a> (19.6.2007)<\/li>\n<li><a href=\"https:\/\/www.freiburg-schwarzwald.de\/ultra-bike#Bildband zum Ultra Bike von Achim K\u00e4flein\">Bildband zum Ultra Bike von Achim K\u00e4flein<\/a>(15.6.2007)<\/li>\n<li><a href=\"https:\/\/www.freiburg-schwarzwald.de\/ultra-bike.htm#Black-Forest-ULTRA-Bike-Marathon am 17.Juni 2007 zum zehnten Mal\">Black-Forest-ULTRA-Bike-Marathon am 17.Juni 2007 zum zehnten Mal<\/a>(30.3.07)<\/li>\n<li><a href=\"https:\/\/www.freiburg-schwarzwald.de\/biken3.htm#Feuerwehren suchen ihre besten Mountainbiker auf der ULTRA\">Feuerwehren suchen ihre besten Mountainbiker auf der ULTRA<\/a> &gt;Biken3 (1.3.2007)<\/li>\n<li><a href=\"https:\/\/www.freiburg-schwarzwald.de\/auerwild.htm#Allianz f\u00fcr das Auerhuhn bei Sporthochschule pr\u00e4sentiert\">Allianz f\u00fcr das Auerhuhn bei Sporthochschule pr\u00e4sentiert<\/a> &gt;Auerwild (7.12.2006)<\/li>\n<li><a href=\"https:\/\/www.freiburg-schwarzwald.de\/auerwild.htm#Ultra Bike r\u00e4umt Wald am Stollenbach f\u00fcrs Auerhuhn\">Ultra Bike r\u00e4umt Wald am Stollenbach f\u00fcrs Auerhuhn<\/a> &gt;Auerwild (12.10.2006)<\/li>\n<li><a href=\"https:\/\/www.freiburg-schwarzwald.de\/biken.htm#Mountainbikesport im Schwarzwald\">Mountainbikesport im Schwarzwald<\/a>&gt;Biken (6.7.2006)<\/li>\n<li><a href=\"https:\/\/www.freiburg-schwarzwald.de\/ultra-bike#Ultra Bike - Black Forest ULTRA Bike Marathon\">Erstmals seit 1998 wieder ein deutscher Sieg<\/a>(30.6.2006)<\/li>\n<li><a href=\"https:\/\/www.freiburg-schwarzwald.de\/ultra-bike#Kirchzartener Mountainbiker am Sonntag - alles Ultra\">Kirchzartener Mountainbiker am Sonntag &#8211; alles Ultra<\/a> (18.6.2006)<\/li>\n<li><a href=\"https:\/\/www.freiburg-schwarzwald.de\/ultra-bike#4000 Biker gingen an den Start\">4000 Biker gingen an den Start<\/a> (19.6.2006)<\/li>\n<li><a href=\"https:\/\/www.freiburg-schwarzwald.de\/ultra-bike#Ultra Bike Marathon -sportliches Gro\u00dfereignis im Dreisamtal\">Ultra Bike Marathon -sportliches Gro\u00dfereignis im Dreisamtal<\/a> (10.6.2006)<\/li>\n<li><a href=\"https:\/\/www.freiburg-schwarzwald.de\/ultra-bike#Trainingsbeginn f\u00fcr den neunten \u201cUltra Bike Marathon\u201d in Kirchzarten\">Trainingsbeginn f\u00fcr den neunten \u201cUltra Bike Marathon\u201d in Kirchzarten<\/a> (3.5.2006)<\/li>\n<li><a href=\"https:\/\/www.freiburg-schwarzwald.de\/ultra-bike#8. Black Forest Ultra Bike Marathon 19.6.2005 Kirchzarten\">8. Black Forest Ultra Bike Marathon 19.6.2005 Kirchzarten &#8211; Ergebnisse<\/a> (22.6.2005)<\/li>\n<li><a href=\"https:\/\/www.freiburg-schwarzwald.de\/ultra-bike#Ultra Bike-Organisation: 8500 Bananen, 10000 l Wasser, 5000 Enegieriegel\">Ultra Bike-Organisation: 8500 Bananen, 10000 l Wasser, 5000 Enegieriegel<\/a> (21.6.2005)<\/li>\n<li><a href=\"https:\/\/www.freiburg-schwarzwald.de\/biken1.htm#6. Black Forest Ultra Bike Marathon in Kirchzarten am 22.6.2003\">6. Black Forest Ultra Bike Marathon in Kirchzarten am 22.6.2003<\/a> &gt;Biken1 (29.4.2003)<\/li>\n<li><\/li>\n<li><small><a href=\"https:\/\/www.freiburg-schwarzwald.de\/biken.htm#Black-Forest-Ultra-Bike-Marathon 24.6.2001\">Black-Forest-Ultra-Bike-Marathon 24.6.2001<\/a> &gt;Biken<\/small><\/li>\n<li><a href=\"https:\/\/www.freiburg-schwarzwald.de\/biken.htm#4. Black Forest Ultra Bike Marathon 22.-24.6.2000\">Black Forest Ultra Bike Marathon 22.-24.6.2000<\/a> &gt;Biken<\/li>\n<li>Ultra-Bike &#8211; Black Forest ULTRA Bike Marathon<\/li>\n<li>Schwarzw\u00e4lder Kids-Cup<\/li>\n<li><strong><a href=\"https:\/\/www.freiburg-schwarzwald.de\/ultra-bike.htm\">www.freiburg-schwarzwald.de\/ultra-bike.htm<\/a> &gt;Archivseite Ultra-Bike<\/strong><\/li>\n<li><a href=\"https:\/\/www.bike-arena.de\">www.bike-arena.de<\/a><\/li>\n<\/ul>\n<div id=\"attachment_33719\" style=\"width: 650px\" class=\"wp-caption alignnone\"><a href=\"https:\/\/www.freiburg-schwarzwald.de\/blog\/sport\/sportlern\/biken\/ultra-bike\/ultra-bike-demo-pan130623\/\" rel=\"attachment wp-att-33719\"><img loading=\"lazy\" decoding=\"async\" aria-describedby=\"caption-attachment-33719\" class=\" wp-image-33719 \" title=\"ultra-bike-demo-pan130623\" src=\"https:\/\/www.freiburg-schwarzwald.de\/blog\/wp-content\/uploads\/2012\/04\/ultra-bike-demo-pan130623.jpg\" alt=\"\" width=\"640\" height=\"307\" srcset=\"https:\/\/www.freiburg-schwarzwald.de\/blog\/wp-content\/uploads\/2012\/04\/ultra-bike-demo-pan130623.jpg 640w, https:\/\/www.freiburg-schwarzwald.de\/blog\/wp-content\/uploads\/2012\/04\/ultra-bike-demo-pan130623-180x86.jpg 180w\" sizes=\"auto, (max-width: 640px) 100vw, 640px\" \/><\/a><p id=\"caption-attachment-33719\" class=\"wp-caption-text\">Sepp Scherer (l) und Manfred Billharz \u201eklar\u201c f\u00fcr eine Zukunft des Mountainbikesports in Kirchzarten &#8211; am 23.6.2013 am Ziel des Ultra Bike. Bild: Gerhard L\u00fcck<\/p><\/div>\n<p>&nbsp;<\/p>\n<p><strong>Ultra Bike &#8211; Black Forest ULTRA Bike Marathon<br \/>\n<\/strong>Black Forest ULTRA Bike Marathon e.V.<br \/>\nOberriederstr. 3, 79199 Kirchzarten, Tel 07661 989650,\u00a0Fax: 07661-989651<br \/>\n<a href=\"https:\/\/www.ultra-bike.de\/\" target=\"_blank\" rel=\"noopener\">https:\/\/www.ultra-bike.de<\/a><br \/>\n<a href=\"https:\/\/www.ultra-gravel.de\">https:\/\/www.ultra-gravel.de<\/a><br \/>\n============================================================<\/p>\n<p>.<\/p>\n<p><strong>26. Black Forest ULTRA Bike &#8211; 24.-26. Juli 2026<\/strong><br \/>\nKirchzartens Mountainbike-Tradition: \u2013 Vom 24. bis 26. Juli MTB-Renngeschehen<br \/>\nDiesmal geht der Start umgekehrt aus der Fu\u00dfg\u00e4ngerzone heraus \u2013 Erneut Teil vom Hero-UCI-Marathon-Weltcup \u2013 Gravel-Strecken immer beliebter<\/p>\n<p>Der Black Forest ULTRA Bike Marathon startete 1997 als Geburtstagsgeschenk der Ski- und Radabteilung zum 75. Jubil\u00e4um des SV Kirchzarten erstmalig. Er entwickelte sich zu einer international anerkannten Mountainbike-Spitzenveranstaltung und wird am kommenden Wochenende vom 24. bis 26. Juli zum 26. Mal ausgetragen. An Start und Ziel sowie an den vier Wettkampfstrecken sorgen wieder rund 1.500 Ehrenamtliche f\u00fcr einen reibungslosen Ablauf und schaffen die allj\u00e4hrlich von allen Beteiligten so hochgelobte Atmosph\u00e4re.<br \/>\nUngewohnt neu ist in diesem Jahr, dass ULTRA und Marathon zwar in Kirchzarten starten, aber die Fu\u00dfg\u00e4ngerzone in umgekehrter Richtung von der Startlinie am Hotel Sonne Richtung Oberried verlassen. Die Fannester in der H\u00f6fener Stra\u00dfe warten dann leider vergeblich! Die Biker biegen am Stadion zur Bickenreute ab, fahren den Bergwerksweg hoch und nach dem Silberbrunnen auf einem neuen steilen Wegst\u00fcck hinauf zum Sonneck und Holzeck. Kurz danach erreichen sie wieder die alte Streckenf\u00fchrung. Und auch die Zielabfahrt geht nicht mehr \u00fcber <a href=\"https:\/\/www.freiburg-schwarzwald.de\/blog\/regio\/orte\/kirchzarten\/dietenbach\/\">Dietenbach<\/a>, sondern \u00fcber neue Singletrials durch den Engenwald hinab ins Ziel im Stadion.<\/p>\n<p>Freitag geht\u2019s los \u2026<br \/>\nWenn freitags die ersten Teilnehmenden anreisen, \u00f6ffnen die Startnummern-Ausgabe im Schulzentrum an der Oberrieder Stra\u00dfe sowie die Expo-Bike-Messe im Stadion. Veranstalter und SV Kirchzarten liegt die Nachwuchsf\u00f6rderung am Herzen lag. Deshalb gehen um 17 Uhr die j\u00fcngsten MTB-Freaks (gerade den Windeln entwachsen) bei der Bambini-Trophy im Sportstadion an den Start \u2013 mit \u00fcber 450 wird ein neuer Melderekord erwartet. Ab 18 Uhr beginnt die \u201eULTRA Bike Movie Night\u201c mit dem Filmabend \u201e7 Summits\u201c von \u201eradeln und helfen e.V.\u201c, die der Para-Nordic-Abteilung des SV Kirchzarten eine 1.000 Euro Spende \u00fcberreichen wollen.<\/p>\n<p>Samstags stehen MTB- Jugend, Jubilare &amp; Gravel-Biker im Mittelpunkt<br \/>\nDer Samstag steht im Zeichen des MTB-Nachwuchses. Ab 9:30 Uhr wetteifern Kids und Jugendliche im Hexenwald-Trailpark um gute Pl\u00e4tze f\u00fcr den Schwarzw\u00e4lder MTB-Cup. In der Fu\u00dfg\u00e4ngerzone k\u00f6nnen zwischen 7 und 8:50 Uhr die Gravel-Biker auf die 80- oder 135-Kilometer-Strecke gehen \u2013 ohne Wertung, aber mit viel Leckereien unterwegs. Waren letztes Jahr bereits 530 am Start, erwartet ULTRA-Bike-Gesch\u00e4ftsf\u00fchrerin Britta Schreiber diesmal bis zu 650 Gravel-Fahrende. Im Stadion werden ab 15:30 Uhr die schnellsten Nachwuchsbiker geehrt. Um 18 Uhr erhalten die Biker, die 10mal, 15mal, 20mal und 25mal mitfuhren, ihre Auszeichnungen. Zuvor kommt es auf der B\u00fchne um 17:15 Uhr zur Einstimmung auf den Hero-UCI-Weltcup zum \u201eHero Race Talk\u201c. Rennleiter Sebastian Eckmann freut sich, dass der ULTRA erneut Teil vom Hero-UCI-Marathon-Weltcup ist.<\/p>\n<p>Am Sonntag wird\u2019s spannend!<br \/>\nAuf den vier Mountainbike-Strecken ULTRA (114 Kilometer\/3.550 H\u00f6henmeter\/Startort Kirchzarten, 7:30 Uhr Weltcup\/7:45 Uhr ULTRA), Marathon (70 km\/2.200 Hm\/Startort Kirchzarten, 8:15 Uhr), Speed Track (54 km\/1.230 Hm\/Startort Todtnauberg, 12:00 Uhr) und Short Track (40 km\/850 Hm\/Startort Hinterzarten, 12:00 Uhr) geht es dann um alles. Die erste Zielankunft im Sportstadion wird um 10:45 Uhr von den Marathonis erwartet \u2013 alle anderen bis 17:30 Uhr. Die Siegerehrung der UCI-Weltcup-Fahrenden ist ab 13:30 Uhr, alle anderen werden ab 13:30 Uhr geehrt.<\/p>\n<p>Das Rahmenprogramm lohnt sich<br \/>\nAuch wer nicht unmittelbar vom MTB-Renngeschehen betroffen ist, wird viel Freude beim Besuch des Stadions an der Oberrieder Stra\u00dfe haben. Den Bambinis zuzusehen macht Spa\u00df, der Film bei der ULTRA-Movie-Night mit fantastischen Bildern von einer Alpen\u00fcberquerung mit Bikes ist spannend und die Angebote an den Getr\u00e4nke- und Speisenst\u00e4nden lohnen ebenfalls. Am Renntag gibt es zahlreiche Hotspots an den Strecken mit Ansagern. Die Rampe \u201eAlpe de Fidlebrugg\u201c in Aftersteg erf\u00e4hrt nach vielen Jahren mit Motivator Thomas Zipfel einen Wechsel \u2013 Volker Brunner l\u00f6st ihn ab. Fachm\u00e4nnisch moderieren erneut Jens Wischnewski und Stefan Lubowitz auch den 26. ULTRA Bike.<br \/>\nMehr \u2013 auch das bisher gedruckte Programmheft \u2013 findet sich unter <a href=\"https:\/\/www.ultra-bike.de\">https:\/\/www.ultra-bike.de<\/a>.<br \/>\n21.7.2026,\u00a0Gerhard L\u00fcck<\/p>\n<p><strong>Ultra Bike in Kirchzarten 11.-13.7.2025: Enorme Aufwertung durch Weltcup-Status<\/strong><br \/>\n&#8230;<br \/>\n&#8222;Jetzt beginnt die hei\u00dfe Phase&#8220;, sagt Britta Schreiber mit Blick auf das Wettkampf-Wochenende am 11. bis 13. Juli, &#8222;jetzt m\u00fcssen wir die Dinge regeln, die noch offen sind.&#8220; Das bedeutet: Ereignisreiche Tage liegen auch vor der Gesch\u00e4ftsf\u00fchrerin des Ultra Bike Marathons, zumal die Veranstaltung in diesem Jahr zum 25. Mal stattfindet und durch das Jubil\u00e4um einen besonderen Anstrich erf\u00e4hrt. Hinzu kommt die enorme sportliche Aufwertung durch den Weltcup-Status der Langstrecke.<br \/>\n&#8230;<br \/>\nZwischen 17 und 18 Uhr<em><strong> am Freitag<\/strong><\/em>, 11. Juli 2025, kommen die Kleinsten wieder gro\u00df raus bei der Bambini-Trophy im Stadion. Kinder im Alter zwischen zwei und sieben Jahren k\u00f6nnen mit einem Laufrad oder Fahrrad daran teilnehmen. Tags darauf wird der f\u00fcnfte Wettkampf der achtteiligen Nachwuchsserie um den Schwarzw\u00e4lder MTB-Cup im Hexenwald Trailpark in Kirchzarten ausgetragen. Startberechtigt sind die Sch\u00fclerklassen U9 bis U15, Beginn ist um 9.30 Uhr.<br \/>\nEine Melange aus Sport und Genuss wird <strong><em>am Samstag<\/em><\/strong> auf den beiden Gravelstrecken ohne Zeitnahme geboten. Auf der 135-Kilometer-Runde und auch auf der 80-Kilometer-Runde wird verpflegungsm\u00e4\u00dfig Besonderes geboten. Das Startfenster f\u00fcr die l\u00e4ngere Strecke ist am Samstagmorgen von 8 bis 9 Uhr, das Startfenster f\u00fcr die k\u00fcrzere Strecke schlie\u00dft sich um 9 Uhr an.<\/p>\n<p><em><strong>Am Sonntag<\/strong><\/em> kann man sich erneut f\u00fcr eine der vier etablierten Mountainbike-Marathonstrecken entscheiden: Ultra (118 Kilometer\/3550 H\u00f6henmeter\/Startort Kirchzarten), Marathon (71\/1985\/Startort Kirchzarten), Speed Track (54\/1230\/Startort Todtnauberg) und Short Track (46\/943\/Startort Hinterzarten). Weitere Informationen unter <a href=\"https:\/\/www.ultra-bike.de\">https:\/\/www.ultra-bike.de<\/a> oder <a href=\"https:\/\/www.ultra-gravel.de\">https:\/\/www.ultra-gravel.de<\/a><br \/>\n&#8230;<br \/>\nIn Kirchzarten haben die Weltcup-Starter ihren eigenen Startblock<br \/>\nF\u00fcr den ersten Hero Marathon Weltcup am Sonntag, 10. Mai, in Capoliveri auf Elba (Italien) haben sich 152 Elitem\u00e4nner und 37 Elitefrauen eingeschrieben. Das deutet darauf hin, dass der Weltcup unter der neuen F\u00fchrung besser angenommen wird, da die f\u00fcnf Events in bestehende Veranstaltungen integriert sind. Es folgen Marathon-Weltcup-Rennen am 1. Juni in Andorra (Pyren\u00e4en), am 14. Juni in Wolkenstein in den Dolomiten (Italien), am 13. Juli der Ultra Bike in Kirchzarten und am 21. September La Tramun Sea Otter Europe in Girona (Spanien). In die Wertung flie\u00dfen alle f\u00fcnf Ergebnisse ein, Streichresultate gibt es nicht.<br \/>\nIn Kirchzarten haben die Weltcup-Starter ihren eigenen Startblock. Die ersten zehn der Weltcup-Wertung werden namentlich aufgerufen (&#8222;Call up&#8220;). Der M\u00e4nnerstart der Weltbesten in der Fu\u00dfg\u00e4ngerzone ist f\u00fcr 7.30 Uhr vorgesehen, die schnellsten Frauen folgen dann um 7.35 Uhr.<br \/>\n&#8230;. Alles vom 11.5.2025 bitte lesen auf<br \/>\n<a href=\"https:\/\/www.badische-zeitung.de\/der-ultra-bike-in-kirchzarten-erfaehrt-eine-enorme-aufwertung-durch-weltcup-status\">https:\/\/www.badische-zeitung.de\/der-ultra-bike-in-kirchzarten-erfaehrt-eine-enorme-aufwertung-durch-weltcup-status<\/a><\/p>\n<p>&nbsp;<\/p>\n<p><strong>ULTRA-BIKE-MARATHON Absage f\u00fcr 2020 \u2013 Mit dem Wolf w\u00e4re das nicht passiert!<\/strong><br \/>\n<em>Vielen ist nicht bekannt, dass Rotk\u00e4ppchen eigentlich ein Schwarzw\u00e4lder M\u00e4del war. Und wo das Rotk\u00e4ppchen seine Heimat hat darf der Wolf nicht fehlen! Ansonsten w\u00fcrden ja alle Eltern Ihren Kindern jeden Abend ein <a title=\"Maerchen\" href=\"https:\/\/www.freiburg-schwarzwald.de\/blog\/kultur\/dichter\/literatur\/maerchen\/\">M\u00e4rchen<\/a> erz\u00e4hlen! Deshalb unterst\u00fctzen Sie bitte die Initiative: \u201cDer Wolf \u2013 Ein Schwarzw\u00e4lder kehrt nach Hause zur\u00fcck!\u201d<br \/>\n<\/em>\u00a0.<br \/>\nJa klar, jetzt kommen gleich wieder die Gegenargumente mit <a title=\"Schafe\" href=\"https:\/\/www.freiburg-schwarzwald.de\/blog\/natur\/tiere\/schafe\/\">Schafsverbiss<\/a> usw. Dabei tut Aufkl\u00e4rung not, denn im Gegensatz zu vielen Menschen m\u00f6gen W\u00f6lfe gar kein \u201cFast-Food\u201d! Ist auch v\u00f6llig ungesund und l\u00e4stig, st\u00e4ndig seinem Essen hinterher zu rennen!<br \/>\n.<br \/>\nDeshalb steht der Wolf viel mehr auf \u201cSlow-Food\u201d! Das ist auch viel ges\u00fcnder! Und da kommt das <a title=\"Auerwild\" href=\"https:\/\/www.freiburg-schwarzwald.de\/blog\/natur\/tiere\/vogel\/auerwild\/\">Auerwild<\/a> am Feldberg ins Spiel! Das erf\u00fcllt n\u00e4mlich alle Kriterien f\u00fcr eine gesunde Wolfs-Ern\u00e4hrung! Gem\u00e4\u00df einschl\u00e4giger Publikationen und Presseberichten leben derzeit noch in etwa 120 St\u00fcck von dieser Gattung am Feldberg. Wenn also ein Wolf ein St\u00fcck Auerwild pro Tag frisst, gibt es schon im April keine Auerh\u00fchner und -H\u00e4hne mehr. Dann kann der ULTRA-BIKE-Marathon 2020 doch wie geplant stattfinden. \u2013 Die Gr\u00fcnde f\u00fcr die Absage w\u00e4ren obsolet!<br \/>\n.<br \/>\nDer Wolf hat auch weitergehende Vorteile, denn als Mountainbiker verbessert man automatisch seine pers\u00f6nliche Bestzeit, sobald so ein Vieh hinter einem herrennt! F\u00fcr den Wolf sind Mountainbiker eh nur \u201cEssen auf R\u00e4dern\u201d<br \/>\nUnd wenn das Auerwild mal ausgeht, kann der Wolf immer noch auf singende Wandergruppen, bestehend aus Rentnern, umsteigen.<br \/>\n.<br \/>\nMit dem <a title=\"Laurentiusfest\" href=\"https:\/\/www.freiburg-schwarzwald.de\/blog\/regio\/berge\/feldberg-gipfel\/laurentiusfest\/\">Laurenzi-Fescht <\/a>am Feldberg d\u00fcrfte es zuk\u00fcnftig auch keine Probleme mehr geben, denn da liegt ja auch genug \u201cSlow-Food\u201d f\u00fcr den Wolf am Wegesrand rum! Gut, ob das dann f\u00fcr den Wolf noch so gesund ist sei mal dahin gestellt! \u2013 Aber der Hunger treibt\u00b4s schon rein!<br \/>\nSo, und wer sich jetzt \u00fcber diese Zeilen aufregt oder echauffiert, dem sei gesagt, dass es sich hierbei um nat\u00fcrliche Selektion handelt! Das ist in der Natur durchaus \u00fcblich. Wird nur allzu h\u00e4ufig vergessen!<br \/>\nUnd die Art und Weise, wie es vorgetragen wurde, nennt sich <a title=\"Satire\" href=\"https:\/\/www.freiburg-schwarzwald.de\/blog\/kultur\/kunst\/satire\/\">Satire!<\/a> Und die f\u00e4llt unter die Meinungsfreiheit!<br \/>\nIn diesem Sinne sag ich: Ade<br \/>\n7.11.2019, Stephan Graf, Kirchzarten, <a href=\"https:\/\/www.dreisamtaeler.de\">https:\/\/www.dreisamtaeler.de<\/a><\/p>\n<p>&nbsp;<\/p>\n<p><strong>Schwarzw\u00e4lder Kids-Cup<\/strong><\/p>\n<p>Am st\u00e4rksten waren die Starterfelder der Klassen U 13 und U 15 bei den Jungs besetzt, dicht gefolgt von den U11- und U 13-M\u00e4dchen. \u00dcberhaupt zeichnet sich ab, dass bei den Mountainbike-Kids ein starker Nachwuchs anrollt \u2013 auch weiblicher. &#8222;Bei den M\u00e4dchenrennen der U 11 und U 13 sind jeweils 30 Fahrerinnen gemeldet&#8220;, so Weiss. Kein Wunder, denn die Nachwuchsarbeit ist dem Kids-Cup-Veranstalter in Kirchzarten, dem SV Kirchzarten, eine Herzensangelegenheit.<\/p>\n<div>Kids-Cup-Serie <a title=\"\" href=\"https:\/\/www.schwarzwaelder-kids-cup.de\/\" target=\"_blank\" rel=\"noopener\">https:\/\/www.schwarzwaelder-kids-cup.de<\/a>,<br \/>\nSV Kirchzarten\u00a0<a title=\"\" href=\"https:\/\/www.bike-kirchzarten.de\/\" target=\"_blank\" rel=\"noopener\">https:\/\/www.bike-kirchzarten.de<\/a><\/div>\n<div><\/div>\n<div><\/div>\n<div><strong>Der 21. Ultra Bike vom 21. bis 23. Juni 2019 im Schwarzwald<\/strong><br \/>\nDer Black Forest Ultra Bike Marathon ist ein Massenrennen f\u00fcr Mountainbiker. Er wird einmal im Jahr ausgetragen. An diesem Wochenende hoffen die Organisatoren in Kirchzarten wieder auf rund 4000 Starter. Viele MTB-Freunde radeln nach dem Motto &#8222;Dabeisein ist alles&#8220;. Aber auch professionelle und halb-professionelle Mountainbiker treten an. F\u00fcr sie ist der Black Forest ein beinharter Wettkampf mit Positionsk\u00e4mpfen an der Spitze. Erstmals bieten die Organisatoren nun einen sogenannten E-Bike Track an. Er soll allerdings kein Wettkampf sein, sondern nur eine sogenannte Radtouristikfahrt. Sie ist sportlich durchaus anspruchsvoll. Start und Ziel liegen in Kirchzarten, in der Maximal-Variante sind 81 Kilometer und 1700 H\u00f6henmeter zu meistern. Die E-Biker fahren unter sich. Es gibt keine Zeitmessung und keine Sieger. Die Strecke f\u00fchrt \u00fcber St. Peter, St. M\u00e4rgen, Breitnau und in der Maximal-Variante auch noch \u00fcber Hinterzarten. Stand Montag hatten sich lediglich 27 E-Biker angemeldet. Alle anderen gehen mit konventionellen R\u00e4dern in ihre Rennen.<br \/>\nWeitere Informationen auf <a href=\"https:\/\/www.ultra-bike.de\">https:\/\/www.ultra-bike.de<\/a><\/div>\n<div><\/div>\n<div><\/div>\n<div><\/div>\n<p><strong>Bilanz von 23 Jahren Mountainbike-Veranstaltungen in Kirchzarten<\/strong><\/p>\n<ul>\n<li>Das Gesamtvolumen von 23 Jahren Mountainbike in Kirchzarten mit Ultra-Bike, Weltmeisterschaft, Worldcup, Deutsche Meisterschaften liegt bei 11,3 Mio. Euro.<\/li>\n<li>Gesamtsteuerzahlungen in dieser Zeit: 1,088 Mio. Euro.<\/li>\n<li>Unterst\u00fctzung der SVK-Jugendarbeit durch MTB-Veranstaltungen: 265.000 Euro<\/li>\n<li>Anzahl der aktiven Sportler: 59.598 aus 93 Nationen.<\/li>\n<li>Anzahl der Zuschauer an den Strecken: 690.000<\/li>\n<li>\u00dcbernachtungen direkt zum jeweiligen Event: 234.820\u00b4<\/li>\n<li>Ehrenamtliche Leistungen: 22.460 Helfertage \u00e1 15 Euro\/Std. ergibt die Summe von 3,369 Mio. Euro.<\/li>\n<li>Umwegrendite der Events f\u00fcr Kirchzarten und die Region (Vereine, Gastronomie, Einzelhandel u.v.a.):<br \/>\n13,7 Mio. Euro<\/li>\n<\/ul>\n<p>12.7.2013, Gerhard L\u00fcck, <a href=\"https:\/\/www.dreisamtaeler.de\">www.dreisamtaeler.de<\/a><\/p>\n<div><\/div>\n","protected":false},"excerpt":{"rendered":"<p>Home &gt;Sportlern &gt;Biken &gt;Ultra-Bike Listenauswahl eines Beitrags (Artikel\/Datum, Seite\/Inhalt): Klicken oder scrollen Ultra Bike &#8211; Schwarzwald (26.7.2026) 26. Black Forest ULTRA Bike &#8211; 24.-26. Juli 2026 (21.7.2026) Ultra Bike in Kirchzarten 11.-13.7.2025: Enorme Aufwertung durch Weltcup-Status (11.5.2025) Black Forest ULTRA &hellip; <a href=\"https:\/\/www.freiburg-schwarzwald.de\/blog\/sport\/sportlern\/biken\/ultra-bike\/\">Weiterlesen <span class=\"meta-nav\">&rarr;<\/span><\/a><\/p>\n","protected":false},"author":2,"featured_media":0,"parent":577,"menu_order":0,"comment_status":"open","ping_status":"closed","template":"","meta":{"footnotes":""},"class_list":["post-1005","page","type-page","status-publish","hentry"],"_links":{"self":[{"href":"https:\/\/www.freiburg-schwarzwald.de\/blog\/wp-json\/wp\/v2\/pages\/1005","targetHints":{"allow":["GET"]}}],"collection":[{"href":"https:\/\/www.freiburg-schwarzwald.de\/blog\/wp-json\/wp\/v2\/pages"}],"about":[{"href":"https:\/\/www.freiburg-schwarzwald.de\/blog\/wp-json\/wp\/v2\/types\/page"}],"author":[{"embeddable":true,"href":"https:\/\/www.freiburg-schwarzwald.de\/blog\/wp-json\/wp\/v2\/users\/2"}],"replies":[{"embeddable":true,"href":"https:\/\/www.freiburg-schwarzwald.de\/blog\/wp-json\/wp\/v2\/comments?post=1005"}],"version-history":[{"count":5,"href":"https:\/\/www.freiburg-schwarzwald.de\/blog\/wp-json\/wp\/v2\/pages\/1005\/revisions"}],"predecessor-version":[{"id":151911,"href":"https:\/\/www.freiburg-schwarzwald.de\/blog\/wp-json\/wp\/v2\/pages\/1005\/revisions\/151911"}],"up":[{"embeddable":true,"href":"https:\/\/www.freiburg-schwarzwald.de\/blog\/wp-json\/wp\/v2\/pages\/577"}],"wp:attachment":[{"href":"https:\/\/www.freiburg-schwarzwald.de\/blog\/wp-json\/wp\/v2\/media?parent=1005"}],"curies":[{"name":"wp","href":"https:\/\/api.w.org\/{rel}","templated":true}]}}