{"id":100254,"date":"2022-04-18T09:16:29","date_gmt":"2022-04-18T07:16:29","guid":{"rendered":"https:\/\/www.freiburg-schwarzwald.de\/blog\/?page_id=100254"},"modified":"2022-11-14T12:07:27","modified_gmt":"2022-11-14T11:07:27","slug":"ottiliensee","status":"publish","type":"page","link":"https:\/\/www.freiburg-schwarzwald.de\/blog\/regio\/fluss\/dreisam\/ottiliensee\/","title":{"rendered":"Ottiliensee"},"content":{"rendered":"<p><a href=\"https:\/\/www.freiburg-schwarzwald.de\/blog\">Home<\/a>\u00a0&gt;<a title=\"Regio\" href=\"https:\/\/www.freiburg-schwarzwald.de\/blog\/regio\/\">Regio<\/a>\u00a0&gt;<a title=\"Dreisamtal\" href=\"https:\/\/www.freiburg-schwarzwald.de\/blog\/regio\/tal\/dreisamtal\/\">Dreisamtal<\/a> &gt;<a href=\"https:\/\/www.freiburg-schwarzwald.de\/blog\/regio\/fluss\/dreisam\/dreisam-renaturierung\/\">Dreisam-Renaturierung<\/a> &gt;<a href=\"https:\/\/www.freiburg-schwarzwald.de\/blog\/regio\/freiburg\/freiburg-idee\/\">Freiburg-Idee<\/a> &gt;Ottiliensee<\/p>\n<div id=\"attachment_100255\" style=\"width: 651px\" class=\"wp-caption alignnone\"><a href=\"https:\/\/www.freiburg-schwarzwald.de\/blog\/wp-content\/uploads\/2022\/04\/ottiliensee5pan220417.jpg\"><img loading=\"lazy\" decoding=\"async\" aria-describedby=\"caption-attachment-100255\" class=\"size-full wp-image-100255\" src=\"https:\/\/www.freiburg-schwarzwald.de\/blog\/wp-content\/uploads\/2022\/04\/ottiliensee5pan220417.jpg\" alt=\"\" width=\"641\" height=\"410\" srcset=\"https:\/\/www.freiburg-schwarzwald.de\/blog\/wp-content\/uploads\/2022\/04\/ottiliensee5pan220417.jpg 641w, https:\/\/www.freiburg-schwarzwald.de\/blog\/wp-content\/uploads\/2022\/04\/ottiliensee5pan220417-180x115.jpg 180w\" sizes=\"auto, (max-width: 641px) 100vw, 641px\" \/><\/a><p id=\"caption-attachment-100255\" class=\"wp-caption-text\">Blick nach Osten \u00fcber den zuk\u00fcnftigen Ottiliensee zwischen Kartaus (vorne Blumenbeete) und Dreisam (rechts) und Ottiliensteg (ganz oben im Osten) am 17.4.2022<\/p><\/div>\n<p>&nbsp;<\/p>\n<ul>\n<li>Ottiliensee &#8211; neuer Naturbadesee an der Dreisam (18.4.2022)<\/li>\n<li>Bilder zur Wiese des Ottiliensees zwischen Dreisam und Kart\u00e4userstrasse (17.4.2022)<\/li>\n<li>Im Corona-Sommer wird die Dreisam zum Ersatzfreibad (13.8.2020)<\/li>\n<\/ul>\n<ul>\n<li>\n<div><a title=\"Ausgleichsflaeche\" href=\"https:\/\/www.freiburg-schwarzwald.de\/blog\/natur\/boden\/ausgleichsflaeche\/\">Ausgleichsfl\u00e4chen<\/a><\/div>\n<\/li>\n<li><a href=\"https:\/\/www.freiburg-schwarzwald.de\/blog\/regio\/fluss\/dreisam\/dreisam-renaturierung\/\">Dreisam-Renaturierung<\/a><\/li>\n<li><a title=\"Dreisamuferweg\" href=\"https:\/\/www.freiburg-schwarzwald.de\/blog\/regio\/verkehr\/fahrradwege\/dreisamuferweg\/\">Dreisamuferweg<\/a><\/li>\n<li>Freiburg-Idee<\/li>\n<li><a title=\"Kartaus\" href=\"https:\/\/www.freiburg-schwarzwald.de\/blog\/natur\/garten\/kartaus\/\">Kartaus<\/a><\/li>\n<li><a href=\"https:\/\/www.freiburg-schwarzwald.de\/blog\/regio\/freiburg\/littenweiler\/\">Littenweiler<\/a><\/li>\n<li><a href=\"https:\/\/www.freiburg-schwarzwald.de\/blog\/bildung\/schulen\/uwc-freiburg\/kartaus-baustelle\/\">Meierhof<\/a><\/li>\n<li><a href=\"https:\/\/www.freiburg-schwarzwald.de\/blog\/regio\/freiburg\/oberwiehre\/\">Oberwiehre-Waldsee<\/a><\/li>\n<li><a href=\"https:\/\/www.freiburg-schwarzwald.de\/blog\/regio\/see\/opfinger-see\/\">Opfingersee<\/a><\/li>\n<li><a href=\"https:\/\/www.freiburg-schwarzwald.de\/blog\/regio\/fluss\/dreisam\/ottiliensee\/\">Ottiliensee\u00a0<\/a><\/li>\n<li><a href=\"https:\/\/www.freiburg-schwarzwald.de\/blog\/regio\/freiburg\/sandfang\/\">Sandfang<\/a><\/li>\n<li><a href=\"https:\/\/www.freiburg-schwarzwald.de\/blog\/sport\/sportlern\/schwimmen\/\">Schwimmen<\/a><\/li>\n<li><a href=\"https:\/\/www.freiburg-schwarzwald.de\/blog\/regio\/freiburg\/seepark\/\">Seepark<\/a><\/li>\n<li><a href=\"https:\/\/www.freiburg-schwarzwald.de\/blog\/sport\/baeder\/strandbad\/\">Strandbad<\/a><\/li>\n<li><a href=\"https:\/\/www.freiburg-schwarzwald.de\/blog\/religion\/kirchen\/kapellen\/ottilien\/\">St. Ottilien \u2013 DAS Ausflugsziel<\/a><\/li>\n<li><a title=\"Wasser-Freiburg\" href=\"https:\/\/www.freiburg-schwarzwald.de\/blog\/natur\/wasser\/wasser-freiburg\/\">Wasser<\/a><\/li>\n<\/ul>\n<div id=\"attachment_100260\" style=\"width: 651px\" class=\"wp-caption alignnone\"><a href=\"https:\/\/www.freiburg-schwarzwald.de\/blog\/wp-content\/uploads\/2022\/04\/ottiliensee2-pan220417.jpg\"><img loading=\"lazy\" decoding=\"async\" aria-describedby=\"caption-attachment-100260\" class=\"size-full wp-image-100260\" src=\"https:\/\/www.freiburg-schwarzwald.de\/blog\/wp-content\/uploads\/2022\/04\/ottiliensee2-pan220417.jpg\" alt=\"\" width=\"641\" height=\"389\" srcset=\"https:\/\/www.freiburg-schwarzwald.de\/blog\/wp-content\/uploads\/2022\/04\/ottiliensee2-pan220417.jpg 641w, https:\/\/www.freiburg-schwarzwald.de\/blog\/wp-content\/uploads\/2022\/04\/ottiliensee2-pan220417-180x109.jpg 180w\" sizes=\"auto, (max-width: 641px) 100vw, 641px\" \/><\/a><p id=\"caption-attachment-100260\" class=\"wp-caption-text\">Blick nach Osten zum Ottiliensee (noch Wiese) am 17.4.2022<\/p><\/div>\n<p>&nbsp;<\/p>\n<p><strong>Ottiliensee &#8211; neuer Natursee an der Dreisam<\/strong><br \/>\n<em>Die Idee:<\/em><br \/>\nOttiliensee als neuer Baggersee: Die Wiese zwischen Ottiliensteg (im Osten nahe <a href=\"https:\/\/www.freiburg-schwarzwald.de\/blog\/tourismus\/gastro\/jugendherberge\/\">Jugendherberge<\/a>), <a href=\"https:\/\/www.freiburg-schwarzwald.de\/blog\/natur\/garten\/kartaus\/\">Kartaus<\/a> bzw. <a href=\"https:\/\/www.freiburg-schwarzwald.de\/blog\/bildung\/schulen\/uwc-freiburg\/\">UWC<\/a> (im Westen), Kart\u00e4userstrasse (im Norden) und <a href=\"https:\/\/www.freiburg-schwarzwald.de\/blog\/regio\/fluss\/dreisam\/dreisam-renaturierung\/\">renaturierter Dreisam<\/a> (im S\u00fcden) ausbaggern. Von der <a href=\"https:\/\/www.freiburg-schwarzwald.de\/blog\/regio\/fluss\/dreisam\/\">Dreisam<\/a> her einen Wasserzulauf in H\u00f6he der Jugendherberge in den See und vor dem Sandfang einen Wasserablauf in die Dreisam schaffen. Dann den See mit original Schwarzw\u00e4lder Quellwasser der Dreisam volllaufen lassen. Zum schwimmen oder als Wasserbiotop f\u00fcr Flora und Faune. Fertig.<\/p>\n<p><em>Argumente:<\/em><br \/>\nAngesichts der immer hei\u00dferen Sommer und der begrenzten Kapazit\u00e4t der beiden gro\u00dfen Freiburger Freib\u00e4der ist es eigentlich unverantwortlich, diese im Hinblick auf Investition wie Unterhalt kosteng\u00fcnstige M\u00f6glichkeit, einen Natursee zum Schwimmen schaffen, nicht zu realisieren.<br \/>\nBZ-Redakteur Joachim R\u00f6derer (siehe Beitrag ganz unten) hatte im hei\u00dfen Sommer 2020 den Begriff der &#8222;Dreisam als Ersatzplantschbecken&#8220; kreiert. Hier ist die Erweiterung zum &#8222;Ottiliensee an der Dreisam als Ersatzplantschbecken&#8220;.<\/p>\n<p>Die Anbindung des Ottiliensees an die Dreisam gew\u00e4hrleistet, da\u00df dieser &#8211; im Gegensatz zum <a href=\"https:\/\/www.freiburg-schwarzwald.de\/blog\/regio\/see\/opfinger-see\/\">Opfingersee<\/a> und <a href=\"https:\/\/www.freiburg-schwarzwald.de\/blog\/regio\/freiburg\/seepark\/\">Fl\u00fcckingersee<\/a> &#8211; nicht umkippt.<br \/>\nDer langgestreckte Wiesenstreifen (siehe Bild (12)) bietet mehrere M\u00f6glichkeiten:<br \/>\n1) Ottiliensee nur am \u00f6stlichen Teil nahe des Ottilienstegs. Erdaushub als L\u00e4rmschutzwall zur n\u00f6rdlich angrenzenden Bebauung am St.Ottilientobel.<br \/>\n2) See am westlichen Teil (beiges Blumenfeld Bild (13)) nahe Kartaus.<br \/>\n3) See in der ganzen L\u00e4nge.<br \/>\n4) Kein Badesee, sondern See komplett als artenreiches Feucht- bzw. Wasserbiotop.<br \/>\n5) Zwei Seen hintereinander: \u00d6stlich Biotop, westlich Badesee &#8211; oder umgekehrt.<\/p>\n<p>\u00d6kologie: &#8218;Wasser stauen&#8216; ist in Zeiten zunehmender Erw\u00e4rmung prinzipiell angebracht.<br \/>\nDer Wasserzulauf k\u00f6nnte statt von der Dreisam direkt auch vom n\u00f6rdlich verlaufenden Gewerbekanal (Bild 13) her erfolgen.<\/p>\n<p>Warum der Name &#8222;Ottiliensee&#8220;? Im Norden zwischen Kart\u00e4userstrasse und Rosskopf grenzt der Ottilienwald an. St. Ottilientobel am Beginn des Kreuzwegs zur Kirche St. Ottilien. Ausflugslokal <a href=\"https:\/\/www.freiburg-schwarzwald.de\/blog\/religion\/kirchen\/kapellen\/ottilien\/\">St. Ottilien<\/a>.<\/p>\n<p><em>Guter Vorschlag?<\/em><br \/>\nWas tun? IG gr\u00fcnden? Geld sammeln? B\u00fcrgerbegehren? Anh\u00f6rung? Tr\u00e4umen?<br \/>\nOder nix tun und weiter so?<br \/>\n18.4.2022<\/p>\n<p>&nbsp;<\/p>\n<p><strong>Bilder zur Wiese des Ottiliensees zwischen Dreisam und Kart\u00e4userstrasse<\/strong><\/p>\n<p><a href=\"https:\/\/www.freiburg-schwarzwald.de\/blog\/wp-content\/uploads\/2022\/04\/ottiliensee1-220417.jpg\"><img loading=\"lazy\" decoding=\"async\" class=\"alignnone size-thumbnail wp-image-100258\" src=\"https:\/\/www.freiburg-schwarzwald.de\/blog\/wp-content\/uploads\/2022\/04\/ottiliensee1-220417-180x136.jpg\" alt=\"\" width=\"180\" height=\"136\" srcset=\"https:\/\/www.freiburg-schwarzwald.de\/blog\/wp-content\/uploads\/2022\/04\/ottiliensee1-220417-180x136.jpg 180w, https:\/\/www.freiburg-schwarzwald.de\/blog\/wp-content\/uploads\/2022\/04\/ottiliensee1-220417-640x482.jpg 640w, https:\/\/www.freiburg-schwarzwald.de\/blog\/wp-content\/uploads\/2022\/04\/ottiliensee1-220417-768x578.jpg 768w, https:\/\/www.freiburg-schwarzwald.de\/blog\/wp-content\/uploads\/2022\/04\/ottiliensee1-220417.jpg 1024w\" sizes=\"auto, (max-width: 180px) 100vw, 180px\" \/><\/a><br \/>\n(1) Blick nach Osten \u00fcber den Ottiliensee zum SC-Stadion am 17.4.2022<\/p>\n<p><a href=\"https:\/\/www.freiburg-schwarzwald.de\/blog\/wp-content\/uploads\/2022\/04\/ottiliensee3-220417.jpg\"><img loading=\"lazy\" decoding=\"async\" class=\"alignnone size-thumbnail wp-image-100259\" src=\"https:\/\/www.freiburg-schwarzwald.de\/blog\/wp-content\/uploads\/2022\/04\/ottiliensee3-220417-180x139.jpg\" alt=\"\" width=\"180\" height=\"139\" srcset=\"https:\/\/www.freiburg-schwarzwald.de\/blog\/wp-content\/uploads\/2022\/04\/ottiliensee3-220417-180x139.jpg 180w, https:\/\/www.freiburg-schwarzwald.de\/blog\/wp-content\/uploads\/2022\/04\/ottiliensee3-220417-640x493.jpg 640w, https:\/\/www.freiburg-schwarzwald.de\/blog\/wp-content\/uploads\/2022\/04\/ottiliensee3-220417-768x592.jpg 768w, https:\/\/www.freiburg-schwarzwald.de\/blog\/wp-content\/uploads\/2022\/04\/ottiliensee3-220417.jpg 1019w\" sizes=\"auto, (max-width: 180px) 100vw, 180px\" \/><\/a><br \/>\n(3) Blick nach Osten zum Ottiliensee (noch Wiese): oben SC-Stadion, rechts renaturierte Dreisam, unten Kart\u00e4userstrasse<\/p>\n<p><a href=\"https:\/\/www.freiburg-schwarzwald.de\/blog\/wp-content\/uploads\/2022\/04\/ottiliensee4-220417.jpg\"><img loading=\"lazy\" decoding=\"async\" class=\"alignnone size-thumbnail wp-image-100262\" src=\"https:\/\/www.freiburg-schwarzwald.de\/blog\/wp-content\/uploads\/2022\/04\/ottiliensee4-220417-180x142.jpg\" alt=\"\" width=\"180\" height=\"142\" srcset=\"https:\/\/www.freiburg-schwarzwald.de\/blog\/wp-content\/uploads\/2022\/04\/ottiliensee4-220417-180x142.jpg 180w, https:\/\/www.freiburg-schwarzwald.de\/blog\/wp-content\/uploads\/2022\/04\/ottiliensee4-220417-640x506.jpg 640w, https:\/\/www.freiburg-schwarzwald.de\/blog\/wp-content\/uploads\/2022\/04\/ottiliensee4-220417-768x607.jpg 768w, https:\/\/www.freiburg-schwarzwald.de\/blog\/wp-content\/uploads\/2022\/04\/ottiliensee4-220417.jpg 885w\" sizes=\"auto, (max-width: 180px) 100vw, 180px\" \/><\/a><br \/>\n(4) Blick nach S\u00fcdwesten \u00fcber Strasse nach St.Ottilien<\/p>\n<p><a href=\"https:\/\/www.freiburg-schwarzwald.de\/blog\/wp-content\/uploads\/2022\/04\/ottiliensee5-220417.jpg\"><img loading=\"lazy\" decoding=\"async\" class=\"alignnone size-thumbnail wp-image-100263\" src=\"https:\/\/www.freiburg-schwarzwald.de\/blog\/wp-content\/uploads\/2022\/04\/ottiliensee5-220417-180x147.jpg\" alt=\"\" width=\"180\" height=\"147\" srcset=\"https:\/\/www.freiburg-schwarzwald.de\/blog\/wp-content\/uploads\/2022\/04\/ottiliensee5-220417-180x147.jpg 180w, https:\/\/www.freiburg-schwarzwald.de\/blog\/wp-content\/uploads\/2022\/04\/ottiliensee5-220417-640x524.jpg 640w, https:\/\/www.freiburg-schwarzwald.de\/blog\/wp-content\/uploads\/2022\/04\/ottiliensee5-220417-768x629.jpg 768w, https:\/\/www.freiburg-schwarzwald.de\/blog\/wp-content\/uploads\/2022\/04\/ottiliensee5-220417.jpg 856w\" sizes=\"auto, (max-width: 180px) 100vw, 180px\" \/><\/a><br \/>\n(5) Blick nach Osten \u00fcber USC-Sportplatz, Blumenfeld und Kartauswiese bis nach Ebnet<\/p>\n<p><a href=\"https:\/\/www.freiburg-schwarzwald.de\/blog\/wp-content\/uploads\/2022\/04\/ottiliensee6-220417.jpg\"><img loading=\"lazy\" decoding=\"async\" class=\"alignnone size-thumbnail wp-image-100265\" src=\"https:\/\/www.freiburg-schwarzwald.de\/blog\/wp-content\/uploads\/2022\/04\/ottiliensee6-220417-180x135.jpg\" alt=\"\" width=\"180\" height=\"135\" srcset=\"https:\/\/www.freiburg-schwarzwald.de\/blog\/wp-content\/uploads\/2022\/04\/ottiliensee6-220417-180x135.jpg 180w, https:\/\/www.freiburg-schwarzwald.de\/blog\/wp-content\/uploads\/2022\/04\/ottiliensee6-220417-640x480.jpg 640w, https:\/\/www.freiburg-schwarzwald.de\/blog\/wp-content\/uploads\/2022\/04\/ottiliensee6-220417-768x576.jpg 768w, https:\/\/www.freiburg-schwarzwald.de\/blog\/wp-content\/uploads\/2022\/04\/ottiliensee6-220417.jpg 1000w\" sizes=\"auto, (max-width: 180px) 100vw, 180px\" \/><\/a><br \/>\n(6) Blick nach Norden zu UWC College (ehemals Kartaus) und Johannisheim<\/p>\n<p><a href=\"https:\/\/www.freiburg-schwarzwald.de\/blog\/wp-content\/uploads\/2022\/04\/ottiliensee7-220417.jpg\"><img loading=\"lazy\" decoding=\"async\" class=\"alignnone size-thumbnail wp-image-100266\" src=\"https:\/\/www.freiburg-schwarzwald.de\/blog\/wp-content\/uploads\/2022\/04\/ottiliensee7-220417-180x135.jpg\" alt=\"\" width=\"180\" height=\"135\" srcset=\"https:\/\/www.freiburg-schwarzwald.de\/blog\/wp-content\/uploads\/2022\/04\/ottiliensee7-220417-180x135.jpg 180w, https:\/\/www.freiburg-schwarzwald.de\/blog\/wp-content\/uploads\/2022\/04\/ottiliensee7-220417-640x480.jpg 640w, https:\/\/www.freiburg-schwarzwald.de\/blog\/wp-content\/uploads\/2022\/04\/ottiliensee7-220417-768x576.jpg 768w, https:\/\/www.freiburg-schwarzwald.de\/blog\/wp-content\/uploads\/2022\/04\/ottiliensee7-220417.jpg 1000w\" sizes=\"auto, (max-width: 180px) 100vw, 180px\" \/><\/a><br \/>\n(7) Blick nach Osten \u00fcber die Wiese alias Ottiliensee &#8211; rechts die Dreisam<\/p>\n<p><a href=\"https:\/\/www.freiburg-schwarzwald.de\/blog\/wp-content\/uploads\/2022\/04\/ottiliensee8-220417.jpg\"><img loading=\"lazy\" decoding=\"async\" class=\"alignnone size-thumbnail wp-image-100268\" src=\"https:\/\/www.freiburg-schwarzwald.de\/blog\/wp-content\/uploads\/2022\/04\/ottiliensee8-220417-180x135.jpg\" alt=\"\" width=\"180\" height=\"135\" srcset=\"https:\/\/www.freiburg-schwarzwald.de\/blog\/wp-content\/uploads\/2022\/04\/ottiliensee8-220417-180x135.jpg 180w, https:\/\/www.freiburg-schwarzwald.de\/blog\/wp-content\/uploads\/2022\/04\/ottiliensee8-220417-640x480.jpg 640w, https:\/\/www.freiburg-schwarzwald.de\/blog\/wp-content\/uploads\/2022\/04\/ottiliensee8-220417-768x576.jpg 768w, https:\/\/www.freiburg-schwarzwald.de\/blog\/wp-content\/uploads\/2022\/04\/ottiliensee8-220417.jpg 1000w\" sizes=\"auto, (max-width: 180px) 100vw, 180px\" \/><\/a><br \/>\n(8) Blick nach Osten<\/p>\n<p><a href=\"https:\/\/www.freiburg-schwarzwald.de\/blog\/wp-content\/uploads\/2022\/04\/ottiliensee9-220417.jpg\"><img loading=\"lazy\" decoding=\"async\" class=\"alignnone size-thumbnail wp-image-100270\" src=\"https:\/\/www.freiburg-schwarzwald.de\/blog\/wp-content\/uploads\/2022\/04\/ottiliensee9-220417-180x135.jpg\" alt=\"\" width=\"180\" height=\"135\" srcset=\"https:\/\/www.freiburg-schwarzwald.de\/blog\/wp-content\/uploads\/2022\/04\/ottiliensee9-220417-180x135.jpg 180w, https:\/\/www.freiburg-schwarzwald.de\/blog\/wp-content\/uploads\/2022\/04\/ottiliensee9-220417-640x480.jpg 640w, https:\/\/www.freiburg-schwarzwald.de\/blog\/wp-content\/uploads\/2022\/04\/ottiliensee9-220417-768x576.jpg 768w, https:\/\/www.freiburg-schwarzwald.de\/blog\/wp-content\/uploads\/2022\/04\/ottiliensee9-220417.jpg 1000w\" sizes=\"auto, (max-width: 180px) 100vw, 180px\" \/><\/a><br \/>\n(9) Blick nach Westen \u00fcber die Wiese alias Ottiliensee\u00a0 &#8211; links die Dreisam<\/p>\n<p><a href=\"https:\/\/www.freiburg-schwarzwald.de\/blog\/wp-content\/uploads\/2022\/04\/ottiliensee10-220417.jpg\"><img loading=\"lazy\" decoding=\"async\" class=\"alignnone size-thumbnail wp-image-100269\" src=\"https:\/\/www.freiburg-schwarzwald.de\/blog\/wp-content\/uploads\/2022\/04\/ottiliensee10-220417-180x134.jpg\" alt=\"\" width=\"180\" height=\"134\" srcset=\"https:\/\/www.freiburg-schwarzwald.de\/blog\/wp-content\/uploads\/2022\/04\/ottiliensee10-220417-180x134.jpg 180w, https:\/\/www.freiburg-schwarzwald.de\/blog\/wp-content\/uploads\/2022\/04\/ottiliensee10-220417-640x478.jpg 640w, https:\/\/www.freiburg-schwarzwald.de\/blog\/wp-content\/uploads\/2022\/04\/ottiliensee10-220417-768x573.jpg 768w, https:\/\/www.freiburg-schwarzwald.de\/blog\/wp-content\/uploads\/2022\/04\/ottiliensee10-220417.jpg 833w\" sizes=\"auto, (max-width: 180px) 100vw, 180px\" \/><\/a><br \/>\n(10) Blick nach Osten: Renaturierte Dreisam mit Liegeweise<\/p>\n<p><a href=\"https:\/\/www.freiburg-schwarzwald.de\/blog\/wp-content\/uploads\/2022\/04\/ottiliensee11-220417.jpg\"><img loading=\"lazy\" decoding=\"async\" class=\"alignnone size-thumbnail wp-image-100271\" src=\"https:\/\/www.freiburg-schwarzwald.de\/blog\/wp-content\/uploads\/2022\/04\/ottiliensee11-220417-180x134.jpg\" alt=\"\" width=\"180\" height=\"134\" srcset=\"https:\/\/www.freiburg-schwarzwald.de\/blog\/wp-content\/uploads\/2022\/04\/ottiliensee11-220417-180x134.jpg 180w, https:\/\/www.freiburg-schwarzwald.de\/blog\/wp-content\/uploads\/2022\/04\/ottiliensee11-220417-640x477.jpg 640w, https:\/\/www.freiburg-schwarzwald.de\/blog\/wp-content\/uploads\/2022\/04\/ottiliensee11-220417-768x573.jpg 768w, https:\/\/www.freiburg-schwarzwald.de\/blog\/wp-content\/uploads\/2022\/04\/ottiliensee11-220417.jpg 1000w\" sizes=\"auto, (max-width: 180px) 100vw, 180px\" \/><\/a><br \/>\n(11) Blick nach Westen &#8211; Dreisamradweg links, Ottiliensee rechts<\/p>\n<p><a href=\"https:\/\/www.freiburg-schwarzwald.de\/blog\/wp-content\/uploads\/2022\/04\/ottiliensee12google220417.jpg\"><img loading=\"lazy\" decoding=\"async\" class=\"alignnone size-thumbnail wp-image-100295\" src=\"https:\/\/www.freiburg-schwarzwald.de\/blog\/wp-content\/uploads\/2022\/04\/ottiliensee12google220417-180x125.jpg\" alt=\"\" width=\"180\" height=\"125\" srcset=\"https:\/\/www.freiburg-schwarzwald.de\/blog\/wp-content\/uploads\/2022\/04\/ottiliensee12google220417-180x125.jpg 180w, https:\/\/www.freiburg-schwarzwald.de\/blog\/wp-content\/uploads\/2022\/04\/ottiliensee12google220417-640x445.jpg 640w, https:\/\/www.freiburg-schwarzwald.de\/blog\/wp-content\/uploads\/2022\/04\/ottiliensee12google220417-1024x712.jpg 1024w, https:\/\/www.freiburg-schwarzwald.de\/blog\/wp-content\/uploads\/2022\/04\/ottiliensee12google220417-768x534.jpg 768w, https:\/\/www.freiburg-schwarzwald.de\/blog\/wp-content\/uploads\/2022\/04\/ottiliensee12google220417.jpg 1182w\" sizes=\"auto, (max-width: 180px) 100vw, 180px\" \/><\/a><br \/>\n(12) Ottiliensee: Auf dem Wiesenstreifen rechts (bei Ottiliensteg) oder links (bei Kartaus)<\/p>\n<div id=\"attachment_100297\" style=\"width: 650px\" class=\"wp-caption alignnone\"><a href=\"https:\/\/www.freiburg-schwarzwald.de\/blog\/wp-content\/uploads\/2022\/04\/ottiliensee13google-pan220417.jpg\"><img loading=\"lazy\" decoding=\"async\" aria-describedby=\"caption-attachment-100297\" class=\"size-medium wp-image-100297\" src=\"https:\/\/www.freiburg-schwarzwald.de\/blog\/wp-content\/uploads\/2022\/04\/ottiliensee13google-pan220417-640x320.jpg\" alt=\"\" width=\"640\" height=\"320\" srcset=\"https:\/\/www.freiburg-schwarzwald.de\/blog\/wp-content\/uploads\/2022\/04\/ottiliensee13google-pan220417-640x320.jpg 640w, https:\/\/www.freiburg-schwarzwald.de\/blog\/wp-content\/uploads\/2022\/04\/ottiliensee13google-pan220417-180x90.jpg 180w, https:\/\/www.freiburg-schwarzwald.de\/blog\/wp-content\/uploads\/2022\/04\/ottiliensee13google-pan220417-768x384.jpg 768w, https:\/\/www.freiburg-schwarzwald.de\/blog\/wp-content\/uploads\/2022\/04\/ottiliensee13google-pan220417.jpg 875w\" sizes=\"auto, (max-width: 640px) 100vw, 640px\" \/><\/a><p id=\"caption-attachment-100297\" class=\"wp-caption-text\">(13) Ottiliensee auf der Wiese zwischen Kart\u00e4userstrasse (oben) und Dreisam (unten im S\u00fcden)<\/p><\/div>\n<h5>.<br \/>\n<a href=\"https:\/\/www.freiburg-schwarzwald.de\/blog\/wp-content\/uploads\/2022\/11\/dreisam-sc-strandbad2022.jpg\"><img loading=\"lazy\" decoding=\"async\" class=\"alignnone size-thumbnail wp-image-106148\" src=\"https:\/\/www.freiburg-schwarzwald.de\/blog\/wp-content\/uploads\/2022\/11\/dreisam-sc-strandbad2022-180x135.jpg\" alt=\"\" width=\"180\" height=\"135\" srcset=\"https:\/\/www.freiburg-schwarzwald.de\/blog\/wp-content\/uploads\/2022\/11\/dreisam-sc-strandbad2022-180x135.jpg 180w, https:\/\/www.freiburg-schwarzwald.de\/blog\/wp-content\/uploads\/2022\/11\/dreisam-sc-strandbad2022-640x480.jpg 640w, https:\/\/www.freiburg-schwarzwald.de\/blog\/wp-content\/uploads\/2022\/11\/dreisam-sc-strandbad2022-768x576.jpg 768w, https:\/\/www.freiburg-schwarzwald.de\/blog\/wp-content\/uploads\/2022\/11\/dreisam-sc-strandbad2022.jpg 960w\" sizes=\"auto, (max-width: 180px) 100vw, 180px\" \/><\/a><br \/>\n(14)\u00a0Blick nach Westen: Strandbad, SC-Stadion, PTSV, FT 1844. Rechts Dreisam mit\u00a0<a href=\"https:\/\/www.freiburg-schwarzwald.de\/blog\/regio\/fluss\/dreisam\/ottiliensee\/\">Ottilienwiese (Ottiliensee)<\/a><\/h5>\n<p>&nbsp;<\/p>\n<p><strong>Im Corona-Sommer wird die Dreisam zum Ersatzfreibad<\/strong><br \/>\nAn den vergangenen Hitzetagen stand bei den beiden Freib\u00e4dern bei allen Zeitfenstern das gleiche W\u00f6rtchen: ausverkauft. Die Verknappung der B\u00e4derkapazit\u00e4ten hat zu einem anderen Effekt gef\u00fchrt.<br \/>\nHunderte von Freiburgerinnen und Freiburgern haben die Dreisam als Ersatzplantschbecken entdeckt. Vom Stadion im Osten bis runter nach Lehen sind viele Pl\u00e4tze am und im Fluss belegt. Abk\u00fchlung ist auch hier unter Einhaltung der Abstandsregeln m\u00f6glich. Und Zeitfenster und Mitternachtsbuchung spielen ebenfalls keine Rolle.<br \/>\n&#8230; Alles vom 13.8.2020 von Joachim R\u00f6derer bitte lesen auf<br \/>\n<a href=\"https:\/\/www.badische-zeitung.de\/muenstereck-dreisam-wird-ersatzfreibad--191539814.html\">https:\/\/www.badische-zeitung.de\/muenstereck-dreisam-wird-ersatzfreibad&#8211;191539814.html<\/a><\/p>\n<p>&nbsp;<\/p>\n","protected":false},"excerpt":{"rendered":"<p>Home\u00a0&gt;Regio\u00a0&gt;Dreisamtal &gt;Dreisam-Renaturierung &gt;Freiburg-Idee &gt;Ottiliensee &nbsp; Ottiliensee &#8211; neuer Naturbadesee an der Dreisam (18.4.2022) Bilder zur Wiese des Ottiliensees zwischen Dreisam und Kart\u00e4userstrasse (17.4.2022) Im Corona-Sommer wird die Dreisam zum Ersatzfreibad (13.8.2020) Ausgleichsfl\u00e4chen Dreisam-Renaturierung Dreisamuferweg Freiburg-Idee Kartaus Littenweiler Meierhof Oberwiehre-Waldsee Opfingersee &hellip; <a href=\"https:\/\/www.freiburg-schwarzwald.de\/blog\/regio\/fluss\/dreisam\/ottiliensee\/\">Weiterlesen <span class=\"meta-nav\">&rarr;<\/span><\/a><\/p>\n","protected":false},"author":2,"featured_media":0,"parent":9264,"menu_order":0,"comment_status":"closed","ping_status":"closed","template":"","meta":{"footnotes":""},"class_list":["post-100254","page","type-page","status-publish","hentry"],"_links":{"self":[{"href":"https:\/\/www.freiburg-schwarzwald.de\/blog\/wp-json\/wp\/v2\/pages\/100254","targetHints":{"allow":["GET"]}}],"collection":[{"href":"https:\/\/www.freiburg-schwarzwald.de\/blog\/wp-json\/wp\/v2\/pages"}],"about":[{"href":"https:\/\/www.freiburg-schwarzwald.de\/blog\/wp-json\/wp\/v2\/types\/page"}],"author":[{"embeddable":true,"href":"https:\/\/www.freiburg-schwarzwald.de\/blog\/wp-json\/wp\/v2\/users\/2"}],"replies":[{"embeddable":true,"href":"https:\/\/www.freiburg-schwarzwald.de\/blog\/wp-json\/wp\/v2\/comments?post=100254"}],"version-history":[{"count":5,"href":"https:\/\/www.freiburg-schwarzwald.de\/blog\/wp-json\/wp\/v2\/pages\/100254\/revisions"}],"predecessor-version":[{"id":106151,"href":"https:\/\/www.freiburg-schwarzwald.de\/blog\/wp-json\/wp\/v2\/pages\/100254\/revisions\/106151"}],"up":[{"embeddable":true,"href":"https:\/\/www.freiburg-schwarzwald.de\/blog\/wp-json\/wp\/v2\/pages\/9264"}],"wp:attachment":[{"href":"https:\/\/www.freiburg-schwarzwald.de\/blog\/wp-json\/wp\/v2\/media?parent=100254"}],"curies":[{"name":"wp","href":"https:\/\/api.w.org\/{rel}","templated":true}]}}